{"id":24,"date":"2012-02-07T17:31:14","date_gmt":"2012-02-07T22:31:14","guid":{"rendered":"http:\/\/blog.espol.edu.ec\/aagarci\/?page_id=24"},"modified":"2012-02-10T18:41:44","modified_gmt":"2012-02-10T23:41:44","slug":"recercart","status":"publish","type":"page","link":"https:\/\/blog.espol.edu.ec\/aagarci\/recercart\/","title":{"rendered":"La evoluci\u00f3n de la teor\u00eda de los efectos de los medios de comunicaci\u00f3n de masas"},"content":{"rendered":"<p><strong>La evoluci\u00f3n de la teor\u00eda de los efectos de los medios de comunicaci\u00f3n de masas: la teor\u00eda de la espiral del silencio a partir de la construcci\u00f3n de la realidad social por parte de los medios de comunicaci\u00f3n de masas<\/strong>.<\/p>\n<p>Este trabajo estudia la evoluci\u00f3n de la teor\u00eda de los efectos de los medios de comunicaci\u00f3n de masas desde su origen, a principios del siglo XX en el contexto norteamericano de la Mass Communication Research, hasta la fecha. Para ello, repasa los diferentes paradigmas en el an\u00e1lisis de la comunicaci\u00f3n y sus teor\u00edas, haciendo un especial \u00e9nfasis en el contexto hist\u00f3rico en que se dan, as\u00ed como los paradigmas sociol\u00f3gicos y psicol\u00f3gicos simult\u00e1neos. El trabajo se centra en la teor\u00eda de la espiral del silencio de Noelle-Neumann, como consecuencia de la construcci\u00f3n social de la realidad a partir de los medios de comunicaci\u00f3n, y analiza los efectos psicosociales de dicha teor\u00eda, principalmente el miedo al aislamiento, la percepci\u00f3n del clima de opini\u00f3n y la voluntad de expresar opiniones en p\u00fablico.<\/p>\n<p>Autor: Alonso Marcos, Felipe<\/p>\n<p>RECERCART - Respositorio de Catalunya <a href=\"http:\/\/www.recercat.net\/handle\/2072\/97258\">http:\/\/www.recercat.net\/handle\/2072\/97258<\/a><\/p>\n<p><a title=\"PDF\" href=\"http:\/\/www.recercat.net\/bitstream\/handle\/2072\/97258\/teoria_efectos.pdf?sequence=1\">Descargar PDF<\/a><\/p>\n","protected":false},"excerpt":{"rendered":"<p>La evoluci\u00f3n de la teor\u00eda de los efectos de los medios de comunicaci\u00f3n de masas: la teor\u00eda de la espiral del silencio a partir de la construcci\u00f3n de la realidad social por parte de los medios de comunicaci\u00f3n de masas. Este trabajo estudia la evoluci\u00f3n de la teor\u00eda de los efectos de los medios de [&hellip;]<\/p>\n","protected":false},"author":512,"featured_media":0,"parent":0,"menu_order":0,"comment_status":"open","ping_status":"open","template":"","meta":{"footnotes":""},"class_list":["post-24","page","type-page","status-publish","hentry"],"_links":{"self":[{"href":"https:\/\/blog.espol.edu.ec\/aagarci\/wp-json\/wp\/v2\/pages\/24","targetHints":{"allow":["GET"]}}],"collection":[{"href":"https:\/\/blog.espol.edu.ec\/aagarci\/wp-json\/wp\/v2\/pages"}],"about":[{"href":"https:\/\/blog.espol.edu.ec\/aagarci\/wp-json\/wp\/v2\/types\/page"}],"author":[{"embeddable":true,"href":"https:\/\/blog.espol.edu.ec\/aagarci\/wp-json\/wp\/v2\/users\/512"}],"replies":[{"embeddable":true,"href":"https:\/\/blog.espol.edu.ec\/aagarci\/wp-json\/wp\/v2\/comments?post=24"}],"version-history":[{"count":13,"href":"https:\/\/blog.espol.edu.ec\/aagarci\/wp-json\/wp\/v2\/pages\/24\/revisions"}],"predecessor-version":[{"id":26,"href":"https:\/\/blog.espol.edu.ec\/aagarci\/wp-json\/wp\/v2\/pages\/24\/revisions\/26"}],"wp:attachment":[{"href":"https:\/\/blog.espol.edu.ec\/aagarci\/wp-json\/wp\/v2\/media?parent=24"}],"curies":[{"name":"wp","href":"https:\/\/api.w.org\/{rel}","templated":true}]}}