{"id":64,"date":"2011-06-23T14:20:45","date_gmt":"2011-06-23T14:20:45","guid":{"rendered":"http:\/\/blog.espol.edu.ec\/accionuniversitaria\/?page_id=64"},"modified":"2013-05-18T15:34:04","modified_gmt":"2013-05-18T20:34:04","slug":"que-busca-accion-universitaria","status":"publish","type":"page","link":"https:\/\/blog.espol.edu.ec\/accionuniversitaria\/que-busca-accion-universitaria\/","title":{"rendered":"\u00bfQu\u00e9 buscamos?"},"content":{"rendered":"<p>Desde sus or\u00edgenes la universidad serv\u00eda para lograr una actitud m\u00e1s real y objetiva del mundo, con la raz\u00f3n y la fe. El t\u00e9rmino se deriva de \u201cuniversitas\u201d, \u201conus\u201d unidad, \u201cverto\u201d volver, lo cual unido significa la multitud de todas las cosas para varias opiniones al mismo tiempo, es decir, b\u00fasqueda de verdades universales que abarcan todo el conocimiento humano, en todos los \u00e1mbitos, para servir.<\/p>\n<p><img loading=\"lazy\" decoding=\"async\" class=\"aligncenter\" src=\"http:\/\/blog.espol.edu.ec\/accionuniversitaria\/files\/2011\/06\/universidada-antigua.png\" alt=\"\" width=\"178\" height=\"273\" \/><\/p>\n<p style=\"text-align: justify\">Ante \u00e9sta sed de comprender la realidad en el ser humano queremos que la universidad sea lo que tiene que ser. Por \u00e9sto:<\/p>\n<ul>\n<li>Nuestra <strong>misi\u00f3n<\/strong> es promover j\u00f3venes universitarios comprometidos con el cambio del mundo (l\u00edderes de pensamiento cr\u00edtico, con profesionalismo, que cuestionan la realidad, buscan la verdad y dirigen sus esfuerzos al bien com\u00fan), desde la perspectiva de la fe cat\u00f3lica.<\/li>\n<li>Nuestra <strong>visi\u00f3n<\/strong> es ser referente de humanizaci\u00f3n en la cultura universitaria de Am\u00e9rica Latina.<\/li>\n<\/ul>\n<p><a href=\"http:\/\/blog.espol.edu.ec\/accionuniversitaria\/files\/2011\/06\/jovenes.png\"><img loading=\"lazy\" decoding=\"async\" class=\"aligncenter  wp-image-175\" src=\"http:\/\/blog.espol.edu.ec\/accionuniversitaria\/files\/2011\/06\/jovenes.png\" alt=\"\" width=\"298\" height=\"298\" srcset=\"https:\/\/blog.espol.edu.ec\/accionuniversitaria\/files\/2011\/06\/jovenes.png 464w, https:\/\/blog.espol.edu.ec\/accionuniversitaria\/files\/2011\/06\/jovenes-150x150.png 150w, https:\/\/blog.espol.edu.ec\/accionuniversitaria\/files\/2011\/06\/jovenes-300x300.png 300w\" sizes=\"auto, (max-width: 298px) 100vw, 298px\" \/><\/a><\/p>\n","protected":false},"excerpt":{"rendered":"<p>Desde sus or\u00edgenes la universidad serv\u00eda para lograr una actitud m\u00e1s real y objetiva del mundo, con la raz\u00f3n y la fe. El t\u00e9rmino se deriva de \u201cuniversitas\u201d, \u201conus\u201d unidad, \u201cverto\u201d volver, lo cual unido significa la multitud de todas las cosas para varias opiniones al mismo tiempo, es decir, b\u00fasqueda de verdades universales que &hellip; <\/p>\n<p><a class=\"more-link btn\" href=\"https:\/\/blog.espol.edu.ec\/accionuniversitaria\/que-busca-accion-universitaria\/\">Seguir leyendo<\/a><\/p>\n","protected":false},"author":257,"featured_media":0,"parent":0,"menu_order":3,"comment_status":"open","ping_status":"open","template":"","meta":{"footnotes":""},"class_list":["post-64","page","type-page","status-publish","hentry","nodate","item-wrap"],"_links":{"self":[{"href":"https:\/\/blog.espol.edu.ec\/accionuniversitaria\/wp-json\/wp\/v2\/pages\/64","targetHints":{"allow":["GET"]}}],"collection":[{"href":"https:\/\/blog.espol.edu.ec\/accionuniversitaria\/wp-json\/wp\/v2\/pages"}],"about":[{"href":"https:\/\/blog.espol.edu.ec\/accionuniversitaria\/wp-json\/wp\/v2\/types\/page"}],"author":[{"embeddable":true,"href":"https:\/\/blog.espol.edu.ec\/accionuniversitaria\/wp-json\/wp\/v2\/users\/257"}],"replies":[{"embeddable":true,"href":"https:\/\/blog.espol.edu.ec\/accionuniversitaria\/wp-json\/wp\/v2\/comments?post=64"}],"version-history":[{"count":14,"href":"https:\/\/blog.espol.edu.ec\/accionuniversitaria\/wp-json\/wp\/v2\/pages\/64\/revisions"}],"predecessor-version":[{"id":191,"href":"https:\/\/blog.espol.edu.ec\/accionuniversitaria\/wp-json\/wp\/v2\/pages\/64\/revisions\/191"}],"wp:attachment":[{"href":"https:\/\/blog.espol.edu.ec\/accionuniversitaria\/wp-json\/wp\/v2\/media?parent=64"}],"curies":[{"name":"wp","href":"https:\/\/api.w.org\/{rel}","templated":true}]}}