{"id":43,"date":"2011-06-01T04:02:59","date_gmt":"2011-06-01T04:02:59","guid":{"rendered":"http:\/\/blog.espol.edu.ec\/almagarc\/?page_id=43"},"modified":"2011-06-01T04:02:59","modified_gmt":"2011-06-01T04:02:59","slug":"alexia-garcia","status":"publish","type":"page","link":"https:\/\/blog.espol.edu.ec\/almagarc\/alexia-garcia\/","title":{"rendered":"Alexia Garc\u00eda"},"content":{"rendered":"<div id=\"attachment_44\" style=\"width: 180px\" class=\"wp-caption alignleft\"><a href=\"http:\/\/blog.espol.edu.ec\/almagarc\/files\/2011\/06\/IMG_1932_2.jpg\"><img loading=\"lazy\" decoding=\"async\" aria-describedby=\"caption-attachment-44\" class=\"size-medium wp-image-44\" title=\"IMG_1932_2\" src=\"http:\/\/blog.espol.edu.ec\/almagarc\/files\/2011\/06\/IMG_1932_2-170x300.jpg\" alt=\"\" width=\"170\" height=\"300\" srcset=\"https:\/\/blog.espol.edu.ec\/almagarc\/files\/2011\/06\/IMG_1932_2-170x300.jpg 170w, https:\/\/blog.espol.edu.ec\/almagarc\/files\/2011\/06\/IMG_1932_2.jpg 410w\" sizes=\"auto, (max-width: 170px) 100vw, 170px\" \/><\/a><p id=\"caption-attachment-44\" class=\"wp-caption-text\">Alexia Garc\u00eda<\/p><\/div>\n<p>Alexia Garc\u00eda naci\u00f3 en Guayaquil, Ecuador.\u00a0 Desde muy peque\u00f1a se interes\u00f3 por aprender la historia, cultura y tradiciones de su ciudad. A los 7 a\u00f1os present\u00f3 su primera exposici\u00f3n sobre artesan\u00edas y arte pict\u00f3rico ecuatoriano. A los 13 a\u00f1os comenz\u00f3 anualmente a realizar exposiciones culturales sobre Ecuador en su escuela Edgartown School, Martha\u2019s Vineyard.<\/p>\n<p>Estudi\u00f3 en la Unidad Educativa Mar\u00eda Auxiliadora de Guayaquil en donde se destac\u00f3 por sus contribuciones culturales para el desarrollo de las diferentes ferias estudiantiles del plantel, distingui\u00e9ndose tambi\u00e9n en el \u00e1rea de ciencias con la creaci\u00f3n y producci\u00f3n del yogurt de Amaranto, una planta milen\u00e1ria de los Andes ecuatorianos; paralelamente estudi\u00f3 en el <a href=\"http:\/\/www.mvrhs.org\" target=\"_blank\">Martha\u2019s Vineyard Regional High School<\/a> en donde sobresali\u00f3 por sus altas calificaciones, el dominio de tres idiomas como el Ingl\u00e9s, Portugu\u00e9s, Espa\u00f1ol y su empe\u00f1o en la difusi\u00f3n de la cultura, por lo que fue nombrada la co-presidenta latina del\u00a0 Club de Cultura de este plantel; se gradu\u00f3 a los 16 a\u00f1os del M.V.R.H.S y de inmediato inici\u00f3 sus estudios de Arqueolog\u00eda Ecuatoriana en el <a href=\"http:\/\/www.museopresleynorton.com\" target=\"_blank\">Museo Presley Norton<\/a> de Guayaquil donde realiz\u00f3 su pasant\u00eda. Particip\u00f3 tambi\u00e9n en el III Congreso Nacional de Arqueolog\u00eda y Antropolog\u00eda que se llev\u00f3 a cabo en Guayaquil y en el III Seminario Internacional de Turismo.<\/p>\n<p>En el a\u00f1o 2010 organiz\u00f3 el evento \"Guayaquil, Perla de un Pac\u00edfico Mar\" en la Biblioteca de Vineyard Haven, Martha's Vineyard. Durante este evento se conmemor\u00f3 la Fundaci\u00f3n de Guayaquil y se pudo dar a conocer nuestra cultura, historia y folklor a americanos, latinos y brasileros entre j\u00f3venes y adultos. Todo esto fue posible gracias al apoyo incondicional del Consulado General del Ecuador en New York. Pueden ver <a href=\"http:\/\/www.d-kultura.com\/DKultura\/Fotos\/Pages\/Fundaci\u00f3n_de_Guayaquil_en_MV.html\" target=\"_blank\">fotos<\/a> y videos del evento en nuestra <a href=\"http:\/\/www.d-kultura.com\" target=\"_blank\">p\u00e1gina web<\/a>.<\/p>\n<p>En la actualidad estudia la carrera de Negocios Internacionales en la Facultad de Ciencias Econ\u00f3micas de la <a href=\"http:\/\/www.espol.edu.ec\" target=\"_self\">ESPOL<\/a>, planea iniciar sus estudios de Franc\u00e9s y se encuentra participando y desarollando diferentes actividades culturales.<\/p>\n","protected":false},"excerpt":{"rendered":"<p>Alexia Garc\u00eda naci\u00f3 en Guayaquil, Ecuador.\u00a0 Desde muy peque\u00f1a se interes\u00f3 por aprender la historia, cultura y tradiciones de su ciudad. A los 7 a\u00f1os present\u00f3 su primera exposici\u00f3n sobre artesan\u00edas y arte pict\u00f3rico ecuatoriano. A los 13 a\u00f1os comenz\u00f3 anualmente a realizar exposiciones culturales sobre Ecuador en su escuela Edgartown School, Martha\u2019s Vineyard. Estudi\u00f3 [&hellip;]<\/p>\n","protected":false},"author":5755,"featured_media":0,"parent":0,"menu_order":0,"comment_status":"open","ping_status":"open","template":"","meta":{"footnotes":""},"class_list":["post-43","page","type-page","status-publish","hentry"],"_links":{"self":[{"href":"https:\/\/blog.espol.edu.ec\/almagarc\/wp-json\/wp\/v2\/pages\/43","targetHints":{"allow":["GET"]}}],"collection":[{"href":"https:\/\/blog.espol.edu.ec\/almagarc\/wp-json\/wp\/v2\/pages"}],"about":[{"href":"https:\/\/blog.espol.edu.ec\/almagarc\/wp-json\/wp\/v2\/types\/page"}],"author":[{"embeddable":true,"href":"https:\/\/blog.espol.edu.ec\/almagarc\/wp-json\/wp\/v2\/users\/5755"}],"replies":[{"embeddable":true,"href":"https:\/\/blog.espol.edu.ec\/almagarc\/wp-json\/wp\/v2\/comments?post=43"}],"version-history":[{"count":2,"href":"https:\/\/blog.espol.edu.ec\/almagarc\/wp-json\/wp\/v2\/pages\/43\/revisions"}],"predecessor-version":[{"id":46,"href":"https:\/\/blog.espol.edu.ec\/almagarc\/wp-json\/wp\/v2\/pages\/43\/revisions\/46"}],"wp:attachment":[{"href":"https:\/\/blog.espol.edu.ec\/almagarc\/wp-json\/wp\/v2\/media?parent=43"}],"curies":[{"name":"wp","href":"https:\/\/api.w.org\/{rel}","templated":true}]}}