{"id":41,"date":"2013-11-17T02:46:19","date_gmt":"2013-11-17T02:46:19","guid":{"rendered":"http:\/\/blog.espol.edu.ec\/andresfernando4\/?page_id=41"},"modified":"2013-11-23T22:25:09","modified_gmt":"2013-11-23T22:25:09","slug":"el-futuro-del-planeta-tierra","status":"publish","type":"page","link":"https:\/\/blog.espol.edu.ec\/andresfernando4\/el-futuro-del-planeta-tierra\/","title":{"rendered":"El Futuro del planeta Tierra (TEMA CENTRAL)"},"content":{"rendered":"<p>El futuro del planeta Tierra vendr\u00e1 determinado por diversos factores, como el incremento de la luminosidad proveniente del Sol, la p\u00e9rdida de energ\u00eda calor\u00edfica del n\u00facleo de la Tierra, perturbaciones originadas por otros cuerpos del Sistema Solar y variaciones a nivel bioqu\u00edmico de la superficie de la Tierra. La teor\u00eda de Milankovitch predice que el planeta seguir\u00e1 sufriendo ciclos de glaciaciones a causa de la excentricidad de su \u00f3rbita, la oblicuidad de la ecl\u00edptica y la precesi\u00f3n del planeta. Como parte del ciclo de formaci\u00f3n de un supercontinente, la tect\u00f3nica de placasdar\u00e1 lugar probablemente a un supercontinente dentro de unos 250-350 millones de a\u00f1os. Por ello, en alg\u00fan momento de los pr\u00f3ximos 1500-4500 millones de a\u00f1os, la oblicuidad de la Tierra podr\u00eda comenzar a sufrir variaciones ca\u00f3ticas, con cambios en la oblicuidad de la ecl\u00edptica superiores a 90\u00ba.<\/p>\n<p><a href=\"http:\/\/blog.espol.edu.ec\/andresfernando4\/files\/2013\/11\/planeta-moderno.jpg\"><img loading=\"lazy\" decoding=\"async\" class=\"aligncenter size-medium wp-image-66\" alt=\"planeta moderno\" src=\"http:\/\/blog.espol.edu.ec\/andresfernando4\/files\/2013\/11\/planeta-moderno-300x300.jpg\" width=\"300\" height=\"300\" srcset=\"https:\/\/blog.espol.edu.ec\/andresfernando4\/files\/2013\/11\/planeta-moderno-300x300.jpg 300w, https:\/\/blog.espol.edu.ec\/andresfernando4\/files\/2013\/11\/planeta-moderno-150x150.jpg 150w, https:\/\/blog.espol.edu.ec\/andresfernando4\/files\/2013\/11\/planeta-moderno-1024x1024.jpg 1024w, https:\/\/blog.espol.edu.ec\/andresfernando4\/files\/2013\/11\/planeta-moderno.jpg 1200w\" sizes=\"auto, (max-width: 300px) 100vw, 300px\" \/><\/a><br \/>\nEntre 1000 y 2000 millones de a\u00f1os en el futuro, tambi\u00e9n se ver\u00e1 incrementada la radiaci\u00f3n solar a ra\u00edz de la acumulaci\u00f3n de helio en el n\u00facleo del Sol, lo que conllevar\u00e1 la p\u00e9rdida de los oc\u00e9anos y el cese de la deriva continental. Este proceso proseguir\u00e1 acentu\u00e1ndose dentro de 4000 millones de a\u00f1os cuando el incremento de temperatura en la superficie terrestre causar\u00e1 un efecto invernadero descontrolado. Llegados a este punto, la mayor\u00eda de la vida en la Tierra, si no toda, ya se habr\u00e1 extinguido. Finalmente, el destino \u00faltimo m\u00e1s probable del planeta ser\u00e1 la absorci\u00f3n por parte del Sol en unos 5500 millones de a\u00f1os, despu\u00e9s de que la estrella entre en una fase de gigante roja y se expanda m\u00e1s all\u00e1 de la \u00f3rbita de la Tierra.<\/p>\n<p><a href=\"http:\/\/blog.espol.edu.ec\/andresfernando4\/files\/2013\/11\/futuro-incierto.jpg\"><img loading=\"lazy\" decoding=\"async\" class=\"aligncenter size-medium wp-image-42\" alt=\"futuro incierto\" src=\"http:\/\/blog.espol.edu.ec\/andresfernando4\/files\/2013\/11\/futuro-incierto-300x300.jpg\" width=\"300\" height=\"300\" srcset=\"https:\/\/blog.espol.edu.ec\/andresfernando4\/files\/2013\/11\/futuro-incierto-300x300.jpg 300w, https:\/\/blog.espol.edu.ec\/andresfernando4\/files\/2013\/11\/futuro-incierto-150x150.jpg 150w, https:\/\/blog.espol.edu.ec\/andresfernando4\/files\/2013\/11\/futuro-incierto.jpg 400w\" sizes=\"auto, (max-width: 300px) 100vw, 300px\" \/><\/a><\/p>\n","protected":false},"excerpt":{"rendered":"<p>El futuro del planeta Tierra vendr\u00e1 determinado por diversos factores, como el incremento de la luminosidad proveniente del Sol, la p\u00e9rdida de energ\u00eda calor\u00edfica del n\u00facleo de la Tierra, perturbaciones originadas por otros cuerpos del Sistema Solar y variaciones a nivel bioqu\u00edmico de la superficie de la Tierra. La teor\u00eda de Milankovitch predice que el [&hellip;]<\/p>\n","protected":false},"author":8779,"featured_media":0,"parent":0,"menu_order":0,"comment_status":"open","ping_status":"open","template":"","meta":{"footnotes":""},"class_list":["post-41","page","type-page","status-publish","hentry"],"_links":{"self":[{"href":"https:\/\/blog.espol.edu.ec\/andresfernando4\/wp-json\/wp\/v2\/pages\/41","targetHints":{"allow":["GET"]}}],"collection":[{"href":"https:\/\/blog.espol.edu.ec\/andresfernando4\/wp-json\/wp\/v2\/pages"}],"about":[{"href":"https:\/\/blog.espol.edu.ec\/andresfernando4\/wp-json\/wp\/v2\/types\/page"}],"author":[{"embeddable":true,"href":"https:\/\/blog.espol.edu.ec\/andresfernando4\/wp-json\/wp\/v2\/users\/8779"}],"replies":[{"embeddable":true,"href":"https:\/\/blog.espol.edu.ec\/andresfernando4\/wp-json\/wp\/v2\/comments?post=41"}],"version-history":[{"count":3,"href":"https:\/\/blog.espol.edu.ec\/andresfernando4\/wp-json\/wp\/v2\/pages\/41\/revisions"}],"predecessor-version":[{"id":90,"href":"https:\/\/blog.espol.edu.ec\/andresfernando4\/wp-json\/wp\/v2\/pages\/41\/revisions\/90"}],"wp:attachment":[{"href":"https:\/\/blog.espol.edu.ec\/andresfernando4\/wp-json\/wp\/v2\/media?parent=41"}],"curies":[{"name":"wp","href":"https:\/\/api.w.org\/{rel}","templated":true}]}}