{"id":95,"date":"2009-03-04T14:38:00","date_gmt":"2009-03-04T19:38:00","guid":{"rendered":"http:\/\/blog.espol.edu.ec\/cgcevall\/?page_id=95"},"modified":"2009-03-04T14:49:10","modified_gmt":"2009-03-04T19:49:10","slug":"el-enemigo-de-los-jovenes","status":"publish","type":"page","link":"https:\/\/blog.espol.edu.ec\/cgcevall\/el-enemigo-de-los-jovenes\/","title":{"rendered":"El enemigo de los j\u00f3venes"},"content":{"rendered":"<p class=\"Default\" style=\"text-align: left\"><span style=\"font-size: 22pt;color: #3399ff;font-family: &quot;Edwardian Script ITC&amp;quot\"><span><span style=\"font-family: &quot;Times New Roman&amp;quot\"><span style=\"font-size: 22pt;color: #3399ff;font-family: 'Edwardian Script ITC'\"><strong>Acn\u00e9<\/strong><\/span><\/span><\/span><\/span><\/p>\n<p class=\"Default\" style=\"margin: 0cm 0cm 0pt;text-align: center\" align=\"center\"><strong><\/strong><\/p>\n<p class=\"Default\" style=\"text-align: center\"><strong><span style=\"font-size: 22pt;color: #3399ff;font-family: &quot;Edwardian Script ITC&amp;quot\"><span><span style=\"font-family: &quot;Times New Roman&amp;quot\"><a href=\"http:\/\/blog.espol.edu.ec\/cgcevall\/files\/2009\/03\/images10.jpg\"><img loading=\"lazy\" decoding=\"async\" class=\"alignnone size-medium wp-image-96\" src=\"http:\/\/blog.espol.edu.ec\/cgcevall\/files\/2009\/03\/images10.jpg\" alt=\"\" width=\"102\" height=\"117\" \/><\/a>\u00a0\u00a0\u00a0\u00a0\u00a0\u00a0\u00a0\u00a0\u00a0\u00a0\u00a0\u00a0\u00a0\u00a0\u00a0 <\/span><\/span><\/span><\/strong><strong><\/strong><\/p>\n<div><span style=\"font-size: 22pt;color: #3399ff;font-family: &quot;Edwardian Script ITC&amp;quot\"><span style=\"font-size: 11pt;color: #95b3d7;font-family: &quot;Arial&quot;,&quot;sans-serif&amp;quot\">El acne es la dermatosis m\u00e1s frecuente, pues <span style=\"font-family: &quot;Arial&quot;,&quot;sans-serif&amp;quot\"><strong>afecta al 80 % de la poblaci\u00f3n mundial en alg\u00fan momento de su vida<\/strong><\/span>. Es inconcebible que muchas personas -incluso m\u00e9dicos- no le den a esta patolog\u00eda la importancia que merece, apelando generalmente a tratamientos hogare\u00f1os, muchas veces con resultados negativos y hasta catastr\u00f3ficos.<\/span><\/span><\/div>\n<div><span style=\"font-size: 11pt;color: #95b3d7;font-family: &quot;Arial&quot;,&quot;sans-serif&amp;quot\"><\/span><\/div>\n<div><span style=\"font-size: 11pt;color: #95b3d7;font-family: &quot;Arial&quot;,&quot;sans-serif&amp;quot\"><span style=\"font-size: 11pt;color: #95b3d7;font-family: &quot;Arial&quot;,&quot;sans-serif&amp;quot\">Se acepta que determinados factores ambientales, hormonales, cosm\u00e9ticos, emocionales y alimenticios pueden influenciar el acne de algunos adolescentes.<\/span><\/span><\/div>\n<div><span style=\"font-size: 11pt;color: #95b3d7;font-family: &quot;Arial&quot;,&quot;sans-serif&amp;quot\"><span style=\"font-size: 11pt;color: #95b3d7;font-family: &quot;Arial&quot;,&quot;sans-serif&amp;quot\"><span style=\"font-size: 11pt;color: #95b3d7;font-family: &quot;Arial&quot;,&quot;sans-serif&amp;quot\">Las <\/span><strong><span style=\"font-size: 11pt;color: #95b3d7\"><span style=\"font-family: Times New Roman\">cicatrices producidas por el acne<\/span><\/span><\/strong><span style=\"font-size: 11pt;color: #95b3d7;font-family: &quot;Arial&quot;,&quot;sans-serif&amp;quot\"> son el resultado de algun grado de acne en donde tuvo lugar una infecci\u00f3n e inflamaci\u00f3n y nunca fue curado correctamente. Hoy dia por suerte las <\/span><strong><span style=\"font-size: 11pt;color: #95b3d7\"><span style=\"font-family: Times New Roman\">cicatrices producidas por el acne<\/span><\/span><\/strong><span style=\"font-size: 11pt;color: #95b3d7;font-family: &quot;Arial&quot;,&quot;sans-serif&amp;quot\"> son tratables y existen varias t\u00e9cnicas muy efectivas para eliminar por completo esas odiosas marcas que tanto molestan a mujeres y hombres en todo el mundo.<\/span><\/span><\/span><span style=\"font-size: 11pt;color: #95b3d7;font-family: &quot;Arial&quot;,&quot;sans-serif&amp;quot\"><span style=\"color: #95b3d7;font-family: &quot;Arial&quot;,&quot;sans-serif&amp;quot\">\u00a0<\/p>\n<p><\/span><\/span><\/div>\n<p style=\"text-align: center\">\n<div style=\"text-align: center\"><span style=\"font-size: 11pt;color: #95b3d7;font-family: &quot;Arial&quot;,&quot;sans-serif&amp;quot\"><strong><span style=\"font-size: 24pt;color: #222222;font-family: &quot;Edwardian Script ITC&amp;quot\"><a href=\"http:\/\/www.todoacne.com\/mitos.html\"><span style=\"color: #26629c;text-decoration: none\">Mitos y Verdades sobre el Acne<\/span><\/a><\/span><\/strong>\u00a0<\/span><\/div>\n<div><span style=\"font-size: 11pt;color: #95b3d7;font-family: &quot;Arial&quot;,&quot;sans-serif&amp;quot\">\u00a0<\/span><\/div>\n<p><span style=\"font-size: 11pt;color: #95b3d7;font-family: &quot;Arial&quot;,&quot;sans-serif&amp;quot\">\u00a0<\/p>\n<p><\/span><\/p>\n<p class=\"MsoNormal\" style=\"margin: 0cm 0cm 0pt;text-align: center\" align=\"center\"><strong><span style=\"font-size: 24pt;color: #222222;font-family: &quot;Edwardian Script ITC&amp;quot\"><a href=\"http:\/\/blog.espol.edu.ec\/cgcevall\/files\/2009\/03\/images78.jpg\"><img loading=\"lazy\" decoding=\"async\" class=\"alignnone size-medium wp-image-97\" src=\"http:\/\/blog.espol.edu.ec\/cgcevall\/files\/2009\/03\/images78.jpg\" alt=\"\" width=\"96\" height=\"145\" \/><\/a><\/span><\/strong><\/p>\n<p class=\"MsoNormal\" style=\"margin: 0cm 0cm 0pt;text-align: center\" align=\"center\">\u00a0<span style=\"font-size: 11pt\"><span style=\"font-size: 11pt;color: #95b3d7;font-family: Arial\">Cuando te sali\u00f3 tu primer grano, probablemente fuiste corriendo a preguntarles qu\u00e9 deb\u00edas hacer a tus padres, tu hermano o hermana mayor, o a un amigo. Pero antes de que sigas su consejo y te revientes ese grano, deber\u00edas saber que hay mucha informaci\u00f3n incorrecta sobre el acne. Si aclaramos algunos mitos comunes sobre el acn\u00e9, le haremos un gran favor a tu piel. <\/span><\/span><\/p>\n<p>\u00a0<\/p>\n<div><span style=\"font-size: 11pt;color: #95b3d7;font-family: &quot;Arial&quot;,&quot;sans-serif&amp;quot\"><span style=\"font-size: 11pt;color: #95b3d7;font-family: &quot;Arial&quot;,&quot;sans-serif&amp;quot\">H\u00e1bitos Higi\u00e9nicos para el tratamiento del Acn\u00e9<\/span><\/span><\/div>\n<div><span style=\"font-size: 11pt;color: #95b3d7;font-family: &quot;Arial&quot;,&quot;sans-serif&amp;quot\"><span style=\"font-size: 11pt;color: #95b3d7;font-family: &quot;Arial&quot;,&quot;sans-serif&amp;quot\">Sea cual sea la causa del acne o el tipo de piel afectada, la primera norma a tener en cuenta es la de la higiene. Unas buenas medidas de higiene pueden favorecer la disminuci\u00f3n del acne.<\/span><\/span><\/div>\n<p><span style=\"font-size: 11pt;color: #95b3d7;font-family: &quot;Arial&quot;,&quot;sans-serif&amp;quot\"><span style=\"font-size: 11pt;color: #95b3d7;font-family: &quot;Arial&quot;,&quot;sans-serif&amp;quot\">Real\u00edzate una limpieza de cutis peri\u00f3dicamente <\/span><\/p>\n<p><span style=\"font-size: 11pt;color: #95b3d7;font-family: &quot;Arial&quot;,&quot;sans-serif&amp;quot\">Opta por una limpieza facial peri\u00f3dica con un experto, que adem\u00e1s de mantener limpio tu cutis, le devolver\u00e1 tono muscular, frescura y juventud.<br \/>\nEn la nota completa te decimos en qu\u00e9 consiste el proceso de una limpieza facial con un especialista.<\/span><\/p>\n<p><span style=\"font-size: 11pt;color: #95b3d7;font-family: &quot;Arial&quot;,&quot;sans-serif&amp;quot\">Consejos para Combatir el Acne <\/span><\/p>\n<p><span style=\"font-size: 11pt;color: #95b3d7;font-family: &quot;Arial&quot;,&quot;sans-serif&amp;quot\">En esta nota intentaremos darte m\u00e1s consejos para que puedas librarte de los granitos y puntos negros que tanto te molestan.<\/span><\/p>\n<p><span style=\"font-size: 11pt;color: #95b3d7;font-family: &quot;Arial&quot;,&quot;sans-serif&amp;quot\">Lee atentamente cada uno de los consejos que de seguro te ayudaran y mucho a <\/span><strong><span style=\"font-size: 11pt;color: #95b3d7\"><span style=\"font-family: Times New Roman\">combatir el acne<\/span><\/span><\/strong><span style=\"font-size: 11pt;color: #95b3d7;font-family: &quot;Arial&quot;,&quot;sans-serif&amp;quot\"> y librarte de el para siempre.<\/span><\/p>\n<p><span style=\"font-size: 11pt;color: #95b3d7;font-family: &quot;Arial&quot;,&quot;sans-serif&amp;quot\">Tratamiento del Acne Adulto. <\/span><\/p>\n<p><span style=\"font-size: 11pt;color: #95b3d7;font-family: &quot;Arial&quot;,&quot;sans-serif&amp;quot\">El <\/span><strong><span style=\"font-size: 11pt;color: #95b3d7\"><span style=\"font-family: Times New Roman\">acne en los adultos<\/span><\/span><\/strong><span style=\"font-size: 11pt;color: #95b3d7;font-family: &quot;Arial&quot;,&quot;sans-serif&amp;quot\"> puede deberse a fol\u00edculos de cabello bloqueados, a gl\u00e1ndulas de aceite hiperactivas, bacterias, o algunas otras causas no conocidas.<br \/>\nAlgunas causas m\u00e1s conocidas que pueden agravar el acne adulto, son el estr\u00e9s psicol\u00f3gico y emocional, entre otros factores<\/span><\/p>\n<div><span style=\"color: #95b3d7;font-family: &quot;Arial&quot;,&quot;sans-serif&amp;quot\"><span style=\"font-size: 11pt;color: #95b3d7;font-family: &quot;Arial&quot;,&quot;sans-serif&amp;quot\">Acn\u00e9, Soluciones para el acn\u00e9, obtenido el 3 de marzo de 2009, desde <a href=\"http:\/\/www.todoacne.com\/consejosacne.html\"><span style=\"color: #95b3d7;text-decoration: none\">http:\/\/www.todoacne.com\/consejosacne.html<\/span><\/a><\/span><\/span><\/div>\n<div><span style=\"color: #95b3d7;font-family: &quot;Arial&quot;,&quot;sans-serif&amp;quot\">\u00a0<\/span><\/div>\n<p><span style=\"color: #95b3d7;font-family: &quot;Arial&quot;,&quot;sans-serif&amp;quot\">\u00a0<\/p>\n<p><\/span><\/span><\/p>\n","protected":false},"excerpt":{"rendered":"<p>Acn\u00e9 \u00a0\u00a0\u00a0\u00a0\u00a0\u00a0\u00a0\u00a0\u00a0\u00a0\u00a0\u00a0\u00a0\u00a0\u00a0 El acne es la dermatosis m\u00e1s frecuente, pues afecta al 80 % de la poblaci\u00f3n mundial en alg\u00fan momento de su vida. Es inconcebible que muchas personas -incluso m\u00e9dicos- no le den a esta patolog\u00eda la importancia que merece, apelando generalmente a tratamientos hogare\u00f1os, muchas veces con resultados negativos y hasta catastr\u00f3ficos. Se [&hellip;]<\/p>\n","protected":false},"author":1316,"featured_media":0,"parent":0,"menu_order":0,"comment_status":"open","ping_status":"open","template":"","meta":{"footnotes":""},"class_list":["post-95","page","type-page","status-publish","hentry"],"_links":{"self":[{"href":"https:\/\/blog.espol.edu.ec\/cgcevall\/wp-json\/wp\/v2\/pages\/95","targetHints":{"allow":["GET"]}}],"collection":[{"href":"https:\/\/blog.espol.edu.ec\/cgcevall\/wp-json\/wp\/v2\/pages"}],"about":[{"href":"https:\/\/blog.espol.edu.ec\/cgcevall\/wp-json\/wp\/v2\/types\/page"}],"author":[{"embeddable":true,"href":"https:\/\/blog.espol.edu.ec\/cgcevall\/wp-json\/wp\/v2\/users\/1316"}],"replies":[{"embeddable":true,"href":"https:\/\/blog.espol.edu.ec\/cgcevall\/wp-json\/wp\/v2\/comments?post=95"}],"version-history":[{"count":5,"href":"https:\/\/blog.espol.edu.ec\/cgcevall\/wp-json\/wp\/v2\/pages\/95\/revisions"}],"predecessor-version":[{"id":102,"href":"https:\/\/blog.espol.edu.ec\/cgcevall\/wp-json\/wp\/v2\/pages\/95\/revisions\/102"}],"wp:attachment":[{"href":"https:\/\/blog.espol.edu.ec\/cgcevall\/wp-json\/wp\/v2\/media?parent=95"}],"curies":[{"name":"wp","href":"https:\/\/api.w.org\/{rel}","templated":true}]}}