{"id":2,"date":"2014-05-22T12:49:18","date_gmt":"2014-05-22T12:49:18","guid":{"rendered":"http:\/\/blog.espol.edu.ec\/cmrojas\/?page_id=2"},"modified":"2014-06-07T20:33:11","modified_gmt":"2014-06-07T20:33:11","slug":"biografia","status":"publish","type":"page","link":"https:\/\/blog.espol.edu.ec\/cmrojas\/biografia\/","title":{"rendered":"Biograf\u00eda"},"content":{"rendered":"<div id=\"google_translate_element\"><\/div>\n<p><script>\nfunction googleTranslateElementInit() {\n  new google.translate.TranslateElement({pageLanguage: 'es', layout: google.translate.TranslateElement.InlineLayout.SIMPLE}, 'google_translate_element');\n}\n<\/script><script src=\"\/\/translate.google.com\/translate_a\/element.js?cb=googleTranslateElementInit\"><\/script><\/p>\n<p><a href=\"http:\/\/blog.espol.edu.ec\/cmrojas\/files\/2014\/05\/images.jpg\"><img loading=\"lazy\" decoding=\"async\" class=\"aligncenter wp-image-32 size-full\" src=\"http:\/\/blog.espol.edu.ec\/cmrojas\/files\/2014\/05\/images.jpg\" alt=\"images\" width=\"299\" height=\"169\" \/><\/a><\/p>\n<p>Paulo Coelho de Souza (24 de agosto de 1947, R\u00edo de Janeiro) es un novelista, dramaturgo y letrista brasile\u00f1o.<\/p>\n<p>Es uno de los escritores m\u00e1s le\u00eddos del mundo con m\u00e1s de 150 millones de libros vendidos en m\u00e1s de 150 pa\u00edses (224 territorios), traducidos a 80 lenguas. Desde octubre de 2002 es miembro de la Academia Brasile\u00f1a de las Letras. Ha recibido destacados premios y reconocimientos internacionales, como la prestigiosa distinci\u00f3n Chevalier de L'Ordre National de La Legion d'Honneur del gobierno franc\u00e9s, la Medalla de Oro de Galicia y el premio Crystal Award que concede el Foro Econ\u00f3mico Mundial, entre muchos otros premios que ha obtenido gracias a su gran \u00e9xito. Adem\u00e1s de recibir destacados premios y menciones internacionales, en la actualidad es consejero especial de la Unesco para el programa de convergencia espiritual y di\u00e1logos interculturales as\u00ed como Mensajero de la Paz de Naciones Unidas.<!--more--><\/p>\n<p><span style=\"color: #252525\">Paulo Coelho naci\u00f3 el 24 de agosto en 1947 en una peque\u00f1a\u00a0familia\u00a0de clase media alta y de fuerte influencia\u00a0cat\u00f3lica, en\u00a0R\u00edo de\u00a0<a href=\"http:\/\/blog.espol.edu.ec\/cmrojas\/files\/2014\/05\/infancia4.jpg\"><img loading=\"lazy\" decoding=\"async\" class=\"alignright  wp-image-34\" src=\"http:\/\/blog.espol.edu.ec\/cmrojas\/files\/2014\/05\/infancia4-175x300.jpg\" alt=\"infancia4\" width=\"194\" height=\"275\" \/><\/a>Janeiro. Sus padres fueron Pedro Queima Coelho de Souza y Lygia Araripe, de profesi\u00f3n ingeniero y muse\u00f3grafa respectivamente.<\/span><\/p>\n<p>A los siete a\u00f1os ingresa en el colegio jesuita San Ignacio de R\u00edo de Janeiro. Paulo acaba odiando la naturaleza obligatoria de la pr\u00e1ctica religiosa. No soporta ni rezar ni ir a misa pero logra descubrir su verdadera vocaci\u00f3n: ser escritor. Desde peque\u00f1o muestra inter\u00e9s en la literatura; se dedica a leer todo tipo de libros: Tr\u00f3pico de C\u00e1ncer, de Henry Miller, obras de Jorge Luis Borges, Marx, Hegel, Friedrich Engels, etc. Pronto gana su primer premio literario en un concurso escolar de poes\u00eda, y su hermana Sonia cuenta c\u00f3mo se hizo con un premio de redacci\u00f3n al presentar a un concurso un escrito que el mismo Paulo hab\u00eda tirado a la basura.<\/p>\n<p>&nbsp;<\/p>\n<p><img loading=\"lazy\" decoding=\"async\" class=\"alignleft wp-image-46 \" src=\"http:\/\/blog.espol.edu.ec\/cmrojas\/files\/2014\/05\/05-191x300.jpg\" alt=\"05\" width=\"191\" height=\"266\" \/>Sus padres pretenden que sea ingeniero y por eso intentan reprimir sus deseos de dedicarse a la literatura, lo que provoca una gran rebeld\u00eda en Paulo, quien empieza a desobedecer las normas familiares. Es a los diecisiete a\u00f1os cuando, debido a \"inmadurez, rebeld\u00eda, incapacidad para adaptarse a la sociedad, irritabilidad y actitudes radicales y extremistas\", es internado en un hospital psiqui\u00e1trico, donde le someten a varias sesiones de electroshock.<\/p>\n<p>Poco m\u00e1s tarde, Paulo empieza a relacionarse con un grupo de teatro y a dedicarse al periodismo. En aquella \u00e9poca el teatro no estaba bien visto en ciertos niveles sociales, por eso sus padres vuelven a internarlo. Cuando sale, Paulo est\u00e1 a\u00fan m\u00e1s perdido y encerrado en su mundo. La familia llama a otro m\u00e9dico psiquiatra, el doctor Fajardo, quien hace una nueva apreciaci\u00f3n del problema: Paulo no est\u00e1 loco y no va a ser internado; har\u00e1 un tratamiento de unas 15 sesiones con \u00e9l. Treinta a\u00f1os despu\u00e9s de estas vivencias, Paulo Coelho escribir\u00eda una novela inspirada en esos a\u00f1os, Veronika decide morir.<\/p>\n<p>&nbsp;<\/p>\n<p><img loading=\"lazy\" decoding=\"async\" class=\"alignright wp-image-35\" src=\"http:\/\/blog.espol.edu.ec\/cmrojas\/files\/2014\/05\/images-1.jpg\" alt=\"images (1)\" width=\"294\" height=\"171\" \/>Pasado el per\u00edodo de los centros psiqui\u00e1tricos, Paulo empieza la carrera de \u00a0derecho; sin embargo, poco tiempo despu\u00e9s abandona sus estudios para dedicarse \u00a0de nuevo al teatro. Es la \u00e9poca de los sesenta y el mundo entero asiste a la \u00a0explosi\u00f3n del movimiento hippie. Brasil, bajo una dictadura militar muy represiva, \u00a0tambi\u00e9n se hace eco de las nuevas tendencias. Paulo lleva entonces el pelo largo y \u00a0va indocumentado por voluntad propia; durante alg\u00fan tiempo experimenta con \u00a0todo lo que la vida le ofrece, ya que quiere vivir la experiencia hippie con gran \u00a0intensidad.<\/p>\n<p>&nbsp;<\/p>\n<p><img loading=\"lazy\" decoding=\"async\" class=\"alignleft wp-image-45 size-medium\" src=\"http:\/\/blog.espol.edu.ec\/cmrojas\/files\/2014\/05\/Image2260-300x211.jpg\" alt=\"Image2260\" width=\"300\" height=\"211\" srcset=\"https:\/\/blog.espol.edu.ec\/cmrojas\/files\/2014\/05\/Image2260-300x211.jpg 300w, https:\/\/blog.espol.edu.ec\/cmrojas\/files\/2014\/05\/Image2260.jpg 317w\" sizes=\"auto, (max-width: 300px) 100vw, 300px\" \/>Su pasi\u00f3n por escribir le impulsa a fundar una revista de la que \u00a0solamente salen dos ejemplares. En esa \u00e9poca conoce a Ra\u00fal Seixas,<br \/>\nm\u00fasico y compositor, con quien Paulo escribe letras de canciones. Algunas de ellas: Eu nasci h\u00e1 dez mil anos atr\u00e1s (I Was Born Ten Thousand Years Ago), Gita, y Al Capone. Con el segundo disco cosechan un gran \u00e9xito y llegan a vender m\u00e1s de 500.000 copias; es la primera vez que Paulo gana una gran cantidad de dinero. Hasta 1976 compone m\u00e1s de ciento veinte canciones con Ra\u00fal Seixas y juntos cambian el panorama del rock brasile\u00f1o. Tambi\u00e9n escribe para Elis Regina y Rita Lee. Despu\u00e9s de trabajar como letrista para los grandes nombres de la canci\u00f3n popular brasile\u00f1a, se dedica al periodismo y a escribir algunos guiones para la televisi\u00f3n.<\/p>\n<p>&nbsp;<\/p>\n<p>En 1972, Paulo y Ra\u00fal entran a formar parte de Sociedad Alternativa, una organizaci\u00f3n que se opone a las ideolog\u00edas capitalistas,<\/p>\n<p><img loading=\"lazy\" decoding=\"async\" class=\"alignright wp-image-37\" src=\"http:\/\/blog.espol.edu.ec\/cmrojas\/files\/2014\/05\/BBF9864A327046D086BAB157C950E49F-214x300.jpg\" alt=\"BBF9864A327046D086BAB157C950E49F\" width=\"214\" height=\"271\" \/>defiende la libertad de hacer lo que uno desea y practica la magia negra, experiencias de las que habla m\u00e1s tarde en el libro Las Valqu\u00edrias (1992). Durante este per\u00edodo nace \u00abKring-ha\u00bb, una serie de c\u00f3mics en favor de la libertad. El r\u00e9gimen dictatorial las considera\u00a0amenazantes, por lo que detiene y encarcela a Ra\u00fal y a Paulo. Ra\u00fal sale al cabo de poco, pero Paulo permanece all\u00ed m\u00e1s tiempo por ser considerado la \"cabeza pensante\".<\/p>\n<p>Pero las dificultades no acaban aqu\u00ed: dos d\u00edas despu\u00e9s de su liberaci\u00f3n, Paulo es secuestrado en plena calle y encerrado en un centro militar de tortura donde permanece varios d\u00edas. Seg\u00fan sus propias palabras, lo que le salva de la muerte es decir que estaba loco y que hab\u00eda estado internado en tres ocasiones. Esta experiencia marca fuertemente su vida.<\/p>\n<p>Por aquel entonces, Paulo, con veintis\u00e9is a\u00f1os, decide que ya ha vivido suficiente y que quiere \"ser normal\". Consigue un empleo en la discogr\u00e1fica Polygram y all\u00ed conoce a la que m\u00e1s tarde ser\u00e1 su esposa. En 1977 se trasladan a Londres. Paulo compra una m\u00e1quina de escribir y empieza a dedicarse de pleno a la literatura, sin muchos resultados. Al a\u00f1o siguiente vuelve a Brasil donde trabaja como ejecutivo para otra empresa discogr\u00e1fica, la CBS. Esta fase s\u00f3lo dura tres meses, tras los cuales se separa de su esposa y deja el empleo.<\/p>\n<p>&nbsp;<\/p>\n<p><img loading=\"lazy\" decoding=\"async\" class=\"alignleft wp-image-39\" src=\"http:\/\/blog.espol.edu.ec\/cmrojas\/files\/2014\/05\/descarga-1.jpg\" alt=\"descarga (1)\" width=\"259\" height=\"184\" \/>En 1979 se produce el reencuentro con Christina Oiticica, una vieja amiga, con la que posteriormente contrae matrimonio, y con la que sigue conviviendo hasta el d\u00eda de hoy. La pareja viaja a Europa y visitan varios pa\u00edses. En Alemania, van al campo de concentraci\u00f3n de Dachau. All\u00ed Paulo tiene una visi\u00f3n en la que se le aparece la figura de un hombre. Dos meses m\u00e1s tarde, le encuentra en una cafeter\u00eda de \u00c1msterdam, se acerca a \u00e9l y conversan un largo rato en el que intercambian opiniones y vivencias. El hombre, cuya identidad Paulo nunca ha querido revelar, le sugiere un reencuentro con el catolicismo. Paulo empieza a estudiar el lenguaje simb\u00f3lico del cristianismo. Le propone, tambi\u00e9n, hacer el Camino de Santiago, una ruta medieval de peregrinaje entre Francia y Espa\u00f1a. Ese peregrinaje es para el escritor el punto de inflexi\u00f3n en su vida.<\/p>\n<p>&nbsp;<\/p>\n","protected":false},"excerpt":{"rendered":"<p>Paulo Coelho de Souza (24 de agosto de 1947, R\u00edo de Janeiro) es un novelista, dramaturgo y letrista brasile\u00f1o. Es uno de los escritores m\u00e1s le\u00eddos del mundo con m\u00e1s de 150 millones de libros vendidos en m\u00e1s de 150 pa\u00edses (224 territorios), traducidos a 80 lenguas. Desde octubre de 2002 es miembro de la [&hellip;]<\/p>\n","protected":false},"author":9075,"featured_media":0,"parent":0,"menu_order":0,"comment_status":"open","ping_status":"open","template":"","meta":{"footnotes":""},"class_list":["post-2","page","type-page","status-publish","hentry"],"_links":{"self":[{"href":"https:\/\/blog.espol.edu.ec\/cmrojas\/wp-json\/wp\/v2\/pages\/2","targetHints":{"allow":["GET"]}}],"collection":[{"href":"https:\/\/blog.espol.edu.ec\/cmrojas\/wp-json\/wp\/v2\/pages"}],"about":[{"href":"https:\/\/blog.espol.edu.ec\/cmrojas\/wp-json\/wp\/v2\/types\/page"}],"author":[{"embeddable":true,"href":"https:\/\/blog.espol.edu.ec\/cmrojas\/wp-json\/wp\/v2\/users\/9075"}],"replies":[{"embeddable":true,"href":"https:\/\/blog.espol.edu.ec\/cmrojas\/wp-json\/wp\/v2\/comments?post=2"}],"version-history":[{"count":10,"href":"https:\/\/blog.espol.edu.ec\/cmrojas\/wp-json\/wp\/v2\/pages\/2\/revisions"}],"predecessor-version":[{"id":132,"href":"https:\/\/blog.espol.edu.ec\/cmrojas\/wp-json\/wp\/v2\/pages\/2\/revisions\/132"}],"wp:attachment":[{"href":"https:\/\/blog.espol.edu.ec\/cmrojas\/wp-json\/wp\/v2\/media?parent=2"}],"curies":[{"name":"wp","href":"https:\/\/api.w.org\/{rel}","templated":true}]}}