{"id":19,"date":"2012-06-28T03:46:40","date_gmt":"2012-06-28T03:46:40","guid":{"rendered":"http:\/\/blog.espol.edu.ec\/corella\/?page_id=19"},"modified":"2012-06-28T04:22:34","modified_gmt":"2012-06-28T04:22:34","slug":"tradiciones-de-zaruma","status":"publish","type":"page","link":"https:\/\/blog.espol.edu.ec\/corella\/tradiciones-de-zaruma\/","title":{"rendered":"Tradiciones de Zaruma"},"content":{"rendered":"<p>Zaruma guarda celosamente importantes tradiciones que las ponemos a vuestra consideraci\u00f3n, como una pr\u00e1ctica cultural que se resiste a perderse bajo la influencia\u00a0 voraz de la globalizaci\u00f3n.<\/p>\n<ul>\n<li>Los Zarume\u00f1os identifican de mejor manera a las personas y a familias enteras con el apodo.<\/li>\n<li>La mujer Zarume\u00f1a es muy fina y elegante, siempre esta vistiendo sus mejores trajes, a\u00fan para los acontecimientos m\u00e1s cotidianos.<\/li>\n<\/ul>\n<ul>\n<li>Los eventos de cualquier \u00edndole que fuese, siempre revisten mucha solemnidad, y altura<\/li>\n<li>La tradici\u00f3n de tomar el entred\u00eda, que es una comida a media tarde, es\u00a0 una pr\u00e1ctica que a\u00fan perdura en muchas familias, y a\u00fan en las instituciones, entre sus empleados, generalmente se toma con empanadas, tigrillo,\u00a0 semas con queso, o arroz mote con carne asada de cerdo, obviamente acompa\u00f1ada de una buena tasa de caf\u00e9 Zaruma.<\/li>\n<li>La tradici\u00f3n de los paseos familiares al r\u00edo o a las finas cercanas.<\/li>\n<li>Celebrar las fiestas con bailes y licor, especialmente las de Carnaval, en donde a\u00fan se festeja con agua y harina entre grupos familiares, o de amigos, pero respetando siempre al turista o visitante que se divierte mucho observando esta pr\u00e1ctica.<\/li>\n<\/ul>\n<p><a href=\"http:\/\/blog.espol.edu.ec\/corella\/files\/2012\/06\/zaruma_central_park_11.jpg\"><img loading=\"lazy\" decoding=\"async\" src=\"http:\/\/blog.espol.edu.ec\/corella\/files\/2012\/06\/zaruma_central_park_11-300x225.jpg\" alt=\"\" width=\"300\" height=\"225\" \/><\/a><\/p>\n<div style=\"width:425px\"> <strong><a href=\"http:\/\/www.slideshare.net\/UTSAM\/zaruma-patrimonio-cultural\" title=\"Zaruma Patrimonio Cultural\" target=\"_blank\">Zaruma Patrimonio Cultural<\/a><\/strong> <iframe loading=\"lazy\" src=\"http:\/\/www.slideshare.net\/slideshow\/embed_code\/2020724\" width=\"425\" height=\"355\" frameborder=\"0\" allowfullscreen><\/iframe> <\/p>\n<div style=\"padding:5px 0 12px\"> View more <a href=\"http:\/\/www.slideshare.net\/thecroaker\/death-by-powerpoint\" target=\"_blank\">PowerPoint<\/a> from <a href=\"http:\/\/www.slideshare.net\/UTSAM\" target=\"_blank\">UTSAM<\/a> <\/div>\n<\/p><\/div>\n","protected":false},"excerpt":{"rendered":"<p>Zaruma guarda celosamente importantes tradiciones que las ponemos a vuestra consideraci\u00f3n, como una pr\u00e1ctica cultural que se resiste a perderse bajo la influencia\u00a0 voraz de la globalizaci\u00f3n. Los Zarume\u00f1os identifican de mejor manera a las personas y a familias enteras con el apodo. La mujer Zarume\u00f1a es muy fina y elegante, siempre esta vistiendo sus [&hellip;]<\/p>\n","protected":false},"author":7743,"featured_media":0,"parent":0,"menu_order":0,"comment_status":"open","ping_status":"open","template":"","meta":{"footnotes":""},"class_list":["post-19","page","type-page","status-publish","hentry"],"_links":{"self":[{"href":"https:\/\/blog.espol.edu.ec\/corella\/wp-json\/wp\/v2\/pages\/19","targetHints":{"allow":["GET"]}}],"collection":[{"href":"https:\/\/blog.espol.edu.ec\/corella\/wp-json\/wp\/v2\/pages"}],"about":[{"href":"https:\/\/blog.espol.edu.ec\/corella\/wp-json\/wp\/v2\/types\/page"}],"author":[{"embeddable":true,"href":"https:\/\/blog.espol.edu.ec\/corella\/wp-json\/wp\/v2\/users\/7743"}],"replies":[{"embeddable":true,"href":"https:\/\/blog.espol.edu.ec\/corella\/wp-json\/wp\/v2\/comments?post=19"}],"version-history":[{"count":4,"href":"https:\/\/blog.espol.edu.ec\/corella\/wp-json\/wp\/v2\/pages\/19\/revisions"}],"predecessor-version":[{"id":36,"href":"https:\/\/blog.espol.edu.ec\/corella\/wp-json\/wp\/v2\/pages\/19\/revisions\/36"}],"wp:attachment":[{"href":"https:\/\/blog.espol.edu.ec\/corella\/wp-json\/wp\/v2\/media?parent=19"}],"curies":[{"name":"wp","href":"https:\/\/api.w.org\/{rel}","templated":true}]}}