{"id":9,"date":"2012-10-17T18:21:05","date_gmt":"2012-10-17T18:21:05","guid":{"rendered":"http:\/\/blog.espol.edu.ec\/crvillac\/?page_id=9"},"modified":"2012-11-07T01:24:37","modified_gmt":"2012-11-07T01:24:37","slug":"esta-es-mi-primera-pagina","status":"publish","type":"page","link":"https:\/\/blog.espol.edu.ec\/crvillac\/esta-es-mi-primera-pagina\/","title":{"rendered":"GEOGRAFIA"},"content":{"rendered":"<h2><span style=\"color: #0000ff\">Geograf\u00eda<\/span><\/h2>\n<p><span style=\"color: #008000\">Se encuentra en la Cordillera Occidental, est\u00e1 enclavada en una hondonada formada por seis mesetas: P\u00edllaro, Quisapincha, Tisaleo, Quero, Huambal\u00f3; y Cotal\u00f3;, lo que le da un clima agradable, Ambato esta ubicada a 78\u00b0; 37' 11\u2019\u2019; de longitud con relaci\u00f3n al Meridiano de Greenwich y a 1\u00b0 13' 28\u201d de latitud sur con relaci\u00f3n a la L\u00ednea Equinoccial, a 2.577 metros sobre el nivel del mar,<\/span><\/p>\n<h3><span style=\"color: #0000ff\">Clima<\/span><\/h3>\n<p><span style=\"color: #008000\">El clima de la ciudad de Ambato es un clima\u00a0<a title=\"Clima templado\" href=\"http:\/\/es.wikipedia.org\/wiki\/Clima_templado\"><span style=\"color: #008000\">templado<\/span><\/a>, debido a que se ubica en un estrecho valle andino; Ambato se divide en 3 zonas; sur, centro, y norte; Ambato siempre tiene un clima templado con temperaturas desde los 12 a los 30\u00a0\u00b0C.<\/span><\/p>\n<table id=\"collapsibleTable0\">\n<tbody>\n<tr>\n<th colspan=\"14\"><a href=\"http:\/\/commons.wikimedia.org\/w\/index.php?title=File:Gnome-weather-few-clouds.svg&amp;page=1\"><img loading=\"lazy\" decoding=\"async\" src=\"http:\/\/upload.wikimedia.org\/wikipedia\/commons\/thumb\/5\/57\/Gnome-weather-few-clouds.svg\/30px-Gnome-weather-few-clouds.svg.png\" alt=\"Gnome-weather-few-clouds.svg\" width=\"30\" height=\"30\" \/><\/a>\u00a0 Par\u00e1metros clim\u00e1ticos promedio de Ambato\u00a0<a href=\"http:\/\/commons.wikimedia.org\/w\/index.php?title=File:WPTC_Meteo_task_force.svg&amp;page=1\"><img loading=\"lazy\" decoding=\"async\" src=\"http:\/\/upload.wikimedia.org\/wikipedia\/commons\/thumb\/a\/ab\/WPTC_Meteo_task_force.svg\/30px-WPTC_Meteo_task_force.svg.png\" alt=\"WPTC Meteo task force.svg\" width=\"30\" height=\"30\" \/><\/a><\/th>\n<\/tr>\n<tr>\n<th>Mes<\/th>\n<th abbr=\"Enero\">Ene<\/th>\n<th abbr=\"Febrero\">Feb<\/th>\n<th abbr=\"Marzo\">Mar<\/th>\n<th abbr=\"Abril\">Abr<\/th>\n<th abbr=\"Mayo\">May<\/th>\n<th abbr=\"Junio\">Jun<\/th>\n<th abbr=\"Julio\">Jul<\/th>\n<th abbr=\"Agosto\">Ago<\/th>\n<th abbr=\"Septiembre\">Sep<\/th>\n<th abbr=\"Octubre\">Oct<\/th>\n<th abbr=\"Noviembre\">Nov<\/th>\n<th abbr=\"Diciembre\">Dic<\/th>\n<th abbr=\"Anual\">Anual<\/th>\n<\/tr>\n<tr>\n<th>Temperatura m\u00e1xima registrada (\u00b0C)<\/th>\n<td>32.3<\/td>\n<td>31.6<\/td>\n<td>29.8<\/td>\n<td>27.8<\/td>\n<td>28.2<\/td>\n<td>24.6<\/td>\n<td>28.2<\/td>\n<td>24.2<\/td>\n<td>25.1<\/td>\n<td>27.4<\/td>\n<td>29.6<\/td>\n<td>31.8<\/td>\n<td><strong>28.8<\/strong><\/td>\n<\/tr>\n<tr>\n<th>Temperatura diaria m\u00e1xima (\u00b0C)<\/th>\n<td>29.4<\/td>\n<td>28.3<\/td>\n<td>27.1<\/td>\n<td>25.8<\/td>\n<td>25.3<\/td>\n<td>21.1<\/td>\n<td>16.9<\/td>\n<td>15.2<\/td>\n<td>18.1<\/td>\n<td>22.6<\/td>\n<td>27.6<\/td>\n<td>31.3<\/td>\n<td><strong>24.1<\/strong><\/td>\n<\/tr>\n<tr>\n<th>Temperatura diaria promedio (\u00b0C)<\/th>\n<td>23<\/td>\n<td>21.8<\/td>\n<td>21<\/td>\n<td>18<\/td>\n<td>16<\/td>\n<td>13.5<\/td>\n<td>11<\/td>\n<td>9.5<\/td>\n<td>12.6<\/td>\n<td>16.5<\/td>\n<td>20<\/td>\n<td>23.1<\/td>\n<td><strong>17.2<\/strong><\/td>\n<\/tr>\n<tr>\n<th>Temperatura diaria m\u00ednima (\u00b0C)<\/th>\n<td>13.2<\/td>\n<td>12.3<\/td>\n<td>11.9<\/td>\n<td>10.2<\/td>\n<td>6.7<\/td>\n<td>6.3<\/td>\n<td>4.7<\/td>\n<td>3.7<\/td>\n<td>7.1<\/td>\n<td>9.5<\/td>\n<td>12.4<\/td>\n<td>12.9<\/td>\n<td><strong>9.2<\/strong><\/td>\n<\/tr>\n<tr>\n<th>Temperatura m\u00ednima registrada (\u00b0C)<\/th>\n<td>2.7<\/td>\n<td>1.1<\/td>\n<td>1.1<\/td>\n<td>-1.1<\/td>\n<td>-0.9<\/td>\n<td>-1.7<\/td>\n<td>-2.7<\/td>\n<td>-4.4<\/td>\n<td>-2.2<\/td>\n<td>1<\/td>\n<td>2.2<\/td>\n<td>2.8<\/td>\n<td><strong>0<\/strong><\/td>\n<\/tr>\n<tr>\n<th><a title=\"Lluvia\" href=\"http:\/\/es.wikipedia.org\/wiki\/Lluvia\">Lluvias<\/a>\u00a0(mm)<\/th>\n<td>23.0<\/td>\n<td>26.8<\/td>\n<td>29.7<\/td>\n<td>35.2<\/td>\n<td>45.4<\/td>\n<td>52.4<\/td>\n<td>40.5<\/td>\n<td>32.4<\/td>\n<td>32.8<\/td>\n<td>25.8<\/td>\n<td>22.2<\/td>\n<td>21.2<\/td>\n<td><strong>387.4<\/strong><\/td>\n<\/tr>\n<tr>\n<td colspan=\"14\"><em>Fuente:\u00a0<strong>Meoweather<\/strong>\u00a0<sup><a href=\"http:\/\/es.wikipedia.org\/wiki\/Ambato#cite_note-DataClima-3\">4<\/a><\/sup><\/em><\/td>\n<\/tr>\n<\/tbody>\n<\/table>\n","protected":false},"excerpt":{"rendered":"<p>Geograf\u00eda Se encuentra en la Cordillera Occidental, est\u00e1 enclavada en una hondonada formada por seis mesetas: P\u00edllaro, Quisapincha, Tisaleo, Quero, Huambal\u00f3; y Cotal\u00f3;, lo que le da un clima agradable, Ambato esta ubicada a 78\u00b0; 37' 11\u2019\u2019; de longitud con relaci\u00f3n al Meridiano de Greenwich y a 1\u00b0 13' 28\u201d de latitud sur con relaci\u00f3n [&hellip;]<\/p>\n","protected":false},"author":8197,"featured_media":0,"parent":0,"menu_order":0,"comment_status":"open","ping_status":"open","template":"","meta":{"footnotes":""},"class_list":["post-9","page","type-page","status-publish","hentry"],"_links":{"self":[{"href":"https:\/\/blog.espol.edu.ec\/crvillac\/wp-json\/wp\/v2\/pages\/9","targetHints":{"allow":["GET"]}}],"collection":[{"href":"https:\/\/blog.espol.edu.ec\/crvillac\/wp-json\/wp\/v2\/pages"}],"about":[{"href":"https:\/\/blog.espol.edu.ec\/crvillac\/wp-json\/wp\/v2\/types\/page"}],"author":[{"embeddable":true,"href":"https:\/\/blog.espol.edu.ec\/crvillac\/wp-json\/wp\/v2\/users\/8197"}],"replies":[{"embeddable":true,"href":"https:\/\/blog.espol.edu.ec\/crvillac\/wp-json\/wp\/v2\/comments?post=9"}],"version-history":[{"count":7,"href":"https:\/\/blog.espol.edu.ec\/crvillac\/wp-json\/wp\/v2\/pages\/9\/revisions"}],"predecessor-version":[{"id":53,"href":"https:\/\/blog.espol.edu.ec\/crvillac\/wp-json\/wp\/v2\/pages\/9\/revisions\/53"}],"wp:attachment":[{"href":"https:\/\/blog.espol.edu.ec\/crvillac\/wp-json\/wp\/v2\/media?parent=9"}],"curies":[{"name":"wp","href":"https:\/\/api.w.org\/{rel}","templated":true}]}}