{"id":42,"date":"2016-05-21T05:23:41","date_gmt":"2016-05-21T05:23:41","guid":{"rendered":"http:\/\/blog.espol.edu.ec\/diolbaja\/?page_id=42"},"modified":"2016-05-21T05:23:41","modified_gmt":"2016-05-21T05:23:41","slug":"el-malecon-2000","status":"publish","type":"page","link":"https:\/\/blog.espol.edu.ec\/diolbaja\/el-malecon-2000\/","title":{"rendered":"EL MALEC\u00d3N 2000"},"content":{"rendered":"<p>El Malec\u00f3n es un pilar hist\u00f3rico de la ciudad, ya que desde \u00e9l se expandi\u00f3 su crecimiento y a los inicios de la urbe tuvo un importante papel en su desarrollo y embellecimiento. Luego, en una \u00e9poca, por imprudencias del destino estuvo desligado de Guayaquil; pero siendo lo que fue, se rescat\u00f3 y renov\u00f3, d\u00e1ndole un nuevo brillo a la ciudad.<\/p>\n<p>Ahora es un honor para los guayaquile\u00f1os poder disfrutar de los colores del Malec\u00f3n y desde \u00e9l, los de la r\u00eda. El <a href=\"https:\/\/www.google.com.ec\/maps\/search\/Malec%C3%B3n+Sim%C3%B3n+Bolivar+2000,+Guayaquil,+Guayas\/@-2.2100381,-80.3940607,9z\/data=!3m1!4b1\">Malec\u00f3n 2000<\/a> ha vuelto a ser el coraz\u00f3n de la ciudad y quiere compartir con todos sus hu\u00e9spedes la maravilla de su paisaje. No se puede dejar de visitar Guayaquil sin conocerlo por primera vez o nuevamente.<\/p>\n<p>Est\u00e1 dividido en sectores, los mismos que muestran la variedad de las grandezas de Guayaquil, cada uno de ellos con un color diferente. As\u00ed en su comienzo muestra la diversidad de banderas del Ecuador con un colorido contrastante, para que el \u201cPalacio de Cristal\u201d que muestre con sencillez su imponente mirada.<\/p>\n<div id=\"attachment_43\" style=\"width: 299px\" class=\"wp-caption alignnone\"><img loading=\"lazy\" decoding=\"async\" aria-describedby=\"caption-attachment-43\" class=\"size-full wp-image-43\" src=\"http:\/\/blog.espol.edu.ec\/diolbaja\/files\/2016\/05\/GuyaquilWaterfront1920.jpg\" alt=\"El antiguo Malec\u00f3n Sim\u00f3n Bol\u00edvar (1920).\" width=\"289\" height=\"288\" srcset=\"https:\/\/blog.espol.edu.ec\/diolbaja\/files\/2016\/05\/GuyaquilWaterfront1920.jpg 289w, https:\/\/blog.espol.edu.ec\/diolbaja\/files\/2016\/05\/GuyaquilWaterfront1920-150x150.jpg 150w\" sizes=\"auto, (max-width: 289px) 100vw, 289px\" \/><p id=\"caption-attachment-43\" class=\"wp-caption-text\">El antiguo Malec\u00f3n Sim\u00f3n Bol\u00edvar (1920).<\/p><\/div>\n<div id=\"attachment_44\" style=\"width: 310px\" class=\"wp-caption alignnone\"><img loading=\"lazy\" decoding=\"async\" aria-describedby=\"caption-attachment-44\" class=\"size-medium wp-image-44\" src=\"http:\/\/blog.espol.edu.ec\/diolbaja\/files\/2016\/05\/800px-Guayaquil_Malecon2000-300x225.jpg\" alt=\"El bello y muy visitado Malec\u00f3n 2000, en su actualidad.\" width=\"300\" height=\"225\" srcset=\"https:\/\/blog.espol.edu.ec\/diolbaja\/files\/2016\/05\/800px-Guayaquil_Malecon2000-300x225.jpg 300w, https:\/\/blog.espol.edu.ec\/diolbaja\/files\/2016\/05\/800px-Guayaquil_Malecon2000-768x576.jpg 768w, https:\/\/blog.espol.edu.ec\/diolbaja\/files\/2016\/05\/800px-Guayaquil_Malecon2000.jpg 800w\" sizes=\"auto, (max-width: 300px) 100vw, 300px\" \/><p id=\"caption-attachment-44\" class=\"wp-caption-text\">El bello y muy visitado Malec\u00f3n 2000, en su actualidad.<\/p><\/div>\n","protected":false},"excerpt":{"rendered":"<p>El Malec\u00f3n es un pilar hist\u00f3rico de la ciudad, ya que desde \u00e9l se expandi\u00f3 su crecimiento y a los inicios de la urbe tuvo un importante papel en su desarrollo y embellecimiento. Luego, en una \u00e9poca, por imprudencias del destino estuvo desligado de Guayaquil; pero siendo lo que fue, se rescat\u00f3 y renov\u00f3, d\u00e1ndole [&hellip;]<\/p>\n","protected":false},"author":10180,"featured_media":0,"parent":0,"menu_order":0,"comment_status":"closed","ping_status":"closed","template":"","meta":{"footnotes":""},"class_list":["post-42","page","type-page","status-publish","hentry"],"_links":{"self":[{"href":"https:\/\/blog.espol.edu.ec\/diolbaja\/wp-json\/wp\/v2\/pages\/42","targetHints":{"allow":["GET"]}}],"collection":[{"href":"https:\/\/blog.espol.edu.ec\/diolbaja\/wp-json\/wp\/v2\/pages"}],"about":[{"href":"https:\/\/blog.espol.edu.ec\/diolbaja\/wp-json\/wp\/v2\/types\/page"}],"author":[{"embeddable":true,"href":"https:\/\/blog.espol.edu.ec\/diolbaja\/wp-json\/wp\/v2\/users\/10180"}],"replies":[{"embeddable":true,"href":"https:\/\/blog.espol.edu.ec\/diolbaja\/wp-json\/wp\/v2\/comments?post=42"}],"version-history":[{"count":1,"href":"https:\/\/blog.espol.edu.ec\/diolbaja\/wp-json\/wp\/v2\/pages\/42\/revisions"}],"predecessor-version":[{"id":45,"href":"https:\/\/blog.espol.edu.ec\/diolbaja\/wp-json\/wp\/v2\/pages\/42\/revisions\/45"}],"wp:attachment":[{"href":"https:\/\/blog.espol.edu.ec\/diolbaja\/wp-json\/wp\/v2\/media?parent=42"}],"curies":[{"name":"wp","href":"https:\/\/api.w.org\/{rel}","templated":true}]}}