{"id":46,"date":"2016-05-21T05:35:36","date_gmt":"2016-05-21T05:35:36","guid":{"rendered":"http:\/\/blog.espol.edu.ec\/diolbaja\/?page_id=46"},"modified":"2016-05-21T05:35:36","modified_gmt":"2016-05-21T05:35:36","slug":"el-malecon-del-salado","status":"publish","type":"page","link":"https:\/\/blog.espol.edu.ec\/diolbaja\/el-malecon-del-salado\/","title":{"rendered":"EL MALEC\u00d3N DEL SALADO"},"content":{"rendered":"<p><a href=\"https:\/\/www.google.com.ec\/maps\/place\/Malec%C3%B3n+del+Salado\/@-2.1652038,-79.9338207,14z\/data=!4m8!1m2!2m1!1sMalec%C3%B3n+del+Saladon,+Guayaquil,+Guayas+090511!3m4!1s0x902d6d8bd5063853:0x9a32418057454d1d!8m2!3d-2.1652575!4d-79.916311\">Malec\u00f3n del Salado<\/a> o Malec\u00f3n del Estero Salado, construido bajo la administraci\u00f3n municipal del Jaime Nebot Saadi, en 2009, el proyecto abarca desde la Facultad de Educaci\u00f3n F\u00edsica (tambi\u00e9n llamado Malec\u00f3n Universitario) de la Universidad de Guayaquil hasta el<\/p>\n<div id=\"attachment_47\" style=\"width: 310px\" class=\"wp-caption alignnone\"><img loading=\"lazy\" decoding=\"async\" aria-describedby=\"caption-attachment-47\" class=\"size-medium wp-image-47\" src=\"http:\/\/blog.espol.edu.ec\/diolbaja\/files\/2016\/05\/Malecon_del_salado-300x225.jpg\" alt=\"El Malec\u00f3n del salado, es un sitio que debes visitar s\u00ed o s\u00ed en Guayaquil.\" width=\"300\" height=\"225\" srcset=\"https:\/\/blog.espol.edu.ec\/diolbaja\/files\/2016\/05\/Malecon_del_salado-300x225.jpg 300w, https:\/\/blog.espol.edu.ec\/diolbaja\/files\/2016\/05\/Malecon_del_salado.jpg 740w\" sizes=\"auto, (max-width: 300px) 100vw, 300px\" \/><p id=\"caption-attachment-47\" class=\"wp-caption-text\">El Malec\u00f3n del salado, es un sitio que debes visitar s\u00ed o s\u00ed en Guayaquil.<\/p><\/div>\n<div id=\"attachment_48\" style=\"width: 310px\" class=\"wp-caption alignnone\"><img loading=\"lazy\" decoding=\"async\" aria-describedby=\"caption-attachment-48\" class=\"size-medium wp-image-48\" src=\"http:\/\/blog.espol.edu.ec\/diolbaja\/files\/2016\/05\/fuente-del-malecon-del-salado-guayaquil-300x173.jpg\" alt=\"La fuente de agua danzante es un atractivo por las noches en la Perla del Pac\u00edfico.\" width=\"300\" height=\"173\" srcset=\"https:\/\/blog.espol.edu.ec\/diolbaja\/files\/2016\/05\/fuente-del-malecon-del-salado-guayaquil-300x173.jpg 300w, https:\/\/blog.espol.edu.ec\/diolbaja\/files\/2016\/05\/fuente-del-malecon-del-salado-guayaquil.jpg 480w\" sizes=\"auto, (max-width: 300px) 100vw, 300px\" \/><p id=\"caption-attachment-48\" class=\"wp-caption-text\">La fuente de agua danzante es un atractivo por las noches en la Perla del Pac\u00edfico.<\/p><\/div>\n<p>Puente del Velero, desde all\u00ed cambia de nombre a Malec\u00f3n del Suburbio, en frente se encuentra el parque lineal, forma parte de la regeneraci\u00f3n urbana de Guayaquil del 1999-2006.<\/p>\n<p>Actualmente cuenta con una monumental fuente de juegos de agua y luces multicolor. La obra est\u00e1 ubicada en el espejo de agua delEstero Salado, entre el parque de la ciudadela La Ferroviaria y el puente 5 de Junio.<\/p>\n","protected":false},"excerpt":{"rendered":"<p>Malec\u00f3n del Salado o Malec\u00f3n del Estero Salado, construido bajo la administraci\u00f3n municipal del Jaime Nebot Saadi, en 2009, el proyecto abarca desde la Facultad de Educaci\u00f3n F\u00edsica (tambi\u00e9n llamado Malec\u00f3n Universitario) de la Universidad de Guayaquil hasta el Puente del Velero, desde all\u00ed cambia de nombre a Malec\u00f3n del Suburbio, en frente se encuentra [&hellip;]<\/p>\n","protected":false},"author":10180,"featured_media":0,"parent":0,"menu_order":0,"comment_status":"closed","ping_status":"closed","template":"","meta":{"footnotes":""},"class_list":["post-46","page","type-page","status-publish","hentry"],"_links":{"self":[{"href":"https:\/\/blog.espol.edu.ec\/diolbaja\/wp-json\/wp\/v2\/pages\/46","targetHints":{"allow":["GET"]}}],"collection":[{"href":"https:\/\/blog.espol.edu.ec\/diolbaja\/wp-json\/wp\/v2\/pages"}],"about":[{"href":"https:\/\/blog.espol.edu.ec\/diolbaja\/wp-json\/wp\/v2\/types\/page"}],"author":[{"embeddable":true,"href":"https:\/\/blog.espol.edu.ec\/diolbaja\/wp-json\/wp\/v2\/users\/10180"}],"replies":[{"embeddable":true,"href":"https:\/\/blog.espol.edu.ec\/diolbaja\/wp-json\/wp\/v2\/comments?post=46"}],"version-history":[{"count":1,"href":"https:\/\/blog.espol.edu.ec\/diolbaja\/wp-json\/wp\/v2\/pages\/46\/revisions"}],"predecessor-version":[{"id":49,"href":"https:\/\/blog.espol.edu.ec\/diolbaja\/wp-json\/wp\/v2\/pages\/46\/revisions\/49"}],"wp:attachment":[{"href":"https:\/\/blog.espol.edu.ec\/diolbaja\/wp-json\/wp\/v2\/media?parent=46"}],"curies":[{"name":"wp","href":"https:\/\/api.w.org\/{rel}","templated":true}]}}