{"id":143,"date":"2016-10-22T00:18:59","date_gmt":"2016-10-22T05:18:59","guid":{"rendered":"http:\/\/blog.espol.edu.ec\/erickceballos\/?page_id=143"},"modified":"2016-10-25T13:33:05","modified_gmt":"2016-10-25T18:33:05","slug":"escultura-publica","status":"publish","type":"page","link":"https:\/\/blog.espol.edu.ec\/erickceballos\/escultura-publica\/","title":{"rendered":"Monumentos"},"content":{"rendered":"<p style=\"text-align: center\"><span style=\"text-decoration: underline\"><strong>Casto Solano<\/strong><\/span><\/p>\n<p style=\"text-align: justify\"><img loading=\"lazy\" decoding=\"async\" class=\"wp-image-145 alignleft\" src=\"http:\/\/blog.espol.edu.ec\/erickceballos\/files\/2016\/10\/casto-solano-575x323-300x169.jpg\" alt=\"casto-solano-575x323\" width=\"343\" height=\"193\" srcset=\"https:\/\/blog.espol.edu.ec\/erickceballos\/files\/2016\/10\/casto-solano-575x323-300x169.jpg 300w, https:\/\/blog.espol.edu.ec\/erickceballos\/files\/2016\/10\/casto-solano-575x323.jpg 575w\" sizes=\"auto, (max-width: 343px) 100vw, 343px\" \/>Casto Solano (<a href=\"https:\/\/www.google.com.ec\/maps\/place\/31809+Olazagut%C3%ADa,+Navarra,+Espa%C3%B1a\/@42.8748011,-2.2020674,16z\/data=!3m1!4b1!4m5!3m4!1s0xd503e5ba3cb5935:0xb2707fe70de9e8e7!8m2!3d42.8756437!4d-2.1970912?hl=es\" target=\"_blank\">Olazagut\u00eda<\/a>, 1958) tiene un reconocimiento popular indiscutible. El punto de inflexi\u00f3n en su carrera se produjo con la Expo de Sevilla, a ra\u00edz de sus esculturas en los pabellones de Espa\u00f1a, Euskadi y Rusia.\u00a0 \u00c9l es el padre de una de las figuras m\u00e1s visitadas de Vitoria ; \"Reflexi\u00f3n\" y representa a un torero sentado en plena calle Dato. En Ceuta ha colocado la figura del fundador de la ciudad y en Cuba ha elaborado una fiel escultura del Che en bronce, de casi dos metros de altura y que conmemora el 40\u00ba aniversario de la revoluci\u00f3n.<\/p>\n<p style=\"text-align: justify\">\n<p style=\"text-align: justify\"><span style=\"text-decoration: underline\"><em>\u00a0Mercury Child \/ Bilbao, Basque Country, Espa\u00f1a.<\/em><\/span><\/p>\n<p style=\"text-align: justify\"><img loading=\"lazy\" decoding=\"async\" class=\"wp-image-153 aligncenter\" src=\"http:\/\/blog.espol.edu.ec\/erickceballos\/files\/2016\/10\/DSC0115-1-201x300.jpg\" alt=\"_dsc0115-1\" width=\"254\" height=\"379\" srcset=\"https:\/\/blog.espol.edu.ec\/erickceballos\/files\/2016\/10\/DSC0115-1-201x300.jpg 201w, https:\/\/blog.espol.edu.ec\/erickceballos\/files\/2016\/10\/DSC0115-1-768x1147.jpg 768w, https:\/\/blog.espol.edu.ec\/erickceballos\/files\/2016\/10\/DSC0115-1-685x1024.jpg 685w, https:\/\/blog.espol.edu.ec\/erickceballos\/files\/2016\/10\/DSC0115-1.jpg 1004w\" sizes=\"auto, (max-width: 254px) 100vw, 254px\" \/><\/p>\n<p style=\"text-align: justify\"><span style=\"text-decoration: underline\"><em>Che with child, <span id=\"result_box\" class=\"\" lang=\"es\">31 Cuba - Santa Clara - estatua de bronce del Che Guevara y el Ni\u00f1o de la Revoluci\u00f3n <\/span><\/em><\/span><\/p>\n<p style=\"text-align: justify\"><img loading=\"lazy\" decoding=\"async\" class=\"aligncenter wp-image-156\" src=\"http:\/\/blog.espol.edu.ec\/erickceballos\/files\/2016\/10\/31-Cuba-Santa-Clara-Bronze-Statue-of-Che-Guevara-and-the-Child-of-the-Revolution-by-Spanish-Sculptor-Casto-Solano-Marroyo-300x201.jpg\" alt=\"31-cuba-santa-clara-bronze-statue-of-che-guevara-and-the-child-of-the-revolution-by-spanish-sculptor-casto-solano-marroyo\" width=\"574\" height=\"385\" srcset=\"https:\/\/blog.espol.edu.ec\/erickceballos\/files\/2016\/10\/31-Cuba-Santa-Clara-Bronze-Statue-of-Che-Guevara-and-the-Child-of-the-Revolution-by-Spanish-Sculptor-Casto-Solano-Marroyo-300x201.jpg 300w, https:\/\/blog.espol.edu.ec\/erickceballos\/files\/2016\/10\/31-Cuba-Santa-Clara-Bronze-Statue-of-Che-Guevara-and-the-Child-of-the-Revolution-by-Spanish-Sculptor-Casto-Solano-Marroyo-768x514.jpg 768w, https:\/\/blog.espol.edu.ec\/erickceballos\/files\/2016\/10\/31-Cuba-Santa-Clara-Bronze-Statue-of-Che-Guevara-and-the-Child-of-the-Revolution-by-Spanish-Sculptor-Casto-Solano-Marroyo-1024x686.jpg 1024w, https:\/\/blog.espol.edu.ec\/erickceballos\/files\/2016\/10\/31-Cuba-Santa-Clara-Bronze-Statue-of-Che-Guevara-and-the-Child-of-the-Revolution-by-Spanish-Sculptor-Casto-Solano-Marroyo.jpg 1195w\" sizes=\"auto, (max-width: 574px) 100vw, 574px\" \/><\/p>\n<hr \/>\n<p style=\"text-align: center\"><span style=\"text-decoration: underline\"><strong>Robert Glen<\/strong><\/span><\/p>\n<p style=\"text-align: justify\"><span id=\"result_box\" class=\"\" lang=\"es\"><img loading=\"lazy\" decoding=\"async\" class=\" wp-image-159 alignleft\" src=\"http:\/\/blog.espol.edu.ec\/erickceballos\/files\/2016\/10\/504282_c4a7aab85d1d456a8eb6e92be18d669b.jpg_srz_920_977_85_22_0.50_1.20_0.00_jpg_srz-282x300.jpg\" alt=\"504282_c4a7aab85d1d456a8eb6e92be18d669b-jpg_srz_920_977_85_22_0-50_1-20_0-00_jpg_srz\" width=\"197\" height=\"210\" srcset=\"https:\/\/blog.espol.edu.ec\/erickceballos\/files\/2016\/10\/504282_c4a7aab85d1d456a8eb6e92be18d669b.jpg_srz_920_977_85_22_0.50_1.20_0.00_jpg_srz-282x300.jpg 282w, https:\/\/blog.espol.edu.ec\/erickceballos\/files\/2016\/10\/504282_c4a7aab85d1d456a8eb6e92be18d669b.jpg_srz_920_977_85_22_0.50_1.20_0.00_jpg_srz-768x816.jpg 768w, https:\/\/blog.espol.edu.ec\/erickceballos\/files\/2016\/10\/504282_c4a7aab85d1d456a8eb6e92be18d669b.jpg_srz_920_977_85_22_0.50_1.20_0.00_jpg_srz.jpg 920w\" sizes=\"auto, (max-width: 197px) 100vw, 197px\" \/> Nacido en Kenia en 1940, el inter\u00e9s de Robert Glen en el arte y la historia natural comenz\u00f3 a una edad temprana. A los diecis\u00e9is a\u00f1os de edad, fue aceptado para servir un aprendizaje de la taxidermia en el reconocido estudio de Coloman Jonas en Denver, Colorado. Fue entonces que su inter\u00e9s por la escultura naci\u00f3. Al regresar a casa <span class=\"\">despu\u00e9s de tres<\/span> <span class=\"\">a\u00f1os de entrenamiento<\/span><span class=\"\">, comenz\u00f3 una<\/span> transici\u00f3n de taxidermia para <span class=\"\">esculpir<\/span> animales en la tradici\u00f3n europea de <span class=\"\">animaliers<\/span><span class=\"\">, trabajando en<\/span> diversos medios de comunicaci\u00f3n antes de lanzar su primer bronce <span class=\"\">en 1970<\/span>.<\/span><\/p>\n<p style=\"text-align: justify\">\n<p style=\"text-align: justify\">\n<p style=\"text-align: justify\">\n<p style=\"text-align: justify\"><span style=\"text-decoration: underline\"><em>The Mustangs of Las Colinas, Texas, Estados Unidos<\/em><\/span><\/p>\n<p style=\"text-align: justify\"><span id=\"result_box\" class=\"\" lang=\"es\"><span title=\"Ben Carpenter of Irving, Texas, came to see my work during one of his safaris to Kenya.\"><img loading=\"lazy\" decoding=\"async\" class=\"wp-image-154 aligncenter\" src=\"http:\/\/blog.espol.edu.ec\/erickceballos\/files\/2016\/10\/4494222_640px-300x225.jpg\" alt=\"4494222_640px\" width=\"455\" height=\"342\" srcset=\"https:\/\/blog.espol.edu.ec\/erickceballos\/files\/2016\/10\/4494222_640px-300x225.jpg 300w, https:\/\/blog.espol.edu.ec\/erickceballos\/files\/2016\/10\/4494222_640px.jpg 640w\" sizes=\"auto, (max-width: 455px) 100vw, 455px\" \/><\/span><\/span><\/p>\n<p style=\"text-align: justify\"><span id=\"result_box\" class=\"\" lang=\"es\"> <span title=\"This sculpture took me seven and a half years to make and was my life for that period.\">Esta escultura me llev\u00f3 siete a\u00f1os y medio en hacer y fue mi vida durante ese per\u00edodo, <\/span><span title=\"Two further years of installation and at last the opening at Williams square in 1984. This was the fruition of Ben Carpenters' vision of making a development on his property which is a beautiful environment in which to live and work and is now known as Las Colinas\">m\u00e1s de dos a\u00f1os de la instalaci\u00f3n y por fin la apertura en la <a href=\"http:\/\/www.homeforward.org\/find-a-home\/get-an-apartment\/williams-plaza\" target=\"_blank\">Plaza de Williams<\/a> en 1984. Este fue el fruto de la visi\u00f3n Ben carpinteros de hacer un desarrollo en su propiedad, que es un bello entorno en el que vivir y trabajar y ahora se conoce como Las Colinas<\/span><span title=\".\">. <\/span><\/span>Retrata a un grupo en 1,5 veces su tama\u00f1o natural, se ejecuta a trav\u00e9s de un curso de agua, con fuentes dando el efecto de agua salpicada por las pezu\u00f1as de los animales. Los caballos tienen la intenci\u00f3n de representar la unidad, la iniciativa y el estilo de vida sin trabas que eran fundamentales para el Estado, en sus d\u00edas de los pioneros.<\/p>\n<div id=\"co0tinlineContent\" class=\"s8inlineContent\"><span style=\"text-decoration: underline\"><em>\u00a0Thomas Fallon monument<\/em><\/span><\/div>\n<div class=\"s8inlineContent\"><\/div>\n<div class=\"s8inlineContent\" style=\"text-align: justify\"><span id=\"result_box\" class=\"\" lang=\"es\"><img loading=\"lazy\" decoding=\"async\" class=\"wp-image-155 aligncenter\" src=\"http:\/\/blog.espol.edu.ec\/erickceballos\/files\/2016\/10\/20140125_030441_fallon-300x226.jpg\" alt=\"20140125_030441_fallon\" width=\"424\" height=\"320\" srcset=\"https:\/\/blog.espol.edu.ec\/erickceballos\/files\/2016\/10\/20140125_030441_fallon-300x226.jpg 300w, https:\/\/blog.espol.edu.ec\/erickceballos\/files\/2016\/10\/20140125_030441_fallon.jpg 763w\" sizes=\"auto, (max-width: 424px) 100vw, 424px\" \/><\/span><\/div>\n<div class=\"s8inlineContent\" style=\"text-align: justify\"><span id=\"result_box\" class=\"\" lang=\"es\">El monumento representa la elevaci\u00f3n de la primera bandera de Estados Unidos en California, en julio de 1846, por el capit\u00e1n Thomas Fallon. El caballero con \u00e9l en el segundo caballo simplemente representa un compatriota subordinado. La pieza es uno y un tama\u00f1o de 14 pies desde la parte superior de la cabeza Capitanes al suelo. En aquellos d\u00edas, mientras que estos hombres eran oficiales militares prefer\u00edan usar ropa de piel de ante de los uniformes militares regulares.<br \/>\nLa Ciudad de San Jos\u00e9, en California, encarg\u00f3 la pieza para representar a este per\u00edodo de <span class=\"\">la historia americana en<\/span> <span class=\"\">California<\/span> reclamando como una adici\u00f3n a la ya presente <span class=\"\">Estados<\/span> <span class=\"\">Unidos<\/span><span class=\"\">.<\/span><\/span><\/div>\n<div class=\"s8inlineContent\" style=\"text-align: justify\"><\/div>\n<div class=\"s8inlineContent\" style=\"text-align: justify\"><\/div>\n<hr \/>\n<p style=\"text-align: center\"><span style=\"text-decoration: underline\"><strong>Jerzy Kalina<\/strong><\/span><\/p>\n<p style=\"text-align: justify\"><span id=\"result_box\" class=\"\" lang=\"es\"><span class=\"\"><img loading=\"lazy\" decoding=\"async\" class=\" wp-image-157 alignleft\" src=\"http:\/\/blog.espol.edu.ec\/erickceballos\/files\/2016\/10\/Kalinowie_DSCF0409-300x225.jpg\" alt=\"kalinowie_dscf0409\" width=\"244\" height=\"183\" srcset=\"https:\/\/blog.espol.edu.ec\/erickceballos\/files\/2016\/10\/Kalinowie_DSCF0409-300x225.jpg 300w, https:\/\/blog.espol.edu.ec\/erickceballos\/files\/2016\/10\/Kalinowie_DSCF0409.jpg 480w\" sizes=\"auto, (max-width: 244px) 100vw, 244px\" \/>Naci\u00f3 en 1944 en<\/span> Garwolin y reside hoy en Komor\u00f3w cerca de Varsovia, Jerzy <span class=\"\">Kalina<\/span> ha hecho un nombre por s\u00ed mismo en Polonia y en todo el mundo como una acci\u00f3n y <span class=\"\">el rendimiento<\/span> artista, escen\u00f3grafo, creador de pel\u00edculas de animaci\u00f3n y vidrieras. <span class=\"\">Estudi\u00f3 en el<\/span> Departamento de Pintura de la Academia de Bellas Artes de Varsovia entre 1965 <span class=\"\">y 1971<\/span>, recibiendo su diploma en el estudio de Stefan Gierowski. Fue invitado en 1989 por <span class=\"\">el mismo departamento<\/span> de su alma mater para dirigir un \"estudio de invitados\", que dirigi\u00f3 <span class=\"\">durante tres<\/span> semestres durante 1990 y 1991.<\/span><\/p>\n<p>&nbsp;<\/p>\n<p><span style=\"text-decoration: underline\"><em>\"Przejscie, ( El Paso) \"<\/em><\/span><\/p>\n<p style=\"text-align: justify\"><img loading=\"lazy\" decoding=\"async\" class=\"wp-image-158 aligncenter\" src=\"http:\/\/blog.espol.edu.ec\/erickceballos\/files\/2016\/10\/d813893deecad1f1433d337051fbff3b-300x193.jpg\" alt=\"d813893deecad1f1433d337051fbff3b\" width=\"445\" height=\"286\" srcset=\"https:\/\/blog.espol.edu.ec\/erickceballos\/files\/2016\/10\/d813893deecad1f1433d337051fbff3b-300x193.jpg 300w, https:\/\/blog.espol.edu.ec\/erickceballos\/files\/2016\/10\/d813893deecad1f1433d337051fbff3b-768x493.jpg 768w, https:\/\/blog.espol.edu.ec\/erickceballos\/files\/2016\/10\/d813893deecad1f1433d337051fbff3b.jpg 800w\" sizes=\"auto, (max-width: 445px) 100vw, 445px\" \/><\/p>\n<p style=\"text-align: justify\">Esta estatua significa todas las almas perdidas, encarcelados, o da\u00f1ado de otra manera por el r\u00e9gimen comunista opresivo que exist\u00eda en Polonia desde hace muchos a\u00f1os.<br \/>\nLas aceras de Wroclaw, Polonia, en la intersecci\u00f3n de las calles Pi\u0142sudskiego y Swidnicka, artista polaco Jerzy Kalina instalado un\u00a0 siete personas que salen de la tierra en la esquina adyacente.<br \/>\nLa instalaci\u00f3n de arte p\u00fablico llamado Przejscie , traducida como El paso o transici\u00f3n se instal\u00f3 en los cruces de calles en diciembre de 2005 para conmemorar el 24 aniversario de cuando la ley marcial se introdujo en Polonia (13 de diciembre, 1981). Fue un momento en que muchos civiles comunes murieron y desaparecieron, que se refleja en los peatones descendente que desaparecen en la Tierra. La instalaci\u00f3n proporciona una representaci\u00f3n visual de tiempo y de energ\u00eda.<\/p>\n<hr \/>\n<p style=\"text-align: center\"><span style=\"text-decoration: underline\"><strong>Paige Bradley<\/strong><\/span><\/p>\n<p style=\"text-align: justify\"><span id=\"result_box\" class=\"\" lang=\"es\"><span title=\"Born in Carmel, California Paige Bradley knew she would be an artist by the age of nine.\"> <img loading=\"lazy\" decoding=\"async\" class=\" wp-image-162 alignleft\" src=\"http:\/\/blog.espol.edu.ec\/erickceballos\/files\/2016\/10\/about-1.jpg\" alt=\"about-1\" width=\"192\" height=\"248\" \/>Nacida en Carmel, California Paige Bradley sab\u00eda que iba a ser un artista por la edad de nueve a\u00f1os. <\/span><span title=\"Immersed in nature and art, Bradley\u2019s fascination with the human figure began early.\">Inmersa en la naturaleza y el arte, la fascinaci\u00f3n de Bradley con la figura humana comenz\u00f3 temprano. <\/span><span title=\"She believed that through the figure an artist could speak a universal language that is timeless and essential. \">Ella cree que a trav\u00e9s de la figura de un artista pod\u00eda hablar un lenguaje universal que es atemporal y esencial<\/span><span title=\"Paige began drawing from the nude model by the age of ten and by fifteen was studying intensely at university campuses during the summer months.\">. <\/span><span title=\"Educated at Pepperdine University, Paige spent a year in Florence, Italy with the university\u2019s study program.\">Estudi\u00f3 en la Universidad de Pepperdine, Paige pas\u00f3 un a\u00f1o en Florencia, Italia con el programa de estudios de la universidad. <\/span><span title=\"There she took classes at the Florence Academy of Art, which included art history.\">All\u00ed tom\u00f3 clases en la Academia de Arte de Florencia, que inclu\u00eda la historia del arte. <\/span><span title=\"She went on to continue her education at the prestigious Pennsylvania Academy of Fine Arts, where she studied sculpture and learned to paint and print in several different mediums.\">Ella pas\u00f3 a continuar sus estudios en la prestigiosa Academia de Pensilvania de Bellas Artes, donde estudi\u00f3 escultura y aprendi\u00f3 a pintar e imprimir en varios medios diferentes.<\/span><\/span><\/p>\n<p style=\"text-align: justify\">\n<p style=\"text-align: justify\">\n<p style=\"text-align: justify\"><span style=\"text-decoration: underline\"><em>\"Expansion\", 2004<\/em><\/span><\/p>\n<div style=\"text-align: justify\"><img loading=\"lazy\" decoding=\"async\" class=\"wp-image-166 aligncenter\" src=\"http:\/\/blog.espol.edu.ec\/erickceballos\/files\/2016\/10\/Expansion-de-Paige-Bradley-New-York-USA-03-300x225.jpg\" alt=\"expansion-de-paige-bradley-new-york-usa-03\" width=\"352\" height=\"264\" srcset=\"https:\/\/blog.espol.edu.ec\/erickceballos\/files\/2016\/10\/Expansion-de-Paige-Bradley-New-York-USA-03-300x225.jpg 300w, https:\/\/blog.espol.edu.ec\/erickceballos\/files\/2016\/10\/Expansion-de-Paige-Bradley-New-York-USA-03-768x577.jpg 768w, https:\/\/blog.espol.edu.ec\/erickceballos\/files\/2016\/10\/Expansion-de-Paige-Bradley-New-York-USA-03.jpg 787w\" sizes=\"auto, (max-width: 352px) 100vw, 352px\" \/><\/div>\n<div>\n<p>New York City - EEUU<\/p>\n<div style=\"text-align: justify\">Mientras la artista conclu\u00eda la escultura de una mujer meditando en posici\u00f3n de loto, \u00e9sta se cay\u00f3 y el destino que Piage ten\u00eda para la dama cambi\u00f3 por completo; al buscar un final para \u00e9sta, decidi\u00f3 dotarla de significado y mostrar que ante la destrucci\u00f3n, siempre existe una fuerza interna que permite la renovaci\u00f3n. A trav\u00e9s de Expansi\u00f3n, la artista muestra al humano como un ser cuyo destino principal era buscar la conexi\u00f3n, pero s\u00f3lo encontr\u00f3 la alienaci\u00f3n. Expansi\u00f3n, la escultura rota, se convirti\u00f3 en un s\u00edmbolo de la lucha contra los l\u00edmites autoinfligidos que esconden la grandeza de todos los pensamientos.<\/div>\n<div style=\"text-align: justify\"><\/div>\n<div style=\"text-align: justify\"><img loading=\"lazy\" decoding=\"async\" class=\"aligncenter wp-image-167\" src=\"http:\/\/blog.espol.edu.ec\/erickceballos\/files\/2016\/10\/f7bd5bd2aeb9b44479a00a6ef8ba6bd7-300x209.jpg\" alt=\"f7bd5bd2aeb9b44479a00a6ef8ba6bd7\" width=\"495\" height=\"345\" srcset=\"https:\/\/blog.espol.edu.ec\/erickceballos\/files\/2016\/10\/f7bd5bd2aeb9b44479a00a6ef8ba6bd7-300x209.jpg 300w, https:\/\/blog.espol.edu.ec\/erickceballos\/files\/2016\/10\/f7bd5bd2aeb9b44479a00a6ef8ba6bd7.jpg 750w\" sizes=\"auto, (max-width: 495px) 100vw, 495px\" \/><\/div>\n<div style=\"text-align: justify\"><\/div>\n<\/div>\n<hr \/>\n<p style=\"text-align: center\"><span style=\"text-decoration: underline\"><strong><span id=\"result_box\" class=\"\" lang=\"es\">Marguerite Derricourt<\/span><\/strong><\/span><\/p>\n<p style=\"text-align: justify\"><span id=\"result_box\" class=\"\" lang=\"es\"><img loading=\"lazy\" decoding=\"async\" class=\" wp-image-163 alignleft\" src=\"http:\/\/blog.espol.edu.ec\/erickceballos\/files\/2016\/10\/b88118788z1_20160510110238_000gnn5j2bf2-0-s68vmlok4z1riwrl6m2_fct2048x1523x538_ct620x465-300x225.jpg\" alt=\"b88118788z1_20160510110238_000gnn5j2bf2-0-s68vmlok4z1riwrl6m2_fct2048x1523x538_ct620x465\" width=\"280\" height=\"210\" srcset=\"https:\/\/blog.espol.edu.ec\/erickceballos\/files\/2016\/10\/b88118788z1_20160510110238_000gnn5j2bf2-0-s68vmlok4z1riwrl6m2_fct2048x1523x538_ct620x465-300x225.jpg 300w, https:\/\/blog.espol.edu.ec\/erickceballos\/files\/2016\/10\/b88118788z1_20160510110238_000gnn5j2bf2-0-s68vmlok4z1riwrl6m2_fct2048x1523x538_ct620x465.jpg 620w\" sizes=\"auto, (max-width: 280px) 100vw, 280px\" \/>Marguerite Derricourt es la m\u00e1s conocida como escultora de obras de t\u00e9cnica mixta, que tiene el arte estudiado en Sud\u00e1frica, trabajado en Alemania, vivi\u00f3 en Inglaterra y finalmente se estableci\u00f3 en Sydney, Australia. Sus esculturas expresan una s\u00edntesis de movimiento y el reposo, la turbulencia y la paz. Centr\u00e1ndose principalmente en materia extra\u00edda del mundo natural, Marguerite Derricourt ha trabajado en una amplia variedad de medios de comunicaci\u00f3n, a partir de bronce fundido a la cera derretida y arpillera, de aluminio soldado al ne\u00f3n y fibra de vidrio, de papel moldeado de alambre de gallinero. La gama de estilos y medios de comunicaci\u00f3n en su trabajo <span class=\"\">da fe de<\/span> <span class=\"\">una carrera<\/span> <span class=\"\">de la experimentaci\u00f3n<\/span> y la artesan\u00eda, que ve a su <span class=\"\">continuar<\/span> para experimentar e innovar.<\/span><\/p>\n<p style=\"text-align: justify\"><span style=\"text-decoration: underline\"><em>\"A Day Out\"<\/em><\/span><\/p>\n<p style=\"text-align: justify\"><span id=\"result_box\" class=\"\" lang=\"es\"><img loading=\"lazy\" decoding=\"async\" class=\"wp-image-160 aligncenter\" src=\"http:\/\/blog.espol.edu.ec\/erickceballos\/files\/2016\/10\/a-day-put-300x205.jpg\" alt=\"a-day-put\" width=\"402\" height=\"275\" srcset=\"https:\/\/blog.espol.edu.ec\/erickceballos\/files\/2016\/10\/a-day-put-300x205.jpg 300w, https:\/\/blog.espol.edu.ec\/erickceballos\/files\/2016\/10\/a-day-put.jpg 660w\" sizes=\"auto, (max-width: 402px) 100vw, 402px\" \/><\/span><\/p>\n<div style=\"text-align: justify\">Rundle Mall es el hogar de una escultura de bronce de un grupo de cerdos de tama\u00f1o natural, conocida oficialmente como 'A Day Out' de Marguerite Derricourt.<\/div>\n<div style=\"text-align: justify\">Los cuatro cerdos - Trufas (el cerdo de pie), Horatio (el cerdo est\u00e1 sentado), Oliver (el cerdo a la papelera) y Augusta (el cerdo de trote) - se muestran en poses animadas como si estuvieran caminando la calle, saludando a los compradores, y olfatear una ganga. Fueron encargados por el Ayuntamiento de Adelaida como parte de la fase final de la \u00faltima actualizaci\u00f3n de Rundle Mall.<\/div>\n<p style=\"text-align: justify\">El grupo escult\u00f3rico fue presentado por el alcalde, Dr. Jane Lomax-Smith, el 3 de julio de 1999. Un concurso p\u00fablico se llev\u00f3 a cabo para nombrar a los cerdos.<\/p>\n<p style=\"text-align: justify\"><img loading=\"lazy\" decoding=\"async\" class=\"aligncenter wp-image-161\" src=\"http:\/\/blog.espol.edu.ec\/erickceballos\/files\/2016\/10\/Rundle-Mall-Pigs-Adelaide-Australia-02-231x300.jpg\" alt=\"rundle-mall-pigs-adelaide-australia-02\" width=\"343\" height=\"445\" srcset=\"https:\/\/blog.espol.edu.ec\/erickceballos\/files\/2016\/10\/Rundle-Mall-Pigs-Adelaide-Australia-02-231x300.jpg 231w, https:\/\/blog.espol.edu.ec\/erickceballos\/files\/2016\/10\/Rundle-Mall-Pigs-Adelaide-Australia-02-768x999.jpg 768w, https:\/\/blog.espol.edu.ec\/erickceballos\/files\/2016\/10\/Rundle-Mall-Pigs-Adelaide-Australia-02.jpg 787w\" sizes=\"auto, (max-width: 343px) 100vw, 343px\" \/><\/p>\n<hr \/>\n<p style=\"text-align: center\"><span style=\"text-decoration: underline\"><strong>Chong Fah Cheong<\/strong><\/span><\/p>\n<p style=\"text-align: justify\"><span id=\"result_box\" class=\"\" lang=\"es\"><span title=\"Chong Fah Cheong is a Singaporean sculptor known for many public sculptures in Singapore.\"><img loading=\"lazy\" decoding=\"async\" class=\"wp-image-168 aligncenter\" src=\"http:\/\/blog.espol.edu.ec\/erickceballos\/files\/2016\/10\/ST_20141016_LJMEDCKJQX_742064e_2x-300x200.jpg\" alt=\"st_20141016_ljmedckjqx_742064e_2x\" width=\"290\" height=\"193\" srcset=\"https:\/\/blog.espol.edu.ec\/erickceballos\/files\/2016\/10\/ST_20141016_LJMEDCKJQX_742064e_2x-300x200.jpg 300w, https:\/\/blog.espol.edu.ec\/erickceballos\/files\/2016\/10\/ST_20141016_LJMEDCKJQX_742064e_2x-768x512.jpg 768w, https:\/\/blog.espol.edu.ec\/erickceballos\/files\/2016\/10\/ST_20141016_LJMEDCKJQX_742064e_2x.jpg 780w\" sizes=\"auto, (max-width: 290px) 100vw, 290px\" \/><\/span><\/span><\/p>\n<p style=\"text-align: justify\"><span id=\"result_box\" class=\"\" lang=\"es\"><span title=\"Chong Fah Cheong is a Singaporean sculptor known for many public sculptures in Singapore.\">Chong Fah Cheong de Singapur es un escultor conocido por muchas esculturas p\u00fablicas en Singapur. <\/span><span title=\"Though he worked in a variety of styles from abstract to figurative, his name is identified with a series of figurative sculptures depicting the life of people living and working along the Singapore River. \">A pesar de que trabaj\u00f3 en una variedad de estilos de abstracto a lo figurativo, su nombre se identifica con una serie de esculturas figurativas que representan la vida de las personas que viven y trabajan a lo largo del r\u00edo Singapur.<br \/>\n<\/span><span title=\"Chong was born to a large family of a general practitioner.\">Chong naci\u00f3 de una gran familia de un m\u00e9dico general. <\/span><span title=\"Since the age of four, he loved to draw and sketch, and displayed talent in art.\">Desde la edad de cuatro a\u00f1os, le gustaba dibujar y dibujar, y se muestra el talento en el arte. <\/span><\/span><\/p>\n<p style=\"text-align: justify\"><span style=\"text-decoration: underline\"><em>Another Day (The Coolies) 2000<\/em><\/span><\/p>\n<p style=\"text-align: justify\"><span class=\"mw-mmv-title\"><img loading=\"lazy\" decoding=\"async\" class=\" wp-image-164 alignleft\" src=\"http:\/\/blog.espol.edu.ec\/erickceballos\/files\/2016\/10\/CheongFCAnotherday-209x300.jpg\" alt=\"cheongfcanotherday\" width=\"250\" height=\"358\" srcset=\"https:\/\/blog.espol.edu.ec\/erickceballos\/files\/2016\/10\/CheongFCAnotherday-209x300.jpg 209w, https:\/\/blog.espol.edu.ec\/erickceballos\/files\/2016\/10\/CheongFCAnotherday.jpg 333w\" sizes=\"auto, (max-width: 250px) 100vw, 250px\" \/>\u00a0<\/span><\/p>\n<p style=\"text-align: justify\"><span id=\"result_box\" class=\"\" lang=\"es\"><span class=\"\">Ubicaci\u00f3n<\/span>: Ala oeste del Museo de Arte de Singapur Otro D\u00eda inmortaliza el pe\u00f3n - ese arquetipo del obrero o trabajador de los d\u00edas pasados. En contraste con los peones conocidas hist\u00f3ricamente, culis de Chong son m\u00e1s los que a\u00fan realizan el trabajo manual en los almacenes y bumboats a lo largo del r\u00edo Singapur, en los a\u00f1os 1970 y 1980, y es hoy en d\u00eda una escena extinguido en Singapur urbano. Esta escultura tambi\u00e9n fue creado para la exposici\u00f3n en el pabell\u00f3n de Turismo de Singapur durante la Expo 2000 celebrada en Frankfurt<span class=\"\">, Alemania<\/span><span class=\"\">.<\/span><\/span><\/p>\n<p style=\"text-align: justify\"><span style=\"text-decoration: underline\"><em>The First Generation, 2000<br \/>\n<\/em><\/span><\/p>\n<div><img loading=\"lazy\" decoding=\"async\" class=\" wp-image-165 alignleft\" src=\"http:\/\/blog.espol.edu.ec\/erickceballos\/files\/2016\/10\/The_First_Generation_2000_by_Chong_Fah_Cheong_Cavenagh_Bridge_Singapore_-_20090120-201x300.jpg\" alt=\"the_first_generation_2000_by_chong_fah_cheong_cavenagh_bridge_singapore_-_20090120\" width=\"273\" height=\"407\" srcset=\"https:\/\/blog.espol.edu.ec\/erickceballos\/files\/2016\/10\/The_First_Generation_2000_by_Chong_Fah_Cheong_Cavenagh_Bridge_Singapore_-_20090120-201x300.jpg 201w, https:\/\/blog.espol.edu.ec\/erickceballos\/files\/2016\/10\/The_First_Generation_2000_by_Chong_Fah_Cheong_Cavenagh_Bridge_Singapore_-_20090120-768x1148.jpg 768w, https:\/\/blog.espol.edu.ec\/erickceballos\/files\/2016\/10\/The_First_Generation_2000_by_Chong_Fah_Cheong_Cavenagh_Bridge_Singapore_-_20090120-685x1024.jpg 685w, https:\/\/blog.espol.edu.ec\/erickceballos\/files\/2016\/10\/The_First_Generation_2000_by_Chong_Fah_Cheong_Cavenagh_Bridge_Singapore_-_20090120.jpg 790w\" sizes=\"auto, (max-width: 273px) 100vw, 273px\" \/><\/div>\n<div>\n<p>&nbsp;<\/p>\n<p>Puente Cavenagh - Singapur - Rep\u00fablica de Singapur<\/p>\n<div style=\"text-align: justify\">La estatua fue creada por encargo del Consejo de turismo para el proyecto del Centro Interpretativo al Aire Libre (Open Air Interpretative Centre) que preve la creaci\u00f3n de una serie de esculturas que representan la vida del Singapur antiguo que se concentraba en torno al r\u00edo del mismo nombre.<\/div>\n<div style=\"text-align: justify\">Muy din\u00e1mica, la escultura est\u00e1 compuesta por un grupo de cinco ni\u00f1os de bronce que saltan al r\u00edo. Est\u00e1 dedicada a los primeros inmigrantes y el papel del r\u00edo en la vida de Singapur. Seg\u00fan dice Chong Fat Cheong, los ni\u00f1os aprovecharon el r\u00edo como una piscina que es fuente de entretenimiento y aventuras.<\/div>\n<\/div>\n<div style=\"text-align: justify\"><\/div>\n<div style=\"text-align: justify\"><\/div>\n<div style=\"text-align: justify\"><\/div>\n<div style=\"text-align: justify\"><\/div>\n<div style=\"text-align: justify\"><\/div>\n<div style=\"text-align: justify\"><\/div>\n<div style=\"text-align: justify\">\n<hr \/>\n<\/div>\n<div style=\"text-align: center\"><span style=\"text-decoration: underline\"><strong>Tom Frantzen<\/strong><\/span><\/div>\n<div style=\"text-align: justify\"><span id=\"result_box\" class=\"\" lang=\"es\"><img loading=\"lazy\" decoding=\"async\" class=\"wp-image-170 alignleft\" src=\"http:\/\/blog.espol.edu.ec\/erickceballos\/files\/2016\/10\/6e86574b870dda700f6dac17f37930e2_400x400-300x300.jpeg\" alt=\"6e86574b870dda700f6dac17f37930e2_400x400\" width=\"222\" height=\"222\" srcset=\"https:\/\/blog.espol.edu.ec\/erickceballos\/files\/2016\/10\/6e86574b870dda700f6dac17f37930e2_400x400-300x300.jpeg 300w, https:\/\/blog.espol.edu.ec\/erickceballos\/files\/2016\/10\/6e86574b870dda700f6dac17f37930e2_400x400-150x150.jpeg 150w, https:\/\/blog.espol.edu.ec\/erickceballos\/files\/2016\/10\/6e86574b870dda700f6dac17f37930e2_400x400.jpeg 400w\" sizes=\"auto, (max-width: 222px) 100vw, 222px\" \/><\/span><\/div>\n<div style=\"text-align: justify\"><span id=\"result_box\" class=\"\" lang=\"es\">Tom Frantzen, nacido el 16 de noviembre de 1954 en Watermael-Boitsfort1,2, en la regi\u00f3n de Bruselas, es un escultor belga. Es conocido por muchas estatuas colocadas en el espacio p\u00fablico<span class=\"\">, incluyendo<\/span> Het Zinneke en Bruselas, Vaartkapoen en Molenbeek-Saint-Jean o de la fuente <span class=\"\">La<\/span> banda de jazz de Bandundu agua en Tervuren.<br \/>\n\u00c9l hace sus estudios en franc\u00e9s antes de la escuela secundaria cient\u00edfica en holand\u00e9s. Estos completa, Tom Frantzen <span class=\"\">estudi\u00f3 en la<\/span> Escuela Nacional de Artes Visuales de la Cambre. Luego complet\u00f3 una pasant\u00eda en una fundici\u00f3n italiano. Se crea su propia fundici\u00f3n se use hasta 19903.<\/span><\/div>\n<div><\/div>\n<div><\/div>\n<div><\/div>\n<div><\/div>\n<div><span style=\"text-decoration: underline\"><em>\"Vaartkapoen\"<\/em><\/span><\/div>\n<div><\/div>\n<div style=\"text-align: justify\">\n<div><img loading=\"lazy\" decoding=\"async\" class=\"wp-image-169 aligncenter\" src=\"http:\/\/blog.espol.edu.ec\/erickceballos\/files\/2016\/10\/De-Vaartkapoen-de-Tom-Frantzen-Bruselas-Belgica-02-300x225.jpg\" alt=\"de-vaartkapoen-de-tom-frantzen-bruselas-belgica-02\" width=\"416\" height=\"312\" srcset=\"https:\/\/blog.espol.edu.ec\/erickceballos\/files\/2016\/10\/De-Vaartkapoen-de-Tom-Frantzen-Bruselas-Belgica-02-300x225.jpg 300w, https:\/\/blog.espol.edu.ec\/erickceballos\/files\/2016\/10\/De-Vaartkapoen-de-Tom-Frantzen-Bruselas-Belgica-02-768x577.jpg 768w, https:\/\/blog.espol.edu.ec\/erickceballos\/files\/2016\/10\/De-Vaartkapoen-de-Tom-Frantzen-Bruselas-Belgica-02.jpg 787w\" sizes=\"auto, (max-width: 416px) 100vw, 416px\" \/><\/div>\n<div>A\u00f1o 1985<\/div>\n<div>Sint Jans Molenbeek - B\u00e9lgica<\/div>\n<div><\/div>\n<div>En este caso se trata de una estatua graciosa. Seg\u00fan el artista, el protagonista principal es el \"canalla de Molenbeek\" o Vaartkapoen, que surge desde la alcantarilla para retener al agente de polic\u00eda.<\/div>\n<\/div>\n<div><\/div>\n<div><\/div>\n<div><\/div>\n<div><\/div>\n<div><\/div>\n<div><\/div>\n<div><\/div>\n<div><\/div>\n<div><\/div>\n<div><\/div>\n<div>\n<hr \/>\n<\/div>\n<div style=\"text-align: center\"><b>\"Hippo Sculptures\"\u00a0<\/b><\/div>\n<div><\/div>\n<div><\/div>\n<div>\n<p>Zoo de Taipei - Taiwan<\/p>\n<div>En el zool\u00f3gico de Taipei, capital de Taiw\u00e1n, se pueden encontrar las esculturas de varios hipop\u00f3tamos que \"salen del piso\" y simbolizan la importancia de la protecci\u00f3n de la vida silvestre.<\/div>\n<div><\/div>\n<div><img loading=\"lazy\" decoding=\"async\" class=\"aligncenter wp-image-171\" src=\"http:\/\/blog.espol.edu.ec\/erickceballos\/files\/2016\/10\/Bob-Cassily-Hippo-Plyaground-Hippo-Park-Hippopotamus-Riverside-Park-Riverside-Drive-Manhattan-Upper-West-Side-NYC-Gino-Leslie-12-300x199.jpg\" alt=\"bob-cassily-hippo-plyaground-hippo-park-hippopotamus-riverside-park-riverside-drive-manhattan-upper-west-side-nyc-gino-leslie-12\" width=\"478\" height=\"317\" srcset=\"https:\/\/blog.espol.edu.ec\/erickceballos\/files\/2016\/10\/Bob-Cassily-Hippo-Plyaground-Hippo-Park-Hippopotamus-Riverside-Park-Riverside-Drive-Manhattan-Upper-West-Side-NYC-Gino-Leslie-12-300x199.jpg 300w, https:\/\/blog.espol.edu.ec\/erickceballos\/files\/2016\/10\/Bob-Cassily-Hippo-Plyaground-Hippo-Park-Hippopotamus-Riverside-Park-Riverside-Drive-Manhattan-Upper-West-Side-NYC-Gino-Leslie-12-768x511.jpg 768w, https:\/\/blog.espol.edu.ec\/erickceballos\/files\/2016\/10\/Bob-Cassily-Hippo-Plyaground-Hippo-Park-Hippopotamus-Riverside-Park-Riverside-Drive-Manhattan-Upper-West-Side-NYC-Gino-Leslie-12-1024x681.jpg 1024w, https:\/\/blog.espol.edu.ec\/erickceballos\/files\/2016\/10\/Bob-Cassily-Hippo-Plyaground-Hippo-Park-Hippopotamus-Riverside-Park-Riverside-Drive-Manhattan-Upper-West-Side-NYC-Gino-Leslie-12.jpg 1504w\" sizes=\"auto, (max-width: 478px) 100vw, 478px\" \/><\/div>\n<div><\/div>\n<div><\/div>\n<div><img loading=\"lazy\" decoding=\"async\" class=\"aligncenter wp-image-172\" src=\"http:\/\/blog.espol.edu.ec\/erickceballos\/files\/2016\/10\/Hippo-Sculptures-Taipei-Taiwan-01-300x225.jpg\" alt=\"hippo-sculptures-taipei-taiwan-01\" width=\"476\" height=\"357\" srcset=\"https:\/\/blog.espol.edu.ec\/erickceballos\/files\/2016\/10\/Hippo-Sculptures-Taipei-Taiwan-01-300x225.jpg 300w, https:\/\/blog.espol.edu.ec\/erickceballos\/files\/2016\/10\/Hippo-Sculptures-Taipei-Taiwan-01-768x577.jpg 768w, https:\/\/blog.espol.edu.ec\/erickceballos\/files\/2016\/10\/Hippo-Sculptures-Taipei-Taiwan-01.jpg 787w\" sizes=\"auto, (max-width: 476px) 100vw, 476px\" \/><\/div>\n<div><\/div>\n<\/div>\n<p>&nbsp;<\/p>\n","protected":false},"excerpt":{"rendered":"<p>Casto Solano Casto Solano (Olazagut\u00eda, 1958) tiene un reconocimiento popular indiscutible. El punto de inflexi\u00f3n en su carrera se produjo con la Expo de Sevilla, a ra\u00edz de sus esculturas en los pabellones de Espa\u00f1a, Euskadi y Rusia.\u00a0 \u00c9l es el padre de una de las figuras m\u00e1s visitadas de Vitoria ; \"Reflexi\u00f3n\" y representa [&hellip;]<\/p>\n","protected":false},"author":10567,"featured_media":0,"parent":0,"menu_order":0,"comment_status":"closed","ping_status":"closed","template":"","meta":{"footnotes":""},"class_list":["post-143","page","type-page","status-publish","hentry"],"_links":{"self":[{"href":"https:\/\/blog.espol.edu.ec\/erickceballos\/wp-json\/wp\/v2\/pages\/143","targetHints":{"allow":["GET"]}}],"collection":[{"href":"https:\/\/blog.espol.edu.ec\/erickceballos\/wp-json\/wp\/v2\/pages"}],"about":[{"href":"https:\/\/blog.espol.edu.ec\/erickceballos\/wp-json\/wp\/v2\/types\/page"}],"author":[{"embeddable":true,"href":"https:\/\/blog.espol.edu.ec\/erickceballos\/wp-json\/wp\/v2\/users\/10567"}],"replies":[{"embeddable":true,"href":"https:\/\/blog.espol.edu.ec\/erickceballos\/wp-json\/wp\/v2\/comments?post=143"}],"version-history":[{"count":10,"href":"https:\/\/blog.espol.edu.ec\/erickceballos\/wp-json\/wp\/v2\/pages\/143\/revisions"}],"predecessor-version":[{"id":191,"href":"https:\/\/blog.espol.edu.ec\/erickceballos\/wp-json\/wp\/v2\/pages\/143\/revisions\/191"}],"wp:attachment":[{"href":"https:\/\/blog.espol.edu.ec\/erickceballos\/wp-json\/wp\/v2\/media?parent=143"}],"curies":[{"name":"wp","href":"https:\/\/api.w.org\/{rel}","templated":true}]}}