{"id":25,"date":"2016-10-19T02:01:10","date_gmt":"2016-10-19T02:01:10","guid":{"rendered":"http:\/\/blog.espol.edu.ec\/erickceballos\/?page_id=25"},"modified":"2016-10-25T13:31:27","modified_gmt":"2016-10-25T18:31:27","slug":"hiperrealismo-escultura","status":"publish","type":"page","link":"https:\/\/blog.espol.edu.ec\/erickceballos\/hiperrealismo-escultura\/","title":{"rendered":"Escultura"},"content":{"rendered":"<div><span style=\"text-decoration: underline\"><strong>Escultura hiperrealista<\/strong><\/span><\/div>\n<div style=\"text-align: justify\">\n<p>Desde 1973-2016 muestra como, desde las d\u00e9cadas de 1960 y 1970 algunos escultores se interesaron por una forma de realismo basada en la \"representaci\u00f3n v\u00edvida y fidedigna de la figura humana\". Con materiales como la silicona los creadores logran representaciones v\u00edvidas y fidedignas de la figura humana El uso de la silicona, que tiene apariencia, tacto y coloraci\u00f3n id\u00e9nticos a la piel humana, admite la inserci\u00f3n de pelo real y la representaci\u00f3n de las venas y arterias que atraviesan el cuerpo a escasa profundidad, es un arte que ha revolucionado la escultura extrema .<\/p>\n<div style=\"text-align: justify\">\n<hr \/>\n<\/div>\n<\/div>\n<div style=\"text-align: center\"><span style=\"text-decoration: underline\"><strong>Roen Mueck<\/strong><\/span><\/div>\n<div style=\"text-align: center\">\n<p style=\"text-align: justify\"><strong><img loading=\"lazy\" decoding=\"async\" class=\" wp-image-65 alignleft\" src=\"http:\/\/blog.espol.edu.ec\/erickceballos\/files\/2016\/10\/Ron_Mueck_01-219x300.jpg\" alt=\"ron_mueck_01\" width=\"172\" height=\"236\" srcset=\"https:\/\/blog.espol.edu.ec\/erickceballos\/files\/2016\/10\/Ron_Mueck_01-219x300.jpg 219w, https:\/\/blog.espol.edu.ec\/erickceballos\/files\/2016\/10\/Ron_Mueck_01.jpg 467w\" sizes=\"auto, (max-width: 172px) 100vw, 172px\" \/><\/strong>Naci\u00f3 en <a href=\"https:\/\/www.google.com\/maps\/place\/Melbourne+Victoria,+Australia\/@-37.971237,144.4926947,9z\/data=!3m1!4b1!4m5!3m4!1s0x6ad646b5d2ba4df7:0x4045675218ccd90!8m2!3d-37.8136276!4d144.9630576\" target=\"_blank\">Melbourne<\/a>, Australia, en 1958. Hijo de jugueteros, desde peque\u00f1o, entre t\u00edteres y disfraces, convivi\u00f3 con t\u00e9cnicas asociadas a dar vida objetos inertes. Sin ninguna clase de formaci\u00f3n art\u00edstica formal, desde ni\u00f1o dedica su tiempo al modelado de figuras, vocaci\u00f3n que luego desarrolla dentro la industria del cine, la televisi\u00f3n y la publicidad, como realizador de efectos especiales y creador de personajes. La transici\u00f3n de artesano a la de artista se completa cuando es descubierto por Charles Saatchi, quien comienza a coleccionar sus obras y lo consagra como valor en alza. Saatchi elige Dead Dad , una escultura hiperrealista de peque\u00f1a escala del padre de Mueck muerto y desnudo, en la exhibici\u00f3n Sensation en el Royal Academy en 1997. Luego, en 2001, Mueck obtiene gran aceptaci\u00f3n internacional y se destaca desde ese momento como uno de los artistas m\u00e1s originales del arte contempor\u00e1neo con Boy, un enorme ni\u00f1o agazapado de cinco metros de altura que se exhibi\u00f3 en el <a href=\"https:\/\/www.britannica.com\/topic\/Millennium-Dome\" target=\"_blank\">Milenium Dome<\/a> y en la <a href=\"http:\/\/u-in-u.com\/es\/bienal-venecia\/\" target=\"_blank\">49 \u00aa Bienal de Venecia<\/a>.<\/p>\n<p style=\"text-align: justify\"><span style=\"text-decoration: underline\"><em>Boy (4,90 metros de altura)<\/em><\/span><\/p>\n<p style=\"text-align: justify\"><img loading=\"lazy\" decoding=\"async\" class=\"aligncenter wp-image-66\" src=\"http:\/\/blog.espol.edu.ec\/erickceballos\/files\/2016\/10\/Boy-by-Ron-Mueck-300x265.jpg\" alt=\"boy-by-ron-mueck\" width=\"383\" height=\"339\" srcset=\"https:\/\/blog.espol.edu.ec\/erickceballos\/files\/2016\/10\/Boy-by-Ron-Mueck-300x265.jpg 300w, https:\/\/blog.espol.edu.ec\/erickceballos\/files\/2016\/10\/Boy-by-Ron-Mueck-768x677.jpg 768w, https:\/\/blog.espol.edu.ec\/erickceballos\/files\/2016\/10\/Boy-by-Ron-Mueck.jpg 1024w\" sizes=\"auto, (max-width: 383px) 100vw, 383px\" \/><\/p>\n<p style=\"text-align: justify\"><span style=\"text-decoration: underline\"><em>In Bed<\/em><\/span><\/p>\n<p style=\"text-align: justify\"><img loading=\"lazy\" decoding=\"async\" class=\"aligncenter wp-image-96\" src=\"http:\/\/blog.espol.edu.ec\/erickceballos\/files\/2016\/10\/a0a01697bec3f1262866bc32462b136b-300x229.jpg\" alt=\"a0a01697bec3f1262866bc32462b136b\" width=\"427\" height=\"326\" srcset=\"https:\/\/blog.espol.edu.ec\/erickceballos\/files\/2016\/10\/a0a01697bec3f1262866bc32462b136b-300x229.jpg 300w, https:\/\/blog.espol.edu.ec\/erickceballos\/files\/2016\/10\/a0a01697bec3f1262866bc32462b136b-768x587.jpg 768w, https:\/\/blog.espol.edu.ec\/erickceballos\/files\/2016\/10\/a0a01697bec3f1262866bc32462b136b-1024x783.jpg 1024w, https:\/\/blog.espol.edu.ec\/erickceballos\/files\/2016\/10\/a0a01697bec3f1262866bc32462b136b.jpg 1143w\" sizes=\"auto, (max-width: 427px) 100vw, 427px\" \/><\/p>\n<p style=\"text-align: justify\"><em><span style=\"text-decoration: underline\">Big Man,1998 (1,83m de altura)<\/span><\/em><\/p>\n<p style=\"text-align: justify\"><img loading=\"lazy\" decoding=\"async\" class=\"aligncenter wp-image-100\" src=\"http:\/\/blog.espol.edu.ec\/erickceballos\/files\/2016\/10\/strange_bodies-300x235.jpg\" alt=\"strange_bodies\" width=\"454\" height=\"356\" srcset=\"https:\/\/blog.espol.edu.ec\/erickceballos\/files\/2016\/10\/strange_bodies-300x235.jpg 300w, https:\/\/blog.espol.edu.ec\/erickceballos\/files\/2016\/10\/strange_bodies-768x601.jpg 768w, https:\/\/blog.espol.edu.ec\/erickceballos\/files\/2016\/10\/strange_bodies-1024x801.jpg 1024w\" sizes=\"auto, (max-width: 454px) 100vw, 454px\" \/><\/p>\n<hr \/>\n<p><span style=\"text-decoration: underline\"><strong>Patricia Paccinini<\/strong><\/span><\/p>\n<p style=\"text-align: justify\"><span class=\"\" lang=\"es\"><img loading=\"lazy\" decoding=\"async\" class=\"alignleft wp-image-108\" src=\"http:\/\/blog.espol.edu.ec\/erickceballos\/files\/2016\/10\/piccinini_oughtred-205x300.jpg\" alt=\"piccinini_oughtred\" width=\"143\" height=\"209\" srcset=\"https:\/\/blog.espol.edu.ec\/erickceballos\/files\/2016\/10\/piccinini_oughtred-205x300.jpg 205w, https:\/\/blog.espol.edu.ec\/erickceballos\/files\/2016\/10\/piccinini_oughtred.jpg 409w\" sizes=\"auto, (max-width: 143px) 100vw, 143px\" \/>Patricia Piccinini (nacido en 1965 en Freetown, Sierra Leona) es un artista australiano <span class=\"\">que trabaja<\/span> en una variedad de medios, <span class=\"\">incluyendo la pintura<\/span><span class=\"\">, v\u00eddeo<\/span>, <span class=\"\">sonido<\/span><span class=\"\">, montaje<\/span>, impresiones digitales, y la escultura. En 2014 fue galardonado con el <span class=\"\">Premio<\/span> Artista por Premios <span class=\"\">de la Fundaci\u00f3n<\/span> Arte Melbourne para las artes visuales. <\/span>Obras como <em>Young Family, Protein Lattice, Plasticology, Helmets, <\/em>o<em> Nature Little Helper\u00b4s,<\/em> aluden a la controvertida mara\u00f1a de cuestiones \u00e9ticas que surgen de avances biotecnol\u00f3gicos como la manipulaci\u00f3n gen\u00e9tica, la clonaci\u00f3n, la reproducci\u00f3n asistida o el control del medio ambiente, t\u00e9cnicas generalizadas y asumidas por casi todos. La obra de Piccinini plantea cuestiones inc\u00f3modas en torno a este tema: \u00bfd\u00f3nde est\u00e1n los l\u00edmites de la ciencia? \u00bfQui\u00e9n se beneficia de sus avances? \u00bfPuede el ser humano llegar a controlar todas sus creaciones? \u00bfY qu\u00e9 ocurre con los errores...?<\/p>\n<p style=\"text-align: justify\">La estramb\u00f3tica apariencia de sus criaturas puede provocar una cierta repulsi\u00f3n y desasosiego pero tambi\u00e9n despierta la empat\u00eda del espectador.<\/p>\n<p style=\"text-align: justify\">\n<\/div>\n<p style=\"text-align: justify\"><span style=\"text-decoration: underline\"><em>Balasana<\/em><\/span><\/p>\n<p style=\"text-align: justify\"><img loading=\"lazy\" decoding=\"async\" class=\"aligncenter wp-image-107\" src=\"http:\/\/blog.espol.edu.ec\/erickceballos\/files\/2016\/10\/804be92e-1c05-44d8-9e88-bbdf6755a1f0_750_500-300x200.jpg\" alt=\"804be92e-1c05-44d8-9e88-bbdf6755a1f0_750_500\" width=\"481\" height=\"321\" srcset=\"https:\/\/blog.espol.edu.ec\/erickceballos\/files\/2016\/10\/804be92e-1c05-44d8-9e88-bbdf6755a1f0_750_500-300x200.jpg 300w, https:\/\/blog.espol.edu.ec\/erickceballos\/files\/2016\/10\/804be92e-1c05-44d8-9e88-bbdf6755a1f0_750_500.jpg 750w\" sizes=\"auto, (max-width: 481px) 100vw, 481px\" \/><\/p>\n<hr \/>\n<p style=\"text-align: center\"><span style=\"text-decoration: underline\"><strong>Sam Jinks<\/strong><\/span><\/p>\n<p style=\"text-align: justify\"><img loading=\"lazy\" decoding=\"async\" class=\"size-medium wp-image-115 alignleft\" src=\"http:\/\/blog.espol.edu.ec\/erickceballos\/files\/2016\/10\/PD-A-Jinks_20130719130207916943-620x349-300x169.jpg\" alt=\"pd-a-jinks_20130719130207916943-620x349\" width=\"300\" height=\"169\" srcset=\"https:\/\/blog.espol.edu.ec\/erickceballos\/files\/2016\/10\/PD-A-Jinks_20130719130207916943-620x349-300x169.jpg 300w, https:\/\/blog.espol.edu.ec\/erickceballos\/files\/2016\/10\/PD-A-Jinks_20130719130207916943-620x349.jpg 620w\" sizes=\"auto, (max-width: 300px) 100vw, 300px\" \/>Es un artista nacido en 1973 que vive y trabaja en Melbourne, Australia. Con antecedentes en trabajos para el cine y televisi\u00f3n creando efectos y haciendo de escultor comercial durante 11 a\u00f1os, los \u00faltimos cinco emplea su tiempo al completo en su obra personal, un trabajo de escultura hiperrealista donde se a\u00f1aden elementos como pelo humano. El proceso para la mayor\u00eda de sus obras es muy similar. Comienza como esculturas de arcilla construidas a lo largo de una armadura que luego es moldeada y fundida en silicona. Una vez se limpia el molde entonces se a\u00f1aden los pelos y el color final.<\/p>\n<p style=\"text-align: left\"><span style=\"text-decoration: underline\"><em>\u00a0Woman and child.\u00a0 Silicone, silk, human hair. 2010<\/em><\/span><\/p>\n<p style=\"text-align: left\"><img loading=\"lazy\" decoding=\"async\" class=\"aligncenter wp-image-116\" src=\"http:\/\/blog.espol.edu.ec\/erickceballos\/files\/2016\/10\/jinks-woman-child-200x300.jpg\" alt=\"jinks-woman-child\" width=\"343\" height=\"515\" srcset=\"https:\/\/blog.espol.edu.ec\/erickceballos\/files\/2016\/10\/jinks-woman-child-200x300.jpg 200w, https:\/\/blog.espol.edu.ec\/erickceballos\/files\/2016\/10\/jinks-woman-child.jpg 650w\" sizes=\"auto, (max-width: 343px) 100vw, 343px\" \/><\/p>\n<p style=\"text-align: left\"><span style=\"text-decoration: underline\"><em>Baby, 2007.Silicon, paint &amp; human hair<\/em><\/span><\/p>\n<p style=\"text-align: left\"><img loading=\"lazy\" decoding=\"async\" class=\"aligncenter wp-image-117\" src=\"http:\/\/blog.espol.edu.ec\/erickceballos\/files\/2016\/10\/MLF07BDMay_082-200x300.jpg\" alt=\"mlf07bdmay_082\" width=\"275\" height=\"413\" srcset=\"https:\/\/blog.espol.edu.ec\/erickceballos\/files\/2016\/10\/MLF07BDMay_082-200x300.jpg 200w, https:\/\/blog.espol.edu.ec\/erickceballos\/files\/2016\/10\/MLF07BDMay_082.jpg 333w\" sizes=\"auto, (max-width: 275px) 100vw, 275px\" \/><\/p>\n<hr \/>\n<p style=\"text-align: center\"><strong>Marc Sijan<\/strong><\/p>\n<p style=\"text-align: justify\">Marc Sijan ,(1946) es un escultor hiperrealista nacido en <a href=\"https:\/\/www.google.com.ec\/maps\/place\/Serbia\/@44.1927517,18.6789264,7z\/data=!3m1!4b1!4m5!3m4!1s0x47571ddff2898095:0x55e50ea3723865d!8m2!3d44.016521!4d21.005859?hl=es\" target=\"_blank\">Serbia<\/a> que emigr\u00f3 a Estados Unidos donde se licenci\u00f3 en Educaci\u00f3n del Arte, posteriormente realiz\u00f3 un intenso estudio sobre la anatom\u00eda humana. Parece ser que la inspiraci\u00f3n de Sijan fue el David de Miguel \u00c1ngel, ya que el artista siempre se sinti\u00f3 fascinado por la conciencia de Miguel \u00c1ngel de la anatom\u00eda y su capacidad de ejecutarla. Con el fin de lograr el acabado ultra-realista, Sijan trabaja a partir de un modelo real del que produce un molde de yeso. A continuaci\u00f3n, esculpe el interior con herramientas y una lupa para posteriormente proyectar la figura en una resina de poli\u00e9ster. Para conseguir tonos de piel, aplica veinticinco capas de pintura y barniz. Su objetivo es lograr profundidad, pero con cierta translucidez. El artista puede emplear hasta seis meses para reproducir los detalles de cada pieza.<\/p>\n<p style=\"text-align: left\"><span style=\"text-decoration: underline\"><em>Kneeling<\/em><\/span><\/p>\n<p style=\"text-align: left\"><img loading=\"lazy\" decoding=\"async\" class=\"aligncenter wp-image-120\" src=\"http:\/\/blog.espol.edu.ec\/erickceballos\/files\/2016\/10\/knelling1-1-212x300.jpg\" alt=\"knelling1\" width=\"335\" height=\"474\" srcset=\"https:\/\/blog.espol.edu.ec\/erickceballos\/files\/2016\/10\/knelling1-1-212x300.jpg 212w, https:\/\/blog.espol.edu.ec\/erickceballos\/files\/2016\/10\/knelling1-1-768x1088.jpg 768w, https:\/\/blog.espol.edu.ec\/erickceballos\/files\/2016\/10\/knelling1-1-723x1024.jpg 723w, https:\/\/blog.espol.edu.ec\/erickceballos\/files\/2016\/10\/knelling1-1.jpg 1000w\" sizes=\"auto, (max-width: 335px) 100vw, 335px\" \/><\/p>\n<p style=\"text-align: left\"><span style=\"text-decoration: underline\"><em>Work<\/em><\/span><\/p>\n<p style=\"text-align: left\"><img loading=\"lazy\" decoding=\"async\" class=\"aligncenter wp-image-121\" src=\"http:\/\/blog.espol.edu.ec\/erickceballos\/files\/2016\/10\/work1-200x300.jpg\" alt=\"work1\" width=\"359\" height=\"539\" srcset=\"https:\/\/blog.espol.edu.ec\/erickceballos\/files\/2016\/10\/work1-200x300.jpg 200w, https:\/\/blog.espol.edu.ec\/erickceballos\/files\/2016\/10\/work1-768x1152.jpg 768w, https:\/\/blog.espol.edu.ec\/erickceballos\/files\/2016\/10\/work1-683x1024.jpg 683w, https:\/\/blog.espol.edu.ec\/erickceballos\/files\/2016\/10\/work1.jpg 900w\" sizes=\"auto, (max-width: 359px) 100vw, 359px\" \/><\/p>\n<hr \/>\n<p style=\"text-align: center\"><span style=\"text-decoration: underline\"><strong>Maurizio Cattelan<\/strong><\/span><\/p>\n<p style=\"text-align: justify\"><span id=\"result_box\" class=\"\" lang=\"es\"><span title=\"Maurizio Cattelan (21 September 1960, Padua, Italy) is an Italian artist.\"><img loading=\"lazy\" decoding=\"async\" class=\" wp-image-126 alignleft\" src=\"http:\/\/blog.espol.edu.ec\/erickceballos\/files\/2016\/10\/Maurizio_Cattelan_2-200x300.jpg\" alt=\"maurizio_cattelan_2\" width=\"155\" height=\"233\" srcset=\"https:\/\/blog.espol.edu.ec\/erickceballos\/files\/2016\/10\/Maurizio_Cattelan_2-200x300.jpg 200w, https:\/\/blog.espol.edu.ec\/erickceballos\/files\/2016\/10\/Maurizio_Cattelan_2.jpg 768w, https:\/\/blog.espol.edu.ec\/erickceballos\/files\/2016\/10\/Maurizio_Cattelan_2-683x1024.jpg 683w\" sizes=\"auto, (max-width: 155px) 100vw, 155px\" \/>Maurizio Cattelan (21 de septiembre de 1960, <a href=\"https:\/\/www.google.com.ec\/maps\/place\/Padua,+Italia\/@45.3997329,11.7724534,11z\/data=!4m5!3m4!1s0x477eda5841ab30cf:0xc18236edaa1a2e2c!8m2!3d45.4064349!4d11.8767611?hl=es\" target=\"_blank\">Padua, Italia<\/a>) es un artista italiano. <\/span><span title=\"He is known for his satirical sculptures, particularly La Nona Ora (The Ninth Hour), depicting Pope John Paul II struck down by a meteorite. \">Es conocido por sus esculturas sat\u00edricas, en particular La Nona Ora (La novena hora), que representa el Papa Juan Pablo II golpeado por un meteorito. <\/span><span title=\"Cattelan started his career in the 1980s making wooden furniture in Forl\u00ec (Italy), where he came to know some designers, like Ettore Sottsass. \">Cattelan comenz\u00f3 su carrera en la d\u00e9cada de 1980 la fabricaci\u00f3n de muebles de madera en Forl\u00ec (Italia), donde lleg\u00f3 a conocer algunos dise\u00f1adores, como Ettore Sottsass.<br \/>\n<\/span><span title=\"He made a catalogue of his work, which he sent to galleries.\">Hizo un cat\u00e1logo de su obra, que envi\u00f3 a galer\u00edas.\u00a0<\/span> <span title=\"He created a sculpture of an ostrich with its head buried in the ground, wore a costume of a figurine with a giant head of Picasso, and affixed a Milanese gallerist to a wall with tape.\">\u00c9l cre\u00f3 una escultura de un avestruz con la cabeza enterrada en el suelo, llevaba un traje de una estatuilla con una cabeza gigante de Picasso, y se fija un galerista Milanese a la pared con cinta adhesiva. <\/span><span title=\"During this period, he also created the Oblomov Foundation. \">Durante este per\u00edodo, tambi\u00e9n cre\u00f3 la Fundaci\u00f3n Obl\u00f3mov.<\/span><span title=\"He has been described by Jonathan P. Binstock, curator of contemporary art at the Corcoran Gallery of Art &quot;as one of the great post-Duchampian artists and a smartass, too&quot;.[2]\">. <\/span><span title=\"Discussing the topic of originality with sociologist, Sarah Thornton, Cattelan explained, &quot;Originality doesn't exist by itself. It is an evolution of what is produced. [...] Originality is about your capacity to add.&quot;[3]\">Para desarrollar el tema de la originalidad con el soci\u00f3logo, Sarah Thornton, Cattelan explic\u00f3, \"La originalidad no existe por s\u00ed mismo. Es una evoluci\u00f3n de lo que se produce. [...] La originalidad es acerca de su capacidad para agregar.\"<br \/>\n<\/span><\/span><\/p>\n<p style=\"text-align: justify\">\n<p style=\"text-align: left\"><span style=\"text-decoration: underline\"><em>View of the exhibtion \"Pop Life\" in 2009 at the Tate Modern, London<\/em><\/span><\/p>\n<p style=\"text-align: left\"><img loading=\"lazy\" decoding=\"async\" class=\"aligncenter wp-image-123\" src=\"http:\/\/blog.espol.edu.ec\/erickceballos\/files\/2016\/10\/12-maurizio-cattelan-untitled-2009-photo-zeno-zotti_300x200mm-300x200.jpg\" alt=\"12-maurizio-cattelan-untitled-2009-photo-zeno-zotti_300x200mm\" width=\"470\" height=\"313\" srcset=\"https:\/\/blog.espol.edu.ec\/erickceballos\/files\/2016\/10\/12-maurizio-cattelan-untitled-2009-photo-zeno-zotti_300x200mm-300x200.jpg 300w, https:\/\/blog.espol.edu.ec\/erickceballos\/files\/2016\/10\/12-maurizio-cattelan-untitled-2009-photo-zeno-zotti_300x200mm.jpg 650w\" sizes=\"auto, (max-width: 470px) 100vw, 470px\" \/><\/p>\n<p style=\"text-align: left\"><span style=\"text-decoration: underline\"><em>View of the exhibition in 2008 at Kunsthaus Bregenz, Germany<\/em><\/span><\/p>\n<p style=\"text-align: left\"><img loading=\"lazy\" decoding=\"async\" class=\"aligncenter wp-image-124\" src=\"http:\/\/blog.espol.edu.ec\/erickceballos\/files\/2016\/10\/maurizio2-300x200.jpg\" alt=\"maurizio2\" width=\"460\" height=\"306\" srcset=\"https:\/\/blog.espol.edu.ec\/erickceballos\/files\/2016\/10\/maurizio2-300x200.jpg 300w, https:\/\/blog.espol.edu.ec\/erickceballos\/files\/2016\/10\/maurizio2-768x511.jpg 768w, https:\/\/blog.espol.edu.ec\/erickceballos\/files\/2016\/10\/maurizio2.jpg 800w\" sizes=\"auto, (max-width: 460px) 100vw, 460px\" \/><\/p>\n<hr \/>\n<p style=\"text-align: center\"><span style=\"text-decoration: underline\"><strong>Duane Hanson<\/strong><\/span><\/p>\n<p style=\"text-align: justify\"><span id=\"result_box\" class=\"\" lang=\"es\"><span class=\"\"><img loading=\"lazy\" decoding=\"async\" class=\"size-full wp-image-131 alignleft\" src=\"http:\/\/blog.espol.edu.ec\/erickceballos\/files\/2016\/10\/Duane_Hanson.jpg\" alt=\"duane_hanson\" width=\"180\" height=\"262\" \/>Duane<\/span> Hanson (17 enero 1925 a 6 enero 1996) fue un artista estadounidense y escultor <span class=\"\">de Minnesota<\/span>. Pas\u00f3 la mayor parte de su carrera en el sur de la Florida. Era conocido por sus obras <span class=\"\">realistas<\/span> lifecast de personas. El fundido en varios materiales, incluyendo resina de poli\u00e9ster, fibra de vidrio, Bondo, y bronce. Su trabajo se asocia a menudo con el movimiento del arte pop, as\u00ed como hiperrealismo.<br \/>\n<span class=\"\">Duane<\/span> Hanson Elwood <span class=\"\">naci\u00f3 el 17 de<\/span> enero de 1925 en Alexandria, Minnesota. Despu\u00e9s de la asistencia <span class=\"\">en el Luther<\/span> College y la Universidad de Washington, se gradu\u00f3 en Macalester College en 1946. Despu\u00e9s de un per\u00edodo donde ense\u00f1\u00f3 el arte de la escuela secundaria, recibi\u00f3 una Maestr\u00eda en Bellas Artes por la Academia de Arte Cranbrook en Bloomfield Hills en 1951.<br \/>\n<\/span><\/p>\n<p style=\"text-align: justify\">\n<p style=\"text-align: justify\">\n<p style=\"text-align: justify\">\n<p style=\"text-align: justify\"><span style=\"text-decoration: underline\"><em><span id=\"result_box\" class=\"short_text\" lang=\"en\">Marginalized <span class=\"\">drug addict<\/span><\/span><\/em><\/span><\/p>\n<p><img loading=\"lazy\" decoding=\"async\" class=\"wp-image-132 aligncenter\" src=\"http:\/\/blog.espol.edu.ec\/erickceballos\/files\/2016\/10\/tumblr_l44psmKtLe1qzcdp3o1_1280-300x225.jpg\" alt=\"cibermitanios.com.ar\" width=\"483\" height=\"362\" srcset=\"https:\/\/blog.espol.edu.ec\/erickceballos\/files\/2016\/10\/tumblr_l44psmKtLe1qzcdp3o1_1280-300x225.jpg 300w, https:\/\/blog.espol.edu.ec\/erickceballos\/files\/2016\/10\/tumblr_l44psmKtLe1qzcdp3o1_1280-768x576.jpg 768w, https:\/\/blog.espol.edu.ec\/erickceballos\/files\/2016\/10\/tumblr_l44psmKtLe1qzcdp3o1_1280.jpg 1024w\" sizes=\"auto, (max-width: 483px) 100vw, 483px\" \/><\/p>\n<p style=\"text-align: left\"><span style=\"text-decoration: underline\"><em>Beagle in a Basket<\/em><\/span><\/p>\n<p style=\"text-align: left\"><img loading=\"lazy\" decoding=\"async\" class=\"aligncenter wp-image-133\" src=\"http:\/\/blog.espol.edu.ec\/erickceballos\/files\/2016\/10\/beagle-in-a-basket-300x200.jpg\" alt=\"beagle-in-a-basket\" width=\"485\" height=\"324\" srcset=\"https:\/\/blog.espol.edu.ec\/erickceballos\/files\/2016\/10\/beagle-in-a-basket-300x200.jpg 300w, https:\/\/blog.espol.edu.ec\/erickceballos\/files\/2016\/10\/beagle-in-a-basket.jpg 590w\" sizes=\"auto, (max-width: 485px) 100vw, 485px\" \/><\/p>\n<hr \/>\n<p style=\"text-align: center\"><span style=\"text-decoration: underline\"><strong>Carole Feuerman<\/strong><\/span><\/p>\n<p style=\"text-align: justify\"><img loading=\"lazy\" decoding=\"async\" class=\"size-medium wp-image-136 alignleft\" src=\"http:\/\/blog.espol.edu.ec\/erickceballos\/files\/2016\/10\/FeuermanPortrait-300x200.jpg\" alt=\"feuermanportrait\" width=\"300\" height=\"200\" srcset=\"https:\/\/blog.espol.edu.ec\/erickceballos\/files\/2016\/10\/FeuermanPortrait-300x200.jpg 300w, https:\/\/blog.espol.edu.ec\/erickceballos\/files\/2016\/10\/FeuermanPortrait.jpg 500w\" sizes=\"auto, (max-width: 300px) 100vw, 300px\" \/>La artista de Nueva York, Carole Feuerman, es una de las esculturas m\u00e1s reconocidas en el mundo y su obra se caracteriza principalmente por ser hiperrealista. Comenz\u00f3 a desarrollarse como artistas desde hace ya cuarenta a\u00f1os, actualmente vive y trabaja en Nueva York y Florida, pero su reconocimiento va m\u00e1s all\u00e1 de Estados Unidos y se extiende internacionalmente. Su obra es parte de las colecciones de museos tan importantes como el <a href=\"http:\/\/www.metmuseum.org\/\" target=\"_blank\">Metropolitan Museum of Art<\/a> en Nueva York, el <a href=\"https:\/\/www.hermitagemuseum.org\/wps\/portal\/hermitage\/?lng=es\" target=\"_blank\">Hermitage<\/a> en San Petersburgo en Rusia, o la Bienal de Venecia en Italia. De igual forma grandes personajes pol\u00edticos tienen esculturas de Carole en sus colecciones personales, como el emperador de Jap\u00f3n, Hillary Clinton, Henry Kissinger, entre otros.<\/p>\n<p style=\"text-align: left\"><em><span style=\"text-decoration: underline\">Bibi on the Ball, 2015.<br \/>\n<\/span><\/em><\/p>\n<p style=\"text-align: left\"><img loading=\"lazy\" decoding=\"async\" class=\"aligncenter wp-image-135\" src=\"http:\/\/blog.espol.edu.ec\/erickceballos\/files\/2016\/10\/IMG_7404-179x300.jpg\" alt=\"img_7404\" width=\"379\" height=\"635\" srcset=\"https:\/\/blog.espol.edu.ec\/erickceballos\/files\/2016\/10\/IMG_7404-179x300.jpg 179w, https:\/\/blog.espol.edu.ec\/erickceballos\/files\/2016\/10\/IMG_7404-768x1289.jpg 768w, https:\/\/blog.espol.edu.ec\/erickceballos\/files\/2016\/10\/IMG_7404-610x1024.jpg 610w, https:\/\/blog.espol.edu.ec\/erickceballos\/files\/2016\/10\/IMG_7404.jpg 1000w\" sizes=\"auto, (max-width: 379px) 100vw, 379px\" \/><\/p>\n<p style=\"text-align: left\"><span style=\"text-decoration: underline\"><em>Leda and the Swan, 2015<\/em><\/span><\/p>\n<p style=\"text-align: left\"><img loading=\"lazy\" decoding=\"async\" class=\"aligncenter wp-image-137\" src=\"http:\/\/blog.espol.edu.ec\/erickceballos\/files\/2016\/10\/Feuerman3_clean-300x210.jpg\" alt=\"feuerman3_clean\" width=\"597\" height=\"418\" srcset=\"https:\/\/blog.espol.edu.ec\/erickceballos\/files\/2016\/10\/Feuerman3_clean-300x210.jpg 300w, https:\/\/blog.espol.edu.ec\/erickceballos\/files\/2016\/10\/Feuerman3_clean-768x538.jpg 768w, https:\/\/blog.espol.edu.ec\/erickceballos\/files\/2016\/10\/Feuerman3_clean.jpg 1000w\" sizes=\"auto, (max-width: 597px) 100vw, 597px\" \/><\/p>\n<p style=\"text-align: left\"><span style=\"text-decoration: underline\"><em>Christina, 2014<\/em><\/span><\/p>\n<p style=\"text-align: left\"><img loading=\"lazy\" decoding=\"async\" class=\"wp-image-177 aligncenter\" src=\"http:\/\/blog.espol.edu.ec\/erickceballos\/files\/2016\/10\/DSC9665-2-200x300.jpg\" width=\"314\" height=\"471\" srcset=\"https:\/\/blog.espol.edu.ec\/erickceballos\/files\/2016\/10\/DSC9665-2-200x300.jpg 200w, https:\/\/blog.espol.edu.ec\/erickceballos\/files\/2016\/10\/DSC9665-2-768x1151.jpg 768w, https:\/\/blog.espol.edu.ec\/erickceballos\/files\/2016\/10\/DSC9665-2-684x1024.jpg 684w, https:\/\/blog.espol.edu.ec\/erickceballos\/files\/2016\/10\/DSC9665-2.jpg 1068w\" sizes=\"auto, (max-width: 314px) 100vw, 314px\" \/><\/p>\n<hr \/>\n<p style=\"text-align: center\"><span style=\"text-decoration: underline\"><strong>Evan Penny<\/strong><\/span><\/p>\n<p style=\"text-align: justify\"><span id=\"result_box\" class=\"\" lang=\"es\"><span title=\"Evan Penny was born in South Africa in 1953. He currently lives and works in Toronto, Canada.\"><img loading=\"lazy\" decoding=\"async\" class=\"size-full wp-image-139 alignleft\" src=\"http:\/\/blog.espol.edu.ec\/erickceballos\/files\/2016\/10\/penny.png\" alt=\"penny\" width=\"196\" height=\"223\" \/>Evan Penny naci\u00f3 en Sud\u00e1frica en 1953. Actualmente vive y trabaja en Toronto, Canad\u00e1. <\/span><span title=\"In 1978 Penny graduated from Alberta College of Art and Design and received a post-graduate degree in sculpture. \">En 1978 se gradu\u00f3 de Penny Alberta College of Art y Dise\u00f1o y recibi\u00f3 un t\u00edtulo de post-grado en la escultura.<br \/>\n<\/span><span title=\"Evan Penny makes sculptures of human forms out of silicone, pigment, hair and aluminium.\">Evan Penny hizo esculturas de formas humanas de silicona, pigmentos, pelo y aluminio. <\/span><span title=\"His pieces range from the almost precisely lifelike, to the blurred or stretched.\">Sus piezas van desde la casi exactamente realista, a la borrosa o estirado. <\/span><span title=\"Penny says one of his interests \u201cis to situate the sculptures perceptually between the way we might see each other in real time and space and the way we imagine our equivalent in a photographic representation.\u201d[1] Though his creations are lifelike, Penny believes\">Penny dice uno de sus intereses \"es situar las esculturas perceptivamente entre la forma en que podr\u00edamos ver entre s\u00ed en tiempo real y el espacio y la forma en que imaginamos nuestro equivalente en una representaci\u00f3n fotogr\u00e1fica.\" A pesar de sus creaciones son realistas, Penny cree <\/span><span title=\"that \u201cthe real can't be represented or symbolized,\u201d[2] leaving everything to be a representation. \">que \"lo real no puede ser representada o <\/span><\/span><span id=\"result_box\" class=\"\" lang=\"es\"><span title=\"that \u201cthe real can't be represented or symbolized,\u201d[2] leaving everything to be a representation. \">simboliza,\" dejando que todo sea una representaci\u00f3n.<br \/>\n<\/span><\/span><\/p>\n<p style=\"text-align: justify\">\n<p style=\"text-align: justify\"><em><span style=\"text-decoration: underline\">Evan<\/span><\/em><\/p>\n<p style=\"text-align: justify\"><img loading=\"lazy\" decoding=\"async\" class=\"aligncenter wp-image-140\" src=\"http:\/\/blog.espol.edu.ec\/erickceballos\/files\/2016\/10\/evan-penny-old-self-e1348082118163-300x162.jpg\" alt=\"evan-penny-old-self-e1348082118163\" width=\"413\" height=\"223\" srcset=\"https:\/\/blog.espol.edu.ec\/erickceballos\/files\/2016\/10\/evan-penny-old-self-e1348082118163-300x162.jpg 300w, https:\/\/blog.espol.edu.ec\/erickceballos\/files\/2016\/10\/evan-penny-old-self-e1348082118163-768x415.jpg 768w, https:\/\/blog.espol.edu.ec\/erickceballos\/files\/2016\/10\/evan-penny-old-self-e1348082118163.jpg 1000w\" sizes=\"auto, (max-width: 413px) 100vw, 413px\" \/><\/p>\n<p style=\"text-align: justify\"><span style=\"text-decoration: underline\"><em>Juliann<\/em><\/span><\/p>\n<p style=\"text-align: justify\"><img loading=\"lazy\" decoding=\"async\" class=\"aligncenter wp-image-141\" src=\"http:\/\/blog.espol.edu.ec\/erickceballos\/files\/2016\/10\/evan-penny-1-Juliann-W-artist-300x234.jpg\" alt=\"evan-penny-1-juliann-w-artist\" width=\"441\" height=\"344\" srcset=\"https:\/\/blog.espol.edu.ec\/erickceballos\/files\/2016\/10\/evan-penny-1-Juliann-W-artist-300x234.jpg 300w, https:\/\/blog.espol.edu.ec\/erickceballos\/files\/2016\/10\/evan-penny-1-Juliann-W-artist-768x600.jpg 768w, https:\/\/blog.espol.edu.ec\/erickceballos\/files\/2016\/10\/evan-penny-1-Juliann-W-artist.jpg 817w\" sizes=\"auto, (max-width: 441px) 100vw, 441px\" \/><\/p>\n","protected":false},"excerpt":{"rendered":"<p>Escultura hiperrealista Desde 1973-2016 muestra como, desde las d\u00e9cadas de 1960 y 1970 algunos escultores se interesaron por una forma de realismo basada en la \"representaci\u00f3n v\u00edvida y fidedigna de la figura humana\". Con materiales como la silicona los creadores logran representaciones v\u00edvidas y fidedignas de la figura humana El uso de la silicona, que [&hellip;]<\/p>\n","protected":false},"author":10567,"featured_media":0,"parent":0,"menu_order":0,"comment_status":"closed","ping_status":"closed","template":"","meta":{"footnotes":""},"class_list":["post-25","page","type-page","status-publish","hentry"],"_links":{"self":[{"href":"https:\/\/blog.espol.edu.ec\/erickceballos\/wp-json\/wp\/v2\/pages\/25","targetHints":{"allow":["GET"]}}],"collection":[{"href":"https:\/\/blog.espol.edu.ec\/erickceballos\/wp-json\/wp\/v2\/pages"}],"about":[{"href":"https:\/\/blog.espol.edu.ec\/erickceballos\/wp-json\/wp\/v2\/types\/page"}],"author":[{"embeddable":true,"href":"https:\/\/blog.espol.edu.ec\/erickceballos\/wp-json\/wp\/v2\/users\/10567"}],"replies":[{"embeddable":true,"href":"https:\/\/blog.espol.edu.ec\/erickceballos\/wp-json\/wp\/v2\/comments?post=25"}],"version-history":[{"count":10,"href":"https:\/\/blog.espol.edu.ec\/erickceballos\/wp-json\/wp\/v2\/pages\/25\/revisions"}],"predecessor-version":[{"id":190,"href":"https:\/\/blog.espol.edu.ec\/erickceballos\/wp-json\/wp\/v2\/pages\/25\/revisions\/190"}],"wp:attachment":[{"href":"https:\/\/blog.espol.edu.ec\/erickceballos\/wp-json\/wp\/v2\/media?parent=25"}],"curies":[{"name":"wp","href":"https:\/\/api.w.org\/{rel}","templated":true}]}}