{"id":12,"date":"2009-10-13T00:02:36","date_gmt":"2009-10-13T05:02:36","guid":{"rendered":"http:\/\/blog.espol.edu.ec\/feriasoftware\/?page_id=12"},"modified":"2009-10-13T22:07:09","modified_gmt":"2009-10-14T03:07:09","slug":"donde","status":"publish","type":"page","link":"https:\/\/blog.espol.edu.ec\/feriasoftware\/donde\/","title":{"rendered":"D\u00f3nde"},"content":{"rendered":"<p style=\"text-align: center\"><img loading=\"lazy\" decoding=\"async\" class=\"size-full wp-image-31 aligncenter\" src=\"http:\/\/blog.espol.edu.ec\/feriasoftware\/files\/2009\/10\/edificiofiec.jpg\" alt=\"edificiofiec\" width=\"400\" height=\"300\" srcset=\"https:\/\/blog.espol.edu.ec\/feriasoftware\/files\/2009\/10\/edificiofiec.jpg 400w, https:\/\/blog.espol.edu.ec\/feriasoftware\/files\/2009\/10\/edificiofiec-300x225.jpg 300w\" sizes=\"auto, (max-width: 400px) 100vw, 400px\" \/><\/p>\n<p style=\"text-align: justify\">El evento tendr\u00e1 lugar en la Facultad de Ingenier\u00eda El\u00e9ctrica y Computaci\u00f3n,\u00a0<a title=\"Facultad El\u00e9ctrica\" href=\"http:\/\/www.fiec.espol.edu.ec\" target=\"_blank\">FIEC<\/a>, en el\u00a0<strong>Campus Gustavo Galindo<\/strong> de la <a title=\"ESPOL\" href=\"http:\/\/www.espol.edu.ec\" target=\"_blank\">ESPOL<\/a>, m\u00e1s conocido como <em>Campus Prosperina<\/em>, est\u00e1 ubicado al noroeste de la ciudad de Guayaquil, en el centro del <em>Bosque Protector Prosperina<\/em>. La entrada principal se encuentra en el Km. 30,5 de la V\u00eda Perimetral.<\/p>\n<p style=\"text-align: center\">\n<p style=\"text-align: center\"><object width=\"500\" height=\"300\" data=\"http:\/\/umapper.s3.amazonaws.com\/templates\/swf\/embed.swf\" type=\"application\/x-shockwave-flash\"><param name=\"id\" value=\"umapper_embed\" \/><param name=\"FlashVars\" value=\"kmlPath=http:\/\/umapper.s3.amazonaws.com\/maps\/kml\/36353.kml\" \/><param name=\"allowScriptAccess\" value=\"always\" \/><param name=\"allowFullScreen\" value=\"true\" \/><param name=\"quality\" value=\"high\" \/><param name=\"src\" value=\"http:\/\/umapper.s3.amazonaws.com\/templates\/swf\/embed.swf\" \/><param name=\"name\" value=\"umapper_embed\" \/><param name=\"flashvars\" value=\"kmlPath=http:\/\/umapper.s3.amazonaws.com\/maps\/kml\/36353.kml\" \/><param name=\"allowfullscreen\" value=\"true\" \/><\/object><\/p>\n","protected":false},"excerpt":{"rendered":"<p>El evento tendr\u00e1 lugar en la Facultad de Ingenier\u00eda El\u00e9ctrica y Computaci\u00f3n,\u00a0FIEC, en el\u00a0Campus Gustavo Galindo de la ESPOL, m\u00e1s conocido como Campus Prosperina, est\u00e1 ubicado al noroeste de la ciudad de Guayaquil, en el centro del Bosque Protector Prosperina. La entrada principal se encuentra en el Km. 30,5 de la V\u00eda Perimetral.<\/p>\n","protected":false},"author":62,"featured_media":0,"parent":0,"menu_order":0,"comment_status":"open","ping_status":"open","template":"","meta":{"footnotes":""},"class_list":["post-12","page","type-page","status-publish","hentry"],"_links":{"self":[{"href":"https:\/\/blog.espol.edu.ec\/feriasoftware\/wp-json\/wp\/v2\/pages\/12","targetHints":{"allow":["GET"]}}],"collection":[{"href":"https:\/\/blog.espol.edu.ec\/feriasoftware\/wp-json\/wp\/v2\/pages"}],"about":[{"href":"https:\/\/blog.espol.edu.ec\/feriasoftware\/wp-json\/wp\/v2\/types\/page"}],"author":[{"embeddable":true,"href":"https:\/\/blog.espol.edu.ec\/feriasoftware\/wp-json\/wp\/v2\/users\/62"}],"replies":[{"embeddable":true,"href":"https:\/\/blog.espol.edu.ec\/feriasoftware\/wp-json\/wp\/v2\/comments?post=12"}],"version-history":[{"count":3,"href":"https:\/\/blog.espol.edu.ec\/feriasoftware\/wp-json\/wp\/v2\/pages\/12\/revisions"}],"predecessor-version":[{"id":30,"href":"https:\/\/blog.espol.edu.ec\/feriasoftware\/wp-json\/wp\/v2\/pages\/12\/revisions\/30"}],"wp:attachment":[{"href":"https:\/\/blog.espol.edu.ec\/feriasoftware\/wp-json\/wp\/v2\/media?parent=12"}],"curies":[{"name":"wp","href":"https:\/\/api.w.org\/{rel}","templated":true}]}}