{"id":125,"date":"2016-11-11T21:18:46","date_gmt":"2016-11-11T21:18:46","guid":{"rendered":"http:\/\/blog.espol.edu.ec\/frtoro\/?page_id=125"},"modified":"2016-11-11T21:18:46","modified_gmt":"2016-11-11T21:18:46","slug":"flora","status":"publish","type":"page","link":"https:\/\/blog.espol.edu.ec\/frtoro\/flora\/","title":{"rendered":"Flora"},"content":{"rendered":"<p>Existen pajonales, bosques enanos y bosques de neblina; se encuentran orqu\u00eddeas de flores diminutas de extraordinaria belleza; y la vegetaci\u00f3n arb\u00f3rea est\u00e1 compuesta por muchas especies valiosas entre las que tenemos cascarilla (Cinchona sp.), cedro (Cedrela sp.), roble (Nectandra sp.), nogal (Juglans neotropica) y aliso (Alnus jorullensis).<\/p>\n<p>La vegetaci\u00f3n que predomina corresponde a la selva alta existen abundantes orqu\u00eddeas, helechos, palmeras, cedros, alisos colorados, nogales de monta\u00f1a, saucecillos, ishpingos, choloques y quinas que constituyen un verdadero para\u00edso bot\u00e1nico.<\/p>\n<p>Instituciones especializadas calculan 125 familias, 340 g\u00e9neros y 683 especies de flora en los dominios del parque.<\/p>\n<p>Hay que destacar al \u00e1rbol de la quina, que permiti\u00f3 la elaboraci\u00f3n de la quinina para controlar la malaria en el mundo. La quina, es s\u00edmbolo del escudo nacional, y se extrajo de este lugar... hoy es posible que est\u00e9 extinta en este territorio.<\/p>\n<div style=\"width: 190px\" class=\"wp-caption aligncenter\"><img loading=\"lazy\" decoding=\"async\" src=\"http:\/\/wiki.sumaqperu.com\/es\/images\/6\/64\/Cutervo_flora_quina.jpg\" width=\"180\" height=\"255\" \/><p class=\"wp-caption-text\">Arbol de la Quina en Cutervo<\/dd>\n<dd class=\"wp-caption-dd\"><\/p><\/div>\n<div style=\"width: 689px\" class=\"wp-caption aligncenter\"><img loading=\"lazy\" decoding=\"async\" src=\"http:\/\/old.sernanp.gob.pe\/sernanp\/archivos\/imagenes\/2013\/notas\/setiembre\/parque%20nacional%20de%20cutervo%202.jpg\" width=\"679\" height=\"488\" \/><p class=\"wp-caption-text\">Bosque de neblina<\/p><\/div>\n<div style=\"width: 610px\" class=\"wp-caption aligncenter\"><img loading=\"lazy\" decoding=\"async\" src=\"http:\/\/www.ecuadoracolores.com\/ed2011_nov\/pages\/resources\/int02_img06.jpg\" width=\"600\" height=\"535\" \/><p class=\"wp-caption-text\">Una orqu\u00eddea explota en color p\u00farpura en una de las brumosas quebradas del parque<\/dd>\n<dd class=\"wp-caption-dd\"><\/p><\/div>\n<div style=\"width: 910px\" class=\"wp-caption aligncenter\"><img loading=\"lazy\" decoding=\"async\" src=\"http:\/\/1.bp.blogspot.com\/-_mG92LPidHg\/VC7xaq4FeEI\/AAAAAAAB6aw\/9vbylwVJTIc\/s1600\/DSC_3794bOK%2BBrassia%2Bcaudata.jpg\" width=\"900\" height=\"1157\" \/><p class=\"wp-caption-text\">Zapatito de Reina, nombre com\u00fan de la orqu\u00eddea Phragmypedium caudatum.<\/p><\/div>\n<div style=\"width: 310px\" class=\"wp-caption aligncenter\"><img loading=\"lazy\" decoding=\"async\" src=\"https:\/\/verdecora.es\/blog\/wp-content\/uploads\/2015\/04\/orquidea-maxillaria-300x239.jpg\" width=\"300\" height=\"239\" \/><p class=\"wp-caption-text\">Floraci\u00f3n de la orqu\u00eddea Maxillaria tenuis.<\/dd>\n<dd class=\"wp-caption-dd\"><\/p><\/div>\n<div style=\"width: 810px\" class=\"wp-caption aligncenter\"><img loading=\"lazy\" decoding=\"async\" src=\"http:\/\/caminoincamachupicchu.org\/cmingutd\/images\/flora-en-el-camino-inca.jpg\" width=\"800\" height=\"533\" \/><p class=\"wp-caption-text\">Epidendrum secundum, conocida en quechua como Wi\u00f1ay Wayna (siempre j\u00f3ven)<\/dd>\n<dd class=\"wp-caption-dd\"><\/p><\/div>\n<div style=\"width: 236px\" class=\"wp-caption aligncenter\"><img loading=\"lazy\" decoding=\"async\" src=\"http:\/\/www.oocities.org\/ecologia_peru\/Masdevalia_setacea.jpg\" width=\"226\" height=\"299\" \/><p class=\"wp-caption-text\">Masdevallia setacea, una de las orqu\u00eddeas m\u00e1s abundantes en el per\u00fa.<\/p><\/div>\n<div id=\"attachment_126\" style=\"width: 179px\" class=\"wp-caption aligncenter\"><img loading=\"lazy\" decoding=\"async\" aria-describedby=\"caption-attachment-126\" class=\"wp-image-126 size-medium\" src=\"http:\/\/blog.espol.edu.ec\/frtoro\/files\/2016\/11\/WP_20160409_16_40_18_Pro-169x300.jpg\" alt=\"wp_20160409_16_40_18_pro\" width=\"169\" height=\"300\" srcset=\"https:\/\/blog.espol.edu.ec\/frtoro\/files\/2016\/11\/WP_20160409_16_40_18_Pro-169x300.jpg 169w, https:\/\/blog.espol.edu.ec\/frtoro\/files\/2016\/11\/WP_20160409_16_40_18_Pro-768x1367.jpg 768w, https:\/\/blog.espol.edu.ec\/frtoro\/files\/2016\/11\/WP_20160409_16_40_18_Pro-575x1024.jpg 575w, https:\/\/blog.espol.edu.ec\/frtoro\/files\/2016\/11\/WP_20160409_16_40_18_Pro.jpg 1456w\" sizes=\"auto, (max-width: 169px) 100vw, 169px\" \/><p id=\"caption-attachment-126\" class=\"wp-caption-text\">roble(Quercus)<\/p><\/div>\n<div style=\"width: 610px\" class=\"wp-caption aligncenter\"><img loading=\"lazy\" decoding=\"async\" src=\"http:\/\/elhorticultor.org\/wp-content\/uploads\/2014\/07\/3.jpg\" alt=\"Resultado de imagen para nogal\" width=\"600\" height=\"450\" \/><p class=\"wp-caption-text\">El nogal(Juglans regia)<\/dd>\n<dd class=\"wp-caption-dd\"><\/p><\/div>\n<div style=\"width: 1610px\" class=\"wp-caption aligncenter\"><img loading=\"lazy\" decoding=\"async\" src=\"http:\/\/3.bp.blogspot.com\/-VsvnEvuI8lM\/UIvz0vqQ-nI\/AAAAAAAABuI\/iodo2SXjFUA\/s1600\/Ninos+de+ShismayShismay+Hu%25C3%25A1nuco+Per%25C3%25BA.jpg\" width=\"1600\" height=\"1200\" \/><p class=\"wp-caption-text\">aliso(Alnus acuminata)<\/dd>\n<dd class=\"wp-caption-dd\"><\/p><\/div>\n<div style=\"width: 970px\" class=\"wp-caption alignnone\"><img loading=\"lazy\" decoding=\"async\" src=\"http:\/\/blog.espol.edu.ec\/frtoro\/files\/2016\/11\/14446035_1194358693920277_4326549437189265807_n.jpg\" width=\"960\" height=\"641\" \/><p class=\"wp-caption-text\">Palmeras blancas<\/p><\/div>\n","protected":false},"excerpt":{"rendered":"<p>Existen pajonales, bosques enanos y bosques de neblina; se encuentran orqu\u00eddeas de flores diminutas de extraordinaria belleza; y la vegetaci\u00f3n arb\u00f3rea est\u00e1 compuesta por muchas especies valiosas entre las que tenemos cascarilla (Cinchona sp.), cedro (Cedrela sp.), roble (Nectandra sp.), nogal (Juglans neotropica) y aliso (Alnus jorullensis). La vegetaci\u00f3n que predomina corresponde a la selva [&hellip;]<\/p>\n","protected":false},"author":10730,"featured_media":0,"parent":0,"menu_order":0,"comment_status":"closed","ping_status":"closed","template":"","meta":{"footnotes":""},"class_list":["post-125","page","type-page","status-publish","hentry"],"aioseo_notices":[],"_links":{"self":[{"href":"https:\/\/blog.espol.edu.ec\/frtoro\/wp-json\/wp\/v2\/pages\/125","targetHints":{"allow":["GET"]}}],"collection":[{"href":"https:\/\/blog.espol.edu.ec\/frtoro\/wp-json\/wp\/v2\/pages"}],"about":[{"href":"https:\/\/blog.espol.edu.ec\/frtoro\/wp-json\/wp\/v2\/types\/page"}],"author":[{"embeddable":true,"href":"https:\/\/blog.espol.edu.ec\/frtoro\/wp-json\/wp\/v2\/users\/10730"}],"replies":[{"embeddable":true,"href":"https:\/\/blog.espol.edu.ec\/frtoro\/wp-json\/wp\/v2\/comments?post=125"}],"version-history":[{"count":1,"href":"https:\/\/blog.espol.edu.ec\/frtoro\/wp-json\/wp\/v2\/pages\/125\/revisions"}],"predecessor-version":[{"id":128,"href":"https:\/\/blog.espol.edu.ec\/frtoro\/wp-json\/wp\/v2\/pages\/125\/revisions\/128"}],"wp:attachment":[{"href":"https:\/\/blog.espol.edu.ec\/frtoro\/wp-json\/wp\/v2\/media?parent=125"}],"curies":[{"name":"wp","href":"https:\/\/api.w.org\/{rel}","templated":true}]}}