{"id":64,"date":"2016-05-22T19:50:45","date_gmt":"2016-05-22T19:50:45","guid":{"rendered":"http:\/\/blog.espol.edu.ec\/gemazamb\/?page_id=64"},"modified":"2016-05-23T23:04:09","modified_gmt":"2016-05-23T23:04:09","slug":"conoce-los-generos-de-fotografia-artistica","status":"publish","type":"page","link":"https:\/\/blog.espol.edu.ec\/gemazamb\/conoce-los-generos-de-fotografia-artistica\/","title":{"rendered":"Conoce los generos de Fotograf\u00eda Art\u00edstica"},"content":{"rendered":"<p>Se ha dividido\u00a0\u00a0a la fotograf\u00eda contempor\u00e1nea en diez posibilidades:<\/p>\n<ul>\n<li>Fotograf\u00eda art\u00edstica conceptual,\u00a0Narrativa,\u00a0Impasibilidad,\u00a0Ciudad y cotidianidad,\u00a0Retrato,\u00a0Objetos,\u00a0Autorretrato,\u00a0Archivo-historia-huellas-memoria,\u00a0Apropiaci\u00f3n,\u00a0Intimidad.<\/li>\n<li>\n<h1><strong><em>Arte Conceptual<\/em><\/strong><\/h1>\n<p>En los \u00faltimos a\u00f1os los fot\u00f3grafos han utilizado un gran n\u00famero de estrategias art\u00edsticas como la <em>performance<\/em>, el\u00a0<em>happening, <\/em>la instalaci\u00f3n o la intervenci\u00f3n. Es importante recordar que la fotograf\u00eda comenz\u00f3 a emplearse como un m\u00e9todo de documentaci\u00f3n del hecho art\u00edstico. Muchos autores utilizaron diversos m\u00e9todos de documentaci\u00f3n para crear un archivo hist\u00f3rico de sus obras. Sin embargo aqu\u00ed nos referimos a manifestaciones art\u00edsticas realizadas <em>ex profeso<\/em> para la c\u00e1mara, como un hecho art\u00edstico\/fotogr\u00e1fico, y no la relaci\u00f3n hecho art\u00edstico\/documentaci\u00f3n.<\/li>\n<li><a href=\"https:\/\/oscarenfotos.files.wordpress.com\/2012\/07\/infograf_arte_concept.png\" target=\"_blank\"><img decoding=\"async\" class=\"alignnone size-full wp-image-5160\" title=\"infograf_arte_concept\" src=\"https:\/\/oscarenfotos.files.wordpress.com\/2012\/07\/infograf_arte_concept.png?w=474\" alt=\"\" \/><\/a><\/li>\n<li>En ocasiones la fotograf\u00eda puede servir como veh\u00edculo para cuestionar el propio arte como un juego de ingeniosas yuxtaposiciones grandilocuente\/ordinario, p\u00fablico\/privado.\n<p>Destaca especialmente la fotograf\u00eda construida, en un renacimiento importante del <em>Tableau Vivant<\/em>.<\/p>\n<p>De todas las posibilidades fotogr\u00e1ficas contempor\u00e1neas este es el paraguas m\u00e1s amplio y pueden ocurrir transvases con otros g\u00e9neros y subg\u00e9neros.<\/p>\n<p>Vale mucho la pena destacar que la fotograf\u00eda china contempor\u00e1nea es uno de los ejemplos m\u00e1s ricos e interesantes de arte conceptual as\u00ed como de manifestaciones como la performance o el happening. Invitamos a revisar nuestro informe especial\u00a0<em>Fotograf\u00eda Contempor\u00e1nea en China.<\/em><\/li>\n<li>\n<h1><strong><em>Narrativa<\/em><\/strong><\/h1>\n<p>Este g\u00e9nero se concentra en las capacidades (e incapacidades) narrativas de la fotograf\u00eda. Es una fotograf\u00eda construida, un <em>tableau vivant<\/em> que cuenta una historia en un cuadro \u00fanico.<\/p>\n<figure id=\"attachment_5172\" class=\"wp-caption aligncenter\"><a href=\"https:\/\/oscarenfotos.files.wordpress.com\/2012\/08\/shonibare.jpeg\"><img decoding=\"async\" class=\"size-full wp-image-5172\" title=\"shonibare\" src=\"https:\/\/oscarenfotos.files.wordpress.com\/2012\/08\/shonibare.jpeg?w=474\" alt=\"\" \/><\/a><figcaption class=\"wp-caption-text\">Diary of a Victorian Dandy 19:00 hours. Yinka Shonibare. 1998<\/figcaption><\/figure>\n<p>Jeff Wall dice que el fot\u00f3grafo puede ser cazador o agricultor [2], es decir, salir a la calle para encontrar una presa o, por el contrario, realizar todo un conjunto de acciones que construyan la imagen.<\/p>\n<p>En la Narrativa, se monta una escena que el observador deber\u00e1 leer y donde se desarrolla una historia.<\/p>\n<p>En este caso no se puede omitir la idea de un fot\u00f3grafo como director, y no \u00fanicamente como un operador. Por ejemplo, Gregory Crewdson cuenta con un equipo de producci\u00f3n similar al cine y un <em>staff<\/em> repleto de asistentes y t\u00e9cnicos. De hecho Crewdson ni siquiera acciona el bot\u00f3n de disparo del obturador, pues cuenta con su propio operador de c\u00e1mara.<\/li>\n<li>\n<h1><strong><em>Impasibilidad (Deadpan)<\/em><\/strong><\/h1>\n<p>Con el t\u00e9rmino impasible nos referimos a la fotograf\u00eda que los angloparlantes llaman <em>Deadpan<\/em>. Su est\u00e9tica puede ser distante y fr\u00eda, de una precisi\u00f3n y claridad apabullantes. Sus descripciones son espec\u00edficas y dan la impresi\u00f3n de una gran objetividad. Se caracterizan por la monumentalidad tanto en la escena como la presentaci\u00f3n, pues pueden ser impresiones de varios metros.<\/p>\n<figure id=\"attachment_5175\" class=\"wp-caption aligncenter\"><a href=\"https:\/\/oscarenfotos.files.wordpress.com\/2012\/08\/gursky_pradaii.jpeg\"><img decoding=\"async\" class=\"size-full wp-image-5175\" title=\"gursky_pradaii\" src=\"https:\/\/oscarenfotos.files.wordpress.com\/2012\/08\/gursky_pradaii.jpeg?w=474\" alt=\"\" \/><\/a><figcaption class=\"wp-caption-text\">Prada II. Andreas Gursky. 1996<\/figcaption><\/figure>\n<p>La fotograf\u00eda impasible tiene una ejecuci\u00f3n t\u00e9cnica impecable, plena de informaci\u00f3n visual y presencia imponente. Se suele asociar la llamada \u201cescuela de D\u00fcsseldorf\u201d con este estilo y a sus fot\u00f3grafos m\u00e1s prominentes como \u00a0Andreas Gursky, Candida H\u00f6fer, Thomas Struth, Axel H\u00fctte, o Thomas Ruff, bajo la influencia de<a title=\"El paisaje industrial de BERND y HILLA BECHER\" href=\"https:\/\/oscarenfotos.com\/2013\/09\/29\/el-paisaje-industrial-de-bernd-y-hilla-becher\/\" target=\"_blank\">Bernd y Hilla Becher<\/a>.<\/p>\n<p>La fotograf\u00eda de este g\u00e9nero carece de drama visual, suele ser plana tanto en lo formal como en lo narrativo.<\/p>\n<p>El primer nombre que llega a la cabeza asociado con la est\u00e9tica de la impasibilidad es Andreas Gursky. Algunos trabajos de Rineke Dijkstra son un buen ejemplo de una mezcla Impasibilidad\/Retrato.<\/li>\n<li>\n<h1><strong><em>Ciudad y cotidianidad<\/em><\/strong><\/h1>\n<p>Durante una buena parte del siglo XX la fotograf\u00eda de calle fue uno de los g\u00e9neros favoritos del documentalismo y el neo-documentalismo. En la fotograf\u00eda contempor\u00e1nea existe una visi\u00f3n distinta donde no impera el \u201c<a title=\"El \u201cinstante decisivo\u201d de Henri Cartier-Bresson\" href=\"https:\/\/oscarenfotos.com\/2011\/11\/19\/el-significado-del-instante-decisivo-de-henri-cartier-bresson\/\" target=\"_blank\">instante decisivo<\/a>\u201d de Cartier-Bresson, sino una recuperaci\u00f3n de la cotidianidad y lo ordinario as\u00ed como las yuxtaposiciones y una mirada que busca penetrar en las escenas de la vida del fot\u00f3grafo.<\/p>\n<figure id=\"attachment_5176\" class=\"wp-caption aligncenter\"><a href=\"https:\/\/oscarenfotos.files.wordpress.com\/2012\/08\/mimi-mollica2.jpeg\"><img decoding=\"async\" class=\"size-full wp-image-5176\" title=\"Mimi-Mollica2\" src=\"https:\/\/oscarenfotos.files.wordpress.com\/2012\/08\/mimi-mollica2.jpeg?w=474\" alt=\"\" \/><\/a><figcaption class=\"wp-caption-text\">Dakar, Senegal. Mimi Mollica. 2008<\/figcaption><\/figure>\n<p>El camino de cada d\u00eda, la calle habitual, la ciudad soez\u2026 La<a title=\"Fotograf\u00eda de Calle: Dossier especial\" href=\"https:\/\/oscarenfotos.com\/2013\/11\/30\/fotografia-de-calle\/\" target=\"_blank\">fotograf\u00eda de calle,<\/a> Un g\u00e9nero que parec\u00eda haber llegado a su culmen con\u00a0<a title=\"Garry Winogrand, el fot\u00f3grafo tumultuoso\" href=\"https:\/\/oscarenfotos.com\/2014\/12\/06\/garry-winogrand\/\" target=\"_blank\">Garry Winogrand<\/a> \u00a0es retomado y revitalizado en el nuevo milenio con gran fuerza.<\/li>\n<li>\n<h1><strong><em>Intimidad<\/em><\/strong><\/h1>\n<p>Cuando Larry Clark mostr\u00f3 la vida en los suburbios vista desde adentro, el gran p\u00fablico se fue de espalda: Se presum\u00eda que las drogas y el sexo eran temas m\u00e1s propios de una supuesta degradaci\u00f3n urbana.<\/p>\n<p>La fotograf\u00eda se ha convertido en una posibilidad para crear una narrativa de la vida \u00edntima y dom\u00e9stica en un estilo subjetivo y confesional.<\/p>\n<figure id=\"attachment_5178\" class=\"wp-caption aligncenter\"><a href=\"https:\/\/oscarenfotos.files.wordpress.com\/2012\/08\/richard-billingham-the-fa-001.jpeg\"><img loading=\"lazy\" decoding=\"async\" class=\" wp-image-5178\" title=\"Richard-Billingham-The-Fa-001\" src=\"https:\/\/oscarenfotos.files.wordpress.com\/2012\/08\/richard-billingham-the-fa-001.jpeg?w=384&amp;h=257\" alt=\"\" width=\"384\" height=\"257\" \/><\/a><figcaption class=\"wp-caption-text\">Sin t\u00edtulo. Richard Billlingham. 1994<\/figcaption><\/figure>\n<p>La fotograf\u00eda de intimidad toma prestado y redirecciona el dialecto de la fotograf\u00eda vern\u00e1cula (dom\u00e9stica) para hacer p\u00fablico lo que acontece en el terreno privado.<\/p>\n<p>La fotograf\u00eda \u00edntima descuida intencionalmente los aspectos t\u00e9cnicos para emular la fotograf\u00eda vern\u00e1cula, familiar. El fot\u00f3grafo trabaja una intencional falta de pericia y una est\u00e9tica de la instant\u00e1nea (<em>snap shot<\/em>) con errores intencionales como vibrados, encuadres defectuosos o problemas en el enfoque. Todo lo anterior se utiliza como medios formales para dar la se\u00f1al de intimidad entre el fot\u00f3grafo y el sujeto.<\/p>\n<p>En la fotograf\u00eda \u00edntima el c\u00edrculo m\u00e1s cercano, el ser amado, el grupo social m\u00e1s o menos cerrado es el centro de atenci\u00f3n. Tambi\u00e9n se incluyen aquellos momentos y eventos que exigen la preservaci\u00f3n\/memoria fotogr\u00e1fica. Es una reconstrucci\u00f3n de los sub-textos contenidos en la fotograf\u00eda vern\u00e1cula.<\/p>\n<p>En otros casos el fot\u00f3grafo nos hace testigos de escenas que generalmente se mantienen exclusivamente en el \u00e1mbito de la intimidad familiar: por ejemplo las im\u00e1genes de \u00a0Richard Billingham y su padre alcoh\u00f3lico. Larry Sultan nos devela el rostro de una familia de los suburbios estadounidenses. Nan Goldin abre las puertas de su grupo \u00edntimo con sus \u00e1ngeles y demonios.<\/p>\n<p><strong>Algunos artistas que practican la Fotograf\u00eda \u00cdntima<\/strong>: Nan Goldin, Larry Clark, Larry Sultan, Hiromix, Richard Billingham, Corinne Day, Juergen Teller, Wolfgang Tillmans, Anna Fox, Alessandra Sanguinetti, Nobuyoshi Araki.<\/p>\n<h1><strong><em>Retrato<\/em><\/strong><\/h1>\n<p>El <a title=\"Retrato y\u00a0fotograf\u00eda\" href=\"https:\/\/oscarenfotos.com\/2013\/07\/27\/retrato-y-fotografia\/\" target=\"_blank\"><strong>retrato<\/strong><\/a> rein\u00f3 durante el siglo XIX \u00a0y en el nuevo milenio el rostro humano capturado por la fotograf\u00eda sigue siendo uno de los temas recurrentes. \u00a0Se cre\u00eda que el rostro conforma un un aspecto fijo de la persona, inmutable e impuesto por el destino. Hoy la cara puede sufrir cualquier clase de mutaci\u00f3n mediante el maquillaje, la cirug\u00eda, el PhotoShop o una m\u00e1scara.<\/p>\n<figure id=\"attachment_5180\" class=\"wp-caption aligncenter\"><a href=\"https:\/\/oscarenfotos.files.wordpress.com\/2012\/08\/vibek.jpeg\"><img loading=\"lazy\" decoding=\"async\" class=\" wp-image-5180 \" title=\"vibek\" src=\"https:\/\/oscarenfotos.files.wordpress.com\/2012\/08\/vibek.jpeg?w=240&amp;h=373\" alt=\"\" width=\"240\" height=\"373\" \/><\/a><figcaption class=\"wp-caption-text\">Sin t\u00edtulo (Britney). Vibeke Tadberg. 2008<\/figcaption><\/figure>\n<p>La fotograf\u00eda contempor\u00e1nea \u00a0inquiere sobre el papel del rostro en la individualidad, un concepto mucho m\u00e1s problem\u00e1tico de lo que parec\u00eda. La fotograf\u00eda de identidad (pasaporte, carnet de conducir) resulta insuficiente para determinar la individualidad y eso se ha convertido en materia de reflexi\u00f3n para algunos artistas contempor\u00e1neos.<\/p>\n<figure id=\"attachment_5196\" class=\"wp-caption aligncenter\"><a href=\"https:\/\/oscarenfotos.files.wordpress.com\/2012\/08\/tumblr_m4qswumibk1qmusrao1_1280.jpeg\"><img loading=\"lazy\" decoding=\"async\" class=\" wp-image-5196\" title=\"tumblr_m4qswumIbk1qmusrao1_1280\" src=\"https:\/\/oscarenfotos.files.wordpress.com\/2012\/08\/tumblr_m4qswumibk1qmusrao1_1280.jpeg?w=230&amp;h=232\" alt=\"\" width=\"230\" height=\"232\" \/><\/a><figcaption class=\"wp-caption-text\">Your Body is a Battleground. Barbara Kruger. 1989<\/figcaption><\/figure>\n<p>Como dice\u00a0Barbara Kruger, el rostro es un campo de batalla. La fotograf\u00eda sirve para derribar las antiguas fachadas y construir nuevas. La c\u00e1mara capta ahora una renovada tipolog\u00eda de rostros que pueden incluir rostros falsificados, construidos, perdidos y recuperados.<\/p>\n<p><strong>Algunos artistas que practican el retrato contempor\u00e1neo:<\/strong>Val\u00e9rie Belin, Mona Schweizer, Raphael Hefti, Rineke Dijkstra, Suzanne Opton, Marie-Jo Lafontaine, Denis Rouvre, Anne\u00e8 Olofsson, Rafael Goldchain, <a title=\"Cindy Sherman, la ni\u00f1a de los\u00a0disfraces\" href=\"https:\/\/oscarenfotos.com\/2012\/08\/18\/cindy-sherman-la-nina-de-los-disfraces\/\" target=\"_blank\">Cindy Sherman<\/a>, Barbara Kruger, Pierre Radisic, Val\u00e9ri Rouyer, Alison Jackson, Vibeke Tadberg, Eva Lautherlein, Edith Roux.<\/p>\n<p>Para profundizar: Art\u00edculo<em> Retrato y Fotograf\u00eda<\/em> <a title=\"Retrato y\u00a0fotograf\u00eda\" href=\"https:\/\/oscarenfotos.com\/2013\/07\/27\/retrato-y-fotografia\/\" target=\"_blank\"><strong>disponible aqu\u00ed<\/strong><\/a>.<\/p>\n<h1><strong><em>El autorretrato<\/em><\/strong><\/h1>\n<p>Aunque podr\u00eda parecer un mero corolario del retrato, el<a title=\"Autorretrato y\u00a0fotograf\u00eda\" href=\"https:\/\/oscarenfotos.com\/2013\/08\/11\/autorretrato-y-fotografia\/\" target=\"_blank\"><strong>autorretrato<\/strong><\/a> es una de las posibilidades m\u00e1s vigorosas de la fotograf\u00eda contempor\u00e1nea.<\/p>\n<p>Mediante el autorretrato los artistas han empleado la fotograf\u00eda como un medio de expresar su raza, g\u00e9nero e incluso sexualidad y una alternativa para mostrar que la persona es algo m\u00e1s que la tr\u00edada de identidad occidental blanco-clasemediero-masculino.<\/p>\n<p><a href=\"https:\/\/oscarenfotos.files.wordpress.com\/2012\/08\/autorretrato_arte_contemporaneo.png\"><img decoding=\"async\" class=\" size-full wp-image-5170 aligncenter\" title=\"autorretrato_arte_contemporaneo\" src=\"https:\/\/oscarenfotos.files.wordpress.com\/2012\/08\/autorretrato_arte_contemporaneo.png?w=474\" alt=\"\" \/><\/a><\/p>\n<p>El autorretrato contempor\u00e1neo ofrece la posibilidad de retratar diferentes formas de ser. En ingl\u00e9s se denomina <em>self portrait <\/em>\u00a0y es precisamente un retrato del ser que ahora puede convertirse en una autobiograf\u00eda, una intervenci\u00f3n corporal, una mascarada y, por supuesto, una <em>performance.<\/em><\/li>\n<li>\n<h1><strong><em>Objetos<\/em><\/strong><\/h1>\n<p>La fotograf\u00eda tambi\u00e9n enfoca los objetos y su posibilidad para cambiar la percepci\u00f3n de la vida diaria. En la fotograf\u00eda contempor\u00e1nea es una nueva forma para realizar una transfusi\u00f3n entre el lugar p\u00fablico y el espacio privado.<\/p>\n<figure id=\"attachment_5181\" class=\"wp-caption aligncenter\"><a href=\"https:\/\/oscarenfotos.files.wordpress.com\/2012\/08\/uta_barth.jpeg\"><img decoding=\"async\" class=\"size-full wp-image-5181\" title=\"uta_barth\" src=\"https:\/\/oscarenfotos.files.wordpress.com\/2012\/08\/uta_barth.jpeg?w=474\" alt=\"\" \/><\/a><figcaption class=\"wp-caption-text\">Uta Barth<\/figcaption><\/figure>\n<p>La idea es contemplar los objetos que nos rodean de nuevas maneras para lograr con la fotograf\u00eda que los objetos de uso diario se vuelven extraordinarias Por medio de la foto, los objetos pueden contar con una carga visual y creativa m\u00e1s all\u00e1 de su funci\u00f3n diaria.<\/p>\n<p><strong>Algunos artistas que practican la fotograf\u00eda de objetos:<\/strong>Wolfang Tillmans, Uta Barth, Gabriel Orozco, Richard Wentworth, Jason Evans, Jean-Marc Bustamante, Wim Wanders, Anthony Hernandez.<\/p>\n<h1><strong><em>Apropiaci\u00f3n<\/em><\/strong><\/h1>\n<p>El modernismo daba gran importancia a los conceptos de autor\u00eda, originalidad y est\u00e9tica en la fotograf\u00eda. La actitud postmodernista es una genuina ant\u00edtesis \u00a0que busca explora m\u00e1s bien los fen\u00f3menos de diseminaci\u00f3n, reproducibilidad fotogr\u00e1fica, falsedad y m\u00edmica.<\/p>\n<figure id=\"attachment_5182\" class=\"wp-caption aligncenter\"><a href=\"https:\/\/oscarenfotos.files.wordpress.com\/2012\/08\/sherman03.jpeg\"><img decoding=\"async\" class=\"size-full wp-image-5182\" title=\"sherman03\" src=\"https:\/\/oscarenfotos.files.wordpress.com\/2012\/08\/sherman03.jpeg?w=474\" alt=\"\" \/><\/a><figcaption class=\"wp-caption-text\">Sin t\u00edtulo. De la serie \u201cUntitled Film Stills\u201d. Cindy Serman. 1977<\/figcaption><\/figure>\n<p>En la Apropiaci\u00f3n, el fot\u00f3grafo puede tomar prestada de forma abierta otras im\u00e1genes. En este caso se siguen las ideas de Foucault y Barthes donde el significado de la imagen no se encuentra bajo el control del autor, sino que se determina por la referencia del observador ante otros signos e im\u00e1genes. En este caso, el sentido de la fotograf\u00eda proviene del conocimiento visual y cultural del observador.<\/p>\n<p>Resulta muy interesante el trabajo de Aneta Grzeszykowska quien ha recreado una parte del repertorio del hist\u00f3rico trabajo de <a title=\"Cindy Sherman, la ni\u00f1a de los\u00a0disfraces\" href=\"https:\/\/oscarenfotos.com\/2012\/08\/18\/cindy-sherman-la-nina-de-los-disfraces\/\" target=\"_blank\">Cindy Sherman<\/a>\u00a0<em>Untitled Film Stills<\/em>. Grzeszykowska se apropia de las im\u00e1genes de Sherman para crear nuevas fotograf\u00edas. Es, aut\u00e9nticamente, un arte que se muerde la cola.<\/p>\n<figure id=\"attachment_5183\" class=\"wp-caption aligncenter\"><a href=\"https:\/\/oscarenfotos.files.wordpress.com\/2012\/08\/aneta-grzeszykowska-untitled-film-stills-3-2006.jpeg\"><img decoding=\"async\" class=\"size-full wp-image-5183 \" title=\"aneta-grzeszykowska-untitled-film-stills-3-2006\" src=\"https:\/\/oscarenfotos.files.wordpress.com\/2012\/08\/aneta-grzeszykowska-untitled-film-stills-3-2006.jpeg?w=474\" alt=\"\" \/><\/a><figcaption class=\"wp-caption-text\">Untitled Film Stills #3. Grzeszykowska. 2006<\/figcaption><\/figure>\n<p>En la apropiaci\u00f3n el fot\u00f3grafo recicla, reprocesa, se apropia, satiriza, revive y rehace el imaginario colectivo.<\/p>\n<p><strong>Algunos artistas que practican la Apropiaci\u00f3n:<\/strong>\u00a0<a title=\"Cindy Sherman, la ni\u00f1a de los\u00a0disfraces\" href=\"https:\/\/oscarenfotos.com\/2012\/08\/18\/cindy-sherman-la-nina-de-los-disfraces\/\" target=\"_blank\">Cindy Sherman<\/a>, Penelope Umbrico, Richard Prince, Yasumasa Morimura, <a title=\"Gillian Wearing: Viaje al fondo de la\u00a0identidad\" href=\"https:\/\/oscarenfotos.com\/2013\/04\/14\/gillian-wearing-viaje-al-fondo-de-la-identidad\/\" target=\"_blank\">Gillian Wearing<\/a>, Richard Prince, Vik Muniz, Trish Morrissey, Jemima Stehli, Coller Schorr, Joan Fontcuberta, Aleksandra Mir, Adam Fuss, John Divola, Hans-Peter Feldman, Tacita Dean, Thomas Ruff, <a title=\"Francisco Mata Rosas: el punto de vista en construcci\u00f3n\" href=\"https:\/\/oscarenfotos.com\/2014\/05\/26\/francisco-mata-rosas-el-punto-de-vista-en-construccion\/\" target=\"_blank\">Francisco Mata Rosas<\/a>, Aneta Grzeszykowska.<\/p>\n<h1><strong><em>Archivo, historia, huellas, memoria<\/em><\/strong><\/h1>\n<p>La fotograf\u00eda comenz\u00f3 como un veh\u00edculo perfecto para el recuento hist\u00f3rico, el archivo de datos, la preservaci\u00f3n de huellas. En resumen, para preservar la memoria de la humanidad.<\/p>\n<p>Estas antiguas y venerables funciones son reconstruidas y repensadas en la fotograf\u00eda contempor\u00e1nea.<\/p>\n<figure id=\"attachment_5184\" class=\"wp-caption aligncenter\"><a href=\"https:\/\/oscarenfotos.files.wordpress.com\/2012\/08\/nobody.jpeg\"><img decoding=\"async\" class=\"size-full wp-image-5184 \" title=\"nobody\" src=\"https:\/\/oscarenfotos.files.wordpress.com\/2012\/08\/nobody.jpeg?w=474\" alt=\"\" \/><\/a><figcaption class=\"wp-caption-text\">The Day Nobody Died. Broomberg &amp; Chanarin. 2008<\/figcaption><\/figure>\n<p>Desde un an\u00e1lisis semi\u00f3tico, toda fotograf\u00eda es un <em>\u00edndex<\/em>, una huella. La fotograf\u00eda contempor\u00e1nea registra la huella de la acci\u00f3n.<\/p>\n<p>Si en el siglo XIX y XX la fotograf\u00eda ten\u00eda la magia que lleva al observador \u201cal lugar mismo de los hechos, durante el momento mismo de la acci\u00f3n\u201d.<\/p>\n<figure id=\"attachment_5185\" class=\"wp-caption aligncenter\"><a href=\"https:\/\/oscarenfotos.files.wordpress.com\/2012\/08\/paul_valley.jpeg\"><img decoding=\"async\" class=\"size-full wp-image-5185 \" title=\"Paul_Valley\" src=\"https:\/\/oscarenfotos.files.wordpress.com\/2012\/08\/paul_valley.jpeg?w=474\" alt=\"\" \/><\/a><figcaption class=\"wp-caption-text\">Valley. Paul Seawright. 1999<\/figcaption><\/figure>\n<p>La fotograf\u00eda contempor\u00e1nea encara m\u00e1s bien una actitud contemplativa. Se usan c\u00e1maras de gran formato en contraposici\u00f3n a las port\u00e1tiles de 35mm. Al igual que Roger Fenton y sus im\u00e1genes de la Guerra de Crimea, la fotograf\u00eda contempor\u00e1nea es un recuento de lo da\u00f1os, se obedece a lo que podr\u00edamos llamar la est\u00e9tica del <em>aftermath<\/em>.<\/p>\n<p><strong>Algunos artistas que practican este g\u00e9nero:<\/strong> Simon Norfolk, Adam Broomberg &amp; Oliver Chanarin, Bruce Nauman, Mac Adams, Robert Cumming, Gerhard Richter, Richard Misrach.<\/p>\n<figure id=\"attachment_5187\" class=\"wp-caption aligncenter\"><a href=\"https:\/\/oscarenfotos.files.wordpress.com\/2012\/08\/roger_fenton_crimean_war_guerra_de_crimea.jpg\"><img decoding=\"async\" class=\"size-full wp-image-5187\" title=\"roger_fenton_crimean_war_guerra_de_crimea\" src=\"https:\/\/oscarenfotos.files.wordpress.com\/2012\/08\/roger_fenton_crimean_war_guerra_de_crimea.jpg?w=474\" alt=\"\" \/><\/a><figcaption class=\"wp-caption-text\">Guerra de Crimea. Roger Fenton. 1855<\/figcaption><\/figure>\n<h1><strong><em>\u00bfY eso es arte? \u00a1Por supuesto!<\/em><\/strong><\/h1>\n<p>En el art\u00edculo <a title=\"\u00bfEso es arte? La fotograf\u00eda en arenas\u00a0movedizas\" href=\"https:\/\/oscarenfotos.com\/2012\/07\/08\/esto-es-arte-la-fotografia-en-arenas-movediza\/\" target=\"_blank\"><em>Y eso es arte? La fotograf\u00eda en arenas movedizas<\/em><\/a>\u00a0coment\u00e1bamos sobre la estupefacci\u00f3n del observador ante la fotograf\u00eda contempor\u00e1nea. Nadie ha de sentirse mal, la fotograf\u00eda contempor\u00e1nea es extraordinariamente compleja, muchas veces brutal, otras inefable y sutil. Es imposible comprenderla con los c\u00f3digos de la fotograf\u00eda art\u00edstica propia del modernismo o los g\u00e9neros documentales. Se requiere comprender el <a title=\"\u00bfEso es arte? La fotograf\u00eda en arenas\u00a0movedizas\" href=\"https:\/\/oscarenfotos.com\/2012\/07\/08\/esto-es-arte-la-fotografia-en-arenas-movediza\/\" target=\"_blank\">contexto hist\u00f3rico de las reyertas arte\/fotograf\u00eda<\/a>, el <a title=\"El arte conceptual y la\u00a0fotograf\u00eda\" href=\"https:\/\/oscarenfotos.com\/2012\/07\/15\/el-arte-conceptual-y-la-fotografia\/\" target=\"_blank\">arte conceptual<\/a>, las relaciones <a title=\"Fotograf\u00eda art\u00edstica contempor\u00e1nea: imagen e\u00a0imaginaci\u00f3n\" href=\"https:\/\/oscarenfotos.com\/2012\/07\/22\/fotografia-imagen-e-imaginacion\/\" target=\"_blank\">imagen-imaginaci\u00f3n<\/a> as\u00ed como la<a title=\"Fotograf\u00eda art\u00edstica contempor\u00e1nea: idea y\u00a0concepto\" href=\"https:\/\/oscarenfotos.com\/2012\/07\/29\/fotografia-artistica-contemporanea-idea-y-concepto\/\" target=\"_blank\"> idea-concepto<\/a>.<\/p>\n<p>Con el presente art\u00edculo ofrecemos al lector una herramienta de lectura adicional. Presentamos nuevamente las fotograf\u00edas del<a title=\"\u00bfEso es arte? La fotograf\u00eda en arenas\u00a0movedizas\" href=\"https:\/\/oscarenfotos.com\/2012\/07\/08\/esto-es-arte-la-fotografia-en-arenas-movediza\/\" target=\"_blank\"> primer art\u00edculo de esta serie<\/a> con una pregunta sencilla \u00bfPuede ahora el lector descifrar un poco mejor estas tres fotograf\u00edas?<\/p>\n<table border=\"0\" cellspacing=\"0\" cellpadding=\"0\">\n<tbody>\n<tr>\n<td valign=\"top\" width=\"144\">\n<figure id=\"attachment_4031\" class=\"wp-caption alignnone\"><a href=\"https:\/\/oscarenfotos.files.wordpress.com\/2012\/08\/wolfgang_tillmans.jpeg\"><img loading=\"lazy\" decoding=\"async\" class=\" wp-image-4031 \u00a0 \" title=\"wolfgang_tillmans\" src=\"https:\/\/oscarenfotos.files.wordpress.com\/2012\/08\/wolfgang_tillmans.jpeg?w=137&amp;h=200\" alt=\"\" width=\"137\" height=\"200\" \/><\/a><figcaption class=\"wp-caption-text\">Wolfgang Tillmans<\/figcaption><\/figure>\n<\/td>\n<td valign=\"top\" width=\"144\">\n<figure id=\"attachment_4035\" class=\"wp-caption alignnone\"><a href=\"https:\/\/oscarenfotos.files.wordpress.com\/2012\/08\/blalock_lucas.jpg\"><img loading=\"lazy\" decoding=\"async\" class=\" wp-image-4035 \" title=\"blalock_lucas\" src=\"https:\/\/oscarenfotos.files.wordpress.com\/2012\/08\/blalock_lucas.jpg?w=159&amp;h=200\" alt=\"\" width=\"159\" height=\"200\" \/><\/a><figcaption class=\"wp-caption-text\">Lucas Blalock<\/figcaption><\/figure>\n<\/td>\n<td valign=\"top\" width=\"144\">\n<figure id=\"attachment_4033\" class=\"wp-caption alignnone\"><a href=\"https:\/\/oscarenfotos.files.wordpress.com\/2012\/08\/richard_billingham_untitled11.jpg\"><img loading=\"lazy\" decoding=\"async\" class=\" wp-image-4033 \u00a0\" title=\"richard_billingham_untitled11\" src=\"https:\/\/oscarenfotos.files.wordpress.com\/2012\/08\/richard_billingham_untitled11.jpg?w=134&amp;h=200\" alt=\"\" width=\"134\" height=\"200\" \/><\/a><figcaption class=\"wp-caption-text\">Richard Billingham<\/figcaption><\/figure>\n<\/td>\n<\/tr>\n<\/tbody>\n<\/table>\n<p>No podemos cerrar a\u00fan el tema de la fotograf\u00eda art\u00edstica contempor\u00e1nea. A\u00fan hace falta una mirada al <a title=\"Fotograf\u00eda Art\u00edstica Contempor\u00e1nea: \u00bfCu\u00e1nto dijo que costaba\u00a0eso?\" href=\"https:\/\/oscarenfotos.com\/2012\/08\/12\/cuanto-dijo-que-costaba-eso\/\" target=\"_blank\">valor monetario de la fotograf\u00eda art\u00edstica<\/a>, y analizar con mayor detalle a cinco fot\u00f3grafas contempor\u00e1neas que trabajan el tema de la identidad y quienes juntas ofrecen un interesante panorama de la fotograf\u00eda reciente: <a title=\"Cindy Sherman, la ni\u00f1a de los\u00a0disfraces\" href=\"https:\/\/oscarenfotos.com\/2012\/08\/18\/cindy-sherman-la-nina-de-los-disfraces\/\" target=\"_blank\">Cindy Sherman<\/a>, <a title=\"Nikki S. Lee y el \u201cyo\u201d a partir de los\u00a0dem\u00e1s\" href=\"https:\/\/oscarenfotos.com\/2013\/04\/07\/nikki-s-lee\/\" target=\"_blank\">Nikki S. Lee<\/a>, <a title=\"Gillian Wearing: Viaje al fondo de la\u00a0identidad\" href=\"https:\/\/oscarenfotos.com\/2013\/04\/14\/gillian-wearing-viaje-al-fondo-de-la-identidad\/\" target=\"_blank\">Gillian Wearing<\/a>, <a title=\"Kimiko Yoshida y la desaparici\u00f3n\u00a0ritual\" href=\"https:\/\/oscarenfotos.com\/2013\/05\/26\/kimiko_yoshida_desapariciones\/\">Kimiko Yoshida<\/a> y<a title=\"Tomoko Sawada: complejo de\u00a0multiplicidad\" href=\"https:\/\/oscarenfotos.com\/2013\/04\/25\/tomoko-sawada-complejo-de-multiplicidad\/\" target=\"_blank\">Tomoko Sawada<\/a>. \u00a0Tambi\u00e9n ofrecemos al lector una lista con m\u00e1s de <strong><a title=\"Fotograf\u00eda art\u00edstica contempor\u00e1nea: 160\u00a0nombres\" href=\"https:\/\/oscarenfotos.com\/2012\/08\/26\/fotografia_artistica_contemporanea_160_nombres_fundamentales\/\">160 artistas de la fotograf\u00eda contempor\u00e1nea<\/a><\/strong>.<\/p>\n<p><em>\u00a0<\/em><\/p>\n<hr \/>\n<p><a href=\"https:\/\/oscarenfotos.files.wordpress.com\/2014\/08\/ocn_small.png\"><img decoding=\"async\" class=\"alignleft size-full wp-image-26153\" src=\"https:\/\/oscarenfotos.files.wordpress.com\/2014\/08\/ocn_small.png?w=474\" alt=\"ocn_small\" \/><\/a>*\u00a0<a href=\"http:\/\/www.oscarcolorado.net\/\"><b>\u00d3scar Colorado Nates<\/b><\/a>\u00a0es Profesor\/Investigador titular de la\u00a0C\u00e1tedra de\u00a0<b>Fotograf\u00eda Avanzada<\/b>\u00a0en la Universidad Panamericana (Ciudad de M\u00e9xico).<\/p>\n<p>Es autor de los libros:<\/p>\n<ul>\n<li>\u00a0<em>Ideas Decisivas: 650 reflexiones fotogr\u00e1ficas<\/em><\/li>\n<li>\u00a0<em>Fotograf\u00eda 3.0 Y despu\u00e9s de la Postfotograf\u00eda \u00bfQu\u00e9?<\/em><\/li>\n<li><em>Instagram, el ojo del mundo<\/em><\/li>\n<li><i>\u00a0Fotograf\u00eda de documentalismo social<\/i><\/li>\n<li><i>Fotograf\u00eda Art\u00edstica Contempor\u00e1nea<\/i><\/li>\n<li><i>El Mejor Fot\u00f3grafo del Mundo.<\/i><\/li>\n<\/ul>\n<p>Co-fundador de la <strong>Sociedad Mexicana de Daguerrotipia<\/strong> y miembro de<em>\u00a0<strong>The Photographic Historical Society<\/strong><\/em>(Rochester, NY).<\/p>\n<p><em>Las opiniones vertidas en los art\u00edculos son personales y no reflejan necesariamente las posturas de la Universidad Panamericana.<\/em><\/p>\n<p>_____<\/p>\n<h6>Notas<\/h6>\n<h6><\/h6>\n<h6>Fuente Principal https:\/\/oscarenfotos.com\/2012\/08\/05\/generos-y-subgeneros-en-la-fotografia-contemporanea\/<\/h6>\n<h6>[1] Cotton, Charlotte. <strong><em>The photograph as contemporary art<\/em>. <\/strong>Edit. Thames &amp; Hudson, Londres, 2009, Pag. 49<\/h6>\n<h6>[2] (Las negritas son nuestras) Picaude, Val\u00e9rie y Arba\u00efz, Philippe (Eds.) <em>La confusi\u00f3n de g\u00e9neros en fotograf\u00eda<\/em>. Edit. Gustavo Gili, Barcelona 2004, P\u00e1g. 25<\/h6>\n<h6><strong>Bibliograf\u00eda<\/strong><\/h6>\n<ul>\n<li>\n<h6>Bright, Susan. <em>Fotograf\u00eda hoy.<\/em> Nerea, San Sebasti\u00e1n, 2005, 224 pp.<\/h6>\n<\/li>\n<li>\n<h6>Bright, Susan. <em>Autofocus: The self-portrait in contemporary photography.<\/em> Edit. Thames &amp; Hudson, Ondon, 2012, 224 pp.<\/h6>\n<\/li>\n<li>\n<h6>Campany, David. <em>Arte y fotograf\u00eda.<\/em> Edit. Phaidon, Londres, 2006, 220 pp.<\/h6>\n<\/li>\n<li>\n<h6>Cotton, Charlotte.\u00a0<em>The photograph as contemporary art<\/em><strong>.\u00a0<\/strong>Edit. Thames &amp; Hudson, London, 2009, 248 pp.<\/h6>\n<\/li>\n<li>\n<h6>Demos, T. J.,\u00a0<em>Vitamin PH, new perspectives in photography<\/em>. Edit. Phaidon, London, 2006, 352 pp.<\/h6>\n<\/li>\n<li>\n<h6>Ewing, William A.\u00a0<em>El rostro humano<\/em>. Edit. Blume, Barcelona, 2008, 239 pp.<\/h6>\n<\/li>\n<li>\n<h6>Church, Charlotee.\u00a0<em>The photograph as contemporary art<\/em><strong>.\u00a0<\/strong>Edit. Thames &amp; Hudson, Londres, 2009, Pag. 49<\/h6>\n<\/li>\n<li>\n<h6>Grosenick, Uta, Seelig, Thomas.\u00a0<em>Photo ARt. The new world of photography.\u00a0<\/em>Edit. Thomas &amp; Hudson, London, 2007, 520 pp.<\/h6>\n<\/li>\n<li>\n<h6>Picaude, Val\u00e9rie y Arba\u00efz, Philippe (Eds.)\u00a0<em>La confusi\u00f3n de g\u00e9neros en fotograf\u00eda<\/em>. Edit. Gustavo Gili, Barcelona 2004<\/h6>\n<\/li>\n<li>\n<h6>Pontbriand, Chantal (Ed.)\u00a0<em>Mutations: Perspectives in Photogrpahy.<\/em> Edit. Steidl, Paris, 2001, 413 pp.<\/h6>\n<\/li>\n<\/ul>\n<h6>_____<\/h6>\n<h6><em><strong>Informaci\u00f3n legal<\/strong>: Todas las fotograf\u00edas se presentan sin intenci\u00f3n de lucro y con fines de cr\u00edtica y\/o investigaci\u00f3n cient\u00edfica, literaria y\/o art\u00edstica bajo lo previsto en la legislaci\u00f3n vigente por conducto de los tratados internacionales en materia de derechos de autor. <a href=\"https:\/\/oscarenfotos.wordpress.com\/2008\/10\/12\/links-de-fotografia-20\/\" target=\"_blank\">Consulte en este enlace la informaci\u00f3n legal respecto del uso de im\u00e1genes fijas, video y audio en este sitio<\/a>.<\/em><\/h6>\n<\/li>\n<\/ul>\n","protected":false},"excerpt":{"rendered":"<p>Se ha dividido\u00a0\u00a0a la fotograf\u00eda contempor\u00e1nea en diez posibilidades: Fotograf\u00eda art\u00edstica conceptual,\u00a0Narrativa,\u00a0Impasibilidad,\u00a0Ciudad y cotidianidad,\u00a0Retrato,\u00a0Objetos,\u00a0Autorretrato,\u00a0Archivo-historia-huellas-memoria,\u00a0Apropiaci\u00f3n,\u00a0Intimidad. Arte Conceptual En los \u00faltimos a\u00f1os los fot\u00f3grafos han utilizado un gran n\u00famero de estrategias art\u00edsticas como la performance, el\u00a0happening, la instalaci\u00f3n o la intervenci\u00f3n. Es importante recordar que la fotograf\u00eda comenz\u00f3 a emplearse como un m\u00e9todo de documentaci\u00f3n del hecho [&hellip;]<\/p>\n","protected":false},"author":10260,"featured_media":0,"parent":0,"menu_order":0,"comment_status":"closed","ping_status":"closed","template":"","meta":{"footnotes":""},"class_list":["post-64","page","type-page","status-publish","hentry"],"_links":{"self":[{"href":"https:\/\/blog.espol.edu.ec\/gemazamb\/wp-json\/wp\/v2\/pages\/64","targetHints":{"allow":["GET"]}}],"collection":[{"href":"https:\/\/blog.espol.edu.ec\/gemazamb\/wp-json\/wp\/v2\/pages"}],"about":[{"href":"https:\/\/blog.espol.edu.ec\/gemazamb\/wp-json\/wp\/v2\/types\/page"}],"author":[{"embeddable":true,"href":"https:\/\/blog.espol.edu.ec\/gemazamb\/wp-json\/wp\/v2\/users\/10260"}],"replies":[{"embeddable":true,"href":"https:\/\/blog.espol.edu.ec\/gemazamb\/wp-json\/wp\/v2\/comments?post=64"}],"version-history":[{"count":3,"href":"https:\/\/blog.espol.edu.ec\/gemazamb\/wp-json\/wp\/v2\/pages\/64\/revisions"}],"predecessor-version":[{"id":75,"href":"https:\/\/blog.espol.edu.ec\/gemazamb\/wp-json\/wp\/v2\/pages\/64\/revisions\/75"}],"wp:attachment":[{"href":"https:\/\/blog.espol.edu.ec\/gemazamb\/wp-json\/wp\/v2\/media?parent=64"}],"curies":[{"name":"wp","href":"https:\/\/api.w.org\/{rel}","templated":true}]}}