{"id":66,"date":"2016-05-22T19:51:32","date_gmt":"2016-05-22T19:51:32","guid":{"rendered":"http:\/\/blog.espol.edu.ec\/gemazamb\/?page_id=66"},"modified":"2016-07-10T18:26:49","modified_gmt":"2016-07-10T18:26:49","slug":"conoce-mas-a-la-autora","status":"publish","type":"page","link":"https:\/\/blog.espol.edu.ec\/gemazamb\/conoce-mas-a-la-autora\/","title":{"rendered":"La autora"},"content":{"rendered":"<p><em><strong>Mi nombre es Gema Zambrano<\/strong><\/em>, soy del pais Ecuador, desde muy corta edad me ha llamado la atenci\u00f3n el arte y la fotograf\u00eda,a lo largo del tiempo he tenido la oportunidad de conocer varias personas trascendentales en mi vida, y estoy muy agradecida de ello.<img loading=\"lazy\" decoding=\"async\" class=\"alignright\" src=\"https:\/\/fbcdn-sphotos-h-a.akamaihd.net\/hphotos-ak-xpa1\/v\/t1.0-9\/535909_10206472166069022_7382159317611013392_n.jpg?oh=6cb75dde3fee7a62851834341a998aa6&amp;oe=57E290F6&amp;__gda__=1474506574_67da4acb9c2e9c95da80099f14062bc3\" alt=\"\" width=\"278\" height=\"278\" \/><\/p>\n<p>Nac\u00ed \u00a0el 6 de agosto de 1997, mi familia est\u00e1 formada por un padre, una madre y dos hermanos mayores a mi, siempre me han gustado los libros, desde peque\u00f1a me ha llamado la atenci\u00f3n la fotograf\u00eda debido a\u00a0capacidad que tiene\u00a0en\u00a0captar un momento que incluso la memoria se le puede escapar, lo cierto es que con tantas obligaciones uno llega olvidar peque\u00f1os detalles que nos roban una sonrisa, y en ocasiones esa fotograf\u00eda nos recuerda ese momento que nos da felicidad,<\/p>\n<p>No puedo decir que soy perfecta o tengo una vida perfecta, ciertamente todo lo que tengo es por mis padres que\u00a0por cierto me siento\u00a0orgullosa de ellos,\u00a0todos los peque\u00f1os triunfos que he tenido a lo largo de mi vida a sido por ellos y por la dedicaci\u00f3n en cada una de mis acciones. <img loading=\"lazy\" decoding=\"async\" class=\"wp-image-96 alignleft\" src=\"http:\/\/blog.espol.edu.ec\/gemazamb\/files\/2016\/05\/13036495_10209113478183884_1573939273_o-1-850x478.jpg\" alt=\"13036495_10209113478183884_1573939273_o\" width=\"283\" height=\"159\" srcset=\"https:\/\/blog.espol.edu.ec\/gemazamb\/files\/2016\/05\/13036495_10209113478183884_1573939273_o-1-850x478.jpg 850w, https:\/\/blog.espol.edu.ec\/gemazamb\/files\/2016\/05\/13036495_10209113478183884_1573939273_o-1-250x141.jpg 250w\" sizes=\"auto, (max-width: 283px) 100vw, 283px\" \/><\/p>\n<p>Desde los nueve a\u00f1os me llamaba la atenci\u00f3n los idiomas, principalmente el ingl\u00e9s debido a que mi hermano mayor lo hablaba sin complicaciones \u00a0y ciertamente mi hermano mayor a pesar de ser hermano ,es mi amigo, mentor y consejero y siento una gran admiraci\u00f3n\u00a0a mis dos hermanos<\/p>\n<p>He tenido varias mascotas como conejos, p\u00e1jaros, tortugas y ahora \u00faltimo un perro que se ha ganado el coraz\u00f3n \u00a0de cada uno de mi familia ,incluy\u00e9ndome. Desde el 2006 form\u00f3 parte de nosotros y aunque pase el tiempo siempre ser\u00e1 ese cachorro que se sub\u00eda a los muebles y com\u00eda zapatos.<\/p>\n<p><img loading=\"lazy\" decoding=\"async\" class=\"alignleft\" src=\"https:\/\/fbcdn-photos-b-a.akamaihd.net\/hphotos-ak-xpt1\/v\/t1.0-0\/p206x206\/12075049_10207699139306296_4460638155285322221_n.jpg?oh=ffe4b89217c817c141fb031a2c1433ca&amp;oe=57D16886&amp;__gda__=1473939556_1b5650c41a58ab5f661cb8b102eb1cc5\" alt=\"\" width=\"122\" height=\"163\" \/>As\u00ed mismo gracias a la vida he conocido personas maravillosas que\u00a0est\u00e1n presente<img loading=\"lazy\" decoding=\"async\" class=\"wp-image-96 alignright\" src=\"http:\/\/blog.espol.edu.ec\/gemazamb\/files\/2016\/07\/13275211_10209326132780116_672427246_o.jpg\" alt=\"13036495_10209113478183884_1573939273_o\" width=\"157\" height=\"209\" \/> en mi vida, como lo es mi mejor amiga-hermana- que aunque crecimos y tomamos caminos separados siento que nuestro vinculo no se ha perdido y contin\u00faa intacto, amigos del colegio que se han ganado ese t\u00edtulo y finalmente pero no menos importante aquel amigo que no solo se gano mi amistad sino que robo mi coraz\u00f3n, el me ha<br \/>\nmostrado su mundo, como yo el m\u00edo y debo decir que desde que entro a mi vida muchas cosas han cambiado y admito que para bien.<\/p>\n<p>Gracias a mis padres y hermanos he podido viajar a otros pa\u00edses, conocer gente, cultura<br \/>\ny tradiciones, y <img loading=\"lazy\" decoding=\"async\" class=\"alignleft\" src=\"https:\/\/fbcdn-sphotos-a-a.akamaihd.net\/hphotos-ak-xaf1\/v\/t1.0-9\/11723_10206037790053603_9023828772747950365_n.jpg?oh=b13d8d22f80ef369bcf735a6bc8859d0&amp;oe=57DCBFF1&amp;__gda__=1474102927_42f37f42bebbc0cf03c5ec8a815562ce\" alt=\"\" width=\"399\" height=\"177\" \/>tener otra perspectiva de lo que yo cre\u00eda que era la vida...<\/p>\n<p>Actualmente estudio en la universidad (ESPOL)y me siento orgullosa de ser miembro porque\u00a0a pesar que no es la mejor del mundo , es una de las mejores dentro del\u00a0pa\u00eds (con algo se empieza y debo admitir que yo sue\u00f1o en grande) y gracias a esta he podido conocer a los que ser\u00edan mis amigos durante esta traves\u00eda, aquellos que me acompa\u00f1aran y se que compartiremos gratos momentos juntos porque nos hemos vuelto como una familia y como toda familia deseamos lo mejor entre nosotros..<\/p>\n<p><img loading=\"lazy\" decoding=\"async\" class=\"wp-image-96 alignnone\" src=\"http:\/\/blog.espol.edu.ec\/gemazamb\/files\/2016\/07\/13288813_10209343270848557_2001903605_n.jpg\" alt=\"13036495_10209113478183884_1573939273_o\" width=\"201\" height=\"269\" \/><img loading=\"lazy\" decoding=\"async\" class=\"wp-image-96 alignnone\" src=\"http:\/\/blog.espol.edu.ec\/gemazamb\/files\/2016\/07\/13293338_10209343247047962_595382414_n.jpg\" alt=\"13036495_10209113478183884_1573939273_o\" width=\"200\" height=\"267\" \/><img loading=\"lazy\" decoding=\"async\" class=\"wp-image-96 alignnone\" src=\"http:\/\/blog.espol.edu.ec\/gemazamb\/files\/2016\/07\/13288053_10209343270888558_1663071490_o.jpg\" alt=\"13036495_10209113478183884_1573939273_o\" width=\"150\" height=\"266\" \/><img loading=\"lazy\" decoding=\"async\" class=\"wp-image-96 alignnone\" src=\"http:\/\/blog.espol.edu.ec\/gemazamb\/files\/2016\/07\/13262340_10209343283328869_1299257799_o.jpg\" alt=\"13036495_10209113478183884_1573939273_o\" width=\"150\" height=\"266\" \/><\/p>\n<p>&nbsp;<\/p>\n<p>&nbsp;<\/p>\n","protected":false},"excerpt":{"rendered":"<p>Mi nombre es Gema Zambrano, soy del pais Ecuador, desde muy corta edad me ha llamado la atenci\u00f3n el arte y la fotograf\u00eda,a lo largo del tiempo he tenido la oportunidad de conocer varias personas trascendentales en mi vida, y estoy muy agradecida de ello. Nac\u00ed \u00a0el 6 de agosto de 1997, mi familia est\u00e1 [&hellip;]<\/p>\n","protected":false},"author":10260,"featured_media":0,"parent":0,"menu_order":0,"comment_status":"closed","ping_status":"closed","template":"","meta":{"footnotes":""},"class_list":["post-66","page","type-page","status-publish","hentry"],"_links":{"self":[{"href":"https:\/\/blog.espol.edu.ec\/gemazamb\/wp-json\/wp\/v2\/pages\/66","targetHints":{"allow":["GET"]}}],"collection":[{"href":"https:\/\/blog.espol.edu.ec\/gemazamb\/wp-json\/wp\/v2\/pages"}],"about":[{"href":"https:\/\/blog.espol.edu.ec\/gemazamb\/wp-json\/wp\/v2\/types\/page"}],"author":[{"embeddable":true,"href":"https:\/\/blog.espol.edu.ec\/gemazamb\/wp-json\/wp\/v2\/users\/10260"}],"replies":[{"embeddable":true,"href":"https:\/\/blog.espol.edu.ec\/gemazamb\/wp-json\/wp\/v2\/comments?post=66"}],"version-history":[{"count":12,"href":"https:\/\/blog.espol.edu.ec\/gemazamb\/wp-json\/wp\/v2\/pages\/66\/revisions"}],"predecessor-version":[{"id":76,"href":"https:\/\/blog.espol.edu.ec\/gemazamb\/wp-json\/wp\/v2\/pages\/66\/revisions\/76"}],"wp:attachment":[{"href":"https:\/\/blog.espol.edu.ec\/gemazamb\/wp-json\/wp\/v2\/media?parent=66"}],"curies":[{"name":"wp","href":"https:\/\/api.w.org\/{rel}","templated":true}]}}