{"id":115,"date":"2015-11-09T21:53:16","date_gmt":"2015-11-09T21:53:16","guid":{"rendered":"http:\/\/blog.espol.edu.ec\/giscacri\/?page_id=115"},"modified":"2015-11-09T22:00:28","modified_gmt":"2015-11-09T22:00:28","slug":"identidad","status":"publish","type":"page","link":"https:\/\/blog.espol.edu.ec\/giscacri\/identidad\/","title":{"rendered":"Identidad"},"content":{"rendered":"<table>\n<tbody>\n<tr>\n<td width=\"100%\">\n<ul>\n<li><em><strong>Himno a Pi\u00f1as<\/strong><\/em><\/li>\n<\/ul>\n<\/td>\n<\/tr>\n<\/tbody>\n<\/table>\n<table style=\"height: 1033px\" width=\"823\">\n<tbody>\n<tr>\n<td colspan=\"2\" valign=\"top\">\u00a0<img loading=\"lazy\" decoding=\"async\" class=\"alignleft\" src=\"http:\/\/blog.espol.edu.ec\/fquezada\/files\/2013\/05\/Escudo_de_pi%C3%B1as.jpg\" alt=\"\" width=\"235\" height=\"267\" \/><br \/>\n<img loading=\"lazy\" decoding=\"async\" class=\"alignleft\" title=\"Historia de nuestra Bandera\" src=\"https:\/\/upload.wikimedia.org\/wikipedia\/commons\/4\/4c\/Bandera_de_pinas.jpg\" alt=\"\" width=\"275\" height=\"206\" \/><\/td>\n<\/tr>\n<tr>\n<td colspan=\"2\" valign=\"top\">\n<table class=\" aligncenter\" style=\"height: 792px\" border=\"0\" width=\"220\" cellspacing=\"0\" cellpadding=\"0\">\n<tbody>\n<tr>\n<th style=\"text-align: center\" valign=\"top\" width=\"100%\"><strong>Letra: Araldo G. Gallardo A\u00f1asco<br \/>\nM\u00fasica: Segundo Cueva Celi<\/strong><\/th>\n<\/tr>\n<tr>\n<td valign=\"top\" width=\"100%\">\n<p align=\"center\"><strong><span style=\"color: #339966\">Coro<\/span><\/strong><\/p>\n<\/td>\n<\/tr>\n<tr>\n<td valign=\"top\" width=\"100%\">\n<p align=\"center\"><strong><span style=\"color: #339966\">Salve, Oh Pi\u00f1as, Oh tierra adorada,<\/span><\/strong><br \/>\n<strong><span style=\"color: #339966\">ya que te hallas cubierta de gloria,<\/span><\/strong><br \/>\n<strong><span style=\"color: #339966\">oye el himno de dicha y victoria<\/span><\/strong><br \/>\n<strong><span style=\"color: #339966\">por la aut\u00f3noma vida alcanzada<\/span><\/strong><\/p>\n<\/td>\n<\/tr>\n<tr>\n<td valign=\"top\" width=\"100%\">\n<p align=\"center\"><strong><span style=\"color: #339966\">I<\/span><\/strong><\/p>\n<\/td>\n<\/tr>\n<tr>\n<td valign=\"top\" width=\"100%\">\n<p align=\"center\"><strong><span style=\"color: #339966\">Brill\u00f3 el sol de una libre existencia;<\/span><\/strong><br \/>\n<strong><span style=\"color: #339966\">en tu cielo clare\u00f3 nuevo d\u00eda,<\/span><\/strong><br \/>\n<strong><span style=\"color: #339966\">y mil voces de suave armon\u00eda<\/span><\/strong><br \/>\n<strong><span style=\"color: #339966\">te modulan un himno triunfal.<\/span><\/strong><\/p>\n<\/td>\n<\/tr>\n<tr>\n<td valign=\"top\" width=\"100%\">\n<p align=\"center\"><strong><span style=\"color: #339966\">II<\/span><\/strong><\/p>\n<\/td>\n<\/tr>\n<tr>\n<td valign=\"top\" width=\"100%\">\n<p align=\"center\"><strong><span style=\"color: #339966\">Cuanta dicha se siente en el alma<\/span><\/strong><br \/>\n<strong><span style=\"color: #339966\">al mirarte, por fin floreciente,<\/span><\/strong><br \/>\n<strong><span style=\"color: #339966\">ostentando serena la frente<\/span><\/strong><br \/>\n<strong><span style=\"color: #339966\">y pensando en un gran porvenir<\/span><\/strong><\/p>\n<\/td>\n<\/tr>\n<tr>\n<td valign=\"top\" width=\"100%\">\n<p align=\"center\"><strong><span style=\"color: #339966\">III<\/span><\/strong><\/p>\n<\/td>\n<\/tr>\n<tr>\n<td valign=\"top\" width=\"100%\">\n<p align=\"center\"><strong><span style=\"color: #339966\">Eres fuente de noble riqueza<\/span><\/strong><br \/>\n<strong><span style=\"color: #339966\">que a la Patria com\u00fan engrandeces<\/span><\/strong><br \/>\n<strong><span style=\"color: #339966\">y pagarle procuras con creces<\/span><\/strong><br \/>\n<strong><span style=\"color: #339966\">el tributo de afecto filial.<\/span><\/strong><\/p>\n<\/td>\n<\/tr>\n<tr>\n<td valign=\"top\" width=\"100%\">\n<p align=\"center\"><strong><span style=\"color: #339966\">IV<\/span><\/strong><\/p>\n<\/td>\n<\/tr>\n<tr>\n<td valign=\"top\" width=\"100%\">\n<p align=\"center\"><strong><span style=\"color: #339966\">Gloria, honor y trabajo por siempre,<\/span><\/strong><br \/>\n<strong><span style=\"color: #339966\">sean, Oh Pi\u00f1as, tu norma y anhelo;<\/span><\/strong><br \/>\n<strong><span style=\"color: #339966\">y engalane perenne tu suelo<\/span><\/strong><br \/>\n<strong><span style=\"color: #339966\">la fecunda simiente del bien.<\/span><\/strong><\/p>\n<\/td>\n<\/tr>\n<\/tbody>\n<\/table>\n<\/td>\n<\/tr>\n<\/tbody>\n<\/table>\n","protected":false},"excerpt":{"rendered":"<p>Himno a Pi\u00f1as \u00a0 Letra: Araldo G. Gallardo A\u00f1asco M\u00fasica: Segundo Cueva Celi Coro Salve, Oh Pi\u00f1as, Oh tierra adorada, ya que te hallas cubierta de gloria, oye el himno de dicha y victoria por la aut\u00f3noma vida alcanzada I Brill\u00f3 el sol de una libre existencia; en tu cielo clare\u00f3 nuevo d\u00eda, y mil &hellip; <\/p>\n<p><a class=\"more-link btn\" href=\"https:\/\/blog.espol.edu.ec\/giscacri\/identidad\/\">Seguir leyendo<\/a><\/p>\n","protected":false},"author":9958,"featured_media":0,"parent":0,"menu_order":0,"comment_status":"closed","ping_status":"closed","template":"","meta":{"footnotes":""},"class_list":["post-115","page","type-page","status-publish","hentry","nodate","item-wrap"],"_links":{"self":[{"href":"https:\/\/blog.espol.edu.ec\/giscacri\/wp-json\/wp\/v2\/pages\/115","targetHints":{"allow":["GET"]}}],"collection":[{"href":"https:\/\/blog.espol.edu.ec\/giscacri\/wp-json\/wp\/v2\/pages"}],"about":[{"href":"https:\/\/blog.espol.edu.ec\/giscacri\/wp-json\/wp\/v2\/types\/page"}],"author":[{"embeddable":true,"href":"https:\/\/blog.espol.edu.ec\/giscacri\/wp-json\/wp\/v2\/users\/9958"}],"replies":[{"embeddable":true,"href":"https:\/\/blog.espol.edu.ec\/giscacri\/wp-json\/wp\/v2\/comments?post=115"}],"version-history":[{"count":5,"href":"https:\/\/blog.espol.edu.ec\/giscacri\/wp-json\/wp\/v2\/pages\/115\/revisions"}],"predecessor-version":[{"id":120,"href":"https:\/\/blog.espol.edu.ec\/giscacri\/wp-json\/wp\/v2\/pages\/115\/revisions\/120"}],"wp:attachment":[{"href":"https:\/\/blog.espol.edu.ec\/giscacri\/wp-json\/wp\/v2\/media?parent=115"}],"curies":[{"name":"wp","href":"https:\/\/api.w.org\/{rel}","templated":true}]}}