{"id":157,"date":"2015-11-10T00:13:36","date_gmt":"2015-11-10T00:13:36","guid":{"rendered":"http:\/\/blog.espol.edu.ec\/giscacri\/?page_id=157"},"modified":"2015-11-10T00:14:29","modified_gmt":"2015-11-10T00:14:29","slug":"cerro-de-cristo-o-pata-grande","status":"publish","type":"page","link":"https:\/\/blog.espol.edu.ec\/giscacri\/centros-turisticos\/cerro-de-cristo-o-pata-grande\/","title":{"rendered":"Cerro de Cristo o Pata Grande"},"content":{"rendered":"<p><a href=\"http:\/\/blog.espol.edu.ec\/giscacri\/files\/2015\/11\/502334511.jpg\"><img loading=\"lazy\" decoding=\"async\" class=\"alignnone size-medium wp-image-143\" src=\"http:\/\/blog.espol.edu.ec\/giscacri\/files\/2015\/11\/502334511-300x187.jpg\" alt=\"50233451\" width=\"300\" height=\"187\" srcset=\"https:\/\/blog.espol.edu.ec\/giscacri\/files\/2015\/11\/502334511-300x187.jpg 300w, https:\/\/blog.espol.edu.ec\/giscacri\/files\/2015\/11\/502334511.jpg 637w\" sizes=\"auto, (max-width: 300px) 100vw, 300px\" \/><\/a> <a href=\"http:\/\/blog.espol.edu.ec\/giscacri\/files\/2015\/11\/images1.jpg\"><img loading=\"lazy\" decoding=\"async\" class=\"alignnone size-full wp-image-149\" src=\"http:\/\/blog.espol.edu.ec\/giscacri\/files\/2015\/11\/images1.jpg\" alt=\"images\" width=\"274\" height=\"184\" \/><\/a><\/p>\n<p>&nbsp;<\/p>\n<p>Desde las cumbres del Cerro se puede apreciar la ciudad de Pi\u00f1as en todo su largo y ancho. En el fondo se puede apreciar la Cordillera de Chilla. La visi\u00f3n nocturna desde esta cima es agradable, permitiendo imaginarse el movimiento de esta ciudad.<\/p>\n<p>Domina de manera majestuosa toda la geograf\u00eda de la ciudad, este lugar es visitado continuamente por propios y extra\u00f1os, convirti\u00e9ndolo, en uno de los lugares privilegiados.<\/p>\n<p><b>Extensi\u00f3n<\/b><br \/>\nEl Cerro Pata Grande tiene 800 metros de alto, base ancha y \u00e1pice obtuso. Con una altura de 1.400 metros.<\/p>\n<p><b>Ubicaci\u00f3n<\/b><br \/>\nLa entrada al sendero est\u00e1 localizada en la Avenida San Jos\u00e9 al lado sur de Pi\u00f1as, por la Avenida Garc\u00eda Moreno cruzando al sur por la Avenida \u00c1ngel Salvador Ochoa y el R\u00edo Pi\u00f1as hacia el Barrio San Jos\u00e9. \u201cIngreso al Cerro del Calvario de Cristo\u201d.<\/p>\n<p><b>Clima<\/b><\/p>\n<div class=\"texto\">Su temperatura oscila entre los 12 a 25 grados cent\u00edgrados.<\/div>\n<table border=\"0\" width=\"99%\" cellspacing=\"0\" cellpadding=\"0\">\n<tbody>\n<tr>\n<td valign=\"top\" width=\"85%\" height=\"14\">\n<div class=\"titulo1\">Flora<\/div>\n<div class=\"texto\">Las gram\u00edneas cubren las estribaciones de la loma y no permiten el desmoronamiento del suelo de las mismas.<\/div>\n<div class=\"texto\">La vegetaci\u00f3n nativa de este cerro al momento no existe, por lo cual las especies son introducidas, las cuales cumplen un papel de protecci\u00f3n contra la erosi\u00f3n e\u00f3lica.<\/div>\n<\/td>\n<td align=\"center\"><img loading=\"lazy\" decoding=\"async\" src=\"http:\/\/www.viajandox.com\/eloro\/eloro_pinas_patagrande3.jpg\" alt=\"\" width=\"80\" height=\"110\" border=\"0\" \/><\/td>\n<\/tr>\n<\/tbody>\n<\/table>\n<div class=\"texto\">Entre las especies que se han desarrollado en el Cerro Pata Grande tenemos: el eucalipto, el pino, las gram\u00ednea y las ciper\u00e1ceas.<\/div>\n<table border=\"0\" width=\"99%\" cellspacing=\"0\" cellpadding=\"0\">\n<tbody>\n<tr>\n<td align=\"center\"><img loading=\"lazy\" decoding=\"async\" src=\"http:\/\/www.viajandox.com\/eloro\/eloro_pinas_patagrande2.jpg\" alt=\"\" width=\"140\" height=\"94\" border=\"0\" \/><\/td>\n<td valign=\"top\" width=\"75%\" height=\"14\">\n<div class=\"titulo1\">Fauna<\/div>\n<div class=\"texto\">Com\u00fanmente encontramos en este lugar aves silvestres como: palomas y palomas terrestre.<\/div>\n<\/td>\n<\/tr>\n<\/tbody>\n<\/table>\n<div class=\"titulo1\">Atractivos<\/div>\n<div class=\"texto\">\u2022 Sitio de gran atractivo por la vista panor\u00e1mica de la ciudad y los alrededores. Aqu\u00ed tambi\u00e9n se pueden realizar caminatas cortas hasta la cima del cerro. Sitio muy concurrido en semana santa, por que desde el inicio del recorrido esta representado el calvario de cristo, a mitad del mismo se encuentran los tanques que abastec\u00edan a la ciudad con el l\u00edquido vital.<\/div>\n","protected":false},"excerpt":{"rendered":"<p>&nbsp; Desde las cumbres del Cerro se puede apreciar la ciudad de Pi\u00f1as en todo su largo y ancho. En el fondo se puede apreciar la Cordillera de Chilla. La visi\u00f3n nocturna desde esta cima es agradable, permitiendo imaginarse el movimiento de esta ciudad. Domina de manera majestuosa toda la geograf\u00eda de la ciudad, este &hellip; <\/p>\n<p><a class=\"more-link btn\" href=\"https:\/\/blog.espol.edu.ec\/giscacri\/centros-turisticos\/cerro-de-cristo-o-pata-grande\/\">Seguir leyendo<\/a><\/p>\n","protected":false},"author":9958,"featured_media":0,"parent":153,"menu_order":0,"comment_status":"closed","ping_status":"closed","template":"","meta":{"footnotes":""},"class_list":["post-157","page","type-page","status-publish","hentry","nodate","item-wrap"],"_links":{"self":[{"href":"https:\/\/blog.espol.edu.ec\/giscacri\/wp-json\/wp\/v2\/pages\/157","targetHints":{"allow":["GET"]}}],"collection":[{"href":"https:\/\/blog.espol.edu.ec\/giscacri\/wp-json\/wp\/v2\/pages"}],"about":[{"href":"https:\/\/blog.espol.edu.ec\/giscacri\/wp-json\/wp\/v2\/types\/page"}],"author":[{"embeddable":true,"href":"https:\/\/blog.espol.edu.ec\/giscacri\/wp-json\/wp\/v2\/users\/9958"}],"replies":[{"embeddable":true,"href":"https:\/\/blog.espol.edu.ec\/giscacri\/wp-json\/wp\/v2\/comments?post=157"}],"version-history":[{"count":1,"href":"https:\/\/blog.espol.edu.ec\/giscacri\/wp-json\/wp\/v2\/pages\/157\/revisions"}],"predecessor-version":[{"id":158,"href":"https:\/\/blog.espol.edu.ec\/giscacri\/wp-json\/wp\/v2\/pages\/157\/revisions\/158"}],"up":[{"embeddable":true,"href":"https:\/\/blog.espol.edu.ec\/giscacri\/wp-json\/wp\/v2\/pages\/153"}],"wp:attachment":[{"href":"https:\/\/blog.espol.edu.ec\/giscacri\/wp-json\/wp\/v2\/media?parent=157"}],"curies":[{"name":"wp","href":"https:\/\/api.w.org\/{rel}","templated":true}]}}