{"id":178,"date":"2014-11-09T15:55:34","date_gmt":"2014-11-09T15:55:34","guid":{"rendered":"http:\/\/blog.espol.edu.ec\/ivastjim\/?page_id=178"},"modified":"2014-11-10T02:12:20","modified_gmt":"2014-11-10T02:12:20","slug":"moda-de-los-70","status":"publish","type":"page","link":"https:\/\/blog.espol.edu.ec\/ivastjim\/mi-primer-video\/moda-de-los-70\/","title":{"rendered":"Moda de los 70"},"content":{"rendered":"<p><strong>Los 70<\/strong>, pantalones campana, prendas <a title=\"HIPPIE\" href=\"http:\/\/es.wikipedia.org\/wiki\/Hippie\" target=\"_blank\">hippies<\/a> y \u00e9tnicas, materiales brillantes y plastificados, plataformas y una gran combinaci\u00f3n de espectaculares colores chispeantes eran las prendas clave para los m\u00e1s fashion.<\/p>\n<p>&nbsp;<\/p>\n<p><a href=\"http:\/\/blog.espol.edu.ec\/ivastjim\/files\/2014\/11\/70.jpg\"><img loading=\"lazy\" decoding=\"async\" class=\"wp-image-193 aligncenter\" src=\"http:\/\/blog.espol.edu.ec\/ivastjim\/files\/2014\/11\/70.jpg\" alt=\"70\" width=\"416\" height=\"458\" srcset=\"https:\/\/blog.espol.edu.ec\/ivastjim\/files\/2014\/11\/70.jpg 400w, https:\/\/blog.espol.edu.ec\/ivastjim\/files\/2014\/11\/70-272x300.jpg 272w\" sizes=\"auto, (max-width: 416px) 100vw, 416px\" \/><\/a><\/p>\n<p>&nbsp;<\/p>\n<p>La diversidad fue muy importante en esta \u00e9poca. Lo mismo se llevaba la moda <a title=\"PUNK\" href=\"http:\/\/es.wikipedia.org\/wiki\/Punk\" target=\"_blank\">punk<\/a>, que la disco, continuando con la locura de los sesenta. El caso es que marc\u00f3 tendencia, pues muchos dise\u00f1adores a\u00fan hoy se basan en los setenta a la hora de elegir su estilo, por lo que podemos decir que se trat\u00f3 de una era dorada en cuanto a ropa y vestidos.<\/p>\n<p><a href=\"http:\/\/blog.espol.edu.ec\/ivastjim\/files\/2014\/11\/72.jpg\"><img loading=\"lazy\" decoding=\"async\" class=\"wp-image-194 aligncenter\" src=\"http:\/\/blog.espol.edu.ec\/ivastjim\/files\/2014\/11\/72.jpg\" alt=\"72\" width=\"481\" height=\"361\" srcset=\"https:\/\/blog.espol.edu.ec\/ivastjim\/files\/2014\/11\/72.jpg 650w, https:\/\/blog.espol.edu.ec\/ivastjim\/files\/2014\/11\/72-300x225.jpg 300w\" sizes=\"auto, (max-width: 481px) 100vw, 481px\" \/><\/a><\/p>\n<p>&nbsp;<\/p>\n<p>Tambi\u00e9n eran t\u00edpicos los flequillos, muy exagerados, cuando se llevaba el pelo liso. Estas eran las dos tendencias principales en peinados de los a\u00f1os 70, pero tambi\u00e9n hab\u00eda muchas chicas que luc\u00edan recogidos con trenzas.<\/p>\n<p>&nbsp;<\/p>\n<p><a href=\"http:\/\/blog.espol.edu.ec\/ivastjim\/files\/2014\/11\/73.gif\"><img loading=\"lazy\" decoding=\"async\" class=\"size-full wp-image-195 aligncenter\" src=\"http:\/\/blog.espol.edu.ec\/ivastjim\/files\/2014\/11\/73.gif\" alt=\"73\" width=\"408\" height=\"326\" \/><\/a><\/p>\n<p>&nbsp;<\/p>\n","protected":false},"excerpt":{"rendered":"<p>Los 70, pantalones campana, prendas hippies y \u00e9tnicas, materiales brillantes y plastificados, plataformas y una gran combinaci\u00f3n de espectaculares colores chispeantes eran las prendas clave para los m\u00e1s fashion. &nbsp; &nbsp; La diversidad fue muy importante en esta \u00e9poca. Lo &hellip; <a href=\"https:\/\/blog.espol.edu.ec\/ivastjim\/mi-primer-video\/moda-de-los-70\/\">Sigue leyendo <span class=\"meta-nav\">&rarr;<\/span><\/a><\/p>\n","protected":false},"author":9425,"featured_media":0,"parent":11,"menu_order":0,"comment_status":"open","ping_status":"open","template":"","meta":{"footnotes":""},"class_list":["post-178","page","type-page","status-publish","hentry"],"_links":{"self":[{"href":"https:\/\/blog.espol.edu.ec\/ivastjim\/wp-json\/wp\/v2\/pages\/178","targetHints":{"allow":["GET"]}}],"collection":[{"href":"https:\/\/blog.espol.edu.ec\/ivastjim\/wp-json\/wp\/v2\/pages"}],"about":[{"href":"https:\/\/blog.espol.edu.ec\/ivastjim\/wp-json\/wp\/v2\/types\/page"}],"author":[{"embeddable":true,"href":"https:\/\/blog.espol.edu.ec\/ivastjim\/wp-json\/wp\/v2\/users\/9425"}],"replies":[{"embeddable":true,"href":"https:\/\/blog.espol.edu.ec\/ivastjim\/wp-json\/wp\/v2\/comments?post=178"}],"version-history":[{"count":9,"href":"https:\/\/blog.espol.edu.ec\/ivastjim\/wp-json\/wp\/v2\/pages\/178\/revisions"}],"predecessor-version":[{"id":224,"href":"https:\/\/blog.espol.edu.ec\/ivastjim\/wp-json\/wp\/v2\/pages\/178\/revisions\/224"}],"up":[{"embeddable":true,"href":"https:\/\/blog.espol.edu.ec\/ivastjim\/wp-json\/wp\/v2\/pages\/11"}],"wp:attachment":[{"href":"https:\/\/blog.espol.edu.ec\/ivastjim\/wp-json\/wp\/v2\/media?parent=178"}],"curies":[{"name":"wp","href":"https:\/\/api.w.org\/{rel}","templated":true}]}}