{"id":2,"date":"2012-10-17T13:22:41","date_gmt":"2012-10-17T13:22:41","guid":{"rendered":"http:\/\/blog.espol.edu.ec\/jmblacio\/?page_id=2"},"modified":"2012-12-12T14:33:31","modified_gmt":"2012-12-12T14:33:31","slug":"pagina-ejemplo","status":"publish","type":"page","link":"https:\/\/blog.espol.edu.ec\/jmblacio\/pagina-ejemplo\/","title":{"rendered":"Lugares Turistos"},"content":{"rendered":"<h3>Hay lugares que encierran un encanto y un hechizo inolvidable para quienes se ausentaron de ellos, quedan grabados eternamente en el recuerdo,\u00a0 y seducen de inmediato cuando son descubiertos por primera vez. Zaruma, re\u00fane esta magia y muchas condiciones m\u00e1s, como fruto de una definida personalidad, sustentada en siglos de historia, en atractivos paisajes monta\u00f1osos y en pueblos guardadores de\u00a0 tradiciones y t\u00e9cnicas\u00a0 ancestrales que se conjugan sabiamente con los avances y cambios de la modernidad.<\/h3>\n<h3><strong>SANTUARIO DE LA VIRGEN DEL\u00a0 CARMEN<\/strong>:<\/h3>\n<h3><a href=\"http:\/\/blog.espol.edu.ec\/jmblacio\/files\/2012\/10\/Zaruma_2003_Parque.jpg\"><img loading=\"lazy\" decoding=\"async\" class=\"aligncenter size-thumbnail wp-image-39\" src=\"http:\/\/blog.espol.edu.ec\/jmblacio\/files\/2012\/10\/Zaruma_2003_Parque-150x149.jpg\" alt=\"\" width=\"150\" height=\"149\" \/><\/a> <a href=\"http:\/\/blog.espol.edu.ec\/jmblacio\/files\/2012\/10\/4284116352_8b2096427c_z1.jpg\"><img loading=\"lazy\" decoding=\"async\" class=\"aligncenter size-thumbnail wp-image-38\" src=\"http:\/\/blog.espol.edu.ec\/jmblacio\/files\/2012\/10\/4284116352_8b2096427c_z1-150x150.jpg\" alt=\"\" width=\"150\" height=\"150\" \/><\/a><\/h3>\n<h3>Con sus balcones y aleros de madera saturada, su elegante altar tallado y forrado con pan de oro y plata. Constituye una joya incrustada dentro de su rico patrimonio, que cada turista al contemplarla queda deslumbrado con su belleza. En su interior existe una conjunci\u00f3n de estilos sobresaliendo el g\u00f3tico, y se puede apreciar la presencia de arte mud\u00e9jar en su cielo raso. Actualmente el altar mayor, los altares laterales, y el altar de la Virgen <strong>del Cisne.<\/strong><\/h3>\n<h3><strong>MUSEO MUNICIPAL<\/strong>:<br \/>\n<a href=\"http:\/\/blog.espol.edu.ec\/jmblacio\/files\/2012\/10\/eloro_zaruma_museo04.gif\"><img loading=\"lazy\" decoding=\"async\" class=\"aligncenter size-full wp-image-45\" src=\"http:\/\/blog.espol.edu.ec\/jmblacio\/files\/2012\/10\/eloro_zaruma_museo04.gif\" alt=\"\" width=\"120\" height=\"80\" \/><\/a><a href=\"http:\/\/blog.espol.edu.ec\/jmblacio\/files\/2012\/10\/eloro_zaruma_museo05.gif\"><img loading=\"lazy\" decoding=\"async\" class=\"aligncenter size-full wp-image-46\" src=\"http:\/\/blog.espol.edu.ec\/jmblacio\/files\/2012\/10\/eloro_zaruma_museo05.gif\" alt=\"\" width=\"120\" height=\"80\" \/><\/a><a href=\"http:\/\/blog.espol.edu.ec\/jmblacio\/files\/2012\/10\/eloro_zaruma_museo02.gif\"><img loading=\"lazy\" decoding=\"async\" class=\"aligncenter size-full wp-image-47\" src=\"http:\/\/blog.espol.edu.ec\/jmblacio\/files\/2012\/10\/eloro_zaruma_museo02.gif\" alt=\"\" width=\"120\" height=\"80\" \/><\/a><\/h3>\n<h3>Ubicado en la calle 9 de Octubre, en el edificio que fue construido desde 1909 - 1923; en este lugar funcion\u00f3 el Sal\u00f3n M\u00e1ximo de la Segunda Casa Municipal. Fue inaugurado el 17 de Julio de 1974, en la presidencia del Dr. Gonzalo Rodr\u00edguez Calder\u00f3n.<br \/>\nEsta instituci\u00f3n alberga colecciones de objetos de inter\u00e9s art\u00edstico, hist\u00f3rico y cient\u00edfico, conservados y exhibidos para la ense\u00f1anza y entretenimiento de todos los visitantes. Este atractivo acopia buena parte de la riqueza hist\u00f3rica de la antigua Ciudad Capital de la Provincia durante la Colonia y principios de la Rep\u00fablica.<\/h3>\n<h3><\/h3>\n<h3><strong>CERROS DE ARCOS<\/strong>:<br \/>\n<a href=\"http:\/\/blog.espol.edu.ec\/jmblacio\/files\/2012\/10\/loja_saraguros_cerroarcos01.gif\"><img loading=\"lazy\" decoding=\"async\" class=\"aligncenter size-full wp-image-52\" src=\"http:\/\/blog.espol.edu.ec\/jmblacio\/files\/2012\/10\/loja_saraguros_cerroarcos01.gif\" alt=\"\" width=\"120\" height=\"80\" \/><\/a> <a href=\"http:\/\/blog.espol.edu.ec\/jmblacio\/files\/2012\/10\/5073983012_0ee71ddb30_m.jpg\"><img loading=\"lazy\" decoding=\"async\" class=\"aligncenter size-thumbnail wp-image-59\" src=\"http:\/\/blog.espol.edu.ec\/jmblacio\/files\/2012\/10\/5073983012_0ee71ddb30_m-150x150.jpg\" alt=\"\" width=\"150\" height=\"150\" \/><\/a> <a href=\"http:\/\/blog.espol.edu.ec\/jmblacio\/files\/2012\/10\/loja_saraguros_cerroarcos02.gif\"><img loading=\"lazy\" decoding=\"async\" class=\"aligncenter size-full wp-image-54\" src=\"http:\/\/blog.espol.edu.ec\/jmblacio\/files\/2012\/10\/loja_saraguros_cerroarcos02.gif\" alt=\"\" width=\"120\" height=\"80\" \/><\/a><\/h3>\n<h3>Sus hermosas formaciones naturales de piedra o ruinas en formas de arcos no solo le dan nombre a este hermoso lugar, sino que adem\u00e1s se convierten en su principal atractivo.<br \/>\nEl Cerro de Arcos posee una estructura privilegiada: capacidad rocosa, suelo rico en minerales y cubierto de musgo nativo. Y por su humedad existen pozos que est\u00e1n cubiertos de vegetaci\u00f3n.<\/h3>\n<h3><\/h3>\n<h3><strong>CERRO Y MIRADOR CALVARIO<\/strong>:<\/h3>\n<h3><a href=\"http:\/\/blog.espol.edu.ec\/jmblacio\/files\/2012\/10\/eloro_zaruma_calvario1.gif\"><img loading=\"lazy\" decoding=\"async\" class=\"aligncenter size-full wp-image-63\" src=\"http:\/\/blog.espol.edu.ec\/jmblacio\/files\/2012\/10\/eloro_zaruma_calvario1.gif\" alt=\"\" width=\"120\" height=\"80\" \/><\/a> <a href=\"http:\/\/blog.espol.edu.ec\/jmblacio\/files\/2012\/10\/44154134.jpg\"><img loading=\"lazy\" decoding=\"async\" class=\"aligncenter size-thumbnail wp-image-62\" src=\"http:\/\/blog.espol.edu.ec\/jmblacio\/files\/2012\/10\/44154134-150x150.jpg\" alt=\"\" width=\"150\" height=\"150\" \/><\/a><\/h3>\n<h3>Desde la parte m\u00e1s alta del atractivo se contempla toda la ciudad de Zaruma; el fondo del R\u00edo Calera, el R\u00edo Amarillo y la ciudad de Portovelo, as\u00ed como toda la cadena monta\u00f1osa que rodea a Zaruma.<\/h3>\n<h3><strong>CASCADA CHORRO BLANCO<\/strong><\/h3>\n<h3><a href=\"http:\/\/blog.espol.edu.ec\/jmblacio\/files\/2012\/10\/eloro_zaruma_cascadachorro1.gif\"><img loading=\"lazy\" decoding=\"async\" class=\"aligncenter size-full wp-image-66\" src=\"http:\/\/blog.espol.edu.ec\/jmblacio\/files\/2012\/10\/eloro_zaruma_cascadachorro1.gif\" alt=\"\" width=\"80\" height=\"120\" \/><\/a> <a href=\"http:\/\/blog.espol.edu.ec\/jmblacio\/files\/2012\/10\/eloro_zaruma_cascadachorro2.jpg\"><img loading=\"lazy\" decoding=\"async\" class=\"aligncenter size-full wp-image-67\" src=\"http:\/\/blog.espol.edu.ec\/jmblacio\/files\/2012\/10\/eloro_zaruma_cascadachorro2.jpg\" alt=\"\" width=\"120\" height=\"80\" \/><\/a> <a href=\"http:\/\/blog.espol.edu.ec\/jmblacio\/files\/2012\/10\/eloro_zaruma_chorroblanco2.gif\"><img loading=\"lazy\" decoding=\"async\" class=\"aligncenter size-full wp-image-68\" src=\"http:\/\/blog.espol.edu.ec\/jmblacio\/files\/2012\/10\/eloro_zaruma_chorroblanco2.gif\" alt=\"\" width=\"120\" height=\"80\" \/><\/a> <a href=\"http:\/\/blog.espol.edu.ec\/jmblacio\/files\/2012\/10\/eloro_zaruma_cascadachorro1.jpg\"><img loading=\"lazy\" decoding=\"async\" class=\"aligncenter size-full wp-image-69\" src=\"http:\/\/blog.espol.edu.ec\/jmblacio\/files\/2012\/10\/eloro_zaruma_cascadachorro1.jpg\" alt=\"\" width=\"120\" height=\"80\" \/><\/a><br \/>\nLa Cascada Chorro Blanco se halla localizada en la parte posterior del Cerro de Chivaturcos, para llegar a \u00e9ste lugar se parte desde el Daule, a dos horas de camino, donde encontramos glifos, tallados en piedra que consiste en una escritura hidrogr\u00e1fica, representada por s\u00edmbolos muy antiguos. Su impresionante ca\u00edda libre de 100 metros de agua formada por el r\u00edo, que complementa con un remanso rodeado de exuberante vegetaci\u00f3n.<br \/>\nFlora: se encuentra representada por: Guabas silvestres, laurel, guachapeli, pachaco, guasmo, ca\u00f1a guad\u00faa, cedro.<br \/>\nFauna:Existen est\u00e1n tucanes, mirlos, loras, serpientes, caracoles, saltamontes, entre otros.<\/h3>\n<h3><strong>MINA DEL SEXMO<\/strong>:<br \/>\n<a href=\"http:\/\/blog.espol.edu.ec\/jmblacio\/files\/2012\/10\/eloro_zaruma_minas04.gif\"><img loading=\"lazy\" decoding=\"async\" class=\"aligncenter size-full wp-image-72\" src=\"http:\/\/blog.espol.edu.ec\/jmblacio\/files\/2012\/10\/eloro_zaruma_minas04.gif\" alt=\"\" width=\"120\" height=\"80\" \/><\/a> <a href=\"http:\/\/blog.espol.edu.ec\/jmblacio\/files\/2012\/10\/eloro_zaruma_minas03.gif\"><img loading=\"lazy\" decoding=\"async\" class=\"aligncenter size-full wp-image-73\" src=\"http:\/\/blog.espol.edu.ec\/jmblacio\/files\/2012\/10\/eloro_zaruma_minas03.gif\" alt=\"\" width=\"120\" height=\"80\" \/><\/a> <a href=\"http:\/\/blog.espol.edu.ec\/jmblacio\/files\/2012\/10\/eloro_zaruma_minas02.gif\"><img loading=\"lazy\" decoding=\"async\" class=\"aligncenter size-full wp-image-74\" src=\"http:\/\/blog.espol.edu.ec\/jmblacio\/files\/2012\/10\/eloro_zaruma_minas02.gif\" alt=\"\" width=\"120\" height=\"80\" \/><\/a><\/h3>\n<h3>La actividad minera marc\u00f3 a Zaruma durante el siglo XIX e inicios del . Hoy la falta de tecnolog\u00eda ha hecho que los mineros artesanales cambien sus laboriosas jornadas por la agricultura. Junto a la miner\u00eda artesanal, empresas nacionales y extranjeras empezaron a interesarse en la micro regi\u00f3n minera y con nuevos procesos t\u00e9cnicos instalaron plantas de cianuraci\u00f3n para la obtenci\u00f3n del oro.<\/h3>\n<h3>L<strong>AGUNA DE CHINCHILLA:<\/strong><\/h3>\n<h3><\/h3>\n<h3><a href=\"http:\/\/blog.espol.edu.ec\/jmblacio\/files\/2012\/10\/lsva_chinchilla_saraguro_34.jpg\"><img loading=\"lazy\" decoding=\"async\" class=\"aligncenter size-thumbnail wp-image-91\" src=\"http:\/\/blog.espol.edu.ec\/jmblacio\/files\/2012\/10\/lsva_chinchilla_saraguro_34-150x150.jpg\" alt=\"\" width=\"150\" height=\"150\" \/><\/a><a href=\"http:\/\/blog.espol.edu.ec\/jmblacio\/files\/2012\/10\/lsva_chinchilla_saraguro_40.jpg\"><img loading=\"lazy\" decoding=\"async\" class=\"aligncenter size-thumbnail wp-image-92\" src=\"http:\/\/blog.espol.edu.ec\/jmblacio\/files\/2012\/10\/lsva_chinchilla_saraguro_40-150x150.jpg\" alt=\"\" width=\"150\" height=\"150\" \/><\/a><\/h3>\n<h3>Pertenece a la parroquia Guizhagui\u00f1a, limita con las provincias de Loja y El Oro. Se encuentra a 3.600 metros de altura. Existe gran variedad de Flora y Fauna.<br \/>\nAproximadamente a 2 horas desde Zaruma en veh\u00edculo 4WD y luego dos horas de caminata por un impresionante paisaje de esplendoroso p\u00e1ramo que permite llegar a la laguna. Se cree que sus aguas son medicinales debido a grandes yacimientos de minerales que existen por la zona. Desde tiempos ancestrales hasta la actualidad ha sido visitada por shamanes y curanderos.<\/h3>\n<h3><\/h3>\n<h3><strong>PETROGLIFOS:<\/strong><\/h3>\n<h3><a href=\"http:\/\/blog.espol.edu.ec\/jmblacio\/files\/2012\/10\/petro2.jpg\"><img loading=\"lazy\" decoding=\"async\" class=\"aligncenter size-thumbnail wp-image-95\" src=\"http:\/\/blog.espol.edu.ec\/jmblacio\/files\/2012\/10\/petro2-150x150.jpg\" alt=\"\" width=\"150\" height=\"150\" \/><\/a><a href=\"http:\/\/blog.espol.edu.ec\/jmblacio\/files\/2012\/10\/petro3.jpg\"><img loading=\"lazy\" decoding=\"async\" class=\"aligncenter size-thumbnail wp-image-96\" src=\"http:\/\/blog.espol.edu.ec\/jmblacio\/files\/2012\/10\/petro3-150x150.jpg\" alt=\"\" width=\"150\" height=\"150\" \/><\/a><\/h3>\n<h3>En las parroquias de Huertas, Salvias y G\u00fcizhag\u00fci\u00f1a, los podemos observar. Son signos o s\u00edmbolos que guardan un significado desconocido y de gran importancia cultural.<\/h3>\n<h3><a href=\"http:\/\/blog.espol.edu.ec\/jmblacio\/files\/2012\/10\/petroglifos.jpg\"><img loading=\"lazy\" decoding=\"async\" class=\"aligncenter size-thumbnail wp-image-94\" src=\"http:\/\/blog.espol.edu.ec\/jmblacio\/files\/2012\/10\/petroglifos-150x150.jpg\" alt=\"\" width=\"150\" height=\"150\" \/><\/a><\/h3>\n<h3 align=\"justify\"><strong>Petroglifos De Chepel<\/strong> Verdadero para\u00edso, con marco de piedra tallada, trazado con sim\u00e9tricas plataformas escalonadas, cuyos extremos superiores se juntan para ofrecer un majestuoso monumento a la creatividad del hombre origen. \u00c9ste pudo haber sido un centro religioso o sagrado.<\/h3>\n<h3 align=\"justify\">PARQUE RECREACIONAL:<\/h3>\n<h3><a href=\"http:\/\/blog.espol.edu.ec\/jmblacio\/files\/2012\/10\/img_0018.jpg\"><img loading=\"lazy\" decoding=\"async\" class=\"aligncenter size-thumbnail wp-image-228\" src=\"http:\/\/blog.espol.edu.ec\/jmblacio\/files\/2012\/10\/img_0018-150x150.jpg\" alt=\"\" width=\"150\" height=\"150\" \/><\/a><\/h3>\n<h3>Ubicado en la Urbanizaci\u00f3n Sur entre las calles Alberto Hidalgo y Jorge Samaniego, maravilloso espacio recreacional que puede disfrutarlo y compartir en familia.<\/h3>\n","protected":false},"excerpt":{"rendered":"<p>Hay lugares que encierran un encanto y un hechizo inolvidable para quienes se ausentaron de ellos, quedan grabados eternamente en el recuerdo,\u00a0 y seducen de inmediato cuando son descubiertos por primera vez. Zaruma, re\u00fane esta magia y muchas condiciones m\u00e1s, como fruto de una definida personalidad, sustentada en siglos de historia, en atractivos paisajes monta\u00f1osos [&hellip;]<\/p>\n","protected":false},"author":8122,"featured_media":0,"parent":0,"menu_order":0,"comment_status":"open","ping_status":"open","template":"","meta":{"footnotes":""},"class_list":["post-2","page","type-page","status-publish","hentry"],"_links":{"self":[{"href":"https:\/\/blog.espol.edu.ec\/jmblacio\/wp-json\/wp\/v2\/pages\/2","targetHints":{"allow":["GET"]}}],"collection":[{"href":"https:\/\/blog.espol.edu.ec\/jmblacio\/wp-json\/wp\/v2\/pages"}],"about":[{"href":"https:\/\/blog.espol.edu.ec\/jmblacio\/wp-json\/wp\/v2\/types\/page"}],"author":[{"embeddable":true,"href":"https:\/\/blog.espol.edu.ec\/jmblacio\/wp-json\/wp\/v2\/users\/8122"}],"replies":[{"embeddable":true,"href":"https:\/\/blog.espol.edu.ec\/jmblacio\/wp-json\/wp\/v2\/comments?post=2"}],"version-history":[{"count":33,"href":"https:\/\/blog.espol.edu.ec\/jmblacio\/wp-json\/wp\/v2\/pages\/2\/revisions"}],"predecessor-version":[{"id":37,"href":"https:\/\/blog.espol.edu.ec\/jmblacio\/wp-json\/wp\/v2\/pages\/2\/revisions\/37"}],"wp:attachment":[{"href":"https:\/\/blog.espol.edu.ec\/jmblacio\/wp-json\/wp\/v2\/media?parent=2"}],"curies":[{"name":"wp","href":"https:\/\/api.w.org\/{rel}","templated":true}]}}