{"id":7,"date":"2012-10-17T13:36:20","date_gmt":"2012-10-17T13:36:20","guid":{"rendered":"http:\/\/blog.espol.edu.ec\/jmblacio\/?page_id=7"},"modified":"2012-12-12T14:32:21","modified_gmt":"2012-12-12T14:32:21","slug":"esta-es-mi-primera-pagina","status":"publish","type":"page","link":"https:\/\/blog.espol.edu.ec\/jmblacio\/esta-es-mi-primera-pagina\/","title":{"rendered":"Historia"},"content":{"rendered":"<h2><span style=\"text-decoration: underline;color: #333399\">ORIGEN:<\/span><\/h2>\n<p>&nbsp;<\/p>\n<h3 style=\"text-align: justify\"><em><strong>Con ra\u00edces en la \u00c9poca Aborigen, Zaruma cuenta con una idiosincrasia particular, producto de un largo proceso hist\u00f3rico y cultural. Su nombre mismo proviene de las voces nativas: Sara= ma\u00edz y huma = cabeza.<\/strong><\/em><\/h3>\n<h3 style=\"text-align: justify\"><em><strong>El origen ind\u00edgena se manifiesta en m\u00faltiples testimonios materiales: misteriosos petroglifos, localizados en las zonas monta\u00f1osas y en las m\u00e1rgenes de los r\u00edos cercanos a la ciudad; complejos arquitect\u00f3nicos y centros administrativos religiosos, con \u00e1reas de terrazas agr\u00edcolas y objetos culturales en piedra y cer\u00e1mica, evidentes en los territorios hist\u00f3ricos de Guayquichuma, Chepel y San Antonio. Huellas que evocan el paso y la ocupaci\u00f3n de grupos humanos organizados desde tiempos inmemoriales.<\/strong><\/em><\/h3>\n<h3><a href=\"http:\/\/blog.espol.edu.ec\/jmblacio\/files\/2012\/10\/220px-Historia_Zaruma_1.jpg\"><img loading=\"lazy\" decoding=\"async\" class=\"aligncenter size-thumbnail wp-image-84\" src=\"http:\/\/blog.espol.edu.ec\/jmblacio\/files\/2012\/10\/220px-Historia_Zaruma_1-150x150.jpg\" alt=\"\" width=\"150\" height=\"150\" \/><\/a><\/h3>\n<h3><span style=\"text-decoration: underline;color: #333399\"><em><strong>Historia:<\/strong><\/em><\/span><\/h3>\n<h3><em><strong>La llegada de los espa\u00f1oles y la influencia de diversas corrientes migratorias durante la Colonia (siglos XVI, XVII y XVIII) dieron inicio a una nueva identidad para Zaruma, por sus componentes culturales m\u00faltiples. En 1549 el capit\u00e1n espa\u00f1ol Alonso de Mercadillo realiz\u00f3 la primera fundaci\u00f3n de forma provisional y el 8 de diciembre de 1595, por mandato del Rey de Espa\u00f1a Felipe II, el capit\u00e1n Dami\u00e1n Meneses oficializ\u00f3 la fundaci\u00f3n con el nombre de VILLA DE SAN ANTONIO DEL CERRO DE ORO DE ZARUMA, una circunscripci\u00f3n del Corregimiento de Loja. Desde entonces, la villa colonial se orden\u00f3 con un gobierno municipal, seg\u00fan el modelo de los cabildos espa\u00f1oles, y la producci\u00f3n de las minas de oro y plata represent\u00f3 una de las fuentes econ\u00f3micas de la Real Audiencia de Quito y de enriquecimiento para Europa en medio de per\u00edodos de auge y de crisis. En los primeros tiempos coloniales, la miner\u00eda se sustent\u00f3 bajo el sistema de las mitas, con mano de obra ind\u00edgena o los mitayos de la Sierra sur que acud\u00edan obligados y por turnos durante dos meses en el a\u00f1o.<\/strong><\/em><\/h3>\n<h3><em><strong>En el siglo XIX, tres hitos de significaci\u00f3n para la historia local fueron la independencia de Espa\u00f1a, el 26 de noviembre de 1820, la erecci\u00f3n a cant\u00f3n de la provincia de Loja, seg\u00fan la Ley de Divisi\u00f3n Territorial de la Gran Colombia, del 25 de junio de 1824, y la proclamaci\u00f3n de la provincia de El Oro en 1882, de la cual fue inicialmente su capital. Ello permiti\u00f3 a los pobladores desprenderse de lazos pol\u00edtico - administrativos y forjar los destinos de la comunidad.<\/strong><\/em><\/h3>\n<h3><em><strong><a href=\"http:\/\/blog.espol.edu.ec\/jmblacio\/files\/2012\/10\/12Febre1943Parq.jpg\"><img loading=\"lazy\" decoding=\"async\" class=\"aligncenter\" src=\"http:\/\/blog.espol.edu.ec\/jmblacio\/files\/2012\/10\/12Febre1943Parq-150x150.jpg\" alt=\"\" width=\"150\" height=\"150\" \/><\/a><a href=\"http:\/\/blog.espol.edu.ec\/jmblacio\/files\/2012\/10\/1PiedraUObrera.jpg\"><img loading=\"lazy\" decoding=\"async\" class=\"aligncenter size-thumbnail wp-image-201\" src=\"http:\/\/blog.espol.edu.ec\/jmblacio\/files\/2012\/10\/1PiedraUObrera-150x150.jpg\" alt=\"\" width=\"150\" height=\"150\" \/><\/a><\/strong><\/em><\/h3>\n<h3><\/h3>\n<h3><\/h3>\n<h3><span style=\"color: #333399\">Miner\u00eda Hist\u00f3rica:<\/span><\/h3>\n<h3>Asentada em un distrito polimet\u00e1lico, la poblaci\u00f3n de Zaruma ha explotado los recursos minerales desde antes de la llegada de los espa\u00f1oles. exceptuando la \u00c9poca Aborigen, en la que no signific\u00f3 una actividad dominante, la miner\u00eda\u00a0 ha atra\u00eddo m\u00faltiples migraciones y ha sustentado la econom\u00eda de la poblaci\u00f3n al ritmo de per\u00edodos de auge y de crisis. En la Colonia represent\u00f3 una fuente de riqueza para la Real Audiencia de Quito y para la Corona espa\u00f1ola y durante la Rep\u00fablica varias empresas extranjeras y nacionales han continuando la explotaci\u00f3n de las minas coloniales dejando heridas y huellas hist\u00f3ricas trascendentales. Pero la poblaci\u00f3n va convirtiendo los pasivos mineros en un patrimonio generador de desarrollo. El turista puede perderse y entretenerse en antiguasminas coloniales siendo la famosa mina del Sexmo la mejor habilitada para un recorrido.<\/h3>\n<h3><span style=\"color: #000000\">La miner\u00eda zarume\u00f1a ha estado\u00a0 vinculada a\u00a0 la regi\u00f3n austral ecuatoriana y al norte peruano lo cual ha generado rutas y relaciones de orden econ\u00f3mico, tecnol\u00f3gico, social y\u00a0 cultural, fortaleciendo la\u00a0 integraci\u00f3n entre los pueblos.<\/span><\/h3>\n<h3><\/h3>\n","protected":false},"excerpt":{"rendered":"<p>ORIGEN: &nbsp; Con ra\u00edces en la \u00c9poca Aborigen, Zaruma cuenta con una idiosincrasia particular, producto de un largo proceso hist\u00f3rico y cultural. Su nombre mismo proviene de las voces nativas: Sara= ma\u00edz y huma = cabeza. El origen ind\u00edgena se manifiesta en m\u00faltiples testimonios materiales: misteriosos petroglifos, localizados en las zonas monta\u00f1osas y en las [&hellip;]<\/p>\n","protected":false},"author":8122,"featured_media":0,"parent":0,"menu_order":0,"comment_status":"closed","ping_status":"closed","template":"","meta":{"footnotes":""},"class_list":["post-7","page","type-page","status-publish","hentry"],"_links":{"self":[{"href":"https:\/\/blog.espol.edu.ec\/jmblacio\/wp-json\/wp\/v2\/pages\/7","targetHints":{"allow":["GET"]}}],"collection":[{"href":"https:\/\/blog.espol.edu.ec\/jmblacio\/wp-json\/wp\/v2\/pages"}],"about":[{"href":"https:\/\/blog.espol.edu.ec\/jmblacio\/wp-json\/wp\/v2\/types\/page"}],"author":[{"embeddable":true,"href":"https:\/\/blog.espol.edu.ec\/jmblacio\/wp-json\/wp\/v2\/users\/8122"}],"replies":[{"embeddable":true,"href":"https:\/\/blog.espol.edu.ec\/jmblacio\/wp-json\/wp\/v2\/comments?post=7"}],"version-history":[{"count":23,"href":"https:\/\/blog.espol.edu.ec\/jmblacio\/wp-json\/wp\/v2\/pages\/7\/revisions"}],"predecessor-version":[{"id":19,"href":"https:\/\/blog.espol.edu.ec\/jmblacio\/wp-json\/wp\/v2\/pages\/7\/revisions\/19"}],"wp:attachment":[{"href":"https:\/\/blog.espol.edu.ec\/jmblacio\/wp-json\/wp\/v2\/media?parent=7"}],"curies":[{"name":"wp","href":"https:\/\/api.w.org\/{rel}","templated":true}]}}