{"id":45,"date":"2016-05-24T03:49:32","date_gmt":"2016-05-24T03:49:32","guid":{"rendered":"http:\/\/blog.espol.edu.ec\/juajtriv\/?page_id=45"},"modified":"2016-05-24T03:49:32","modified_gmt":"2016-05-24T03:49:32","slug":"sierra","status":"publish","type":"page","link":"https:\/\/blog.espol.edu.ec\/juajtriv\/sierra\/","title":{"rendered":"Sierra"},"content":{"rendered":"<p style=\"text-align: center\"><strong>Cuenca<\/strong><\/p>\n<p style=\"text-align: center\">\n<p><b>Cuenca<\/b>, oficialmente <b>Santa Ana de los Cuatro R\u00edos de Cuenca<\/b>, es una <a title=\"Ciudad\" href=\"https:\/\/es.wikipedia.org\/wiki\/Ciudad\">ciudad<\/a> del centro austral de la <a class=\"mw-redirect\" title=\"Rep\u00fablica del Ecuador\" href=\"https:\/\/es.wikipedia.org\/wiki\/Rep%C3%BAblica_del_Ecuador\">Rep\u00fablica del Ecuador<\/a> y es la capital de la <a title=\"Provincia\" href=\"https:\/\/es.wikipedia.org\/wiki\/Provincia\">provincia<\/a> del <a class=\"mw-redirect\" title=\"Azuay\" href=\"https:\/\/es.wikipedia.org\/wiki\/Azuay\">Azuay<\/a>. Est\u00e1 situada en la parte meridional de la <a title=\"Cordillera de los Andes\" href=\"https:\/\/es.wikipedia.org\/wiki\/Cordillera_de_los_Andes\">Cordillera andina ecuatoriana<\/a>. Su <a title=\"Centro hist\u00f3rico de Cuenca (Ecuador)\" href=\"https:\/\/es.wikipedia.org\/wiki\/Centro_hist%C3%B3rico_de_Cuenca_(Ecuador)\">Centro Hist\u00f3rico<\/a> fue declarado <a title=\"Patrimonio de la Humanidad\" href=\"https:\/\/es.wikipedia.org\/wiki\/Patrimonio_de_la_Humanidad\">Patrimonio de la Humanidad<\/a> por la <a title=\"Unesco\" href=\"https:\/\/es.wikipedia.org\/wiki\/Unesco\">Unesco<\/a> en el a\u00f1o <a title=\"1999\" href=\"https:\/\/es.wikipedia.org\/wiki\/1999\">1999<\/a>.<\/p>\n<p>Es llamada la Atenas del Ecuador por su arquitectura, su diversidad cultural, su aporte a las artes, ciencias y letras ecuatorianas y por ser el lugar de nacimiento de muchos personajes ilustres de la sociedad ecuatoriana.<\/p>\n<p><a href=\"https:\/\/es.wikipedia.org\/wiki\/Cuenca_(Ecuador)\">https:\/\/es.wikipedia.org\/wiki\/Cuenca_(Ecuador)<\/a><\/p>\n<p>&nbsp;<\/p>\n<p style=\"text-align: center\"><img loading=\"lazy\" decoding=\"async\" class=\"aligncenter size-medium wp-image-46\" src=\"http:\/\/blog.espol.edu.ec\/juajtriv\/files\/2016\/05\/Cuenca2-578x499-300x259.jpg\" alt=\"Cuenca2-578x499\" width=\"300\" height=\"259\" srcset=\"https:\/\/blog.espol.edu.ec\/juajtriv\/files\/2016\/05\/Cuenca2-578x499-300x259.jpg 300w, https:\/\/blog.espol.edu.ec\/juajtriv\/files\/2016\/05\/Cuenca2-578x499.jpg 578w\" sizes=\"auto, (max-width: 300px) 100vw, 300px\" \/><\/p>\n<p style=\"text-align: center\"><img loading=\"lazy\" decoding=\"async\" class=\"aligncenter size-medium wp-image-47\" src=\"http:\/\/blog.espol.edu.ec\/juajtriv\/files\/2016\/05\/ecuador_2-300x225.jpg\" alt=\"ecuador_2\" width=\"300\" height=\"225\" srcset=\"https:\/\/blog.espol.edu.ec\/juajtriv\/files\/2016\/05\/ecuador_2-300x225.jpg 300w, https:\/\/blog.espol.edu.ec\/juajtriv\/files\/2016\/05\/ecuador_2-768x576.jpg 768w, https:\/\/blog.espol.edu.ec\/juajtriv\/files\/2016\/05\/ecuador_2.jpg 1024w\" sizes=\"auto, (max-width: 300px) 100vw, 300px\" \/><\/p>\n<p style=\"text-align: center\">\n<p style=\"text-align: center\"><strong>Ingapirca<\/strong><\/p>\n<p style=\"text-align: center\">\n<p style=\"text-align: left\">En la provincia del Ca\u00f1ar, al sur del pa\u00eds, a 3160msnm y a 16km de la ciudad de Ca\u00f1ar, se levanta la m\u00e1s importante construcci\u00f3n arqueol\u00f3gica de origen <a title=\"Inca\" href=\"https:\/\/es.wikipedia.org\/wiki\/Inca\">inca<\/a> en la actual rep\u00fablica del Ecuador. <i>Ingapirka<\/i> es una palabra <a title=\"Quichua norte\u00f1o\" href=\"https:\/\/es.wikipedia.org\/wiki\/Quichua_norte%C3%B1o\">quichua<\/a> que significa <i>Muro del Inca<\/i>. Es una construcci\u00f3n aut\u00e9nticamente inc\u00e1sica, hecha a principios del siglo XVI de nuestra era, habiendo podido ser un observatorio del sol y la luna poco tiempo antes de la llegada de los espa\u00f1oles a esa zona. El conjunto de vestigios arqueol\u00f3gicos de Ingapirca es registrado por el mundo exterior al menos desde mediados del siglo XVIII, aunque existen referencias sobre el lugar en que se encuentran estas edificaciones -- valle del Ca\u00f1ar -- desde el <a title=\"Siglo XVI\" href=\"https:\/\/es.wikipedia.org\/wiki\/Siglo_XVI\">siglo XVI<\/a>,cuando se lo conoc\u00eda como la provincia de <b>Hatun Ca\u00f1ar<\/b>(quichua: <i>Hatun Ka\u00f1ar<\/i>), que significa \"el lugar grande de los ca\u00f1ar\".<\/p>\n<p style=\"text-align: left\"><a href=\"https:\/\/es.wikipedia.org\/wiki\/Ingapirca\">https:\/\/es.wikipedia.org\/wiki\/Ingapirca<\/a><\/p>\n<p style=\"text-align: left\">\n<p style=\"text-align: center\"><img loading=\"lazy\" decoding=\"async\" class=\"aligncenter size-medium wp-image-48\" src=\"http:\/\/blog.espol.edu.ec\/juajtriv\/files\/2016\/05\/complejo_1.jpg-300x200.jpg\" alt=\"complejo_1.jpg\" width=\"300\" height=\"200\" srcset=\"https:\/\/blog.espol.edu.ec\/juajtriv\/files\/2016\/05\/complejo_1.jpg-300x200.jpg 300w, https:\/\/blog.espol.edu.ec\/juajtriv\/files\/2016\/05\/complejo_1.jpg.jpg 580w\" sizes=\"auto, (max-width: 300px) 100vw, 300px\" \/><\/p>\n<p style=\"text-align: center\"><img loading=\"lazy\" decoding=\"async\" class=\"aligncenter size-medium wp-image-49\" src=\"http:\/\/blog.espol.edu.ec\/juajtriv\/files\/2016\/05\/Ecuador_ingapirca_inca_ruins-300x200.jpg\" alt=\"Ecuador_ingapirca_inca_ruins\" width=\"300\" height=\"200\" srcset=\"https:\/\/blog.espol.edu.ec\/juajtriv\/files\/2016\/05\/Ecuador_ingapirca_inca_ruins-300x200.jpg 300w, https:\/\/blog.espol.edu.ec\/juajtriv\/files\/2016\/05\/Ecuador_ingapirca_inca_ruins-768x513.jpg 768w, https:\/\/blog.espol.edu.ec\/juajtriv\/files\/2016\/05\/Ecuador_ingapirca_inca_ruins-1024x683.jpg 1024w, https:\/\/blog.espol.edu.ec\/juajtriv\/files\/2016\/05\/Ecuador_ingapirca_inca_ruins.jpg 1720w\" sizes=\"auto, (max-width: 300px) 100vw, 300px\" \/><\/p>\n<p style=\"text-align: center\">\n<p style=\"text-align: center\"><strong>Quito<\/strong><\/p>\n<p style=\"text-align: center\">\n<p><b>Quito<\/b>, oficialmente <b>San Francisco de Quito<\/b>, es la capital pol\u00edtica de la <a title=\"Ecuador\" href=\"https:\/\/es.wikipedia.org\/wiki\/Ecuador\">Rep\u00fablica de Ecuador<\/a>, la m\u00e1s antigua de <a title=\"Am\u00e9rica del Sur\" href=\"https:\/\/es.wikipedia.org\/wiki\/Am%C3%A9rica_del_Sur\">Sudam\u00e9rica<\/a><sup id=\"cite_ref-3\" class=\"reference\"><a href=\"https:\/\/es.wikipedia.org\/wiki\/Quito#cite_note-3\">3<\/a><\/sup> y de la <a title=\"Provincia de Pichincha\" href=\"https:\/\/es.wikipedia.org\/wiki\/Provincia_de_Pichincha\">Provincia de Pichincha<\/a><sup id=\"cite_ref-4\" class=\"reference\"><a href=\"https:\/\/es.wikipedia.org\/wiki\/Quito#cite_note-4\">4<\/a><\/sup> , es la segunda ciudad m\u00e1s grande y la segunda en poblaci\u00f3n; cuenta con 1 607 734 habitantes (parroquias urbanas) y 2 239 191 habitantes en todo el Distrito Metropolitano, por lo que es la <a title=\"Anexo:Ciudades de Ecuador\" href=\"https:\/\/es.wikipedia.org\/wiki\/Anexo:Ciudades_de_Ecuador\">segunda ciudad m\u00e1s poblada<\/a> del<a title=\"Ecuador\" href=\"https:\/\/es.wikipedia.org\/wiki\/Ecuador\">Ecuador<\/a>. Adem\u00e1s es la cabecera cantonal o distrital del <a title=\"Distrito Metropolitano de Quito\" href=\"https:\/\/es.wikipedia.org\/wiki\/Distrito_Metropolitano_de_Quito\">Distrito Metropolitano de Quito<\/a><sup id=\"cite_ref-5\" class=\"reference\"><a href=\"https:\/\/es.wikipedia.org\/wiki\/Quito#cite_note-5\">5<\/a><\/sup> y actualmente es considerada la capital econ\u00f3mica del pa\u00eds.<sup id=\"cite_ref-6\" class=\"reference\"><a href=\"https:\/\/es.wikipedia.org\/wiki\/Quito#cite_note-6\">6<\/a><\/sup> <sup id=\"cite_ref-7\" class=\"reference\"><a href=\"https:\/\/es.wikipedia.org\/wiki\/Quito#cite_note-7\">7<\/a><\/sup><\/p>\n<p>Est\u00e1 ubicada sobre la <a class=\"extiw\" title=\"wikt:hoya\" href=\"https:\/\/es.wiktionary.org\/wiki\/hoya\">hoya<\/a> de <a class=\"mw-redirect\" title=\"Guayllabamba\" href=\"https:\/\/es.wikipedia.org\/wiki\/Guayllabamba\">Guayllabamba<\/a>, en las laderas occidentales del <a title=\"Estratovolc\u00e1n\" href=\"https:\/\/es.wikipedia.org\/wiki\/Estratovolc%C3%A1n\">estratovolc\u00e1n<\/a> activo <a class=\"mw-redirect\" title=\"Pichincha (volc\u00e1n)\" href=\"https:\/\/es.wikipedia.org\/wiki\/Pichincha_(volc%C3%A1n)\">Pichincha<\/a>, en la parte oriental de los <a title=\"Cordillera de los Andes\" href=\"https:\/\/es.wikipedia.org\/wiki\/Cordillera_de_los_Andes\">Andes<\/a> y su altitud promedio es de 2700 <a class=\"mw-redirect\" title=\"Msnm\" href=\"https:\/\/es.wikipedia.org\/wiki\/Msnm\">msnm<\/a>. La ciudad est\u00e1 dividida en 32 <a title=\"Parroquia (civil)\" href=\"https:\/\/es.wikipedia.org\/wiki\/Parroquia_(civil)\">parroquias urbanas<\/a>,<sup id=\"cite_ref-parroquias_8-0\" class=\"reference\"><a href=\"https:\/\/es.wikipedia.org\/wiki\/Quito#cite_note-parroquias-8\">8<\/a><\/sup> las cuales se subdividen en <a title=\"Barrio\" href=\"https:\/\/es.wikipedia.org\/wiki\/Barrio\">barrios<\/a>. Quito es el centro pol\u00edtico de la Rep\u00fablica, alberga los principales organismos gubernamentales, culturales, financieros -al ser el hogar de la mayor\u00eda de bancos de la Naci\u00f3n, administrativos y comerciales del pa\u00eds la mayor\u00eda de empresas transnacionales que trabajan en Ecuador tienen su matriz en la urbe.<\/p>\n<p><a href=\"https:\/\/es.wikipedia.org\/wiki\/Quito\">https:\/\/es.wikipedia.org\/wiki\/Quito<\/a><\/p>\n<p>&nbsp;<\/p>\n<p style=\"text-align: center\"><img loading=\"lazy\" decoding=\"async\" class=\"aligncenter size-medium wp-image-50\" src=\"http:\/\/blog.espol.edu.ec\/juajtriv\/files\/2016\/05\/4-300x150.jpg\" alt=\"4\" width=\"300\" height=\"150\" srcset=\"https:\/\/blog.espol.edu.ec\/juajtriv\/files\/2016\/05\/4-300x150.jpg 300w, https:\/\/blog.espol.edu.ec\/juajtriv\/files\/2016\/05\/4.jpg 640w\" sizes=\"auto, (max-width: 300px) 100vw, 300px\" \/><\/p>\n<p style=\"text-align: center\"><img loading=\"lazy\" decoding=\"async\" class=\"aligncenter size-medium wp-image-51\" src=\"http:\/\/blog.espol.edu.ec\/juajtriv\/files\/2016\/05\/DSC_3855-300x200.jpg\" alt=\"DSC_3855\" width=\"300\" height=\"200\" srcset=\"https:\/\/blog.espol.edu.ec\/juajtriv\/files\/2016\/05\/DSC_3855-300x200.jpg 300w, https:\/\/blog.espol.edu.ec\/juajtriv\/files\/2016\/05\/DSC_3855-768x513.jpg 768w, https:\/\/blog.espol.edu.ec\/juajtriv\/files\/2016\/05\/DSC_3855-1024x684.jpg 1024w, https:\/\/blog.espol.edu.ec\/juajtriv\/files\/2016\/05\/DSC_3855.jpg 1444w\" sizes=\"auto, (max-width: 300px) 100vw, 300px\" \/><\/p>\n<p style=\"text-align: center\"><img loading=\"lazy\" decoding=\"async\" class=\"aligncenter size-medium wp-image-53\" src=\"http:\/\/blog.espol.edu.ec\/juajtriv\/files\/2016\/05\/basilica-de-voto-nacional-quito-ecuador-300x225.jpg\" alt=\"basilica-de-voto-nacional-quito-ecuador\" width=\"300\" height=\"225\" srcset=\"https:\/\/blog.espol.edu.ec\/juajtriv\/files\/2016\/05\/basilica-de-voto-nacional-quito-ecuador-300x225.jpg 300w, https:\/\/blog.espol.edu.ec\/juajtriv\/files\/2016\/05\/basilica-de-voto-nacional-quito-ecuador-768x576.jpg 768w, https:\/\/blog.espol.edu.ec\/juajtriv\/files\/2016\/05\/basilica-de-voto-nacional-quito-ecuador.jpg 1024w\" sizes=\"auto, (max-width: 300px) 100vw, 300px\" \/><\/p>\n<p style=\"text-align: center\">\n<p style=\"text-align: center\"><strong>Ambato<\/strong><\/p>\n<p style=\"text-align: center\">\n<p><b>San Juan Bautista de Ambato<\/b>, ciudad ecuatoriana, capital de la <a title=\"Provincia de Tungurahua\" href=\"https:\/\/es.wikipedia.org\/wiki\/Provincia_de_Tungurahua\">provincia de Tungurahua<\/a>. Es tambi\u00e9n conocida como<b>Cuna de los Tres Juanes<\/b>, <b>Tierrita Linda<\/b>, <b>Jard\u00edn del Ecuador<\/b> y <b>Ciudad de las Flores, Frutas y el Pan<\/b>.<\/p>\n<p>Su clima es templado seco, se encuentra a 2.500 metros sobre el nivel del mar, la ciudad tiene una poblaci\u00f3n de 165.185 habitantes, su temperatura media es de 16 \u00b0C. Est\u00e1 asentada en la ribera del r\u00edo hom\u00f3nimo.<\/p>\n<p>La ciudad fue destruida varias veces por <a title=\"Terremoto\" href=\"https:\/\/es.wikipedia.org\/wiki\/Terremoto\">terremotos<\/a> y <a title=\"Volc\u00e1n\" href=\"https:\/\/es.wikipedia.org\/wiki\/Volc%C3%A1n\">erupciones volc\u00e1nicas<\/a>. El \u00faltimo de estos eventos se dio el <a title=\"5 de agosto\" href=\"https:\/\/es.wikipedia.org\/wiki\/5_de_agosto\">5 de agosto<\/a> de <a title=\"1949\" href=\"https:\/\/es.wikipedia.org\/wiki\/1949\">1949<\/a>: un terremoto con epicentro en la ciudad de <a title=\"Pelileo\" href=\"https:\/\/es.wikipedia.org\/wiki\/Pelileo\">Pelileo<\/a>, en el sector conocido como Chacauco, afect\u00f3 a Ambato en casi su totalidad. Gracias a la tenacidad de sus habitantes, logr\u00f3 levantarse nuevamente en menos de dos a\u00f1os. En honor a esta lucha, se celebra cada a\u00f1o la Fiesta de las Flores y de las Frutas, en los d\u00edas de <a title=\"Carnaval\" href=\"https:\/\/es.wikipedia.org\/wiki\/Carnaval\">Carnaval<\/a>. Cabe resaltar que esta fiesta es totalmente ajena a la celebraci\u00f3n de Carnaval, la F.F.F. ha trascendido fronteras y es hoy por hoy una de las fiestas m\u00e1s importantes del Ecuador. Es la d\u00e9cima ciudad ecuatoriana<\/p>\n<p><a href=\"https:\/\/es.wikipedia.org\/wiki\/Ambato\">https:\/\/es.wikipedia.org\/wiki\/Ambato<\/a><\/p>\n<p>&nbsp;<\/p>\n<p style=\"text-align: center\"><img loading=\"lazy\" decoding=\"async\" class=\"aligncenter size-medium wp-image-54\" src=\"http:\/\/blog.espol.edu.ec\/juajtriv\/files\/2016\/05\/85287266-300x191.jpg\" alt=\"85287266\" width=\"300\" height=\"191\" srcset=\"https:\/\/blog.espol.edu.ec\/juajtriv\/files\/2016\/05\/85287266-300x191.jpg 300w, https:\/\/blog.espol.edu.ec\/juajtriv\/files\/2016\/05\/85287266.jpg 500w\" sizes=\"auto, (max-width: 300px) 100vw, 300px\" \/><\/p>\n<p style=\"text-align: center\"><img loading=\"lazy\" decoding=\"async\" class=\"aligncenter size-medium wp-image-55\" src=\"http:\/\/blog.espol.edu.ec\/juajtriv\/files\/2016\/05\/Catedarl-Ambato-300x225.jpg\" alt=\"Catedarl-Ambato\" width=\"300\" height=\"225\" srcset=\"https:\/\/blog.espol.edu.ec\/juajtriv\/files\/2016\/05\/Catedarl-Ambato-300x225.jpg 300w, https:\/\/blog.espol.edu.ec\/juajtriv\/files\/2016\/05\/Catedarl-Ambato-768x576.jpg 768w, https:\/\/blog.espol.edu.ec\/juajtriv\/files\/2016\/05\/Catedarl-Ambato.jpg 1024w\" sizes=\"auto, (max-width: 300px) 100vw, 300px\" \/><\/p>\n<p style=\"text-align: center\"><img loading=\"lazy\" decoding=\"async\" class=\"aligncenter size-medium wp-image-56\" src=\"http:\/\/blog.espol.edu.ec\/juajtriv\/files\/2016\/05\/Parque-Montalvo-Ambato-5198A-300x225.jpg\" alt=\"Parque-Montalvo-Ambato-5198A\" width=\"300\" height=\"225\" srcset=\"https:\/\/blog.espol.edu.ec\/juajtriv\/files\/2016\/05\/Parque-Montalvo-Ambato-5198A-300x225.jpg 300w, https:\/\/blog.espol.edu.ec\/juajtriv\/files\/2016\/05\/Parque-Montalvo-Ambato-5198A.jpg 450w\" sizes=\"auto, (max-width: 300px) 100vw, 300px\" \/><\/p>\n<p style=\"text-align: center\">\n<p style=\"text-align: center\"><strong>Ba\u00f1os<\/strong><\/p>\n<p style=\"text-align: center\">\n<p><b>Ba\u00f1os de Agua Santa<\/b>, o simplemente <b>Ba\u00f1os<\/b> es una <a title=\"Ciudad\" href=\"https:\/\/es.wikipedia.org\/wiki\/Ciudad\">ciudad<\/a> <a title=\"Ecuador\" href=\"https:\/\/es.wikipedia.org\/wiki\/Ecuador\">ecuatoriana<\/a>, de la <a title=\"Provincia de Tungurahua\" href=\"https:\/\/es.wikipedia.org\/wiki\/Provincia_de_Tungurahua\">Provincia de Tungurahua<\/a>. Es un centro tur\u00edstico de importancia del pa\u00eds, se encuentra a unos 45 minutos de Ambato . Es la cabecera cantonal del <a title=\"Cant\u00f3n Ba\u00f1os\" href=\"https:\/\/es.wikipedia.org\/wiki\/Cant%C3%B3n_Ba%C3%B1os\">cant\u00f3n Ba\u00f1os<\/a> y tiene una poblaci\u00f3n de 12.995 personas. La actividad econ\u00f3mica m\u00e1s importante del cant\u00f3n es el turismo receptivo. La<a title=\"Fondo Mundial para la Naturaleza\" href=\"https:\/\/es.wikipedia.org\/wiki\/Fondo_Mundial_para_la_Naturaleza\">WWF<\/a> le dio el nominativo a Ba\u00f1os de \"Un Regalo para la Tierra\"<\/p>\n<p>Ba\u00f1os, est\u00e1 ubicada en las faldas del volc\u00e1n <a class=\"mw-redirect\" title=\"Tungurahua (volc\u00e1n)\" href=\"https:\/\/es.wikipedia.org\/wiki\/Tungurahua_(volc%C3%A1n)\">Tungurahua<\/a> una altura de 1820 metros (<a class=\"mw-redirect\" title=\"Msnm\" href=\"https:\/\/es.wikipedia.org\/wiki\/Msnm\">msnm<\/a>), muy pr\u00f3ximo al centro geom\u00e9trico del territorio ecuatoriano. Goza de un clima muy agradable, casi durante todo el a\u00f1o; a pesar de una alta humedad. Los parques nacionales <a title=\"Parque nacional Sangay\" href=\"https:\/\/es.wikipedia.org\/wiki\/Parque_nacional_Sangay\">Sangay<\/a> y <a class=\"new\" title=\"Parque nacional Los Llanganates (a\u00fan no redactado)\" href=\"https:\/\/es.wikipedia.org\/w\/index.php?title=Parque_nacional_Los_Llanganates&amp;action=edit&amp;redlink=1\">Llanganates<\/a>. est\u00e1n ubicados en los flancos del cant\u00f3n.<\/p>\n<p>Ba\u00f1os es tambi\u00e9n un centro de peregrinaci\u00f3n religiosa ya que los manantiales de <a title=\"Aguas termales\" href=\"https:\/\/es.wikipedia.org\/wiki\/Aguas_termales\">aguas termales<\/a> son popularmente asociados con curas \"milagrosas\" por la influencia de la comunidad dominica que est\u00e1 asentada en esta zona desde hace mucho tiempo.<\/p>\n<p><a href=\"https:\/\/es.wikipedia.org\/wiki\/Ba%C3%B1os_(Ecuador)\">https:\/\/es.wikipedia.org\/wiki\/Ba%C3%B1os_(Ecuador)<\/a><\/p>\n<p>&nbsp;<\/p>\n<p style=\"text-align: center\"><img loading=\"lazy\" decoding=\"async\" class=\"aligncenter size-medium wp-image-57\" src=\"http:\/\/blog.espol.edu.ec\/juajtriv\/files\/2016\/05\/pailon-del-daiblo-banos-ecuador-300x225.jpg\" alt=\"pailon-del-daiblo-banos-ecuador\" width=\"300\" height=\"225\" srcset=\"https:\/\/blog.espol.edu.ec\/juajtriv\/files\/2016\/05\/pailon-del-daiblo-banos-ecuador-300x225.jpg 300w, https:\/\/blog.espol.edu.ec\/juajtriv\/files\/2016\/05\/pailon-del-daiblo-banos-ecuador-768x576.jpg 768w, https:\/\/blog.espol.edu.ec\/juajtriv\/files\/2016\/05\/pailon-del-daiblo-banos-ecuador-1024x768.jpg 1024w\" sizes=\"auto, (max-width: 300px) 100vw, 300px\" \/><\/p>\n<p style=\"text-align: center\"><img loading=\"lazy\" decoding=\"async\" class=\"aligncenter size-medium wp-image-58\" src=\"http:\/\/blog.espol.edu.ec\/juajtriv\/files\/2016\/05\/tree-house-banos-ecuador-300x150.jpg\" alt=\"tree-house-banos-ecuador\" width=\"300\" height=\"150\" srcset=\"https:\/\/blog.espol.edu.ec\/juajtriv\/files\/2016\/05\/tree-house-banos-ecuador-300x150.jpg 300w, https:\/\/blog.espol.edu.ec\/juajtriv\/files\/2016\/05\/tree-house-banos-ecuador-768x384.jpg 768w, https:\/\/blog.espol.edu.ec\/juajtriv\/files\/2016\/05\/tree-house-banos-ecuador.jpg 840w\" sizes=\"auto, (max-width: 300px) 100vw, 300px\" \/><\/p>\n<p style=\"text-align: center\"><img loading=\"lazy\" decoding=\"async\" class=\"aligncenter size-medium wp-image-59\" src=\"http:\/\/blog.espol.edu.ec\/juajtriv\/files\/2016\/05\/yiglesiadebanosecuador-300x225.jpg\" alt=\"yiglesiadebanosecuador\" width=\"300\" height=\"225\" srcset=\"https:\/\/blog.espol.edu.ec\/juajtriv\/files\/2016\/05\/yiglesiadebanosecuador-300x225.jpg 300w, https:\/\/blog.espol.edu.ec\/juajtriv\/files\/2016\/05\/yiglesiadebanosecuador-768x576.jpg 768w, https:\/\/blog.espol.edu.ec\/juajtriv\/files\/2016\/05\/yiglesiadebanosecuador.jpg 1024w\" sizes=\"auto, (max-width: 300px) 100vw, 300px\" \/><\/p>\n<p style=\"text-align: center\">\n<p style=\"text-align: center\"><strong>Laguna Quilotoa<\/strong><\/p>\n<p>El <b>Quilotoa<\/b> (<span class=\"IPA\" title=\"Representaci\u00f3n en el Alfabeto Fon\u00e9tico Internacional (IPA o AFI)\">kilo\u02c8to.a<\/span>) es una <a title=\"Caldera volc\u00e1nica\" href=\"https:\/\/es.wikipedia.org\/wiki\/Caldera_volc%C3%A1nica\">caldera<\/a> rellenada de agua, as\u00ed como el <a title=\"Volc\u00e1n\" href=\"https:\/\/es.wikipedia.org\/wiki\/Volc%C3%A1n\">volc\u00e1n<\/a> m\u00e1s occidental de los <a title=\"Cordillera de los Andes\" href=\"https:\/\/es.wikipedia.org\/wiki\/Cordillera_de_los_Andes\">Andes<\/a> <a title=\"Ecuador\" href=\"https:\/\/es.wikipedia.org\/wiki\/Ecuador\">ecuatorianos<\/a>.<\/p>\n<p>La caldera de 3\u00a0kil\u00f3metros (2\u00a0mi) de ancho se form\u00f3 por el colapso de este volc\u00e1n de <a title=\"Dacita\" href=\"https:\/\/es.wikipedia.org\/wiki\/Dacita\">dacita<\/a> seguido por una erupci\u00f3n de <a class=\"new\" title=\"Volcanic Explosivity Index (a\u00fan no redactado)\" href=\"https:\/\/es.wikipedia.org\/w\/index.php?title=Volcanic_Explosivity_Index&amp;action=edit&amp;redlink=1\">VEI<\/a>-6 hace aproximadamente 800 a\u00f1os, lo que produjo un <a title=\"Flujo pirocl\u00e1stico\" href=\"https:\/\/es.wikipedia.org\/wiki\/Flujo_pirocl%C3%A1stico\">flujo pirocl\u00e1stico<\/a> y <a title=\"Lahar\" href=\"https:\/\/es.wikipedia.org\/wiki\/Lahar\">lahares<\/a> (flujos de lodo) que alcanzaron el <a title=\"Oc\u00e9ano Pac\u00edfico\" href=\"https:\/\/es.wikipedia.org\/wiki\/Oc%C3%A9ano_Pac%C3%ADfico\">Oc\u00e9ano Pac\u00edfico<\/a>, lo que deposit\u00f3 <a class=\"mw-redirect\" title=\"Cenizas volc\u00e1nicas\" href=\"https:\/\/es.wikipedia.org\/wiki\/Cenizas_volc%C3%A1nicas\">cenizas volc\u00e1nicas<\/a> a trav\u00e9s del aire a lo largo de los Andes septentrionales.<\/p>\n<p>Desde entonces la caldera ha acumulado un <a title=\"Lago de cr\u00e1ter\" href=\"https:\/\/es.wikipedia.org\/wiki\/Lago_de_cr%C3%A1ter\">lago de cr\u00e1ter<\/a> 250\u00a0metros (820\u00a0pies) de profundidad, y cuyos minerales disueltos le han conferido un tono verdoso. Hay <a title=\"Fumarola\" href=\"https:\/\/es.wikipedia.org\/wiki\/Fumarola\">fumarolas<\/a> en el fondo del lago y existen manantiales calientes por la banda este del volc\u00e1n.<sup id=\"cite_ref-1\" class=\"reference\"><a href=\"https:\/\/es.wikipedia.org\/wiki\/Quilotoa#cite_note-1\">1<\/a><\/sup><\/p>\n<p>Se puede encontrar una bella laguna de color verde esmeralda, se puede realizar varios deportes como el senderismo alrededor del volc\u00e1n, paseo en bote o kayac, adem\u00e1s se puede observar mam\u00edferos como venados, lobos de p\u00e1ramo, conejos, zorros entre otros. Impresionante paisajes para los amantes de la fotograf\u00eda.<\/p>\n<p><a href=\"https:\/\/es.wikipedia.org\/wiki\/Quilotoa\">https:\/\/es.wikipedia.org\/wiki\/Quilotoa<\/a><\/p>\n<p>&nbsp;<\/p>\n<p style=\"text-align: center\"><img loading=\"lazy\" decoding=\"async\" class=\"aligncenter size-medium wp-image-60\" src=\"http:\/\/blog.espol.edu.ec\/juajtriv\/files\/2016\/05\/Beda-and-Breakfast-Quito-Ecuador-Laguna-Quilotoa2-300x160.png\" alt=\"Beda-and-Breakfast-Quito-Ecuador-Laguna-Quilotoa2\" width=\"300\" height=\"160\" srcset=\"https:\/\/blog.espol.edu.ec\/juajtriv\/files\/2016\/05\/Beda-and-Breakfast-Quito-Ecuador-Laguna-Quilotoa2-300x160.png 300w, https:\/\/blog.espol.edu.ec\/juajtriv\/files\/2016\/05\/Beda-and-Breakfast-Quito-Ecuador-Laguna-Quilotoa2.png 670w\" sizes=\"auto, (max-width: 300px) 100vw, 300px\" \/><\/p>\n<p style=\"text-align: center\"><img loading=\"lazy\" decoding=\"async\" class=\"aligncenter size-medium wp-image-61\" src=\"http:\/\/blog.espol.edu.ec\/juajtriv\/files\/2016\/05\/Panorama_quilotoa_crater_lake_ecuador-300x223.jpg\" alt=\"Panorama_quilotoa_crater_lake_ecuador\" width=\"300\" height=\"223\" srcset=\"https:\/\/blog.espol.edu.ec\/juajtriv\/files\/2016\/05\/Panorama_quilotoa_crater_lake_ecuador-300x223.jpg 300w, https:\/\/blog.espol.edu.ec\/juajtriv\/files\/2016\/05\/Panorama_quilotoa_crater_lake_ecuador-768x572.jpg 768w, https:\/\/blog.espol.edu.ec\/juajtriv\/files\/2016\/05\/Panorama_quilotoa_crater_lake_ecuador-1024x762.jpg 1024w\" sizes=\"auto, (max-width: 300px) 100vw, 300px\" \/><\/p>\n<p style=\"text-align: center\">\n<p style=\"text-align: center\"><strong>Laguna de Cuicocha<\/strong><\/p>\n<p style=\"text-align: left\"><b>Cuicocha<\/b> (<a class=\"mw-redirect\" title=\"Kichwa\" href=\"https:\/\/es.wikipedia.org\/wiki\/Kichwa\">kichwa<\/a>: <i>Kuychi Kucha<\/i> , \"laguna de arcoiris\" o <i>Tsuish Kucha<\/i>, \"laguna de los Dioses\")<sup id=\"cite_ref-1\" class=\"reference\"><a href=\"https:\/\/es.wikipedia.org\/wiki\/Cuicocha#cite_note-1\">1<\/a><\/sup> es una <a title=\"Laguna\" href=\"https:\/\/es.wikipedia.org\/wiki\/Laguna\">laguna<\/a> localizada a 120 Km., al norte de Quito, a una altitud de 3.068 m.s.n.m.; es una <a title=\"Caldera volc\u00e1nica\" href=\"https:\/\/es.wikipedia.org\/wiki\/Caldera_volc%C3%A1nica\">caldera volc\u00e1nica<\/a>, <a title=\"Cr\u00e1ter volc\u00e1nico\" href=\"https:\/\/es.wikipedia.org\/wiki\/Cr%C3%A1ter_volc%C3%A1nico\">cr\u00e1ter volc\u00e1nico<\/a>, al pie del <a title=\"Volc\u00e1n Cotacachi\" href=\"https:\/\/es.wikipedia.org\/wiki\/Volc%C3%A1n_Cotacachi\">volc\u00e1n Cotacachi<\/a> en la cordillera Occidental de los <a title=\"Cordillera de los Andes\" href=\"https:\/\/es.wikipedia.org\/wiki\/Cordillera_de_los_Andes\">Andes<\/a> ecuatorianos.<\/p>\n<p>La caldera fue formada por una masiva <a title=\"Erupci\u00f3n fre\u00e1tica\" href=\"https:\/\/es.wikipedia.org\/wiki\/Erupci%C3%B3n_fre%C3%A1tica\">erupci\u00f3n fre\u00e1tica<\/a> hace 3.100 a\u00f1os generando 5 Km c\u00fabicos de flujos piropl\u00e1sticos y cubriendo la zona aleda\u00f1a con una capa de ceniza volc\u00e1nica de 20 cm.<\/p>\n<p><a href=\"https:\/\/es.wikipedia.org\/wiki\/Cuicocha\">https:\/\/es.wikipedia.org\/wiki\/Cuicocha<\/a><\/p>\n<p>&nbsp;<\/p>\n<p style=\"text-align: center\"><img loading=\"lazy\" decoding=\"async\" class=\"aligncenter size-medium wp-image-62\" src=\"http:\/\/blog.espol.edu.ec\/juajtriv\/files\/2016\/05\/F2D-300x225.jpg\" alt=\"F2D\" width=\"300\" height=\"225\" srcset=\"https:\/\/blog.espol.edu.ec\/juajtriv\/files\/2016\/05\/F2D-300x225.jpg 300w, https:\/\/blog.espol.edu.ec\/juajtriv\/files\/2016\/05\/F2D.jpg 732w\" sizes=\"auto, (max-width: 300px) 100vw, 300px\" \/><\/p>\n<p style=\"text-align: center\"><img loading=\"lazy\" decoding=\"async\" class=\"aligncenter size-medium wp-image-63\" src=\"http:\/\/blog.espol.edu.ec\/juajtriv\/files\/2016\/05\/Laguna_Cuicocha-300x116.jpg\" alt=\"Laguna_Cuicocha\" width=\"300\" height=\"116\" srcset=\"https:\/\/blog.espol.edu.ec\/juajtriv\/files\/2016\/05\/Laguna_Cuicocha-300x116.jpg 300w, https:\/\/blog.espol.edu.ec\/juajtriv\/files\/2016\/05\/Laguna_Cuicocha-768x296.jpg 768w, https:\/\/blog.espol.edu.ec\/juajtriv\/files\/2016\/05\/Laguna_Cuicocha.jpg 800w\" sizes=\"auto, (max-width: 300px) 100vw, 300px\" \/><\/p>\n<p style=\"text-align: center\">\n<p style=\"text-align: center\">\n<p>&nbsp;<\/p>\n","protected":false},"excerpt":{"rendered":"<p>Cuenca Cuenca, oficialmente Santa Ana de los Cuatro R\u00edos de Cuenca, es una ciudad del centro austral de la Rep\u00fablica del Ecuador y es la capital de la provincia del Azuay. Est\u00e1 situada en la parte meridional de la Cordillera andina ecuatoriana. Su Centro Hist\u00f3rico fue declarado Patrimonio de la Humanidad por la Unesco en [&hellip;]<\/p>\n","protected":false},"author":10264,"featured_media":0,"parent":0,"menu_order":0,"comment_status":"closed","ping_status":"closed","template":"","meta":{"footnotes":""},"class_list":["post-45","page","type-page","status-publish","hentry"],"_links":{"self":[{"href":"https:\/\/blog.espol.edu.ec\/juajtriv\/wp-json\/wp\/v2\/pages\/45","targetHints":{"allow":["GET"]}}],"collection":[{"href":"https:\/\/blog.espol.edu.ec\/juajtriv\/wp-json\/wp\/v2\/pages"}],"about":[{"href":"https:\/\/blog.espol.edu.ec\/juajtriv\/wp-json\/wp\/v2\/types\/page"}],"author":[{"embeddable":true,"href":"https:\/\/blog.espol.edu.ec\/juajtriv\/wp-json\/wp\/v2\/users\/10264"}],"replies":[{"embeddable":true,"href":"https:\/\/blog.espol.edu.ec\/juajtriv\/wp-json\/wp\/v2\/comments?post=45"}],"version-history":[{"count":1,"href":"https:\/\/blog.espol.edu.ec\/juajtriv\/wp-json\/wp\/v2\/pages\/45\/revisions"}],"predecessor-version":[{"id":64,"href":"https:\/\/blog.espol.edu.ec\/juajtriv\/wp-json\/wp\/v2\/pages\/45\/revisions\/64"}],"wp:attachment":[{"href":"https:\/\/blog.espol.edu.ec\/juajtriv\/wp-json\/wp\/v2\/media?parent=45"}],"curies":[{"name":"wp","href":"https:\/\/api.w.org\/{rel}","templated":true}]}}