{"id":3072,"date":"2018-05-31T16:40:14","date_gmt":"2018-05-31T20:40:14","guid":{"rendered":"http:\/\/blog.espol.edu.ec\/lgrodrig\/?page_id=3072"},"modified":"2018-05-31T16:40:14","modified_gmt":"2018-05-31T20:40:14","slug":"los-guayacanes-tambien-florecen-para-ti-viviendo-el-ahora","status":"publish","type":"page","link":"https:\/\/blog.espol.edu.ec\/lgrodrig\/los-guayacanes-tambien-florecen-para-ti-viviendo-el-ahora\/los-guayacanes-tambien-florecen-para-ti-viviendo-el-ahora\/","title":{"rendered":"Los guayacanes tambi\u00e9n florecen para ti - Viviendo el ahora"},"content":{"rendered":"<h4 style=\"text-align: center\"><a href=\"http:\/\/blog.espol.edu.ec\/lgrodrig\/files\/2018\/05\/GUAYACANES-2.jpg\">LOS GUAYACANES TAMBI\u00c9N FLORECEN PARA TI - VIVIENDO EL AHORA<br \/>\n<img loading=\"lazy\" decoding=\"async\" class=\" wp-image-3075 aligncenter\" src=\"http:\/\/blog.espol.edu.ec\/lgrodrig\/files\/2018\/05\/GUAYACANES-2-288x300.jpg\" alt=\"\" width=\"428\" height=\"445\" srcset=\"https:\/\/blog.espol.edu.ec\/lgrodrig\/files\/2018\/05\/GUAYACANES-2-288x300.jpg 288w, https:\/\/blog.espol.edu.ec\/lgrodrig\/files\/2018\/05\/GUAYACANES-2-768x801.jpg 768w\" sizes=\"auto, (max-width: 428px) 100vw, 428px\" \/><\/a><\/h4>\n<h3><strong>INTRODUCCI\u00d3N<\/strong><\/h3>\n<h3><strong>\u00a0<\/strong>En el sureste del continente americano, en un espacio geogr\u00e1fico tan diverso, donde existen hermosos paisajes y poseemos el privilegio de tener el volc\u00e1n y monta\u00f1a m\u00e1s alta\u00a0 como lo es el Chimborazo<a href=\"#_ftn1\" name=\"_ftnref1\">[1]<\/a> que es el lugar m\u00e1s cercano al sol, la luna y las estrellas, donde tambi\u00e9n contamos con otro sinn\u00fameros de maravillas que al contemplarlas nos llenan de energ\u00eda pura y renovadora;<a href=\"#_ftn2\" name=\"_ftnref2\">[2]<\/a>\u00a0 fue precisamente al sur, en la parte oriental, en un lugar con clima primaveral de la provincia de Loja, en el cant\u00f3n fronterizo Zapotillo,<a href=\"#_ftn3\" name=\"_ftnref3\">[3]<\/a> de la parroquia Mangahurco, donde recib\u00ed la gracia de\u00a0 contemplar un fen\u00f3meno natural que anunciaba la presencia del invierno; vi senderos m\u00e1gicos atestados de los milenarios \u00e1rboles de guayac\u00e1n,<a href=\"#_ftn4\" name=\"_ftnref4\">[4]<\/a> dicen que son m\u00e1s de 40.000 hect\u00e1reas de bosque seco con un c\u00e1lido tapiz amarillo que engalana el entorno. Tuve el extraordinario privilegio de observar c\u00f3mo en solo cinco d\u00edas, el paisaje fue transform\u00e1ndose, cambiando de color en un espect\u00e1culo maravilloso. \u00a0Aprend\u00ed que este diamante de madera, para alcanzar quince metros de altura, debe tener doscientos a\u00f1os de edad<a href=\"#_ftn5\" name=\"_ftnref5\">[5]<\/a> y que puede crecer hasta mil metros sobre el nivel del mar erigi\u00e9ndose como un poderoso tit\u00e1n mitol\u00f3gico\u2026<\/h3>\n<h3>La desbordante energ\u00eda recibida en un lugar donde el tiempo parece haberse detenido, hizo que permanezca en uno de esos rec\u00f3nditos parajes, aislada de la absorbente civilizaci\u00f3n, sumergida en la b\u00fasqueda incesante del verdadero amor, de la paz y la felicidad, enfocando la mente e \u00a0intentando escribir en una p\u00e1gina ind\u00f3mita.<\/h3>\n<h3>Pernoct\u00e9 cuatro semanas receptando sobredosis de droga natural, tiempo quiz\u00e1s insuficiente para la transformaci\u00f3n, pero el necesario para iniciar el proceso que ya estaba dicho: reencontrarme conmigo, desarrollar fuerzas generadoras de poder, comprender la misi\u00f3n recibida y comenzar a trabajar en aquello, no sin antes haberme asegurado de participar en la siembra de nuevos \u00e1rboles, que despu\u00e9s de dos siglos ser\u00e1n pilares solidarios de mi esp\u00edritu, para el deleite\u00a0 de las generaciones venideras.<\/h3>\n<h3>He aqu\u00ed lo obtenido\u2026<\/h3>\n<h3><strong>\u00a0<\/strong><\/h3>\n<h3><a href=\"#_ftnref1\" name=\"_ftn1\">[1]<\/a> Monta\u00f1a, volc\u00e1n\u00a0 cuya altura es de 6.310 msnm., y est\u00e1 en el punto m\u00e1s alejado del centro de la Tierra, es decir el punto m\u00e1s cercano al espacio exterior\u2026<\/h3>\n<h3><a href=\"#_ftnref2\" name=\"_ftn2\">[2]<\/a> Ecuador, pa\u00eds de Sudam\u00e9rica.-<\/h3>\n<h3><a href=\"#_ftnref3\" name=\"_ftn3\">[3]<\/a> Frontera sur del Ecuador con el norte del Per\u00fa.-<\/h3>\n<h3><a href=\"#_ftnref4\" name=\"_ftn4\">[4]<\/a> Madera de resina amarga, aceitosa y de gran dureza.-<\/h3>\n<h3><a href=\"#_ftnref5\" name=\"_ftn5\">[5]<\/a> Un promedio de tres generaciones.-<\/h3>\n<h3 style=\"text-align: center\"><\/h3>\n","protected":false},"excerpt":{"rendered":"<p>LOS GUAYACANES TAMBI\u00c9N FLORECEN PARA TI - VIVIENDO EL AHORA INTRODUCCI\u00d3N \u00a0En el sureste del continente americano, en un espacio geogr\u00e1fico tan diverso, donde existen hermosos paisajes y poseemos el privilegio de tener el volc\u00e1n y monta\u00f1a m\u00e1s alta\u00a0 como lo es el Chimborazo[1] que es el lugar m\u00e1s cercano al sol, la luna y [&hellip;]<\/p>\n","protected":false},"author":247,"featured_media":0,"parent":3067,"menu_order":2,"comment_status":"closed","ping_status":"closed","template":"","meta":{"footnotes":""},"class_list":["post-3072","page","type-page","status-publish","hentry"],"aioseo_notices":[],"_links":{"self":[{"href":"https:\/\/blog.espol.edu.ec\/lgrodrig\/wp-json\/wp\/v2\/pages\/3072","targetHints":{"allow":["GET"]}}],"collection":[{"href":"https:\/\/blog.espol.edu.ec\/lgrodrig\/wp-json\/wp\/v2\/pages"}],"about":[{"href":"https:\/\/blog.espol.edu.ec\/lgrodrig\/wp-json\/wp\/v2\/types\/page"}],"author":[{"embeddable":true,"href":"https:\/\/blog.espol.edu.ec\/lgrodrig\/wp-json\/wp\/v2\/users\/247"}],"replies":[{"embeddable":true,"href":"https:\/\/blog.espol.edu.ec\/lgrodrig\/wp-json\/wp\/v2\/comments?post=3072"}],"version-history":[{"count":6,"href":"https:\/\/blog.espol.edu.ec\/lgrodrig\/wp-json\/wp\/v2\/pages\/3072\/revisions"}],"predecessor-version":[{"id":3079,"href":"https:\/\/blog.espol.edu.ec\/lgrodrig\/wp-json\/wp\/v2\/pages\/3072\/revisions\/3079"}],"up":[{"embeddable":true,"href":"https:\/\/blog.espol.edu.ec\/lgrodrig\/wp-json\/wp\/v2\/pages\/3067"}],"wp:attachment":[{"href":"https:\/\/blog.espol.edu.ec\/lgrodrig\/wp-json\/wp\/v2\/media?parent=3072"}],"curies":[{"name":"wp","href":"https:\/\/api.w.org\/{rel}","templated":true}]}}