{"id":1,"date":"2009-06-05T11:34:36","date_gmt":"2009-06-05T15:34:36","guid":{"rendered":""},"modified":"2009-07-22T23:18:13","modified_gmt":"2009-07-23T04:18:13","slug":"about","status":"publish","type":"page","link":"https:\/\/blog.espol.edu.ec\/lictur\/about\/","title":{"rendered":"LICTUR de ESPOL"},"content":{"rendered":"<p class=\"MsoNormal\" style=\"margin: 0cm 0cm 0pt;text-align: justify\"><span style=\"color: black\"><span style=\"font-size: small;font-family: Calibri\"><a href=\"http:\/\/blog.espol.edu.ec\/lictur\/files\/2009\/06\/lictur.jpg\"><img loading=\"lazy\" decoding=\"async\" class=\"alignleft size-medium wp-image-1253\" src=\"http:\/\/blog.espol.edu.ec\/lictur\/files\/2009\/06\/lictur-199x300.jpg\" alt=\"lictur\" width=\"199\" height=\"300\" srcset=\"https:\/\/blog.espol.edu.ec\/lictur\/files\/2009\/06\/lictur-199x300.jpg 199w, https:\/\/blog.espol.edu.ec\/lictur\/files\/2009\/06\/lictur.jpg 300w\" sizes=\"auto, (max-width: 199px) 100vw, 199px\" \/><\/a><\/span><\/span>\u00a0<\/p>\n<p class=\"MsoNormal\" style=\"margin: 0cm 0cm 0pt;text-align: justify\">\u00a0\u00a0<\/p>\n<p class=\"MsoNormal\" style=\"margin: 0cm 0cm 10pt\"><span style=\"font-family: Calibri;font-size: small\">\u00a1Haz del ECUADOR, un destino Maravilloso!<\/span><\/p>\n<p class=\"MsoNormal\" style=\"margin: 0cm 0cm 10pt\"><span style=\"font-family: Calibri;font-size: small\">Se un profesional de innovacion, emprendimiento<\/span><\/p>\n<p class=\"MsoNormal\" style=\"margin: 0cm 0cm 10pt\"><span style=\"font-family: Calibri;font-size: small\">l\u00edder en el desarrollo tur\u00edstico\u00a0<\/span><span style=\"font-family: Calibri;font-size: small\">del pa\u00eds <\/span><\/p>\n<p class=\"MsoNormal\" style=\"margin: 0cm 0cm 10pt\"><span style=\"font-family: Calibri;font-size: small\">... y del mundo entero.<\/span><\/p>\n<p class=\"MsoNormal\" style=\"text-align: justify;margin: 0cm 0cm 10pt\"><strong><\/strong><\/p>\n<p class=\"MsoNormal\" style=\"text-align: justify;margin: 0cm 0cm 10pt\"><strong><\/strong><\/p>\n<p class=\"MsoNormal\" style=\"text-align: justify;margin: 0cm 0cm 10pt\"><strong><\/strong><\/p>\n<p class=\"MsoNormal\" style=\"text-align: justify;margin: 0cm 0cm 10pt\"><strong><\/strong><\/p>\n<p class=\"MsoNormal\" style=\"text-align: justify;margin: 0cm 0cm 10pt\"><strong><\/strong><\/p>\n<p class=\"MsoNormal\" style=\"text-align: justify;margin: 0cm 0cm 10pt\"><strong><\/strong><\/p>\n<p class=\"MsoNormal\" style=\"text-align: justify;margin: 0cm 0cm 10pt\"><strong><\/strong><\/p>\n<p class=\"MsoNormal\" style=\"text-align: justify;margin: 0cm 0cm 10pt\"><strong><\/strong><\/p>\n<p class=\"MsoNormal\" style=\"text-align: justify;margin: 0cm 0cm 10pt\"><strong><\/strong><\/p>\n<p class=\"MsoNormal\" style=\"text-align: justify;margin: 0cm 0cm 10pt\"><strong><\/strong><\/p>\n<p class=\"MsoNormal\" style=\"text-align: justify;margin: 0cm 0cm 10pt\"><strong><span style=\"font-size: small\"><span style=\"font-family: Calibri\">VISION<\/span><\/span><\/strong><\/p>\n<p class=\"MsoNormal\" style=\"text-align: justify;margin: 0cm 0cm 10pt\"><span style=\"font-size: small\"><span style=\"font-family: Calibri\">Formar profesionales en Turismo, mediante una preparaci\u00f3n acad\u00e9mica eficiente, \u00e9tica y moralmente exigente; con investigaci\u00f3n y extensi\u00f3n permanente, para que lideren el desarrollo tur\u00edstico sostenible del pa\u00eds.<\/span><\/span><\/p>\n<p class=\"MsoNormal\" style=\"text-align: justify;margin: 0cm 0cm 10pt\">\u00a0<\/p>\n<p class=\"MsoNormal\" style=\"text-align: justify;margin: 0cm 0cm 10pt\"><strong><\/strong><\/p>\n<p class=\"MsoNormal\" style=\"text-align: justify;margin: 0cm 0cm 10pt\"><strong><\/strong><\/p>\n<p class=\"MsoNormal\" style=\"text-align: justify;margin: 0cm 0cm 10pt\"><strong><\/strong><\/p>\n<p class=\"MsoNormal\" style=\"text-align: left;margin: 0cm 0cm 10pt\"><strong><\/strong><\/p>\n<p class=\"MsoNormal\" style=\"text-align: left;margin: 0cm 0cm 10pt\"><strong><span style=\"font-size: small\"><span style=\"font-family: Calibri\">MISION<\/span><\/span><\/strong><\/p>\n<p class=\"MsoNormal\" style=\"text-align: justify;margin: 0cm 0cm 10pt\"><span style=\"font-family: Calibri;font-size: small\">La Licenciatura en Turismo es reconocida y respetada en el \u00e1mbito tur\u00edstico nacional e internacional, por su excelencia acad\u00e9mica, su capacidad de investigar y desarrollar productos tur\u00edsticos.<\/span><\/p>\n<p class=\"MsoNormal\" style=\"margin: 0cm 0cm 10pt\"><strong><span style=\"font-size: small\"><span style=\"font-family: Calibri\">TITULACION<\/span><\/span><\/strong><\/p>\n<p class=\"MsoNormal\" style=\"margin: 0cm 0cm 10pt\"><span style=\"font-family: Calibri;font-size: small\">La <strong>ESPOL<\/strong> ofrece la carrera de Turismo, con una formaci\u00f3n acad\u00e9mica integral y opci\u00f3n a doble titulaci\u00f3n en:<\/span><\/p>\n<p class=\"MsoListParagraphCxSpFirst\" style=\"margin: 0cm 0cm 0pt 36pt\"><span><span><span style=\"font-family: Calibri;font-size: small\">-<\/span><span style=\"font: 7pt &quot;Times New Roman&amp;quot\">\u00a0\u00a0\u00a0\u00a0\u00a0\u00a0\u00a0\u00a0\u00a0 <\/span><\/span><\/span><span style=\"font-family: Calibri;font-size: small\">Gu\u00eda Nacional de Turismo Biling\u00fce<\/span><\/p>\n<p class=\"MsoListParagraphCxSpLast\" style=\"margin: 0cm 0cm 10pt 36pt\"><span><span><span style=\"font-family: Calibri;font-size: small\">-<\/span><span style=\"font: 7pt &quot;Times New Roman&amp;quot\">\u00a0\u00a0\u00a0\u00a0\u00a0\u00a0\u00a0\u00a0\u00a0 <\/span><\/span><\/span><span style=\"font-size: small\"><span style=\"font-family: Calibri\">Licenciado en Turismo<\/span><\/span><strong><span style=\"font-family: Calibri;font-size: small\">\u00a0<\/span><\/strong><\/p>\n<p style=\"text-align: left\">\n<table class=\"MsoNormalTable\" border=\"1\" cellspacing=\"0\" cellpadding=\"0\">\n<tbody>\n<tr>\n<td style=\"padding-bottom: 0cm;padding-left: 5.4pt;width: 224.45pt;padding-right: 5.4pt;padding-top: 0cm;border: black 1pt solid\" width=\"299\" valign=\"top\">\n<p class=\"MsoNormal\" style=\"margin: 0cm 0cm 0pt\"><strong><span><span style=\"font-size: small\"><span style=\"font-family: Calibri\">Escenarios de Ocupaci\u00f3n <\/span><\/span><\/span><\/strong><\/p>\n<\/td>\n<td style=\"padding-bottom: 0cm;padding-left: 5.4pt;width: 224.45pt;padding-right: 5.4pt;padding-top: 0cm\" width=\"299\" valign=\"top\">\n<p class=\"MsoNormal\" style=\"margin: 0cm 0cm 0pt\"><strong><span><span style=\"font-size: small\"><span style=\"font-family: Calibri\">\u00c1reas de Competencia<\/span><\/span><\/span><\/strong><\/p>\n<\/td>\n<\/tr>\n<tr>\n<td style=\"padding-bottom: 0cm;padding-left: 5.4pt;width: 224.45pt;padding-right: 5.4pt;padding-top: 0cm\" width=\"299\" valign=\"top\">\n<p class=\"MsoNormal\" style=\"margin: 0cm 0cm 0pt\"><span><span style=\"font-size: small\"><span style=\"font-family: Calibri\">Organismos gubernamentales de turismo.<\/span><\/span><\/span><\/p>\n<\/td>\n<td style=\"padding-bottom: 0cm;padding-left: 5.4pt;width: 224.45pt;padding-right: 5.4pt;padding-top: 0cm\" width=\"299\" valign=\"top\">\n<p class=\"MsoNormal\" style=\"margin: 0cm 0cm 0pt\"><span><span style=\"font-size: small\"><span style=\"font-family: Calibri\">Asistencia y consultor\u00eda a los sectores p\u00fablicos y privados en proyectos tur\u00edsticos.<\/span><\/span><\/span><\/p>\n<\/td>\n<\/tr>\n<tr>\n<td style=\"padding-bottom: 0cm;padding-left: 5.4pt;width: 224.45pt;padding-right: 5.4pt;padding-top: 0cm\" width=\"299\" valign=\"top\">\n<p class=\"MsoNormal\" style=\"margin: 0cm 0cm 0pt\"><span><span style=\"font-size: small\"><span style=\"font-family: Calibri\">Departamentos Municipales de Turismo<\/span><\/span><\/span><\/p>\n<\/td>\n<td style=\"padding-bottom: 0cm;padding-left: 5.4pt;width: 224.45pt;padding-right: 5.4pt;padding-top: 0cm\" width=\"299\" valign=\"top\">\n<p class=\"MsoNormal\" style=\"margin: 0cm 0cm 0pt\"><span><span style=\"font-size: small\"><span style=\"font-family: Calibri\">Administraci\u00f3n y Gerencia de Empresas tur\u00edsticas y de hospedaje.<\/span><\/span><\/span><\/p>\n<\/td>\n<\/tr>\n<tr>\n<td style=\"padding-bottom: 0cm;padding-left: 5.4pt;width: 224.45pt;padding-right: 5.4pt;padding-top: 0cm\" width=\"299\" valign=\"top\">\n<p class=\"MsoNormal\" style=\"margin: 0cm 0cm 0pt\"><span><span style=\"font-size: small\"><span style=\"font-family: Calibri\">Organizaciones no gubernamentales de desarrollo tur\u00edstico.<\/span><\/span><\/span><\/p>\n<\/td>\n<td style=\"padding-bottom: 0cm;padding-left: 5.4pt;width: 224.45pt;padding-right: 5.4pt;padding-top: 0cm\" width=\"299\" valign=\"top\">\n<p class=\"MsoNormal\" style=\"margin: 0cm 0cm 0pt\"><span><span style=\"font-size: small\"><span style=\"font-family: Calibri\">Proyectos de rescate cultural, hist\u00f3rico y natural de atractivos tur\u00edsticos.<\/span><\/span><\/span><\/p>\n<\/td>\n<\/tr>\n<tr>\n<td style=\"padding-bottom: 0cm;padding-left: 5.4pt;width: 224.45pt;padding-right: 5.4pt;padding-top: 0cm\" width=\"299\" valign=\"top\">\n<p class=\"MsoNormal\" style=\"margin: 0cm 0cm 0pt\"><span><span style=\"font-size: small\"><span style=\"font-family: Calibri\">Pymes.<\/span><\/span><\/span><\/p>\n<\/td>\n<td style=\"padding-bottom: 0cm;padding-left: 5.4pt;width: 224.45pt;padding-right: 5.4pt;padding-top: 0cm\" width=\"299\" valign=\"top\">\n<p class=\"MsoNormal\" style=\"margin: 0cm 0cm 0pt\"><span><span style=\"font-size: small\"><span style=\"font-family: Calibri\">Organizaci\u00f3n de eventos y congresos.<\/span><\/span><\/span><\/p>\n<\/td>\n<\/tr>\n<tr>\n<td style=\"padding-bottom: 0cm;padding-left: 5.4pt;width: 224.45pt;padding-right: 5.4pt;padding-top: 0cm\" width=\"299\" valign=\"top\">\n<p class=\"MsoNormal\" style=\"margin: 0cm 0cm 0pt\"><span><span style=\"font-size: small\"><span style=\"font-family: Calibri\">Agencias de Viajes: mayoristas, internacionales y operadores de turismo.<\/span><\/span><\/span><\/p>\n<\/td>\n<td style=\"padding-bottom: 0cm;padding-left: 5.4pt;width: 224.45pt;padding-right: 5.4pt;padding-top: 0cm\" width=\"299\" valign=\"top\">\n<p class=\"MsoNormal\" style=\"margin: 0cm 0cm 0pt\"><span><span style=\"font-size: small\"><span style=\"font-family: Calibri\">Mercadeo Estrat\u00e9gico y Comercializaci\u00f3n de Paquetes, servicios y destinos tur\u00edsticos.<\/span><\/span><\/span><\/p>\n<\/td>\n<\/tr>\n<tr>\n<td style=\"padding-bottom: 0cm;padding-left: 5.4pt;width: 224.45pt;padding-right: 5.4pt;padding-top: 0cm\" width=\"299\" valign=\"top\">\n<p class=\"MsoNormal\" style=\"margin: 0cm 0cm 0pt\"><span><span style=\"font-size: small\"><span style=\"font-family: Calibri\">L\u00edneas A\u00e9reas y compa\u00f1\u00edas de transporte terrestre y mar\u00edtimo.<\/span><\/span><\/span><\/p>\n<\/td>\n<td style=\"padding-bottom: 0cm;padding-left: 5.4pt;width: 224.45pt;padding-right: 5.4pt;padding-top: 0cm\" width=\"299\" valign=\"top\">\n<p class=\"MsoNormal\" style=\"margin: 0cm 0cm 0pt\"><span><span style=\"font-size: small\"><span style=\"font-family: Calibri\">Formulaci\u00f3n y evaluaci\u00f3n de proyectos y negocios tur\u00edsticos.<\/span><\/span><\/span><\/p>\n<\/td>\n<\/tr>\n<tr>\n<td style=\"padding-bottom: 0cm;padding-left: 5.4pt;width: 224.45pt;padding-right: 5.4pt;padding-top: 0cm\" width=\"299\" valign=\"top\">\n<p class=\"MsoNormal\" style=\"margin: 0cm 0cm 0pt\"><span><span style=\"font-size: small\"><span style=\"font-family: Calibri\">Hoteles y establecimientos de alojamiento.<\/span><\/span><\/span><\/p>\n<\/td>\n<td style=\"padding-bottom: 0cm;padding-left: 5.4pt;width: 224.45pt;padding-right: 5.4pt;padding-top: 0cm\" width=\"299\" valign=\"top\">\n<p class=\"MsoNormal\" style=\"margin: 0cm 0cm 0pt\"><span><span style=\"font-size: small\"><span style=\"font-family: Calibri\">An\u00e1lisis <span>\u00a0<\/span>de impacto ambiental de proyectos tur\u00edsticos.<\/span><\/span><\/span><\/p>\n<\/td>\n<\/tr>\n<tr>\n<td style=\"padding-bottom: 0cm;padding-left: 5.4pt;width: 224.45pt;padding-right: 5.4pt;padding-top: 0cm\" width=\"299\" valign=\"top\">\n<p class=\"MsoNormal\" style=\"margin: 0cm 0cm 0pt\"><span><span style=\"font-size: small\"><span style=\"font-family: Calibri\">Empresas de Eventos y Catering.<\/span><\/span><\/span><\/p>\n<\/td>\n<td style=\"padding-bottom: 0cm;padding-left: 5.4pt;width: 224.45pt;padding-right: 5.4pt;padding-top: 0cm\" width=\"299\" valign=\"top\">\n<p class=\"MsoNormal\" style=\"margin: 0cm 0cm 0pt\"><span><span style=\"font-size: small\"><span style=\"font-family: Calibri\">Control de Calidad de servicios tur\u00edsticos.<\/span><\/span><\/span><\/p>\n<\/td>\n<\/tr>\n<tr>\n<td style=\"padding-bottom: 0cm;padding-left: 5.4pt;width: 224.45pt;padding-right: 5.4pt;padding-top: 0cm\" width=\"299\" valign=\"top\">\n<p class=\"MsoNormal\" style=\"margin: 0cm 0cm 0pt\"><span><span style=\"font-size: small\"><span style=\"font-family: Calibri\">Museos y Parques tem\u00e1ticos.<\/span><\/span><\/span><\/p>\n<\/td>\n<td style=\"padding-bottom: 0cm;padding-left: 5.4pt;width: 224.45pt;padding-right: 5.4pt;padding-top: 0cm\" width=\"299\" valign=\"top\">\n<p class=\"MsoNormal\" style=\"margin: 0cm 0cm 0pt\"><span><span style=\"font-size: small\"><span style=\"font-family: Calibri\">Planificaci\u00f3n y operaci\u00f3n de paquetes tur\u00edsticos.<\/span><\/span><\/span><\/p>\n<\/td>\n<\/tr>\n<tr>\n<td style=\"padding-bottom: 0cm;padding-left: 5.4pt;width: 224.45pt;padding-right: 5.4pt;padding-top: 0cm\" width=\"299\" valign=\"top\">\n<p class=\"MsoNormal\" style=\"margin: 0cm 0cm 0pt\"><span><span style=\"font-size: small\"><span style=\"font-family: Calibri\">Restaurantes y Cafeter\u00edas.<\/span><\/span><\/span><\/p>\n<\/td>\n<td style=\"padding-bottom: 0cm;padding-left: 5.4pt;width: 224.45pt;padding-right: 5.4pt;padding-top: 0cm\" width=\"299\" valign=\"top\">\n<p class=\"MsoNormal\" style=\"margin: 0cm 0cm 0pt\"><span><span style=\"font-size: small\"><span style=\"font-family: Calibri\">Manejo y conservaci\u00f3n de recursos naturales.<\/span><\/span><\/span><\/p>\n<\/td>\n<\/tr>\n<tr>\n<td style=\"padding-bottom: 0cm;padding-left: 5.4pt;width: 224.45pt;padding-right: 5.4pt;padding-top: 0cm\" width=\"299\" valign=\"top\">\n<p class=\"MsoNormal\" style=\"margin: 0cm 0cm 0pt\"><span><span style=\"font-size: small\"><span style=\"font-family: Calibri\">Centros de Educaci\u00f3n y Capacitaci\u00f3n Tur\u00edstica.<\/span><\/span><\/span><\/p>\n<\/td>\n<td style=\"padding-bottom: 0cm;padding-left: 5.4pt;width: 224.45pt;padding-right: 5.4pt;padding-top: 0cm\" width=\"299\" valign=\"top\">\n<p class=\"MsoNormal\" style=\"margin: 0cm 0cm 0pt\"><span><span style=\"font-size: small\"><span style=\"font-family: Calibri\">Guianza Tur\u00edstica.<\/span><\/span><\/span><\/p>\n<\/td>\n<\/tr>\n<tr>\n<td style=\"padding-bottom: 0cm;padding-left: 5.4pt;width: 224.45pt;padding-right: 5.4pt;padding-top: 0cm\" width=\"299\" valign=\"top\">\n<p class=\"MsoNormal\" style=\"margin: 0cm 0cm 0pt\"><span><span style=\"font-family: Calibri;font-size: small\">\u00a0<\/span><\/span><\/p>\n<\/td>\n<td style=\"padding-bottom: 0cm;padding-left: 5.4pt;width: 224.45pt;padding-right: 5.4pt;padding-top: 0cm\" width=\"299\" valign=\"top\">\n<p class=\"MsoNormal\" style=\"margin: 0cm 0cm 0pt\"><span><span style=\"font-size: small\"><span style=\"font-family: Calibri\">Educaci\u00f3n y Capacitaci\u00f3n Tur\u00edstica.<\/span><\/span><\/span><\/p>\n<\/td>\n<\/tr>\n<tr>\n<td style=\"padding-bottom: 0cm;padding-left: 5.4pt;width: 224.45pt;padding-right: 5.4pt;padding-top: 0cm\" width=\"299\" valign=\"top\">\n<p class=\"MsoNormal\" style=\"margin: 0cm 0cm 0pt\"><span><span style=\"font-family: Calibri;font-size: small\">\u00a0<\/span><\/span><\/p>\n<\/td>\n<td style=\"padding-bottom: 0cm;padding-left: 5.4pt;width: 224.45pt;padding-right: 5.4pt;padding-top: 0cm\" width=\"299\" valign=\"top\">\n<p class=\"MsoNormal\" style=\"margin: 0cm 0cm 0pt\"><span><span style=\"font-size: small\"><span style=\"font-family: Calibri\">Investigaci\u00f3n, Evaluaci\u00f3n y Planificaci\u00f3n de nuevos destinos tur\u00edsticos.<\/span><\/span><\/span><\/p>\n<\/td>\n<\/tr>\n<\/tbody>\n<\/table>\n<p class=\"MsoNormal\" style=\"text-align: center;margin: 0cm 0cm 10pt\">\u00a0<\/p>\n<p class=\"MsoNormal\" style=\"text-align: center;margin: 0cm 0cm 10pt\"><span style=\"font-family: Calibri;font-size: small\">\u00a0<strong>NUESTRO SITIO WEB:<\/strong><\/span><\/p>\n<p class=\"MsoNormal\" style=\"text-align: center;margin: 0cm 0cm 10pt\"><a href=\"http:\/\/www.lictur.espol.edu.ec\"><strong>www.lictur.espol.edu.ec<\/strong><\/a><\/p>\n<p class=\"MsoNormal\" style=\"margin: 0cm 0cm 10pt\"><a href=\"http:\/\/blog.espol.edu.ec\/lictur\/files\/2009\/06\/2009-06-23_231612.png\"><img loading=\"lazy\" decoding=\"async\" class=\"aligncenter size-medium wp-image-1098\" src=\"http:\/\/blog.espol.edu.ec\/lictur\/files\/2009\/06\/2009-06-23_231612-300x153.png\" alt=\"www.lictur.edpol.edu.ec\" width=\"300\" height=\"153\" srcset=\"https:\/\/blog.espol.edu.ec\/lictur\/files\/2009\/06\/2009-06-23_231612-300x153.png 300w, https:\/\/blog.espol.edu.ec\/lictur\/files\/2009\/06\/2009-06-23_231612-1024x525.png 1024w, https:\/\/blog.espol.edu.ec\/lictur\/files\/2009\/06\/2009-06-23_231612.png 1343w\" sizes=\"auto, (max-width: 300px) 100vw, 300px\" \/><\/a><\/p>\n<p class=\"MsoNormal\" style=\"margin: 0cm 0cm 10pt\">\u00a0<span style=\"font-size: small\"><span style=\"font-family: Calibri\"><span style=\"color: black\"><em><strong>BALLET FOLKL\u00d3RICO\u00a0 DE ESPOL<\/strong><\/em><\/span><\/span><\/span><\/p>\n<p class=\"MsoNormal\" style=\"text-align: left;margin: 0cm 0cm 0pt\"><span style=\"font-size: small\"><span style=\"font-family: Calibri\"><span style=\"color: black\"><em><\/em><\/span><\/span><\/span><\/p>\n<p class=\"MsoNormal\" style=\"margin: 0cm 0cm 0pt;text-align: center\"><span style=\"font-size: small\"><span style=\"font-family: Calibri\"><span style=\"color: black\"><em><\/em><\/span><\/span><\/span><\/p>\n<p class=\"MsoNormal\" style=\"margin: 0cm 0cm 0pt;text-align: center\"><span style=\"font-size: small\"><span style=\"font-family: Calibri\"><span style=\"color: black\"><em><\/em><\/span><\/span><\/span><\/p>\n<p class=\"MsoNormal\" style=\"margin: 0cm 0cm 0pt;text-align: center\"><span style=\"font-size: small\"><span style=\"font-family: Calibri\"><span style=\"color: black\"><em><\/em><\/span><\/span><\/span><\/p>\n<p class=\"MsoNormal\" style=\"margin: 0cm 0cm 0pt;text-align: center\">\u00a0<\/p>\n<p class=\"MsoNormal\" style=\"margin: 0cm 0cm 0pt\"><span style=\"font-size: small\"><span style=\"font-family: Calibri\"><span style=\"color: black\"><span style=\"color: black\"><span style=\"color: black\"><a href=\"http:\/\/blog.espol.edu.ec\/lictur\/files\/2009\/06\/12.jpg\"><img loading=\"lazy\" decoding=\"async\" class=\"size-full wp-image-1208 alignleft\" src=\"http:\/\/blog.espol.edu.ec\/lictur\/files\/2009\/06\/12.jpg\" alt=\"ballet espol\" width=\"226\" height=\"151\" \/><\/a><\/span><\/span><a href=\"http:\/\/blog.espol.edu.ec\/lictur\/files\/2009\/06\/12.jpg\"><\/a><\/span><\/span><\/span><\/p>\n<p class=\"MsoNormal\" style=\"margin: 0cm 0cm 0pt;text-align: justify\"><span style=\"font-size: small\"><span style=\"font-family: Calibri\"><span style=\"color: black\"><span style=\"color: black\"><a href=\"http:\/\/blog.espol.edu.ec\/lictur\/files\/2009\/06\/12.jpg\"><\/a><\/span><\/span><\/span><\/span><\/p>\n<p class=\"MsoNormal\" style=\"margin: 0cm 0cm 0pt;text-align: justify\">\u00a0<span style=\"font-size: small\"><span style=\"font-family: Calibri\"><span style=\"color: black\">El conjunto art\u00edstico surge en el a\u00f1o 2001, por iniciativa del Profesor de Turismo Ingeniero Ra\u00fal Coello y el Ingeniero Crist\u00f3bal Mariscal, Gerente General de Fundespol, siendo financiado por la Facultad de Ingenier\u00eda Mar\u00edtima y Ciencias del Mar - Turismo y Fundespol, desde octubre del 2008 por\u00a0 ESPOL, fue creado pensado en sus inicios como un espacio de destreza art\u00edstica, exclusivamente para los estudiantes de ESPOL, quienes decidieran estudiar la Carrera de Turismo, actualmente los integrantes del grupo son estudiantes de las diferentes Facultades de Espol, tanto de las Pe\u00f1as como del Campus Prosperina.<\/span><\/span><\/span><\/p>\n<p class=\"MsoNormal\" style=\"margin: 0cm 0cm 0pt;text-align: justify\"><span style=\"font-size: small\"><span style=\"font-family: Calibri\"><span style=\"color: black\">Estuvo bajo la direcci\u00f3n de Miguel Alc\u00edvar, luego hasta el 2006 por el Dr. Gonzalo Freire Silva y desde entonces hasta la actualidad por la Tecn\u00f3loga Patricia Galarza.<\/span><\/span><\/span><\/p>\n<p class=\"MsoNormal\" style=\"margin: 0cm 0cm 0pt;text-align: justify\"><span style=\"color: black\"><span style=\"font-size: small\"><span style=\"font-family: Calibri\">\u00a0<\/span><\/span><\/span><\/p>\n<p class=\"MsoNormal\" style=\"margin: 0cm 0cm 0pt;text-align: justify\"><span style=\"font-size: small\"><span style=\"font-family: Calibri\"><span style=\"color: black\"><a href=\"http:\/\/blog.espol.edu.ec\/lictur\/files\/2009\/06\/13.jpg\"><img loading=\"lazy\" decoding=\"async\" class=\"alignright size-full wp-image-1209\" src=\"http:\/\/blog.espol.edu.ec\/lictur\/files\/2009\/06\/13.jpg\" alt=\"ballet\" width=\"226\" height=\"127\" \/><\/a>Los estudiantes que voluntariamente forman parte del grupo, tienen que adecuar su horario acad\u00e9mico con los de ensayo, anteriormente recib\u00edan el 50% de descuento en sus pensiones, actualmente reciben un monto econ\u00f3mico referencial. <\/span><\/span><\/span><\/p>\n<p class=\"MsoNormal\" style=\"margin: 0cm 0cm 0pt;text-align: justify\"><span style=\"color: black\"><span style=\"font-size: small;font-family: Calibri\">Durante su trayectoria han participado en festivales nacionales realizados en Guayaquil, Salinas, Playas, Babahoyo, Quevedo, El triunfo, La troncal, Milagro,\u00a0 Quito, Loja, Cuenca, Riobamba, Manab\u00ed, Machala, Ca\u00f1ar, <\/span><\/span><span style=\"font-size: small\"><span style=\"font-family: Calibri\"><span style=\"color: black\">Cotopaxi\u00a0 entre otros. A nivel internacional fueron invitados al festival Montupe-Per\u00fa \u2013 2007, adem\u00e1s han recibido diplomas, trofeos, condecoraciones por su valioso aporte cultural.<\/span><\/span><\/span><span style=\"color: black\"><span style=\"font-size: small\"><span style=\"font-family: Calibri\">\u00a0<\/span><\/span><\/span><\/p>\n<p class=\"MsoNormal\" style=\"margin: 0cm 0cm 0pt;text-align: justify\"><span style=\"color: black\"><span style=\"font-size: small;font-family: Calibri\">Entre sus coreograf\u00edas tenemos tanto de la costa como: Porte\u00f1os-<\/span><\/span><span style=\"font-size: small\"><span style=\"font-family: Calibri\"><span style=\"color: black\">Jolgorio-Polka-fiesta, San Jacinto de Yaguachi- fiesta de San Pedro en Sabana Grande, Nuestro Ecuador, La iguana, Alza que te han visto, Confesiones, Azabache, Guayaquile\u00f1os de coraz\u00f3n, Cuadrilla; Romance, de Esmeraldas; Andarele-Caderona, Fiesta del mar, Agua larga; Arrullo, de la sierra; Aruchicos, Telar, Yumbos, \u00d1ustas, Tradiciones de Otavalo, Saraguros, Choler\u00edas.<\/span><\/span><\/span>\u00a0<\/p>\n<p class=\"MsoNormal\" style=\"margin: 0cm 0cm 0pt;text-align: justify\">\u00a0<\/p>\n<p class=\"MsoNormal\" style=\"margin: 0cm 0cm 0pt;text-align: justify\"><span style=\"font-size: small\"><span style=\"font-family: Calibri\"><span style=\"color: black\"><a href=\"http:\/\/blog.espol.edu.ec\/lictur\/files\/2009\/06\/getattachment.jpg\"><img loading=\"lazy\" decoding=\"async\" class=\"alignleft size-full wp-image-1210\" src=\"http:\/\/blog.espol.edu.ec\/lictur\/files\/2009\/06\/getattachment.jpg\" alt=\"ballet-espol\" width=\"250\" height=\"250\" \/><\/a>\u201cSer parte del grupo Folkl\u00f3rico desde hace unos a\u00f1os ha surgido en mi mucha disciplina, en cuanto a la planificaci\u00f3n de mi vida diaria, en poder conocer todos las destrezas de mi cuerpo, sobre todo las costumbres y tradiciones que guardan la historia de nuestro pueblo, pero sobre todo el apoyo que recibimos de nuestra directora, siendo este el pilar fundamental para nuestro crecimiento personal en los diferentes escenarios art\u00edsticos\u201d.<\/span><\/span><\/span><\/p>\n<p class=\"MsoNormal\" style=\"margin: 0cm 0cm 0pt;text-align: right\"><span style=\"font-size: small\"><span style=\"font-family: Calibri\"><em><span style=\"color: black\">Aracely Ibarra<\/span><\/em><\/span><\/span><\/p>\n<p class=\"MsoNormal\" style=\"margin: 0cm 0cm 0pt;text-align: right\"><span style=\"font-size: small\"><span style=\"font-family: Calibri\"><em><span style=\"color: black\">Estudiante de Turismo<\/span><\/em><\/span><\/span><\/p>\n<p class=\"MsoNormal\" style=\"margin: 0cm 0cm 0pt;text-align: justify\"><span style=\"color: black\"><span style=\"font-size: small\"><span style=\"font-family: Calibri\"><em>\u00a0<\/em><\/span><\/span><\/span><\/p>\n<p class=\"MsoNormal\" style=\"margin: 0cm 0cm 0pt;text-align: justify\"><span style=\"font-size: small\"><span style=\"font-family: Calibri\"><span style=\"color: black\">\u201cEs muy grato ser parte del Ballet Folkl\u00f3rico desde hace ya cuatro a\u00f1os, pues he crecido a medida de mi esfuerzo y creo que esta es una oportunidad que debemos aprovechar, adem\u00e1s me ha abierto diferentes puertas tanto acad\u00e9micas como laborales\u201d.<\/span><\/span><\/span><\/p>\n<p class=\"MsoNormal\" style=\"margin: 0cm 0cm 0pt;text-align: right\"><span style=\"font-size: small\"><span style=\"font-family: Calibri\"><em><span style=\"color: black\">Mario Alejandro Salazar<\/span><\/em><\/span><\/span><\/p>\n<p class=\"MsoNormal\" style=\"margin: 0cm 0cm 0pt;text-align: right\"><span style=\"font-size: small\"><span style=\"font-family: Calibri\"><em><span style=\"color: black\">Estudiante de Turismo<\/span><\/em><\/span><\/span><\/p>\n<p class=\"MsoNormal\" style=\"margin: 0cm 0cm 0pt;text-align: right\"><span style=\"font-size: small\"><span style=\"font-family: Calibri\"><em><\/em><\/span><\/span><span style=\"font-size: small\"><span style=\"font-family: Calibri\"><em><span style=\"color: black\">\u00a0<\/span><\/em><\/span><\/span><\/p>\n<p class=\"MsoNormal\" style=\"margin: 0cm 0cm 0pt;text-align: justify\"><span style=\"font-size: small\"><span style=\"font-family: Calibri\"><span style=\"color: black\">\u201cDurante cuatro a\u00f1os he ido\u00a0 descubriendo la pasi\u00f3n de bailar Folklore y la destreza de hacerlo. Entonces combino mi tiempo tanto con los estudios, \u00a0mi familia en especial a Melany, mi \u00fanica hija, como a los ensayos diarios de tres horas\u201d.<\/span><\/span><\/span><\/p>\n<p class=\"MsoNormal\" style=\"margin: 0cm 0cm 0pt;text-align: right\"><span style=\"font-size: small\"><span style=\"font-family: Calibri\"><span><em>Karina Ojeda<\/em><\/span><\/span><\/span><\/p>\n<p class=\"MsoNormal\" style=\"margin: 0cm 0cm 0pt;text-align: right\"><span style=\"font-size: small\"><span style=\"font-family: Calibri\"><span style=\"color: black\"><em>Estudiante de Turismo<\/em><\/span><\/span><\/span><\/p>\n<p class=\"MsoNormal\" style=\"margin: 0cm 0cm 0pt;text-align: right\"><span style=\"font-size: small\"><span style=\"font-family: Calibri\"><span style=\"color: black\"><em><\/em><\/span><\/span><\/span><\/p>\n<p class=\"MsoNormal\" style=\"margin: 0cm 0cm 0pt;text-align: left\"><span style=\"font-size: small\"><span style=\"font-family: Calibri\"><span style=\"color: black\"><em><strong><\/strong><\/em><\/span><\/span><\/span><\/p>\n<p class=\"MsoNormal\" style=\"margin: 0cm 0cm 0pt;text-align: left\"><span style=\"font-size: small\"><span style=\"font-family: Calibri\"><span style=\"color: black\"><strong><em><\/em><\/strong><\/span><\/span><\/span><\/p>\n<p class=\"MsoNormal\" style=\"margin: 0cm 0cm 0pt;text-align: left\">\u00a0<\/p>\n<p class=\"MsoNormal\" style=\"margin: 0cm 0cm 10pt\"><strong><\/strong><\/p>\n<p class=\"MsoNormal\" style=\"margin: 0cm 0cm 10pt\"><strong>GRUPO LA RONDALLA<\/strong><\/p>\n<p class=\"MsoNormal\" style=\"margin: 0cm 0cm 10pt\">La Rondalla es un grupo musical de cuerdas de los estudiantes de Licenciatura en Turismo. Se fund\u00f3 en de noviembre de 2003 y la formaci\u00f3n est\u00e1 a cargo del maestro Rosalino Quinteros. Hasta el momento, la agrupaci\u00f3n ha realizado exitosas presentaciones en eventos organizados por ESPOL, tanto en el Campus Las Pe\u00f1as como en el Campus La Prosperina.<\/p>\n<p class=\"MsoNormal\" style=\"margin: 0cm 0cm 10pt\">La Rondalla toca canciones de Ecuador, Espa\u00f1a, Chile, Argentina, Per\u00fa, Venezuela, Cuba, Uruguay, Bolivia, M\u00e9xico, Brasil, Colombia, que reflejan la m\u00fasica popular principalmente de Latinoam\u00e9rica. Entre su repertorio est\u00e1n:<\/p>\n<p style=\"text-align: center\">\u2022 El Aguacate<br \/>\n\u2022 Angel de Luz<br \/>\n\u2022 Invernal<br \/>\n<a href=\"http:\/\/blog.espol.edu.ec\/lictur\/files\/2009\/06\/rondallaespol.jpg\"><img loading=\"lazy\" decoding=\"async\" class=\"aligncenter size-medium wp-image-1485\" src=\"http:\/\/blog.espol.edu.ec\/lictur\/files\/2009\/06\/rondallaespol-150x300.jpg\" alt=\"rondallaespol\" width=\"150\" height=\"300\" srcset=\"https:\/\/blog.espol.edu.ec\/lictur\/files\/2009\/06\/rondallaespol-150x300.jpg 150w, https:\/\/blog.espol.edu.ec\/lictur\/files\/2009\/06\/rondallaespol.jpg 342w\" sizes=\"auto, (max-width: 150px) 100vw, 150px\" \/><\/a>\u2022 Guayaquile\u00f1o<br \/>\n\u2022 Playita m\u00eda<br \/>\n\u2022 Cuando lleva mi guitarra<br \/>\n\u2022 Padre nuestro<br \/>\n\u2022 El c\u00f3ndor pasa<br \/>\n\u2022 Guantanamera<br \/>\n\u2022 Brasil<br \/>\n\u2022 Cielito lindo<br \/>\n\u2022 Noche de paz<br \/>\n\u2022 Entre paja y heno<br \/>\n\u2022 El beso<br \/>\n\u2022 Yo vendo unos ojos negros<br \/>\n\u2022 Alma Llanera<br \/>\n\u2022 Caminito<br \/>\n\u2022 Alfonsina y el mar<br \/>\n\u2022 El Humahuaque\u00f1o<br \/>\n\u2022 La Pollera Colorada<\/p>\n","protected":false},"excerpt":{"rendered":"<p>\u00a0 \u00a0\u00a0 \u00a1Haz del ECUADOR, un destino Maravilloso! Se un profesional de innovacion, emprendimiento l\u00edder en el desarrollo tur\u00edstico\u00a0del pa\u00eds ... y del mundo entero. VISION Formar profesionales en Turismo, mediante una preparaci\u00f3n acad\u00e9mica eficiente, \u00e9tica y moralmente exigente; con investigaci\u00f3n y extensi\u00f3n permanente, para que lideren el desarrollo tur\u00edstico sostenible del pa\u00eds. \u00a0 MISION [&hellip;]<\/p>\n","protected":false},"author":2045,"featured_media":0,"parent":0,"menu_order":0,"comment_status":"open","ping_status":"open","template":"","meta":{"_monsterinsights_skip_tracking":false,"_monsterinsights_sitenote_active":false,"_monsterinsights_sitenote_note":"","_monsterinsights_sitenote_category":0,"footnotes":""},"class_list":["post-1","page","type-page","status-publish","hentry"],"_links":{"self":[{"href":"https:\/\/blog.espol.edu.ec\/lictur\/wp-json\/wp\/v2\/pages\/1","targetHints":{"allow":["GET"]}}],"collection":[{"href":"https:\/\/blog.espol.edu.ec\/lictur\/wp-json\/wp\/v2\/pages"}],"about":[{"href":"https:\/\/blog.espol.edu.ec\/lictur\/wp-json\/wp\/v2\/types\/page"}],"author":[{"embeddable":true,"href":"https:\/\/blog.espol.edu.ec\/lictur\/wp-json\/wp\/v2\/users\/2045"}],"replies":[{"embeddable":true,"href":"https:\/\/blog.espol.edu.ec\/lictur\/wp-json\/wp\/v2\/comments?post=1"}],"version-history":[{"count":30,"href":"https:\/\/blog.espol.edu.ec\/lictur\/wp-json\/wp\/v2\/pages\/1\/revisions"}],"predecessor-version":[{"id":118,"href":"https:\/\/blog.espol.edu.ec\/lictur\/wp-json\/wp\/v2\/pages\/1\/revisions\/118"}],"wp:attachment":[{"href":"https:\/\/blog.espol.edu.ec\/lictur\/wp-json\/wp\/v2\/media?parent=1"}],"curies":[{"name":"wp","href":"https:\/\/api.w.org\/{rel}","templated":true}]}}