{"id":55,"date":"2010-11-30T20:15:42","date_gmt":"2010-11-30T20:15:42","guid":{"rendered":"http:\/\/blog.espol.edu.ec\/lucho\/?page_id=55"},"modified":"2010-11-30T20:15:42","modified_gmt":"2010-11-30T20:15:42","slug":"intel-vs-amb","status":"publish","type":"page","link":"https:\/\/blog.espol.edu.ec\/lucho\/intel-vs-amb\/","title":{"rendered":"InTeL VS AmB"},"content":{"rendered":"<p>Intel fue fundada por Gordon E. Moore y Robert Noyce en 1969, quienes inicialmente quisieron llamar a la empresa <em>Moore Noyce<\/em>, pero sonaba mal (ya que en ingl\u00e9s suena como <em>More Noise<\/em>, que literalmente significa: M\u00e1s Ruido), as\u00ed que eligieron como nombre las siglas de <em><strong>Int<\/strong>egrated <strong>El<\/strong>ectronics<\/em>, en espa\u00f1ol <em>Electr\u00f3nica Integrada<\/em>. Este nombre estaba registrado por una cadena hotelera, por lo que tuvieron que comprar los derechos para poder utilizarlo.<\/p>\n<p>El \u00e9xito comenz\u00f3 modestamente cuando consiguieron que los japoneses Busicom les encargasen una remesa de microprocesadores para sus calculadoras programables. Pese a las indicaciones de los japoneses, el ingeniero Ted Hoff dise\u00f1\u00f3 un chip revolucionario que pod\u00eda ser utilizado en muchos otros dispositivos sin necesidad de ser redise\u00f1ado. Los chicos de Intel enseguida se dieron cuenta del potencial de este producto, capaz de dotar de \u2018inteligencia\u2019 a muchas m\u00e1quinas \u2018tontas\u2019. El \u00fanico problema es que Busicom pose\u00eda los derechos, y para recuperarlos Intel tuvo que pagarles 60.000 d\u00f3lares.<\/p>\n<p>En 1971 naci\u00f3 el primer microprocesador (en aquella \u00e9poca a\u00fan no se les conoc\u00eda por ese nombre). El potent\u00edsimo 4004 estaba compuesto por 4 de estos chips y otros 2 chips de memoria. Este conjunto de 2.300 transistores que ejecutaba 60.000 operaciones por segundo se puso a la venta por 200 d\u00f3lares. Muy pronto Intel comercializ\u00f3 el 8008, capaz de procesar el doble de datos que su antecesor y que inund\u00f3 los aparatos de aeropuertos, restaurantes, salones recreativos, hospitales, gasolineras...<br \/>\nPero Intel no siempre tuvo la visi\u00f3n de futuro acertada. Moore recuerda como a mediados de los 70 le propusieron comercializar el 8080 equipado con un teclado y un monitor orientado al mercado dom\u00e9stico. Es decir, le estaban proponiendo ser los pioneros en el mundo de las computadoras personales. Pero no vieron la utilidad de esos cacharros y descartaron la idea.<\/p>\n<p>En 1981 Intel desarroll\u00f3 los procesadores de 16 bits 8086 y los de 8 bits 8088 que acumularon la friolera de 2.500 premios de dise\u00f1o en un solo a\u00f1o. Con ellos IBM acudi\u00f3 por primera vez a un fabricante externo y confeccion\u00f3 el primer PC. En 1982 apareci\u00f3 el revolucionario 286, equipado con 134.000 transistores y el primero en ofrecer compatibilidad de software con sus predecesores.<img loading=\"lazy\" decoding=\"async\" class=\"alignright\" src=\"http:\/\/clabedan.typepad.com\/photos\/uncategorized\/intel_logo.jpg\" alt=\"\" width=\"468\" height=\"288\" \/><a href=\"http:\/\/blog.espol.edu.ec\/lucho\/files\/2010\/11\/2-intelvs-amd-1.pptx\">2 intelvs amd (1)<\/a><\/p>\n","protected":false},"excerpt":{"rendered":"<p>Intel fue fundada por Gordon E. Moore y Robert Noyce en 1969, quienes inicialmente quisieron llamar a la empresa Moore Noyce, pero sonaba mal (ya que en ingl\u00e9s suena como More Noise, que literalmente significa: M\u00e1s Ruido), as\u00ed que eligieron como nombre las siglas de Integrated Electronics, en espa\u00f1ol Electr\u00f3nica Integrada. Este nombre estaba registrado [&hellip;]<\/p>\n","protected":false},"author":5576,"featured_media":0,"parent":0,"menu_order":0,"comment_status":"open","ping_status":"open","template":"","meta":{"footnotes":""},"class_list":["post-55","page","type-page","status-publish","hentry"],"_links":{"self":[{"href":"https:\/\/blog.espol.edu.ec\/lucho\/wp-json\/wp\/v2\/pages\/55","targetHints":{"allow":["GET"]}}],"collection":[{"href":"https:\/\/blog.espol.edu.ec\/lucho\/wp-json\/wp\/v2\/pages"}],"about":[{"href":"https:\/\/blog.espol.edu.ec\/lucho\/wp-json\/wp\/v2\/types\/page"}],"author":[{"embeddable":true,"href":"https:\/\/blog.espol.edu.ec\/lucho\/wp-json\/wp\/v2\/users\/5576"}],"replies":[{"embeddable":true,"href":"https:\/\/blog.espol.edu.ec\/lucho\/wp-json\/wp\/v2\/comments?post=55"}],"version-history":[{"count":1,"href":"https:\/\/blog.espol.edu.ec\/lucho\/wp-json\/wp\/v2\/pages\/55\/revisions"}],"predecessor-version":[{"id":57,"href":"https:\/\/blog.espol.edu.ec\/lucho\/wp-json\/wp\/v2\/pages\/55\/revisions\/57"}],"wp:attachment":[{"href":"https:\/\/blog.espol.edu.ec\/lucho\/wp-json\/wp\/v2\/media?parent=55"}],"curies":[{"name":"wp","href":"https:\/\/api.w.org\/{rel}","templated":true}]}}