{"id":26,"date":"2010-07-13T04:58:59","date_gmt":"2010-07-13T04:58:59","guid":{"rendered":"http:\/\/blog.espol.edu.ec\/maferparedes\/?page_id=26"},"modified":"2010-07-13T04:58:59","modified_gmt":"2010-07-13T04:58:59","slug":"calendario-academico","status":"publish","type":"page","link":"https:\/\/blog.espol.edu.ec\/maferparedes\/calendario-academico\/","title":{"rendered":"Calendario Acad\u00e9mico"},"content":{"rendered":"<p>Encuentre aqu\u00ed las fechas en que se realizar\u00e1n las diferentes actividades de nuestra escuela.<\/p>\n<p><strong><br \/>\nI TERMINO, A\u00d1O LECTIVO 2010-2011<\/strong><\/p>\n<p>03-07 Mayo Matr\u00edculas y Registros<br \/>\n10-14 Mayo Matr\u00edculas y Registros<br \/>\n17-22 Mayo Clases<br \/>\n24-29 Mayo Clases (Excepto el 24)<br \/>\n31-05 Junio Clases<br \/>\n07-12 Junio Clases<br \/>\n14-19 Junio Clases<br \/>\n21-26 Junio Clases<br \/>\n28-03 Julio Clases<br \/>\n05-10 Julio PRIMERA EVALUACI\u00d3N<br \/>\n12-17 Julio Clases<br \/>\n19-24 Julio Clases<br \/>\n26-31 Julio Clases<br \/>\n02-07 Agosto Clases<br \/>\n09-14 Agosto Clases (Excepto el 10)<br \/>\n16-21 Agosto Clases<br \/>\n23-28 Agosto Clases<br \/>\n30-04 Septiembre SEGUNDA EVALUACI\u00d3N<br \/>\n06-11 Septiembre SEMANA DE PREPARACION<br \/>\n13-18 Septiembre TERCERA EVALUACI\u00d3N<br \/>\n20-25 Septiembre PROCESO FINAL<\/p>\n<p><strong>II TERMINO, A\u00d1O LECTIVO 2010-2011<\/strong><\/p>\n<p>27-01 Octubre Matr\u00edculas y Registros<br \/>\n04-08 Octubre Matr\u00edculas y Registros<br \/>\n11-16 Octubre Clases<br \/>\n18-23 Octubre Clases<br \/>\n25-30 Octubre Clases<br \/>\n01-06 Noviembre Clases (Excepto el 2 y 3)<br \/>\n08-13 Noviembre Clases<br \/>\n15-20 Noviembre Clases<br \/>\n22-27 Noviembre Clases<br \/>\n29-04 Diciembre PRIMERA EVALUACI\u00d3N<br \/>\n06-11 Diciembre Clases<br \/>\n13-18 Diciembre Clases<br \/>\n20-23 Diciembre Clases<br \/>\n24-02 Enero Vacaciones estudiantiles<br \/>\n03-08 Enero Clases<br \/>\n10-15 Enero Clases<br \/>\n17-22 Enero Clases<br \/>\n24-29 Enero Clases<br \/>\n31-05 Febrero SEGUNDA EVALUACI\u00d3N<br \/>\n07-12 Febrero SEMANA DE PREPARACI\u00d3N<br \/>\n14-19 Febrero TERCERA EVALUACI\u00d3N<br \/>\n21-25 Febrero PROCESO FINAL<\/p>\n","protected":false},"excerpt":{"rendered":"<p>Encuentre aqu\u00ed las fechas en que se realizar\u00e1n las diferentes actividades de nuestra escuela. I TERMINO, A\u00d1O LECTIVO 2010-2011 03-07 Mayo Matr\u00edculas y Registros 10-14 Mayo Matr\u00edculas y Registros 17-22 Mayo Clases 24-29 Mayo Clases (Excepto el 24) 31-05 Junio Clases 07-12 Junio Clases 14-19 Junio Clases 21-26 Junio Clases 28-03 Julio Clases 05-10 Julio [&hellip;]<\/p>\n","protected":false},"author":4902,"featured_media":0,"parent":0,"menu_order":0,"comment_status":"open","ping_status":"open","template":"","meta":{"footnotes":""},"class_list":["post-26","page","type-page","status-publish","hentry"],"_links":{"self":[{"href":"https:\/\/blog.espol.edu.ec\/maferparedes\/wp-json\/wp\/v2\/pages\/26","targetHints":{"allow":["GET"]}}],"collection":[{"href":"https:\/\/blog.espol.edu.ec\/maferparedes\/wp-json\/wp\/v2\/pages"}],"about":[{"href":"https:\/\/blog.espol.edu.ec\/maferparedes\/wp-json\/wp\/v2\/types\/page"}],"author":[{"embeddable":true,"href":"https:\/\/blog.espol.edu.ec\/maferparedes\/wp-json\/wp\/v2\/users\/4902"}],"replies":[{"embeddable":true,"href":"https:\/\/blog.espol.edu.ec\/maferparedes\/wp-json\/wp\/v2\/comments?post=26"}],"version-history":[{"count":1,"href":"https:\/\/blog.espol.edu.ec\/maferparedes\/wp-json\/wp\/v2\/pages\/26\/revisions"}],"predecessor-version":[{"id":28,"href":"https:\/\/blog.espol.edu.ec\/maferparedes\/wp-json\/wp\/v2\/pages\/26\/revisions\/28"}],"wp:attachment":[{"href":"https:\/\/blog.espol.edu.ec\/maferparedes\/wp-json\/wp\/v2\/media?parent=26"}],"curies":[{"name":"wp","href":"https:\/\/api.w.org\/{rel}","templated":true}]}}