{"id":2,"date":"2015-05-13T17:32:06","date_gmt":"2015-05-13T17:32:06","guid":{"rendered":"http:\/\/blog.espol.edu.ec\/martinherrera\/?page_id=2"},"modified":"2015-05-18T21:14:56","modified_gmt":"2015-05-18T21:14:56","slug":"pagina-ejemplo","status":"publish","type":"page","link":"https:\/\/blog.espol.edu.ec\/martinherrera\/pagina-ejemplo\/","title":{"rendered":"Seccion de Oro."},"content":{"rendered":"<p>En la Seccion de Oro hablaremos de los galardonados con el m\u00e1ximo reconocimiento que se les entrega a los escritores: Los ganadores del <strong>Premio Nobel de Literatura.<\/strong><\/p>\n<p>Y nuestro primer galardonado es de Am\u00e9rica Latina, uno de los referentes a esas primeras poes\u00edas que escrib\u00eda o que t\u00fa escrib\u00edas, esos escritores que la inspiracion no lleg\u00f3 de su mente sino de un sentimiento o de muchos sentimientos ,no lo sabemos a ciencia cierta, pero lo que si sabemos es que sus letras enamoraron a m\u00e1s de la mitad del mundo, este caballero chileno se llama Ricardo Eli\u00e9cer Neftal\u00ed Reyes Basoalto o m\u00e1s conocido como <strong>Pablo Neruda<\/strong>.<\/p>\n<p><em>Nacido el 12 de julio de 1904 en Parral, en la regi\u00f3n chilena de Maule, la madre del poeta muri\u00f3 s\u00f3lo un mes m\u00e1s tarde de que naciera \u00e9l, momento en que su padre, un empleado ferroviario, se instal\u00f3 en Temuco, donde el joven Pablo Neruda curs\u00f3 sus primeros estudios y conoci\u00f3 a Gabriela Mistral. Comenz\u00f3 muy pronto a escribir poes\u00eda, y en 1921 public\u00f3 La canci\u00f3n de la fiesta, su primer poema, con el seud\u00f3nimo de Pablo Neruda (en homenaje al poeta checo Jan Neruda), nombre que mantuvo a partir de entonces y que legalizar\u00eda en 1946.<\/em><\/p>\n<p><em>Tambi\u00e9n en Temuco comenz\u00f3 a trabajar en un peri\u00f3dico, hasta que a los diecis\u00e9is a\u00f1os se traslad\u00f3 a Santiago para cursar estudios de profesor de franc\u00e9s. All\u00ed se incorpor\u00f3 como redactor a la revista Claridad, en la que aparecieron poemas suyos. Tras publicar algunos libros de poes\u00eda, en 1924 alcanz\u00f3 fama internacional con Veinte poemas de amor y una canci\u00f3n desesperada, obra que, junto con Tentativa del hombre infinito, distingue la primera etapa de su producci\u00f3n po\u00e9tica, se\u00f1alada por la transici\u00f3n del modernismo a formas vanguardistas influidas por el creacionismo de Vicente Huidobro.<\/em><\/p>\n<p><em>Los problemas econ\u00f3micos indujeron a Pablo Neruda a emprender, en 1926, la carrera consular que lo llev\u00f3 a residir en Birmania, Ceil\u00e1n, Java, Singapur y, entre 1934 y 1938, en Espa\u00f1a, donde se relacion\u00f3 con Federico Garcia Lorca,Vicente Alexaindre,Gerardo Diego y otros componentes de la llamada Generaci\u00f3n del 27, y fund\u00f3 la revista Caballo Verde para la Poes\u00eda. Desde su primer manifiesto tom\u00f3 partido por una \u00abpoes\u00eda sin pureza\u00bb y pr\u00f3xima a la realidad inmediata, en consonancia con su toma de conciencia social. En tal sentido, Neruda apoy\u00f3 a los republicanos al estallar la guerra civil y escribi\u00f3 Espa\u00f1a en el coraz\u00f3n (1937).<\/em><\/p>\n<p><em>Previamente, sin embargo, sus poemas hab\u00edan experimentado una transici\u00f3n hacia formas herm\u00e9ticas y hacia un tono m\u00e1s sombr\u00edo al reflejar el paso del tiempo, el caos y la muerte en la realidad cotidiana, temas dominantes en otro de sus libros imprescindibles, Residencia en la tierra, publicado en dos partes en 1933 y 1935 y que constituye el eje de su segunda etapa. Im\u00e1genes original\u00edsimas y audaces de raigambre surrealista expresan en esta obra una visi\u00f3n profundamente desolada del ser humano, extraviado en un mundo ca\u00f3tico e incomprensible.<\/em><\/p>\n<p><em>De regreso en Chile, en 1939 Neruda ingres\u00f3 en el Partido Comunista y su obra experiment\u00f3 un giro hacia la militancia pol\u00edtica. Esta tercera etapa, que tuvo su preludio en Espa\u00f1a en el coraz\u00f3n (1937), culminar\u00eda con la exaltaci\u00f3n de los mitos americanos de su Canto general (1950). En 1945 fue el primer poeta en ser galardonado con el Premio Nacional de Literatura de Chile. Al mismo tiempo, desde su esca\u00f1o de senador utiliz\u00f3 su oratoria para denunciar los abusos y las desigualdades del sistema. Tal actitud provoc\u00f3 la persecuci\u00f3n gubernamental y su posterior exilio en Argentina.<\/em><\/p>\n<p><em><ins class=\"adsbygoogle adaptable-centro\"><ins id=\"aswift_0_expand\"><ins id=\"aswift_0_anchor\">\u00a0<\/ins><\/ins><\/ins><\/em><\/p>\n<p><em>De all\u00ed pas\u00f3 a M\u00e9xico, y m\u00e1s tarde viaj\u00f3 por la URSS, China y los pa\u00edses de la Europa del Este. Tras este viaje, durante el cual Neruda escribi\u00f3 poemas laudatorios y propagand\u00edsticos y recibi\u00f3 el Premio Lenin de la Paz, volvi\u00f3 a Chile. A partir de entonces, la poes\u00eda de Pablo Neruda inici\u00f3 una nueva etapa en la que la simplicidad formal se correspondi\u00f3 con una gran intensidad l\u00edrica y un tono general de serenidad; el mismo t\u00edtulo de una obra central de este periodo, Odas elementales (1954-1957), caracteriza los versos de aquellos a\u00f1os. En 1956 se separ\u00f3 de su segunda esposa, Delia del Carril, para unirse a Matilde Urrutia, que acompa\u00f1ar\u00eda al poeta hasta el final de sus d\u00edas.<\/em><\/p>\n<p><em>Su prestigio internacional fue reconocido en 1971, a\u00f1o en que se le concedi\u00f3 el premio Nobel de Literatura. El a\u00f1o anterior Pablo Neruda hab\u00eda renunciado a la candidatura presidencial en favor de Salvador Allende, quien lo nombr\u00f3 poco despu\u00e9s embajador en Par\u00eds. Dos a\u00f1os m\u00e1s tarde, ya gravemente enfermo, regres\u00f3 a Chile. Falleci\u00f3 en Santiago el 23 de septiembre de 1973, profundamente afectado por el golpe de estado que, doce d\u00edas antes, hab\u00eda derrocado a Salvador Allende. De publicaci\u00f3n p\u00f3stuma es la autobiograf\u00eda Confieso que he vivido.<\/em><\/p>\n<p><a href=\"http:\/\/blog.espol.edu.ec\/martinherrera\/files\/2015\/05\/neruda_pablo_1.jpg\"><img loading=\"lazy\" decoding=\"async\" class=\"  wp-image-31 aligncenter\" src=\"http:\/\/blog.espol.edu.ec\/martinherrera\/files\/2015\/05\/neruda_pablo_1-300x209.jpg\" alt=\"neruda_pablo_1\" width=\"352\" height=\"245\" srcset=\"https:\/\/blog.espol.edu.ec\/martinherrera\/files\/2015\/05\/neruda_pablo_1-300x209.jpg 300w, https:\/\/blog.espol.edu.ec\/martinherrera\/files\/2015\/05\/neruda_pablo_1.jpg 420w\" sizes=\"auto, (max-width: 352px) 100vw, 352px\" \/><\/a><\/p>\n<p>Esta secci\u00f3n no se puede quedar sin alguno de los bellos versos de este gran poeta. Visiten mi pagina \"Aportes Pdf\" y podr\u00e1n descargar algunas de sus obras.<\/p>\n<p>No se vallan y sigan leyendo :*<\/p>\n","protected":false},"excerpt":{"rendered":"<p>En la Seccion de Oro hablaremos de los galardonados con el m\u00e1ximo reconocimiento que se les entrega a los escritores: Los ganadores del Premio Nobel de Literatura. Y nuestro primer galardonado es de Am\u00e9rica Latina, uno de los referentes a esas primeras poes\u00edas que escrib\u00eda o que t\u00fa escrib\u00edas, esos escritores que la inspiracion no &hellip; <\/p>\n<p><a class=\"more-link btn\" href=\"https:\/\/blog.espol.edu.ec\/martinherrera\/pagina-ejemplo\/\">Seguir leyendo<\/a><\/p>\n","protected":false},"author":9595,"featured_media":0,"parent":0,"menu_order":0,"comment_status":"open","ping_status":"open","template":"","meta":{"footnotes":""},"class_list":["post-2","page","type-page","status-publish","hentry","nodate","item-wrap"],"_links":{"self":[{"href":"https:\/\/blog.espol.edu.ec\/martinherrera\/wp-json\/wp\/v2\/pages\/2","targetHints":{"allow":["GET"]}}],"collection":[{"href":"https:\/\/blog.espol.edu.ec\/martinherrera\/wp-json\/wp\/v2\/pages"}],"about":[{"href":"https:\/\/blog.espol.edu.ec\/martinherrera\/wp-json\/wp\/v2\/types\/page"}],"author":[{"embeddable":true,"href":"https:\/\/blog.espol.edu.ec\/martinherrera\/wp-json\/wp\/v2\/users\/9595"}],"replies":[{"embeddable":true,"href":"https:\/\/blog.espol.edu.ec\/martinherrera\/wp-json\/wp\/v2\/comments?post=2"}],"version-history":[{"count":2,"href":"https:\/\/blog.espol.edu.ec\/martinherrera\/wp-json\/wp\/v2\/pages\/2\/revisions"}],"predecessor-version":[{"id":32,"href":"https:\/\/blog.espol.edu.ec\/martinherrera\/wp-json\/wp\/v2\/pages\/2\/revisions\/32"}],"wp:attachment":[{"href":"https:\/\/blog.espol.edu.ec\/martinherrera\/wp-json\/wp\/v2\/media?parent=2"}],"curies":[{"name":"wp","href":"https:\/\/api.w.org\/{rel}","templated":true}]}}