{"id":1,"date":"2009-05-12T11:56:00","date_gmt":"2009-05-12T15:56:00","guid":{"rendered":""},"modified":"2009-06-22T18:22:45","modified_gmt":"2009-06-22T22:22:45","slug":"about","status":"publish","type":"page","link":"https:\/\/blog.espol.edu.ec\/mgsanche\/about\/","title":{"rendered":"About..."},"content":{"rendered":"<p class=\"MsoNormal\" style=\"text-align: center\"><span class=\"apple-style-span\"><strong><span style=\"color: green\">\u00bfQuien es Donald Rumsfeld?<\/span><\/strong><\/span><\/p>\n<p class=\"MsoNormal\" style=\"text-align: center\"><span class=\"apple-style-span\"><strong><span style=\"color: green\"><br \/>\n<\/span><\/strong><\/span><\/p>\n<p class=\"MsoNormal\"><a rel=\"attachment wp-att-143\" href=\"http:\/\/blog.espol.edu.ec\/mgsanche\/about\/rumsfeld_nazi1\/\"><img loading=\"lazy\" decoding=\"async\" class=\"size-medium wp-image-143 aligncenter\" src=\"http:\/\/blog.espol.edu.ec\/mgsanche\/files\/2009\/05\/rumsfeld_nazi1-300x288.jpg\" alt=\"rumsfeld_nazi1\" width=\"300\" height=\"288\" srcset=\"https:\/\/blog.espol.edu.ec\/mgsanche\/files\/2009\/05\/rumsfeld_nazi1-300x288.jpg 300w, https:\/\/blog.espol.edu.ec\/mgsanche\/files\/2009\/05\/rumsfeld_nazi1.jpg 424w\" sizes=\"auto, (max-width: 300px) 100vw, 300px\" \/><\/a><\/p>\n<p><\/br><br \/>\n<\/br><\/p>\n<p class=\"MsoNormal\" style=\"text-align: justify\"><strong><span style=\"color: gray\">Bast\u00f3 que Estados Unidos tocara la campana de alarma para que el mundo temblara de miedo ante la perspectiva de una pandemia. A pesar de que han transcurrido nueve a\u00f1os desde que el famoso virus de la gripe aviar fuera detectado en Vietnam y no llegan a\u00fan a cien las v\u00edctimas mortales. Una media pues de once fallecimientos al a\u00f1o... \u00a1en todo el mundo! Un detalle insignificante que no impidi\u00f3 a George Bush emprender su segunda \"guerra preventiva\" en poco tiempo, esta vez para luchar contra otra arma de destrucci\u00f3n masiva tan vaporosa como las \"encontradas\" en Irak: el virus H5N1. <\/span><\/strong><\/p>\n<p><\/br><br \/>\n<\/br><\/p>\n<p style=\"text-align: justify\"><strong><span style=\"color: gray\">A fin de cuentas hab\u00eda hallado tambi\u00e9n una poderosa \"arma preventiva\", un antiviral llamado Tamiflu que comercializaba la empresa suiza Roche y que en apenas unos d\u00edas se convirti\u00f3 en la gallina de los huevos de oro.<\/span><\/strong><\/p>\n<p><\/br><br \/>\n<\/br><\/p>\n<p class=\"MsoNormal\" style=\"text-align: justify\"><strong><span style=\"color: gray\">De hecho, los ingresos por su venta pasaron de 254 millones en el 2004 a m\u00e1s de 1.000 millones en el 2005. Y su techo es imprevisible dada la grotesca reacci\u00f3n de los gobiernos occidentales con peticiones masivas del producto.<\/span><\/strong><\/p>\n<p><\/br><br \/>\n<\/br><\/p>\n<p class=\"MsoNormal\" style=\"text-align: justify\"><strong><span style=\"color: gray\"><br \/>\nLa realidad, sin embargo, es que la eficacia del Tamiflu es cuestionada por gran parte de la comunidad cient\u00edfica.<\/span><\/strong><br \/>\n<\/br><br \/>\n<\/br><\/p>\n<p class=\"MsoNormal\" style=\"text-align: justify\"><strong><span style=\"color: gray\">Muchos se preguntan c\u00f3mo se espera que pueda servir ante un virus mutante cuando apenas alivia algunos s\u00edntomas -y no siempre- de la gripe corriente. Obviamente la respuesta al protagonismo del Tamiflu en nuestras vidas no es cient\u00edfica sino puramente comercial.<\/span><\/strong><\/p>\n<p><\/br><br \/>\n<\/br><\/p>\n<p class=\"MsoNormal\" style=\"text-align: justify\"><strong><span style=\"color: gray\">El Tamiflu era hasta 1996 propiedad de Gilead Sciences Inc. empresa que ese a\u00f1o vendi\u00f3 vendi\u00f3 la patente a los laboratorios Roche. <\/span><\/strong><\/p>\n<p><\/br><br \/>\n<\/br><\/p>\n<p class=\"MsoNormal\" style=\"text-align: justify\"><strong><span style=\"color: gray\">\u00bfY saben qui\u00e9n era entonces su presidente? <\/span><\/strong><\/p>\n<p class=\"MsoNormal\" style=\"text-align: justify\"><strong><span style=\"color: gray\">Pues el actual Secretario de Defensa de Estados Unidos, Donald Rumsfeld, que a\u00fan hoy sigue siendo uno de sus principales accionistas. <\/span><\/strong><\/p>\n<p><\/br><br \/>\n<\/br><\/p>\n<p class=\"MsoNormal\" style=\"text-align: justify\"><strong><span style=\"color: gray\">\u00bfY recuerdan que pas\u00f3 el a\u00f1o pasado? <\/span><\/strong><\/p>\n<p><\/br><br \/>\n<\/br><\/p>\n<p class=\"MsoNormal\" style=\"text-align: justify\"><strong><span style=\"color: gray\">Pues que en cuanto empez\u00f3 a hablarse de la gripe aviar Gilead Sciences Inc quiso recuperar el Tamiflu alegando que Roche no hac\u00eda esfuerzos suficientes por fabricarlo y comercializarlo. <\/span><\/strong><\/p>\n<p><\/br><br \/>\n<\/br><\/p>\n<p class=\"MsoNormal\" style=\"text-align: justify\"><strong><span style=\"color: gray\">Y que ten\u00eda \"fuerza\" para lograrlo lo demuestra que ambas empresas se sentaron a \"negociar\" y acordaron en un tiempo r\u00e9cord constituir dos comit\u00e9s conjuntos, uno que se encargase de coordinar la fabricaci\u00f3n mundial del f\u00e1rmaco y decidir sobre la autorizaci\u00f3n a terceros para fabricarlo y otro para coordinar la comercializaci\u00f3n de las ventas estaci\u00f3nales en los mercados m\u00e1s importantes, incluido Estados Unidos. Adem\u00e1s Roche pag\u00f3 a Gilead Sciences Inc unas regal\u00edas retroactivas por valor de 62,5 millones de d\u00f3lares. Y por si fuera poco la empresa norteamericana se qued\u00f3 con otros 18,2 millones de d\u00f3lares extra por unas ventas superiores a las contabilizadas entre 2001 y 2003. A lo que hay que a\u00f1adir un dato: Roche se ha quedado con el 90% de la producci\u00f3n mundial de an\u00eds estrellado, \u00e1rbol que crece fundamentalmente en China -aunque tambi\u00e9n se encuentra en Laos y Malasia- y que es la base del Tamiflu. <\/span><\/strong><\/p>\n<p><\/br><br \/>\n<\/br><\/p>\n<p class=\"MsoNormal\" style=\"text-align: justify\"><strong><span style=\"color: gray\">El escenario, qu\u00e9 duda cabe, estaba completo. S\u00f3lo hab\u00eda que empezar a encontrar poco a poco aves contagiadas con el virus en distintos pa\u00edses -un ave aqu\u00ed, otro par m\u00e1s all\u00e1- para crear alarma mundial con la ayuda de cient\u00edficos y pol\u00edticos poco escrupulosos o de escasa capacidad intelectual y de los grandes medios de comunicaci\u00f3n -que como todo el mundo sabe no se caracterizan precisamente por investigar lo que publican o emiten-.<\/span><\/strong><\/p>\n<p><\/br><br \/>\n<\/br><\/p>\n<p class=\"MsoNormal\" style=\"text-align: justify\"><strong><span style=\"color: gray\">\u00bfY qu\u00e9 tiene que ver Donald Rumsfeld en todo esto? <\/span><\/strong><\/p>\n<p><\/br><br \/>\n<\/br><\/p>\n<p class=\"MsoNormal\" style=\"text-align: justify\"><strong><span style=\"color: gray\">Pues absolutamente nada. Seg\u00fan un comunicado emitido el pasado mes de octubre por el Pent\u00e1gono el actual Secretario de Estado norteamericano no intervino en las decisiones que tom\u00f3 el Gobierno de sus amigos Bush -el presidente- y Cheney -el vicepresidente- sobre las medidas preventivas que hab\u00eda que adoptar ante la amenaza de pandemia. El comunicado afirma que se abstuvo, que no tuvo nada que ver en la decisi\u00f3n de la Administraci\u00f3n estadounidense de apoyar y aconsejar el uso del Tamiflu a nivel mundial. <\/span><\/strong><\/p>\n<p><\/br><br \/>\n<\/br><\/p>\n<p class=\"MsoNormal\" style=\"text-align: justify\"><strong><span style=\"color: gray\">Y nosotros le creemos. <\/span><\/strong><\/p>\n<p><\/br><br \/>\n<\/br><\/p>\n<p class=\"MsoNormal\" style=\"text-align: justify\"><strong><span style=\"color: gray\">Como cuando asegur\u00f3 solemnemente que en Irak hab\u00eda armas de destrucci\u00f3n masiva. <\/span><\/strong><\/p>\n<p><\/br><br \/>\n<\/br><\/p>\n<p class=\"MsoNormal\" style=\"text-align: justify\"><strong><span style=\"color: gray\">Adem\u00e1s el hecho de que su nombre aparezca unido a una vacunaci\u00f3n masiva contra una supuesta gripe del cerdo durante la  Administraci\u00f3n de Gerald Ford en la d\u00e9cada de los 70 -que dio como resultado m\u00e1s de 50 muertos a causa de los efectos secundarios- no es m\u00e1s que una coincidencia. <\/span><\/strong><\/p>\n<p><\/br><br \/>\n<\/br><\/p>\n<p class=\"MsoNormal\" style=\"text-align: justify\"><strong><span style=\"color: gray\">Como lo es que la FDA aprobara el aspartamo a los tres meses de que Rumsfeld se incorporase al Gabinete de Ronald Reagan a pesar de que tras diez a\u00f1os de estudios no se hab\u00eda tomado ninguna decisi\u00f3n. S\u00f3lo alguien muy mal pensado puede plantearse que tuviera algo que ver el hecho de que poco antes de incorporarse al Gobierno norteamericano Rumsfeld fuera el presidente del laboratorio fabricante del aspartamo. <\/span><\/strong><\/p>\n<p><\/br><br \/>\n<\/br><\/p>\n<p class=\"MsoNormal\" style=\"text-align: justify\"><strong><span style=\"color: gray\">Y, por supuesto, tampoco tuvo nada que ver con la compra tras el 11-S del Vistide, f\u00e1rmaco adquirido masivamente por el Pent\u00e1gono para evitar los efectos secundarios que pod\u00eda producir la vacuna de la viruela entre los soldados norteamericanos a los que se les aplic\u00f3 masivamente antes de enviarlos a Irak. Que el Vistide fuera tambi\u00e9n un producto de los laboratorios Gilead Sciences Inc, creador del Tamiflu, es otra coincidencia. <\/span><\/strong><\/p>\n<p><\/br><br \/>\n<\/br><\/p>\n<p class=\"MsoNormal\" style=\"text-align: justify\"><strong><span style=\"color: gray\">As\u00ed que siga usted de cerca todas las informaciones que a\u00fan van a darse sobre la gripe aviar y llene su botiqu\u00edn casero de Tamiflu. Y si hay que comprar algo m\u00e1s, se compra.<\/span><\/strong><\/p>\n<p><\/br><br \/>\n<\/br><\/p>\n<p class=\"MsoNormal\"><strong><span style=\"color: #bd1785\">No existe comentario alguno ya que lo dice todo en el art\u00edculo. <\/span><\/strong><\/p>\n<p><\/br><br \/>\n<\/br><\/p>\n<p class=\"MsoNormal\" style=\"text-align: justify\"><strong><span style=\"color: gray\"><br \/>\n<\/span><\/strong><\/p>\n<p class=\"MsoNormal\" style=\"text-align: justify;margin: 0cm 0cm 0pt\"><span class=\"apple-style-span\"><strong><span style=\"color: green\"><span style=\"font-size: small\"><span style=\"font-family: Times New Roman\">Hecho por:<\/span><\/span><\/span><\/strong><\/span><\/p>\n<p class=\"MsoNormal\" style=\"text-align: justify;margin: 0cm 0cm 0pt\"><strong><a href=\"http:\/\/galayza.perublog.net\/2009\/04\/27\/ministro-de-bush-due-o-sospechoso-de-la-patente-del-tamiflu-para-la-gripe-aviar-y-porcina\"><span style=\"font-family: Times New Roman;color: #800080;font-size: small\">http:\/\/galayza.perublog.net\/2009\/04\/27\/ministro-de-bush-due-o-sospechoso-de-la-patente-del-tamiflu-para-la-gripe-aviar-y-porcina<\/span><\/a><\/strong><\/p>\n<p class=\"MsoNormal\" style=\"text-align: justify;margin: 0cm 0cm 0pt\"><strong><span style=\"color: green\">--------------------------------------------------------------------------------------------------------------------------------------------<\/span><\/strong><\/p>\n<p class=\"MsoNormal\" style=\"text-align: justify;margin: 0cm 0cm 0pt\"><strong><\/strong><\/p>\n<p class=\"MsoNormal\" style=\"text-align: center\" align=\"center\"><strong><span style=\"color: green\">M\u00c9XICO: MUERTOS POR GRIPE PORCINA SUBEN A 56 Y CONTAGIOS A 2.003<\/span><\/strong><\/p>\n<p class=\"MsoNormal\" style=\"text-align: center\" align=\"center\"><strong><span style=\"color: green\"><br \/>\n<\/span><\/strong><\/p>\n<p class=\"MsoNormal\" style=\"text-align: center\" align=\"center\"><img loading=\"lazy\" decoding=\"async\" class=\"size-full wp-image-9 aligncenter\" src=\"http:\/\/blog.espol.edu.ec\/mgsanche\/files\/2009\/05\/cerdito.gif\" alt=\"H1N1\" width=\"66\" height=\"66\" \/><\/p>\n<p class=\"MsoNormal\" style=\"text-align: justify\"><strong><span style=\"color: gray\">Las muertes por gripe porcina en M\u00e9xico pasaron a 56 al confirmarse ocho m\u00e1s, las dos \u00faltimas ocurridas el 6 de mayo, mientras que el n\u00famero de personas contagiadas pas\u00f3 a 2.003, inform\u00f3 el ministro mexicano de Salud, Jos\u00e9 \u00c1ngel C\u00f3rdova, el lunes. <\/span><\/strong><\/p>\n<p style=\"text-align: justify\"><strong><span style=\"color: gray\">Ciudad de M\u00e9xico. AFP.-\"Tenemos 2.059 contagios (...), de ellos tenemos 56 defunciones confirmadas, que equivalen al 2,7% de todos los casos\" confirmados, inform\u00f3 C\u00f3rdova, precisando que las dos \u00faltimas muertes ocurrieron el 6 de mayo.<\/span><\/strong><\/p>\n<p style=\"text-align: justify\"><strong><span style=\"color: gray\">La enfermedad causada por el virus H1N1 ya se extendi\u00f3 a 29 de los 32 distritos mexicanos, siendo Ciudad de M\u00e9xico, San Lu\u00eds Potos\u00ed (norte) e Hidalgo (centro) los mas afectados, agreg\u00f3.<\/span><\/strong><\/p>\n<p style=\"text-align: justify\"><strong><span style=\"color: gray\">Pese a la confirmaci\u00f3n de m\u00e1s contagios, C\u00f3rdova asegur\u00f3 que \"ha habido progresivamente una disminuci\u00f3n\" en el n\u00famero de enfermos y que si las cifras han variado es porque se han procesado ya m\u00e1s de 7.000 pruebas de d\u00edas anteriores.<\/span><\/strong><\/p>\n<p style=\"text-align: justify\"><strong><span style=\"color: gray\">\"La mayor parte de los casos (de contagio), 281, ocurrieron el 26 de abril. Hay una disminuci\u00f3n de los casos conforme nos acercamos a la fecha de hoy\", a\u00f1adi\u00f3.<\/span><\/strong><\/p>\n<p style=\"text-align: justify\"><strong><span style=\"color: gray\">En cuanto a la distribuci\u00f3n por sexo, los hombres representan 50,7% de los casos y las mujeres 49,3%, dijo el ministro.\u00a0Por edad, el mayor n\u00famero de enfermos corresponde a menores de 19 a\u00f1os, a\u00f1adi\u00f3, sin dar cifras detalladas.<\/span><\/strong><\/p>\n<p style=\"text-align: justify\"><strong><span style=\"color: gray\">M\u00e9xico reanuda este lunes la mayor parte de sus actividades, con los estudiantes de nivel b\u00e1sico regresando a las aulas tras alrededor de dos semanas sin clases.<\/span><\/strong><\/p>\n<p style=\"text-align: justify\"><strong><span style=\"color: gray\">Sin embargo, al menos seis distritos mexicanos aplazaron para el 18 de mayo el regreso a clases debido a que se han presentado nuevos contagios.<\/span><\/strong><\/p>\n<p class=\"MsoNormal\" style=\"text-align: justify\"><strong><span style=\"color: green\">--------------------------------------------------------------------------------------------------------------------------------------------<\/span><\/strong><\/p>\n<p class=\"MsoNormal\" style=\"text-align: justify\"><strong><\/strong><\/p>\n<p style=\"text-align: justify\"><img loading=\"lazy\" decoding=\"async\" class=\"alignleft size-thumbnail wp-image-53\" src=\"http:\/\/blog.espol.edu.ec\/mgsanche\/files\/2009\/05\/imagep1-150x144.jpg\" alt=\"imagep1\" width=\"150\" height=\"144\" \/><\/p>\n<h1 style=\"text-align: center\"><strong><span style=\"color: green;font-size: 12pt;font-family: &quot;Times New Roman&amp;quot\"><\/p>\n<p class=\"MsoNormal\" style=\"text-align: center;margin: 0cm 0cm 0pt\" align=\"center\"><strong><span style=\"color: green\"><span style=\"font-family: Times New Roman;font-size: small\">CIENT\u00cdFICOS DE LA OMS INVESTIGAR\u00c1N SI EL VIRUS AH1N1 SALI\u00d3 DE UN LABORATORIO<\/span><\/span><\/strong><strong><\/strong><\/p>\n<p style=\"text-align: justify\"><strong><span style=\"color: green\">Ginebra, 13 may (EFE).- La Organizaci\u00f3n Mundial de la Salud (OMS) dijo hoy que sus cient\u00edficos investigar\u00e1n la tesis de un experto australiano que afirma que el virus de la gripe A ha sido producto de un \"error humano\" en un laboratorio.<\/span><\/strong><\/p>\n<p class=\"MsoNormal\" style=\"text-align: justify\">\n<p class=\"MsoNormal\" style=\"text-align: justify\"><strong><span style=\"color: gray\">\"Hemos pedido a nuestros expertos que determinen si hay evidencias. Por ahora es demasiado pronto para decir algo al respecto\", declar\u00f3 el portavoz de la instituci\u00f3n sanitaria, Gregory Hartl.<\/span><\/strong><\/p>\n<p style=\"text-align: justify\"><strong><span style=\"color: gray\">No obstante, dijo que la prioridad de la OMS es determinar el riesgo que supone el nuevo virus AH1N1, evaluar su desarrollo y ayudar a los pa\u00edses miembros de la organizaci\u00f3n a estar preparados ante una eventual pandemia.<\/span><\/strong><\/p>\n<p style=\"text-align: justify\"><strong><span style=\"color: gray\">El cient\u00edfico Adrian Gibss, quien particip\u00f3 en la formulaci\u00f3n del antiviral Oseltamivir (Tamiflu), utilizado en el tratamiento de la nueva forma de gripe, afirma que las caracter\u00edsticas gen\u00e9ticas del virus AH1N1 hacen suponer que fue cultivado en huevos, un m\u00e9todo utilizado en laboratorios.<\/span><\/strong><\/p>\n<p style=\"text-align: justify\"><strong><span style=\"color: gray\">Por su parte, la doctora Sylvie Briand, experta del programa de gripe de la OMS, reaccion\u00f3 hoy a informaciones sobre una supuesta resistencia del virus tanto al Oseltamivir, como al Zanamivir, el otro f\u00e1rmaco considerado efectivo para la gripe A.<\/span><\/strong><\/p>\n<p style=\"text-align: justify\"><strong><span style=\"color: gray\">\"El virus reacciona a los dos f\u00e1rmacos\", confirm\u00f3 Briand, quien explic\u00f3 que las dudas se deben a una confusi\u00f3n con la gripe estacional, \"que el a\u00f1o pasado y el anterior mostr\u00f3 una cierta resistencia\" a esos antivirales.<\/span><\/strong><\/p>\n<p style=\"text-align: justify\"><strong><span style=\"color: gray\">Con respecto a la posibilidad de que este nuevo virus sea menos peligroso de lo que se teme, la experta dijo que se le est\u00e1 comparando con el causante de la pandemia de 1918 y reconoci\u00f3 que parecen ser dos virus \"de caracter\u00edsticas diferentes\".<\/span><\/strong><\/p>\n<p style=\"text-align: justify\"><strong><span style=\"color: gray\">\"Pero eso no es suficiente para decir que estamos ante un virus suave porque es bastante nuevo\", a\u00f1adi\u00f3, para recordar que tambi\u00e9n se desconoce \"c\u00f3mo las poblaciones reaccionar\u00e1n al nuevo pat\u00f3geno\".<\/span><\/strong><\/p>\n<p style=\"text-align: justify\"><strong><span style=\"color: gray\">Para aclarar las m\u00faltiples interrogantes sobre la infecci\u00f3n causada por este virus, Briand descart\u00f3 la conveniencia de elaborar un \"\u00edndice mundial, pues la severidad puede variar seg\u00fan el lugar, incluso puede tener niveles severidad diferentes dentro de un pa\u00eds\".<\/span><\/strong><\/p>\n<p style=\"text-align: justify\"><strong><span style=\"color: gray\">A rengl\u00f3n seguido, explic\u00f3 que el nivel de severidad lo determinan las caracter\u00edsticas del virus (facilidad con la que se transmite y en qu\u00e9 proporci\u00f3n de casos se requiere tratamiento) y la vulnerabilidad de la poblaci\u00f3n.<\/span><\/strong><\/p>\n<p style=\"text-align: justify\"><strong><span style=\"color: gray\">En este \u00faltimo factor interviene \"la inmunidad preexistente\" en la poblaci\u00f3n (dif\u00edcil de determinar) y la incidencia de enfermedades cr\u00f3nicas (pulmonares, cardiovasculares, diabetes e inmunodeficiencia).<\/span><\/strong><\/p>\n<p style=\"text-align: justify\"><strong><span style=\"color: gray\">Todas estas consideraciones, a\u00f1adi\u00f3 Briand, ser\u00e1n decisivas en la decisi\u00f3n que debe tomar la OMS con respecto a iniciar o no, en coordinaci\u00f3n con la industria farmac\u00e9utica, la producci\u00f3n de una vacuna contra la gripe A.<\/span><\/strong><\/p>\n<p style=\"text-align: justify\"><strong><span style=\"color: gray\">Sobre la revisi\u00f3n del nivel de alerta mundial de pandemia (actualmente en la fase 5 de una escala de 6), se\u00f1al\u00f3 que se podr\u00e1 \"reconsiderar\" si se dejan de observar casos importados y la epidemia disminuye en pa\u00edses con alto n\u00famero de personas afectadas.<\/span><\/strong><\/p>\n<p style=\"text-align: justify\"><strong><span style=\"color: gray\">La OMS<\/span><\/strong><strong><span style=\"color: gray\"> inform\u00f3 hoy de que los casos de contagio ascienden ya a 5.728 en 33 pa\u00edses.<\/span><\/strong><\/p>\n<p style=\"text-align: justify\"><strong><span style=\"color: gray\"><span style=\"color: green\">------------------------------------------------------------------------------------------------------<\/span><\/span><\/strong><\/p>\n<div><strong><\/strong><\/div>\n<div><strong><\/strong><\/div>\n<p><strong><\/strong><\/p>\n<p class=\"MsoNormal\" style=\"text-align: center;margin: 0cm 0cm 0pt\" align=\"center\"><strong><strong><span style=\"color: green\"><span style=\"font-size: small\"><span style=\"font-family: Times New Roman\">SE ELEVA A 25 LOS CASOS DE GRIPE AH1N1 EN CHILE Y EN BRASIL AUMENTAN A NUEVE<\/span><\/span><\/span><\/strong><\/strong><\/p>\n<p><strong><br \/>\n<\/strong><\/p>\n<p><strong><br \/>\n<\/strong><\/p>\n<p><\/span><strong><\/strong><\/strong><\/p>\n<p class=\"MsoNormal\" style=\"text-align: center;margin: 0cm 0cm 0pt\" align=\"center\"><strong><strong><span style=\"color: green\"><span style=\"font-size: small\"><span style=\"font-family: Times New Roman\"><img loading=\"lazy\" decoding=\"async\" class=\"alignleft size-full wp-image-115\" src=\"http:\/\/blog.espol.edu.ec\/mgsanche\/files\/2009\/05\/gripe.jpg\" alt=\"gripe\" width=\"100\" height=\"100\" \/><\/span><\/span><\/span><\/strong><\/strong><\/p>\n<p class=\"MsoNormal\" style=\"text-align: center;margin: 0cm 0cm 0pt\" align=\"center\"><strong><strong><span style=\"color: green\"><span style=\"font-size: small\"><span style=\"font-family: Times New Roman\">Santiago de Chile\/R\u00edo de Janeiro\/Tegucigalpa (EFE).- El Ministerio de Salud de Chile confirm\u00f3 hoy un nuevo caso de la gripe AH1N1 en el pa\u00eds, con lo que la cifra de contagiados por este virus asciende ya a 25 personas, la m\u00e1s alta en toda Sudam\u00e9rica. <\/span><\/span><\/span><\/strong><\/strong><\/p>\n<p class=\"MsoNormal\" style=\"text-align: center;margin: 0cm 0cm 0pt\" align=\"center\"><strong><strong><\/strong><\/strong><\/p>\n<p class=\"MsoNormal\" style=\"text-align: center;margin: 0cm 0cm 0pt\" align=\"center\"><strong><strong><\/strong><\/strong><\/p>\n<p class=\"MsoNormal\" style=\"text-align: justify;margin: 0cm 0cm 12pt\"><strong><strong><span style=\"color: gray\"><span style=\"font-size: small\"><span style=\"font-family: Times New Roman\">\u201cLa mayor\u00eda de los pacientes han cursado cuadros cl\u00ednicos leves, similar a los casos de influenza estacional y se encuentran en buenas condiciones recibiendo tratamiento en sus domicilios\u201d. Informaron este jueves las autoridades. <\/span><\/span><\/span><\/strong><\/strong><\/p>\n<p class=\"MsoNormal\" style=\"text-align: justify;margin: 0cm 0cm 12pt\"><strong><strong><span style=\"color: gray\"><span style=\"font-size: small\"><span style=\"font-family: Times New Roman\">El Ministerio de Salud se\u00f1al\u00f3 que la \u201csituaci\u00f3n epidemiol\u00f3gica es la esperada con un virus f\u00e1cilmente transmisible entre las personas, especialmente los ni\u00f1os\u201d. <\/span><\/span><\/span><\/strong><\/strong><\/p>\n<p class=\"MsoNormal\" style=\"text-align: justify;margin: 0cm 0cm 12pt\"><strong><strong><span style=\"color: gray\"><span style=\"font-size: small\"><span style=\"font-family: Times New Roman\">Esta circunstancia \u201cexplica el n\u00famero de casos detectados en colegios de la Regi\u00f3n Metropolitana de Santiago y la rapidez con que el brote se ha desarrollado\u201d. <\/span><\/span><\/span><\/strong><\/strong><\/p>\n<p class=\"MsoNormal\" style=\"text-align: justify;margin: 0cm 0cm 12pt\"><strong><strong><span style=\"color: gray\"><span style=\"font-size: small\"><span style=\"font-family: Times New Roman\">El Gobierno anunci\u00f3 ayer un cambio en la estrategia de prevenci\u00f3n de esta enfermedad que implica que a partir de ahora, los pacientes con casos positivos ya no ser\u00e1n hospitalizados. <\/span><\/span><\/span><\/strong><\/strong><\/p>\n<p class=\"MsoNormal\" style=\"text-align: justify;margin: 0cm 0cm 12pt\"><strong><strong><span style=\"color: gray\"><span style=\"font-size: small\"><span style=\"font-family: Times New Roman\">Tampoco se suministrar\u00e1 f\u00e1rmacos antivirales a todos las personas que han estado en contacto, sino solo a las que presenten s\u00edntomas graves. <\/span><\/span><\/span><\/strong><\/strong><\/p>\n<p class=\"MsoNormal\" style=\"text-align: justify;margin: 0cm 0cm 12pt\"><strong><strong><span style=\"color: gray\"><span style=\"font-size: small\"><span style=\"font-family: Times New Roman\">De los 25 casos confirmados, tres son j\u00f3venes que estuvieron de vacaciones en Punta Cana (Rep\u00fablica Dominicana), uno es un contacto de un pasajero que iba en el vuelo de regreso, 15 son escolares y personal del colegio San Nicol\u00e1s de Myra de Santiago, y 6 pertenecen a otros colegios de la zona oriente de la Santiago, cuyo nexo epidemiol\u00f3gico est\u00e1 en estudio. <\/span><\/span><\/span><\/strong><\/strong><\/p>\n<p class=\"MsoNormal\" style=\"text-align: justify;margin: 0cm 0cm 12pt\"><strong><strong><span style=\"color: gray\"><span style=\"font-size: small\"><span style=\"font-family: Times New Roman\">Las autoridades mantienen barreras sanitarias en los puertos, aeropuertos y v\u00edas terrestres del pa\u00eds para evitar la propagaci\u00f3n del virus. <\/span><\/span><\/span><\/strong><\/strong><\/p>\n<p class=\"MsoNormal\" style=\"text-align: justify;margin: 0cm 0cm 12pt\"><strong><strong><span style=\"color: green\"><span style=\"font-size: small\"><span style=\"font-family: Times New Roman\">CONTAGIOS EN BRAZIL LLEGA A NUEVE<\/span><\/span><\/span><\/strong><\/strong><\/p>\n<p class=\"MsoNormal\" style=\"text-align: justify;margin: 0cm 0cm 12pt\"><strong><strong><span style=\"color: gray\"><span style=\"font-size: small\"><span style=\"font-family: Times New Roman\">Las autoridades brasile\u00f1as confirmaron hoy un nuevo caso de gripe A, el primero en once d\u00edas, con lo que el n\u00famero de personas que ha contra\u00eddo la enfermedad llega a nueve, inform\u00f3 el Ministerio de Salud en un comunicado. <\/span><\/span><\/span><\/strong><\/strong><\/p>\n<p class=\"MsoNormal\" style=\"text-align: justify;margin: 0cm 0cm 12pt\"><strong><strong><span style=\"color: gray\"><span style=\"font-size: small\"><span style=\"font-family: Times New Roman\">El nuevo paciente lleg\u00f3 de Estados Unidos con los s\u00edntomas el pasado martes y, un d\u00eda despu\u00e9s, acudi\u00f3 a un hospital de Sao Paulo, en el que fue ingresado. Los otros ocho infectados, registrados a comienzos del mes, ya han sido dados de alta. <\/span><\/span><\/span><\/strong><\/strong><\/p>\n<p class=\"MsoNormal\" style=\"text-align: justify;margin: 0cm 0cm 12pt\"><strong><strong><span style=\"color: gray\"><span style=\"font-size: small\"><span style=\"font-family: Times New Roman\">Adem\u00e1s de \u00e9stos, las autoridades vigilan a catorce pacientes \u201csospechosos\u201d de haber contra\u00eddo el virus AH1N1 fuera de Brasil y a otros catorce que presentan los s\u00edntomas, pero no han viajado o no han estado en contacto con personas que visitaron las zonas afectadas. <\/span><\/span><\/span><\/strong><\/strong><\/p>\n<p class=\"MsoNormal\" style=\"text-align: justify;margin: 0cm 0cm 12pt\"><strong><strong><span style=\"color: gray\"><br \/>\n<\/span><span style=\"color: green\"><span style=\"font-size: small\"><span style=\"font-family: Times New Roman\">PRIMER CASO DE HONDURAS<\/span><\/span><\/span><\/strong><\/strong><\/p>\n<p class=\"MsoNormal\" style=\"text-align: justify;margin: 0cm 0cm 12pt\"><strong><strong><span style=\"color: gray\"><span style=\"font-size: small\"><span style=\"font-family: Times New Roman\">El primer contagio de gripe porcina en Honduras fue descubierto hoy en una ni\u00f1a que vive en una ciudad del norte del pa\u00eds, inform\u00f3 el ministro de Salud, Carlos Aguilar. <\/span><\/span><\/span><\/strong><\/strong><\/p>\n<p class=\"MsoNormal\" style=\"text-align: justify;margin: 0cm 0cm 12pt\"><strong><strong><span style=\"color: gray\"><span style=\"font-size: small\"><span style=\"font-family: Times New Roman\">\u201cEl primer caso de gripe AH1N1 ha sido confirmado por los laboratorios de (el estadounidense Centro de Control de Enfermedades en) Atlanta, que dieron positivo\u201d, a\u00f1adi\u00f3. \u201cY se trata de una menor de 9 a\u00f1os\u201d. \u201cPero no hay raz\u00f3n para preocuparse porque la paciente est\u00e1 ya en buenas condiciones y ha respondido a los antivirales\u201d, subray\u00f3. <\/span><\/span><\/span><\/strong><\/strong><\/p>\n<p class=\"MsoNormal\" style=\"text-align: justify;margin: 0cm 0cm 12pt\"><strong><strong><span style=\"color: gray\"><span style=\"font-size: small\"><span style=\"font-family: Times New Roman\">\u201cElla se enferm\u00f3 hace una semana y ya se recuper\u00f3 totalmente porque respondi\u00f3 a los medicamentos. Ahora ya est\u00e1 de nuevo en su escuela, recibiendo las clases de manera normal\u201d, afirm\u00f3 Aguilar en rueda de prensa en San Pedro Sula junto al presidente Manuel Zelaya.<\/span><\/span><\/span><\/strong><\/strong><\/p>\n<p><strong><br \/>\n<\/strong><\/p>\n<p><strong><\/strong><\/h1>\n","protected":false},"excerpt":{"rendered":"<p>\u00bfQuien es Donald Rumsfeld? Bast\u00f3 que Estados Unidos tocara la campana de alarma para que el mundo temblara de miedo ante la perspectiva de una pandemia. A pesar de que han transcurrido nueve a\u00f1os desde que el famoso virus de la gripe aviar fuera detectado en Vietnam y no llegan a\u00fan a cien las v\u00edctimas [&hellip;]<\/p>\n","protected":false},"author":1519,"featured_media":0,"parent":0,"menu_order":0,"comment_status":"open","ping_status":"open","template":"","meta":{"_monsterinsights_skip_tracking":false,"_monsterinsights_sitenote_active":false,"_monsterinsights_sitenote_note":"","_monsterinsights_sitenote_category":0,"footnotes":""},"class_list":["post-1","page","type-page","status-publish","hentry"],"_links":{"self":[{"href":"https:\/\/blog.espol.edu.ec\/mgsanche\/wp-json\/wp\/v2\/pages\/1","targetHints":{"allow":["GET"]}}],"collection":[{"href":"https:\/\/blog.espol.edu.ec\/mgsanche\/wp-json\/wp\/v2\/pages"}],"about":[{"href":"https:\/\/blog.espol.edu.ec\/mgsanche\/wp-json\/wp\/v2\/types\/page"}],"author":[{"embeddable":true,"href":"https:\/\/blog.espol.edu.ec\/mgsanche\/wp-json\/wp\/v2\/users\/1519"}],"replies":[{"embeddable":true,"href":"https:\/\/blog.espol.edu.ec\/mgsanche\/wp-json\/wp\/v2\/comments?post=1"}],"version-history":[{"count":37,"href":"https:\/\/blog.espol.edu.ec\/mgsanche\/wp-json\/wp\/v2\/pages\/1\/revisions"}],"predecessor-version":[{"id":205,"href":"https:\/\/blog.espol.edu.ec\/mgsanche\/wp-json\/wp\/v2\/pages\/1\/revisions\/205"}],"wp:attachment":[{"href":"https:\/\/blog.espol.edu.ec\/mgsanche\/wp-json\/wp\/v2\/media?parent=1"}],"curies":[{"name":"wp","href":"https:\/\/api.w.org\/{rel}","templated":true}]}}