{"id":86,"date":"2009-08-10T18:39:11","date_gmt":"2009-08-10T22:39:11","guid":{"rendered":"http:\/\/blog.espol.edu.ec\/mialcabe\/?page_id=86"},"modified":"2011-08-15T23:09:56","modified_gmt":"2011-08-16T03:09:56","slug":"no-aborto","status":"publish","type":"page","link":"https:\/\/blog.espol.edu.ec\/mialcabe\/no-aborto\/","title":{"rendered":"\u2665...D!le NO @l @borto...\u2665"},"content":{"rendered":"<p><span style=\"color: #00ffff\">Si ya abriste esta p\u00e1gina, y eres una mujer que lo que busca es una soluci\u00f3n para su \"PROBLEMA\", pon tu mano en t\u00fa vientre, y\u00a0si\u00e9ntense\u00a0juntos a ver y leer este blog, te aseguro que no te quitar\u00e1 mucho tiempo, pero si te ayudar\u00e1 a darte el tiempo para decidir y es eso lo que realmente deseas, recuerda que Jes\u00fas muri\u00f3 por cientos, y miles de nosotros, y porque no podemos compartir ese regalo con alguien m\u00e1s. Recuerda es t\u00fa decisi\u00f3n, de nadie m\u00e1s y si t\u00fa no te amas ni te valoras, nadie lo har\u00e1!!!<\/span><\/p>\n<p><iframe loading=\"lazy\" width=\"480\" height=\"390\" src=\"http:\/\/www.youtube.com\/embed\/3Jl4TQWtDYs\" frameborder=\"0\" allowfullscreen><\/iframe><\/p>\n<p><span style=\"color: #808000\">El tema del Aborto, es quiz\u00e1 uno de los m\u00e1s delicados, y si me atrev\u00ed a tratarlo, es porque creo que hoy en d\u00eda la falta de informaci\u00f3n nos puede traer consecuencias, personalmente he visto casos muy cercanos, de personas que quiero mucho, y que han cometido este error, realmente enorme!, ya que no s\u00f3lo deja consecuencias f\u00edsicas, sino tambi\u00e9n psicol\u00f3gicas... Realmente espero que aprovechen esta informaci\u00f3n, s\u00e9 que las im\u00e1genes y hasta el video es un poco fuerte, pero si eres mujer debes verlo con mucha m\u00e1s raz\u00f3n, y si te encuentras en una situaci\u00f3n semejante, recuerda que lo que llevas dentro de tu vientre ya es un ser humano, que tiene derechos, siente, y cr\u00e9eme que desear\u00eda alg\u00fan d\u00eda poder llamarte MAM\u00c1!!! <\/span><\/p>\n<p><span style=\"color: #808000\">El siguiente documento presenta los tipos de aborto que se conocen, incluyendo aquellos por anticonceptivos. Tambi\u00e9n se presentan, fotos aterradoras de abortos por succi\u00f3n, envenenamiento salino, dilataci\u00f3n \u00f3 curetaje, ces\u00e1rea, etc.<br \/>\nEl miedo por falta de recursos econ\u00f3micos, el miedo al que dir\u00e1n, al enfrentar los nueve meses de embarazo y la responsabilidad son las principales causas del aborto.<\/span><\/p>\n<p><span style=\"color: #808000\">El aborto afecta psicol\u00f3gicamente a la pareja durante mucho tiempo. Juddy Mamaou, en Estados Unidos, qui\u00e9n se realiz\u00f3 un aborto por succi\u00f3n dijo: \"El sonido de la m\u00e1quina de vac\u00edo me persigue todav\u00eda. No puedo usar una aspiradora sin pensar en mi aborto\".<br \/>\nActualmente se est\u00e1n realizando en todos los pa\u00edses del mundo, aproximadamente 50 millones de abortos al a\u00f1o, 50 millones de cr\u00edmenes. Jam\u00e1s la humanidad hab\u00eda llegado a tan bajo grado de degeneraci\u00f3n y de barbarie.<\/span><\/p>\n<p><span style=\"color: #808000\">Escucha la voz de t\u00fa hijo... Perm\u00edtele nacer...!!!<\/span><\/p>\n<p style=\"text-align: center\"><span style=\"color: #808000\"><a href=\"http:\/\/blog.espol.edu.ec\/mialcabe\/files\/2009\/08\/257_clip_image001.jpg\"><img loading=\"lazy\" decoding=\"async\" class=\"size-full wp-image-89 aligncenter\" src=\"http:\/\/blog.espol.edu.ec\/mialcabe\/files\/2009\/08\/257_clip_image001.jpg\" alt=\"perm\u00edteselo\" width=\"450\" height=\"313\" srcset=\"https:\/\/blog.espol.edu.ec\/mialcabe\/files\/2009\/08\/257_clip_image001.jpg 450w, https:\/\/blog.espol.edu.ec\/mialcabe\/files\/2009\/08\/257_clip_image001-300x208.jpg 300w\" sizes=\"auto, (max-width: 450px) 100vw, 450px\" \/><\/a><\/span><\/p>\n<p><span style=\"color: #808000\"><span style=\"font-size: x-small;color: #333333;font-family: Verdana\"><span style=\"color: #ff0000\">M\u00e9todos Abortivos. <\/span><\/span><\/span><\/p>\n<p style=\"text-align: left\"><span style=\"color: #808000\"><span style=\"font-size: x-small;color: #333333;font-family: Verdana\"><span style=\"color: #ff0000\">Succi\u00f3n: <\/span><\/span><\/span><span style=\"color: #808000\"><span style=\"color: #808000\"><br \/>\n<\/span><span style=\"color: #333333\"><span style=\"color: #808000\"><span style=\"font-size: x-small\"><span style=\"font-family: Verdana\">Se utiliza un tubo hueco que est\u00e1 conectado a una bomba de succi\u00f3n con una capacidad 29 veces mayor que el de una aspiradora casera.<span style=\"color: #ff0000\"> <\/span><\/span><br \/>\nLa succi\u00f3n rompe al beb\u00e9 en pedazos y lo absorbe, sac\u00e1ndolos del \u00fatero como si fuera una basura. Como la cabeza del beb\u00e9 no puede pasar por el tubo, se introduce en la matriz un instrumento que comprime la cabecita y la extrae.<\/span><\/span><\/span><\/span><\/p>\n<p style=\"text-align: center\">\n<p style=\"text-align: center\"><span style=\"color: #808000\"><a href=\"http:\/\/blog.espol.edu.ec\/mialcabe\/files\/2009\/08\/succion.jpg\"><img loading=\"lazy\" decoding=\"async\" class=\"size-full wp-image-87   aligncenter\" src=\"http:\/\/blog.espol.edu.ec\/mialcabe\/files\/2009\/08\/succion.jpg\" alt=\"succion\" width=\"205\" height=\"146\" \/><\/a><\/span><\/p>\n<p><span style=\"color: #ff0000\"><span style=\"font-family: Verdana\"><span style=\"font-size: x-small\">Anticonceptivos hormonales. (Abortivos)<\/span><strong><span style=\"font-size: xx-small\"> <\/span><\/strong><\/span><\/span> <span style=\"font-family: Verdana, Arial, Helvetica, sans-serif\"><br \/>\n<span style=\"color: #333333\"><span style=\"color: #808000\">El aborto precoz y desapercibido puede ocurrir en el 50% \u00f3 mas de los ciclos menstruales, con las pastillas de dosis muy bajas. Con lapastilla combinada, el aborto puede ocurrir una vez cada dos a\u00f1os. O sea una mujer que utiliza pastillas o inyecciones est\u00e1 abortando en un buen porcentaje.<br \/>\n<\/span><br \/>\n<\/span><span style=\"font-family: Verdana, Arial, Helvetica, sans-serif\"><span style=\"font-family: Arial,Helvetica\"><span style=\"color: #ff0000\"><span style=\"font-family: Verdana, Arial, Helvetica, sans-serif\">Dilataci\u00f3n o curetaje.<\/span><br \/>\n<\/span><span style=\"color: #808000\">De la s\u00e9ptima a la doceava semana de gestaci\u00f3n se utiliza un m\u00e9todo que consiste en cortar el beb\u00e9 en pedazos con un cuchillo <\/span><span style=\"color: #808000\">quir\u00fargico <\/span><span style=\"color: #808000\">y posteriormente se hace un raspado.<br \/>\nLa persona que lo realiza debe unir de nuevo los pedazos del beb\u00e9 para asegurarse de que el \u00fatero est\u00e1 vac\u00edo. Al bebito se le corta una piernecita, despu\u00e9s la otra y as\u00ed se va cortando en pedazos todo su cuerpo. Los sufrimientos del bebito son intolerables. Es algo despiadado.<\/span><\/span><\/span><\/span><\/p>\n<p style=\"text-align: left\"><span style=\"font-size: x-small;color: #ff0000;font-family: Verdana\">Ces\u00e1rea.<\/span> <span style=\"font-family: Verdana, Arial, Helvetica, sans-serif\"><br \/>\n<span style=\"color: #808000\">Es igual que una ces\u00e1rea hasta que se corta el cord\u00f3n umbilical, pero en lugar de llevar al ni\u00f1o a la sala de cuidados intensivos para salvar su vida, se le deposita en una caneca de basura y se le deja morir. Algunas veces los bebitos se mueven, respiran y algunos hasta lloran. Este m\u00e9todo se utiliza cuando el embarazo est\u00e1 muy avanzado.<\/span><\/span><\/p>\n<p style=\"text-align: center\"><span style=\"font-family: Verdana, Arial, Helvetica, sans-serif\"><span style=\"color: #808000\"><img loading=\"lazy\" decoding=\"async\" class=\"size-full wp-image-88   aligncenter\" src=\"http:\/\/blog.espol.edu.ec\/mialcabe\/files\/2009\/08\/curetaje.gif\" alt=\"curetaje\" width=\"205\" height=\"146\" \/><\/span><\/span><\/p>\n<p><span style=\"font-size: x-small;color: #ff0000;font-family: Verdana\">Dispositivo intra-uterino o Anillo (Abortivo).<\/span> <span style=\"font-family: Verdana, Arial, Helvetica, sans-serif\"><br \/>\n<span style=\"color: #808000\">Es un artefacto de varias formas que se coloca dentro del \u00fatero. No evita la concepci\u00f3n sino que modifica el revestimiento interno del \u00fatero en forma que el ni\u00f1o en desarrollo que viene de la trompa de Falopio, no pueda implantarse y muera, elimin\u00e1ndose sus restos desintegrados con la menstruaci\u00f3n.<\/span><\/span><span style=\"color: #808000\"> <\/span><span style=\"color: #333333\"><br \/>\n<span style=\"color: #808000\">La ciencia ha demostrado que el aborto, implica muchos riesgos peligrosos como hemorragias, infecciones, perforaciones del \u00fatero, co\u00e1gulos sangu\u00edneos, adherencia de la placenta, etc. La esterilidad aumenta en un 10%. El nacimiento prematuro que es una gran causa del retardo mental, se incrementa en alto grado con el aborto.<\/span><\/span><\/p>\n<p><span style=\"color: #333333\"><span style=\"color: #808000\"><strong><span style=\"color: #ff0000;font-family: Verdana\">Las Causas del aborto.<br \/>\n<\/span><\/strong><span style=\"color: #808000\">El principal problema del aborto es psicol\u00f3gico y es el miedo:<br \/>\n<\/span><span style=\"color: #ff0000;font-family: Verdana, Arial, Helvetica, sans-serif\"><br \/>\nMiedo por falta de capacidades econ\u00f3micas para alimentar al hijo.<\/span><\/span><\/span><br \/>\n<span style=\"font-family: Verdana\"><span style=\"font-size: x-small;color: #333333\"><span style=\"color: #808000\">Este temor se debe a la falta de confianza en Dios ya que lo m\u00e1s bello y lo m\u00e1s querido para una madre es su propio hijo.<\/span><br \/>\n<\/span><span style=\"color: #993366\"><span style=\"font-size: x-small;color: #ff0000\">Miedo a lo que digan sus padres o las dem\u00e1s personas.<\/span><\/span><\/span><span style=\"color: #990000\"><br \/>\n<\/span><span style=\"font-size: x-small\"><span style=\"font-family: Verdana\"><span style=\"color: #808000\">(Cuando la joven es embarazada durante el noviazgo). Realmente los conceptos y los razonamientos humanos, de padres o terceras personas ante las leyes de Dios, no deben impedir que venga una criatura a \u00e9ste mundo. La vida la d\u00e1 Dios y Dios est\u00e1 por encima de todo concepto.<br \/>\n\"Yo iba a ser el s\u00e9ptimo hijo y mi madre estaba decidida a no dejarme nacer. Entonces sucedi\u00f3 algo maravilloso. Mi t\u00eda la hizo cambiar de opini\u00f3n y as\u00ed me fu\u00e9 permitido nacer. Se puede decir que soy un milagro\".<\/span> <span style=\"color: #ff0000\">Arthur Rubenstein, pianista.<\/span><br \/>\n<\/span><\/span><\/p>\n<p><span style=\"color: #808000\">Desafortunadamente \u00e9sta sociedad de consumo y de falsos valores en que vivimos, ha desvalorizado al ni\u00f1o que debe venir a \u00e9ste mundo y con su racionalismo ha creado un falso temor. Veamos un gran ejemplo: Kay James, directora de relaciones p\u00fablicas para el MOVIMIENTO PROVIDA en Estados Unidos habla de una mujer de color terriblemente pobre, abandonada por su marido alcoh\u00f3lico, que tuvo su cuarto beb\u00e9 sobre una mesa \"ese beb\u00e9 era yo\", dice la Sra. James graduada de la Universidad y madre de 3 ni\u00f1os.<\/span><\/p>\n<p><span style=\"font-family: Verdana, Arial, Helvetica, sans-serif\"><span style=\"color: #ff0000\">Miedo a los 9 meses de embarazo y al dolor del parto.<\/span><span style=\"color: #990000\"><br \/>\n<\/span><span style=\"color: #808000\">Realmente la misi\u00f3n m\u00e1s grande de toda mujer, es ser madre y traer hijos al mundo. Si los animales que son irracionales no se niegan este derecho \u00bfPor qu\u00e9, la mujer va a tener miedo, si es una funci\u00f3n natural que corresponde a su naturaleza femenina? <\/span><\/span><\/p>\n<p><span style=\"color: #ff0000;font-family: Verdana, Arial, Helvetica, sans-serif\">Problemas de salud.<\/span><span style=\"color: #333333;font-family: Verdana, Arial, Helvetica, sans-serif\"><br \/>\n<span style=\"color: #808000\">Debemos recordar que Beethoven el gran m\u00fasico que asombr\u00f3 con su m\u00fasica divina, y que todav\u00eda escuchan aquellos que quieren dar alimento y aliento a su alma; su madre fu\u00e9 t\u00edsica y su padre alcoh\u00f3lico. <\/span><\/span><\/p>\n<p><span style=\"font-family: Verdana, Arial, Helvetica, sans-serif\"><span style=\"color: #ff0000\">Violaci\u00f3n.<\/span> <span style=\"color: #333333\"><br \/>\n<span style=\"color: #808000\">La violaci\u00f3n es un abuso horrible con efectos traum\u00e1ticos para muchas de sus v\u00edctimas. Para una mujer que lleva en sus entra\u00f1as una criatura fruto de una violaci\u00f3n no es ning\u00fan consuelo el saber que el embarazo raramente ocurre en \u00e9stos casos. Sin embargo, a\u00fan en \u00e9sta situaci\u00f3n estamos hablando de un ser humano.<\/span><\/span><span style=\"color: #808000\"> <\/span><span style=\"color: #333333\"><br \/>\n<span style=\"color: #808000\">Una mujer violada que escribi\u00f3 an\u00f3nimamente a una revista, dijo que hab\u00eda hecho la cita para hacerse un aborto y que la cancel\u00f3. \"Sab\u00eda que lo que llevaba en mis entra\u00f1as era mi beb\u00e9. Ahora tengo una hija, una preciosa ni\u00f1a y doy gracias a Dios diariamente por no haber abortado\".<\/span><\/span><span style=\"color: #808000\"> <\/span><\/span><\/p>\n<p><span style=\"font-family: Verdana, Arial, Helvetica, sans-serif\"><span style=\"color: #ff0000\">Anticonceptivos hormonales.<\/span><span style=\"color: #990000\"><br \/>\n<\/span><span style=\"color: #808000\">La mujer que los utiliza ya sea en pastillas, inyecciones o implantes, ya se ha hecho psicol\u00f3gicamente el prop\u00f3sito de no tener un hijo y si queda embarazada se siente frustrada en sus prop\u00f3sitos y muchas veces recurre al aborto. Estos anticonceptivos son una de las principales causas del aborto actualmente. <\/span><\/span><\/p>\n<p><span style=\"color: #808000\">Realmente esto del aborto, de los anticonceptivos y cortadura de trompas est\u00e1 causando, muerte, enfermedades y dolor.<\/span><\/p>\n<p style=\"text-align: center\"><span style=\"color: #808000\"><a href=\"http:\/\/blog.espol.edu.ec\/mialcabe\/files\/2009\/08\/aborto2.gif\"><img loading=\"lazy\" decoding=\"async\" class=\"size-full wp-image-90 aligncenter\" src=\"http:\/\/blog.espol.edu.ec\/mialcabe\/files\/2009\/08\/aborto2.gif\" alt=\"aborto.\" width=\"450\" height=\"300\" srcset=\"https:\/\/blog.espol.edu.ec\/mialcabe\/files\/2009\/08\/aborto2.gif 450w, https:\/\/blog.espol.edu.ec\/mialcabe\/files\/2009\/08\/aborto2-300x200.gif 300w\" sizes=\"auto, (max-width: 450px) 100vw, 450px\" \/><\/a><\/span><\/p>\n<h3><span style=\"color: #ff6600\"><span style=\"text-decoration: underline\">Testimonios:<\/span><\/span><\/h3>\n<p><span style=\"color: #808000\">El siguiente es un testimonio realde una joven, obligada por su mam\u00e1 a practicarse el aborto:<\/span><\/p>\n<p><span style=\"color: #808000\">\"Yo ten\u00eda 16 a\u00f1os cuando me di cuenta que estaba embarazada de mi novio de la preparatoria. A pesar de que me sorprend\u00ed mucho cuando me enter\u00e9, todo estaba bien, ya que mi novio estaba feliz igual que yo, el problema fue cuando se lo cont\u00e9 a mi mam\u00e1. Ella dijo que me apoyar\u00eda y una ma\u00f1ana me pidi\u00f3 que la acompa\u00f1ara al doctor para que me hicieran un chequeo a mi y a mi beb\u00e9. Todo me pareci\u00f3 extra\u00f1o: el m\u00e9dico me pidi\u00f3 que me pusiera una bata y me dio una pastilla con la me qued\u00e9 dormida y no supe de mi hasta dos horas despu\u00e9s que abr\u00ed los ojos y vi a mi mam\u00e1 parada frente a mi, me ayud\u00f3 a levantarme y despu\u00e9s que me vest\u00ed nos fuimos. Cuando subimos al carro le pregunt\u00e9 que hab\u00eda pasado y solo me dijo que el problema estaba resuelto. Ella le hab\u00eda pedido al doctor que me practicara un aborto, sin mi consentimiento. Seg\u00fan mi mam\u00e1 era lo mejor para todos, ya que hac\u00eda un a\u00f1o mi hermana hab\u00eda tenido un beb\u00e9 y cuando mi pap\u00e1 se enter\u00f3 le dio un ataque card\u00edaco. Ya han pasado dos a\u00f1os de este terrible acontecimiento y no hay d\u00eda en que no piense en mi beb\u00e9 y en el coraje que siento hacia mi mam\u00e1\".<br \/>\nCamelia de Per\u00fa.<\/span><\/p>\n<p><span style=\"color: #808000\"><span style=\"font-size: x-small\">Siento unos remordimientos horribles\u2026<\/span><\/span><\/p>\n<p><span style=\"color: #808000\"><span style=\"font-size: x-small\"><span style=\"color: #808000\">\"Bueno, yo tengo 20 a\u00f1os, hace m\u00e1s o menos dos que qued\u00e9 embarazada. Tuve mucho miedo por mi familia ya que es muy conservadora. Cuando yo me enter\u00e9 que estaba embarazada lo quise, se lo coment\u00e9 a mi pareja y tambi\u00e9n lo quiso. Cuando mi mam\u00e1 se enter\u00f3 me dijo que ten\u00eda que abortar. Yo no quer\u00eda, pero ten\u00eda miedo a la responsabilidad, no sab\u00eda como decirle que no a mi mam\u00e1 y decid\u00ed hacerlo. Despu\u00e9s de esto yo trat\u00e9 de superarlo, pero en momentos en los que recuerdo eso y en los que me siento sola, soy la mujer m\u00e1s infeliz del mundo, siento unos remordimientos horribles. Ahora quisiera tener un hijo y no puedo quedar embarazada, es m\u00e1s, no puedo tener una pareja estable, y siento que eso me trajo alg\u00fan problema psicol\u00f3gico, ya que cambi\u00e9 mucho a partir de eso\". <\/span><\/span><\/span><\/p>\n<p><span style=\"color: #808000\"><span style=\"font-size: x-small\"><span style=\"color: #808000\"><strong>Fiorella.\u00a0 Per\u00fa.<\/strong><\/span><\/span><\/span><\/p>\n<p><span style=\"color: #808000\"><span style=\"font-size: x-small\"><span style=\"color: #808000\"><strong> <\/strong><\/span><\/span><\/span><\/p>\n<p style=\"text-align: center\"><span style=\"color: #808000\"><span style=\"font-size: x-small\"><span style=\"color: #808000\"><a href=\"http:\/\/blog.espol.edu.ec\/mialcabe\/files\/2009\/08\/aborto4.gif\"><img loading=\"lazy\" decoding=\"async\" class=\"size-full wp-image-92 aligncenter\" src=\"http:\/\/blog.espol.edu.ec\/mialcabe\/files\/2009\/08\/aborto4.gif\" alt=\"aborto4\" width=\"450\" height=\"300\" srcset=\"https:\/\/blog.espol.edu.ec\/mialcabe\/files\/2009\/08\/aborto4.gif 450w, https:\/\/blog.espol.edu.ec\/mialcabe\/files\/2009\/08\/aborto4-300x200.gif 300w\" sizes=\"auto, (max-width: 450px) 100vw, 450px\" \/><\/a><\/span><\/span><\/span><\/p>\n","protected":false},"excerpt":{"rendered":"<p>Si ya abriste esta p\u00e1gina, y eres una mujer que lo que busca es una soluci\u00f3n para su \"PROBLEMA\", pon tu mano en t\u00fa vientre, y\u00a0si\u00e9ntense\u00a0juntos a ver y leer este blog, te aseguro que no te quitar\u00e1 mucho tiempo, pero si te ayudar\u00e1 a darte el tiempo para decidir y es eso lo que [&hellip;]<\/p>\n","protected":false},"author":1776,"featured_media":0,"parent":0,"menu_order":0,"comment_status":"open","ping_status":"open","template":"","meta":{"footnotes":""},"class_list":["post-86","page","type-page","status-publish","hentry"],"_links":{"self":[{"href":"https:\/\/blog.espol.edu.ec\/mialcabe\/wp-json\/wp\/v2\/pages\/86","targetHints":{"allow":["GET"]}}],"collection":[{"href":"https:\/\/blog.espol.edu.ec\/mialcabe\/wp-json\/wp\/v2\/pages"}],"about":[{"href":"https:\/\/blog.espol.edu.ec\/mialcabe\/wp-json\/wp\/v2\/types\/page"}],"author":[{"embeddable":true,"href":"https:\/\/blog.espol.edu.ec\/mialcabe\/wp-json\/wp\/v2\/users\/1776"}],"replies":[{"embeddable":true,"href":"https:\/\/blog.espol.edu.ec\/mialcabe\/wp-json\/wp\/v2\/comments?post=86"}],"version-history":[{"count":15,"href":"https:\/\/blog.espol.edu.ec\/mialcabe\/wp-json\/wp\/v2\/pages\/86\/revisions"}],"predecessor-version":[{"id":117,"href":"https:\/\/blog.espol.edu.ec\/mialcabe\/wp-json\/wp\/v2\/pages\/86\/revisions\/117"}],"wp:attachment":[{"href":"https:\/\/blog.espol.edu.ec\/mialcabe\/wp-json\/wp\/v2\/media?parent=86"}],"curies":[{"name":"wp","href":"https:\/\/api.w.org\/{rel}","templated":true}]}}