{"id":14,"date":"2012-10-17T19:41:36","date_gmt":"2012-10-17T19:41:36","guid":{"rendered":"http:\/\/blog.espol.edu.ec\/mirasanc\/?page_id=14"},"modified":"2012-11-07T08:47:07","modified_gmt":"2012-11-07T08:47:07","slug":"mi-primer-video","status":"publish","type":"page","link":"https:\/\/blog.espol.edu.ec\/mirasanc\/mi-primer-video\/","title":{"rendered":"Tendencias &gt;:]"},"content":{"rendered":"<p>&nbsp;<\/p>\n<p><a href=\"http:\/\/blog.espol.edu.ec\/mirasanc\/files\/2012\/10\/frasesss7.png\"><img loading=\"lazy\" decoding=\"async\" class=\"aligncenter size-full wp-image-106\" src=\"http:\/\/blog.espol.edu.ec\/mirasanc\/files\/2012\/10\/frasesss7.png\" alt=\"\" width=\"442\" height=\"100\" srcset=\"https:\/\/blog.espol.edu.ec\/mirasanc\/files\/2012\/10\/frasesss7.png 442w, https:\/\/blog.espol.edu.ec\/mirasanc\/files\/2012\/10\/frasesss7-300x67.png 300w\" sizes=\"auto, (max-width: 442px) 100vw, 442px\" \/><\/a><\/p>\n<p>&nbsp;<\/p>\n<ul>\n<li>====Todos estamos solos, no hay nadie que vaya a estar ah\u00ed para siempre, por eso pensar que alguien nos pertenece, es una estupidez\u2026 S\u00e9 que parece imposible, pero a veces desear\u00eda que me perteneciera, que fuera s\u00f3lo para mi, as\u00ed podr\u00eda met\u00e9rmela en el bolsillo de la chaqueta y llev\u00e1rmela conmigo.=====<\/li>\n<\/ul>\n<p>&nbsp;<\/p>\n<ul>\n<li>====Si eres feliz, yo estoy contenta. Tal vez yo no llegar\u00e9 a ser una persona capaz de pensar esto de coraz\u00f3n. Pero, ante tus ojos, quer\u00eda aparecer como una persona fuerte y tolerante. Como una hero\u00edna de manga\u2026 casi perfecta.=====<\/li>\n<\/ul>\n<p>&nbsp;<\/p>\n<ul>\n<li>===\"el zapato de cenicienta era de tama\u00f1o perfecto entonces por que se le cayo mientras corria? deve aver atraido la atencion del principe no encuentro otra explicacion\"===<\/li>\n<\/ul>\n<p>&nbsp;<\/p>\n<ul>\n<li>====Porque para m\u00ed, lo m\u00e1s importante... no es lo mismo que para los dem\u00e1s===<\/li>\n<\/ul>\n<p>&nbsp;<\/p>\n<p>ULTIMAS NOTICIAS :<\/p>\n<p>&nbsp;<\/p>\n<p>&nbsp;<\/p>\n<h2><span style=\"text-decoration: underline\"><span style=\"color: #800080;text-decoration: underline\"><a href=\"http:\/\/noticias.aollatino.com\/2012\/04\/26\/antartida-derretimiento-hielo\/\"><span style=\"color: #800080;text-decoration: underline\">Estudio: Agua c\u00e1lida subterr\u00e1nea derrite hielo ant\u00e1rtico<\/span><\/a><\/span><\/span><\/h2>\n<ul>\n<li>Veinte plataformas mostraron se\u00f1ales de derretimiento debido a la presencia de agua c\u00e1lida abajo. Los cambios en las corrientes de viento impulsaban el agua relativamente m\u00e1s c\u00e1lida hacia y por debajo de las plataformas flotantes. Los cambios en los vientos se deben probablemente a una combinaci\u00f3n de factores, que incluyen la variaci\u00f3n normal de la temperatura, el agujero de ozono y los gases de efecto invernader<\/li>\n<li>\n<h2><span style=\"text-decoration: underline\"><span style=\"color: #993366;text-decoration: underline\"><a href=\"http:\/\/noticias.latino.msn.com\/eeuu\/\"><span style=\"color: #993366;text-decoration: underline\">Obama: Lo mejor est\u00e1 por venir<\/span><\/a><\/span><\/span><\/h2>\n<\/li>\n<\/ul>\n<p>&nbsp;<\/p>\n<ul>\n<li>El presidente Barack Obama festej\u00f3 el martes su victoria electoral declarando que el pueblo estadounidense estaba saliendo de la crisis y que \"lo mejor est\u00e1 por venir\"<\/li>\n<\/ul>\n<h1><\/h1>\n<h2><span style=\"text-decoration: underline\"><span style=\"color: #993366;text-decoration: underline\"><strong><a href=\"http:\/\/dinero.univision.com\/economia-y-negocios\/noticias-economicas\/article\/2012-11-05\/desempleo-espana-octubre-sigue-creciendo?refPath=\/noticias\/mundo\/\"><span style=\"color: #993366;text-decoration: underline\">Desempleo en Espa\u00f1a continu\u00f3 <\/span><\/a><\/strong><\/span><\/span><\/h2>\n<h2><span style=\"text-decoration: underline\"><span style=\"color: #993366;text-decoration: underline\"><strong><a href=\"http:\/\/dinero.univision.com\/economia-y-negocios\/noticias-economicas\/article\/2012-11-05\/desempleo-espana-octubre-sigue-creciendo?refPath=\/noticias\/mundo\/\"><span style=\"color: #993366;text-decoration: underline\">en incremento durante octubre<\/span><\/a><\/strong><\/span><\/span><\/h2>\n<p>El desempleo registrado en Espa\u00f1a subi\u00f3 por tercer mes consecutivo en octubre y sum\u00f3 128,242 personas, el 2.73% m\u00e1s que en septiembre, con lo que el total de desempleados se situ\u00f3 en 4,833,521, seg\u00fan datos publicados este lunes por el Ministerio de Empleo y Seguridad Social.<\/p>\n<p>El desempleo masculino aument\u00f3 en 69,008 personas (el 2.97%) respecto a septiembre, hasta 2,392,696, y el femenino en 59,234 (el 2.49%) y sum\u00f3 2,440,825.<\/p>\n<p>Seg\u00fan los \u00faltimos datos de este organismo, publicados el pasado 26 de octubre, el n\u00famero de desempleados en Espa\u00f1a en el tercer trimestre de este a\u00f1o alcanz\u00f3 5,778,100 de personas, el 25.02% de la poblaci\u00f3n activa, un nuevo m\u00e1ximo hist\u00f3rico.<\/p>\n","protected":false},"excerpt":{"rendered":"<p>&nbsp; &nbsp; ====Todos estamos solos, no hay nadie que vaya a estar ah\u00ed para siempre, por eso pensar que alguien nos pertenece, es una estupidez\u2026 S\u00e9 que parece imposible, pero a veces desear\u00eda que me perteneciera, que fuera s\u00f3lo para mi, as\u00ed podr\u00eda met\u00e9rmela en el bolsillo de la chaqueta y llev\u00e1rmela conmigo.===== &nbsp; ====Si [&hellip;]<\/p>\n","protected":false},"author":8054,"featured_media":0,"parent":0,"menu_order":0,"comment_status":"open","ping_status":"open","template":"","meta":{"footnotes":""},"class_list":["post-14","page","type-page","status-publish","hentry"],"_links":{"self":[{"href":"https:\/\/blog.espol.edu.ec\/mirasanc\/wp-json\/wp\/v2\/pages\/14","targetHints":{"allow":["GET"]}}],"collection":[{"href":"https:\/\/blog.espol.edu.ec\/mirasanc\/wp-json\/wp\/v2\/pages"}],"about":[{"href":"https:\/\/blog.espol.edu.ec\/mirasanc\/wp-json\/wp\/v2\/types\/page"}],"author":[{"embeddable":true,"href":"https:\/\/blog.espol.edu.ec\/mirasanc\/wp-json\/wp\/v2\/users\/8054"}],"replies":[{"embeddable":true,"href":"https:\/\/blog.espol.edu.ec\/mirasanc\/wp-json\/wp\/v2\/comments?post=14"}],"version-history":[{"count":11,"href":"https:\/\/blog.espol.edu.ec\/mirasanc\/wp-json\/wp\/v2\/pages\/14\/revisions"}],"predecessor-version":[{"id":166,"href":"https:\/\/blog.espol.edu.ec\/mirasanc\/wp-json\/wp\/v2\/pages\/14\/revisions\/166"}],"wp:attachment":[{"href":"https:\/\/blog.espol.edu.ec\/mirasanc\/wp-json\/wp\/v2\/media?parent=14"}],"curies":[{"name":"wp","href":"https:\/\/api.w.org\/{rel}","templated":true}]}}