{"id":15,"date":"2012-06-05T21:39:04","date_gmt":"2012-06-05T21:39:04","guid":{"rendered":"http:\/\/blog.espol.edu.ec\/raareval\/?page_id=15"},"modified":"2012-06-07T22:08:52","modified_gmt":"2012-06-07T22:08:52","slug":"politecnico-100","status":"publish","type":"page","link":"https:\/\/blog.espol.edu.ec\/raareval\/politecnico-100\/","title":{"rendered":"polit\u00e9cnico 100%"},"content":{"rendered":"<p><a title=\"tortuga espol por gfcruz, en Flickr\" href=\"http:\/\/www.flickr.com\/photos\/39191788@N02\/3604545781\/\"><img loading=\"lazy\" decoding=\"async\" src=\"http:\/\/farm4.staticflickr.com\/3330\/3604545781_63b2ab2835.jpg\" alt=\"tortuga espol\" width=\"500\" height=\"375\" \/><\/a><\/p>\n<table border=\"0\" cellspacing=\"0\" cellpadding=\"0\">\n<tbody>\n<tr>\n<td align=\"right\"><\/td>\n<\/tr>\n<tr>\n<td>\n<table border=\"0\" cellspacing=\"0\" cellpadding=\"0\">\n<tbody>\n<tr>\n<td>\n<div><a>ESCUDO<\/a><br \/>\nDesde su creaci\u00f3n, la ESPOL utiliz\u00f3 un escudo distintivo, ideado por el primer Director de ella, el Ing. Walter Camacho Navarro, que consist\u00eda en un \u00f3valo en cuyo interior estaba una corona de laurel que enmarca la Estrella de Octubre, la m\u00e1s alta insignia acad\u00e9mica desde la antig\u00fcedad hasta ahora, y en su exterior, el nombre \"Escuela Superior Polit\u00e9cnica del Litoral\" y debajo del \u00f3valo el a\u00f1o de su creaci\u00f3n; esto es 1958.<\/p>\n<p><img loading=\"lazy\" decoding=\"async\" src=\"http:\/\/www.espol.edu.ec\/espol\/infopages\/img\/escudoespol.jpg\" alt=\"Escudo ESPOL\" width=\"88\" height=\"100\" \/>\u00a0Resaltaba el Ing. Camacho Navarro, primer Director - hoy llamado Rector- de la ESPOL que, luego de su designaci\u00f3n tuvo que realizar tr\u00e1mites inherentes a la organizaci\u00f3n de la nueva Escuela y deb\u00eda usar papeler\u00eda membretada, la que fue impresa en los Talleres del Ministerio de Educaci\u00f3n P\u00fablica, en Quito, por lo que en dicha ciudad debi\u00f3 esbozar el Escudo, se\u00f1alando que si bien el Derecho Ejecutivo que cre\u00f3 la Instituci\u00f3n, dice solamente \"Escuela Polit\u00e9cnica del Litoral\" \u00e9l le incluy\u00f3 la palabra \"Superior\" en el escudo para que quede muy claro el verdadero nivel de la naciente Instituci\u00f3n, dado que la Ley vigente entonces se llamaba ley de Educaci\u00f3n Superior y, por ende, s\u00f3lo trataba de Universidades y Escuelas Superiores, que era el \u00e1mbito de su vigencia. Este fue el sello que us\u00f3 la ESPOL, en sus primeros 15 a\u00f1os.<\/p>\n<p><a>EL GALAPAGO COMO DISTINTIVO DE ESPOL<\/a><br \/>\nEl entonces Rector de la ESPOL, Ing. Luis Parodi Valverde, se\u00f1al\u00f3 la convivencia de que la Instituci\u00f3n adopte un s\u00edmbolo propio de la Escuela que realmente represente una expresi\u00f3n ecuatoriana. Hasta 1974, sin que para ello hubiese habido una decisi\u00f3n oficial de organismo alguno, se ven\u00eda usando la cabeza del asno como distintivo, lo que carec\u00eda de total originalidad ya que era el s\u00edmbolo del Instituto Polit\u00e9cnico Nacional de la ciudad de M\u00e9xico.<\/p>\n<p>Parodi instaba la b\u00fasqueda de un logotipo propio, original, que recoja lo vern\u00e1culo del Ecuador, en fin, que sea propio y no copiado. Ante ello el Consejo Administrativo, autorizo la convocatoria de un concurso abierto para adoptar el S\u00edmbolo de la ESPOL.<\/p>\n<p>Convocado el Concurso, result\u00f3 triunfador el se\u00f1or Carlos Quevedo Flores, quien present\u00f3 como s\u00edmbolo el Gal\u00e1pago, una expresi\u00f3n cierta de Ecuador, conocido a nivel mundial por la promoci\u00f3n hecha a escala internacional de las Islas Gal\u00e1pagos.<\/p>\n<p>El Consejo Administrativo, el 25 de noviembre de 1974, aprob\u00f3 el resultado del concurso y desde entonces, el Gal\u00e1pago es s\u00edmbolo distintivo de la ESPOL, conocido de todos dentro y fuera del pa\u00eds.<\/p>\n<p><a>LA BANDERA DE ESPOL: CIENCIA TECNOLOG\u00cdA Y EDUC<\/a><\/div>\n<\/td>\n<\/tr>\n<\/tbody>\n<\/table>\n<\/td>\n<\/tr>\n<\/tbody>\n<\/table>\n","protected":false},"excerpt":{"rendered":"<p>ESCUDO Desde su creaci\u00f3n, la ESPOL utiliz\u00f3 un escudo distintivo, ideado por el primer Director de ella, el Ing. Walter Camacho Navarro, que consist\u00eda en un \u00f3valo en cuyo interior estaba una corona de laurel que enmarca la Estrella de Octubre, la m\u00e1s alta insignia acad\u00e9mica desde la antig\u00fcedad hasta ahora, y en su exterior, [&hellip;]<\/p>\n","protected":false},"author":7532,"featured_media":0,"parent":0,"menu_order":0,"comment_status":"open","ping_status":"open","template":"","meta":{"footnotes":""},"class_list":["post-15","page","type-page","status-publish","hentry"],"_links":{"self":[{"href":"https:\/\/blog.espol.edu.ec\/raareval\/wp-json\/wp\/v2\/pages\/15","targetHints":{"allow":["GET"]}}],"collection":[{"href":"https:\/\/blog.espol.edu.ec\/raareval\/wp-json\/wp\/v2\/pages"}],"about":[{"href":"https:\/\/blog.espol.edu.ec\/raareval\/wp-json\/wp\/v2\/types\/page"}],"author":[{"embeddable":true,"href":"https:\/\/blog.espol.edu.ec\/raareval\/wp-json\/wp\/v2\/users\/7532"}],"replies":[{"embeddable":true,"href":"https:\/\/blog.espol.edu.ec\/raareval\/wp-json\/wp\/v2\/comments?post=15"}],"version-history":[{"count":3,"href":"https:\/\/blog.espol.edu.ec\/raareval\/wp-json\/wp\/v2\/pages\/15\/revisions"}],"predecessor-version":[{"id":26,"href":"https:\/\/blog.espol.edu.ec\/raareval\/wp-json\/wp\/v2\/pages\/15\/revisions\/26"}],"wp:attachment":[{"href":"https:\/\/blog.espol.edu.ec\/raareval\/wp-json\/wp\/v2\/media?parent=15"}],"curies":[{"name":"wp","href":"https:\/\/api.w.org\/{rel}","templated":true}]}}