{"id":845,"date":"2010-08-11T06:33:22","date_gmt":"2010-08-11T11:33:22","guid":{"rendered":"http:\/\/blog.espol.edu.ec\/vaeb\/?page_id=845"},"modified":"2015-03-30T14:43:22","modified_gmt":"2015-03-30T19:43:22","slug":"actividades-culturales","status":"publish","type":"page","link":"https:\/\/blog.espol.edu.ec\/vaeb\/actividades-culturales\/","title":{"rendered":"Actividades Culturales"},"content":{"rendered":"<p style=\"text-align: justify\">Dentro de la ESPOL se promueven espacios culturales a trav\u00e9s \u00a0de presentaciones art\u00edsticas en los <strong>Lunes Culturales<\/strong>\u00a0 que se realizan en el Aula Magna, Campus \"Las Pe\u00f1as\", bajo la \u00a0coordinaci\u00f3n del Ms. Angelo Calder\u00f3n Salazar.<\/p>\n<p>Adem\u00e1s se cuenta con los siguientes grupos culturales de los cuales puedes ser parte:<\/p>\n<ul>\n<li>Ballet Folcl\u00f3rico<\/li>\n<li>Coro<\/li>\n<li>La Rondalla<\/li>\n<li>Sonidos del Sol<\/li>\n<li>Teatro<\/li>\n<\/ul>\n","protected":false},"excerpt":{"rendered":"<p>Dentro de la ESPOL se promueven espacios culturales a trav\u00e9s \u00a0de presentaciones art\u00edsticas en los Lunes Culturales\u00a0 que se realizan en el Aula Magna, Campus \"Las Pe\u00f1as\", bajo la \u00a0coordinaci\u00f3n del Ms. Angelo Calder\u00f3n Salazar. Adem\u00e1s se cuenta con los &hellip; <a href=\"https:\/\/blog.espol.edu.ec\/vaeb\/actividades-culturales\/\">Sigue leyendo <span class=\"meta-nav\">&rarr;<\/span><\/a><\/p>\n","protected":false},"author":715,"featured_media":0,"parent":0,"menu_order":0,"comment_status":"open","ping_status":"open","template":"","meta":{"_monsterinsights_skip_tracking":false,"_monsterinsights_sitenote_active":false,"_monsterinsights_sitenote_note":"","_monsterinsights_sitenote_category":0,"footnotes":""},"class_list":["post-845","page","type-page","status-publish","hentry"],"_links":{"self":[{"href":"https:\/\/blog.espol.edu.ec\/vaeb\/wp-json\/wp\/v2\/pages\/845","targetHints":{"allow":["GET"]}}],"collection":[{"href":"https:\/\/blog.espol.edu.ec\/vaeb\/wp-json\/wp\/v2\/pages"}],"about":[{"href":"https:\/\/blog.espol.edu.ec\/vaeb\/wp-json\/wp\/v2\/types\/page"}],"author":[{"embeddable":true,"href":"https:\/\/blog.espol.edu.ec\/vaeb\/wp-json\/wp\/v2\/users\/715"}],"replies":[{"embeddable":true,"href":"https:\/\/blog.espol.edu.ec\/vaeb\/wp-json\/wp\/v2\/comments?post=845"}],"version-history":[{"count":3,"href":"https:\/\/blog.espol.edu.ec\/vaeb\/wp-json\/wp\/v2\/pages\/845\/revisions"}],"predecessor-version":[{"id":1662,"href":"https:\/\/blog.espol.edu.ec\/vaeb\/wp-json\/wp\/v2\/pages\/845\/revisions\/1662"}],"wp:attachment":[{"href":"https:\/\/blog.espol.edu.ec\/vaeb\/wp-json\/wp\/v2\/media?parent=845"}],"curies":[{"name":"wp","href":"https:\/\/api.w.org\/{rel}","templated":true}]}}